{"id":8307,"date":"2020-02-07T14:56:04","date_gmt":"2020-02-07T13:56:04","guid":{"rendered":"https:\/\/optik.roman-wagner.de\/examen-de-la-vue\/"},"modified":"2026-04-30T15:45:08","modified_gmt":"2026-04-30T13:45:08","slug":"examen-de-la-vue","status":"publish","type":"page","link":"https:\/\/optik.roman-wagner.de\/fr\/examen-de-la-vue\/","title":{"rendered":"Examen de la vue"},"content":{"rendered":"<p>[et_pb_section fb_built=\u00a0\u00bb1&Prime; _builder_version=\u00a0\u00bb4.25.1&Prime; custom_margin=\u00a0\u00bb130px||0px||false|false\u00a0\u00bb custom_margin_tablet=\u00a0\u00bb130px||0px||false|false\u00a0\u00bb custom_margin_phone=\u00a0\u00bb70px||||false|false\u00a0\u00bb custom_margin_last_edited=\u00a0\u00bbon|desktop\u00a0\u00bb custom_padding=\u00a0\u00bb0px||0px||false|false\u00a0\u00bb hover_enabled=\u00a0\u00bb0&Prime; da_disable_devices=\u00a0\u00bboff|off|off\u00a0\u00bb global_colors_info=\u00a0\u00bb{}\u00a0\u00bb sticky_enabled=\u00a0\u00bb0&Prime; da_is_popup=\u00a0\u00bboff\u00a0\u00bb da_exit_intent=\u00a0\u00bboff\u00a0\u00bb da_has_close=\u00a0\u00bbon\u00a0\u00bb da_alt_close=\u00a0\u00bboff\u00a0\u00bb da_dark_close=\u00a0\u00bboff\u00a0\u00bb da_not_modal=\u00a0\u00bbon\u00a0\u00bb da_is_singular=\u00a0\u00bboff\u00a0\u00bb da_with_loader=\u00a0\u00bboff\u00a0\u00bb da_has_shadow=\u00a0\u00bbon\u00a0\u00bb][et_pb_row _builder_version=\u00a0\u00bb4.25.1&Prime; width=\u00a0\u00bb100%\u00a0\u00bb max_width=\u00a0\u00bb2560px\u00a0\u00bb custom_margin=\u00a0\u00bb0px||||false|false\u00a0\u00bb custom_padding=\u00a0\u00bb0px||5px||false|false\u00a0\u00bb global_colors_info=\u00a0\u00bb{}\u00a0\u00bb][et_pb_column type=\u00a0\u00bb4_4&Prime; _builder_version=\u00a0\u00bb4.16&Prime; global_colors_info=\u00a0\u00bb{}\u00a0\u00bb][et_pb_image src=\u00a0\u00bbhttps:\/\/optik.roman-wagner.de\/wp-content\/uploads\/2024\/04\/Messungen-AdobeStock_113877-1-1024&#215;682-1.jpg\u00a0\u00bb title_text=\u00a0\u00bbMessungen-AdobeStock_113877-1-1024&#215;682-1&Prime; force_fullwidth=\u00a0\u00bbon\u00a0\u00bb _builder_version=\u00a0\u00bb4.25.1&Prime; _module_preset=\u00a0\u00bbdefault\u00a0\u00bb max_height=\u00a0\u00bb1050px\u00a0\u00bb global_colors_info=\u00a0\u00bb{}\u00a0\u00bb][\/et_pb_image][\/et_pb_column][\/et_pb_row][et_pb_row _builder_version=\u00a0\u00bb4.16&Prime; custom_padding=\u00a0\u00bb34px|||||\u00a0\u00bb global_colors_info=\u00a0\u00bb{}\u00a0\u00bb][et_pb_column type=\u00a0\u00bb4_4&Prime; _builder_version=\u00a0\u00bb4.16&Prime; global_colors_info=\u00a0\u00bb{}\u00a0\u00bb][dsm_text_notation notation_text=\u00a0\u00bbMesurer la vue\u00a0\u00bb notation_color=\u00a0\u00bb#0084D7&Prime; notation_width=\u00a0\u00bb4&Prime; _builder_version=\u00a0\u00bb4.25.1&Prime; _module_preset=\u00a0\u00bbdefault\u00a0\u00bb header_font=\u00a0\u00bb|700|||||||\u00a0\u00bb header_text_color=\u00a0\u00bb#000000&Prime; notation_font=\u00a0\u00bb|700|||||||\u00a0\u00bb notation_text_color=\u00a0\u00bb#000000&Prime; text_orientation=\u00a0\u00bbleft\u00a0\u00bb width=\u00a0\u00bb100%\u00a0\u00bb custom_margin=\u00a0\u00bb||3px||false|false\u00a0\u00bb custom_padding=\u00a0\u00bb||||false|false\u00a0\u00bb header_font_size_tablet=\u00a0\u00bb\u00a0\u00bb header_font_size_phone=\u00a0\u00bb\u00a0\u00bb header_font_size_last_edited=\u00a0\u00bbon|desktop\u00a0\u00bb header_line_height_tablet=\u00a0\u00bb\u00a0\u00bb header_line_height_phone=\u00a0\u00bb1.3em\u00a0\u00bb header_line_height_last_edited=\u00a0\u00bbon|phone\u00a0\u00bb locked=\u00a0\u00bboff\u00a0\u00bb global_colors_info=\u00a0\u00bb{}\u00a0\u00bb][\/dsm_text_notation][et_pb_text _builder_version=\u00a0\u00bb4.25.1&Prime; custom_margin=\u00a0\u00bb||35px||false|false\u00a0\u00bb global_colors_info=\u00a0\u00bb{}\u00a0\u00bb]<\/p>\n<h2>sur la base d\u2019une technologie de pointe<\/h2>\n<p>Nous vous proposons un examen professionnel de la vue bas\u00e9 sur une technologie de pointe.<br \/>Si des anomalies sont d\u00e9tect\u00e9es lors de nos mesures et prises de vue approfondies des yeux, nous orientons nos clients vers un ophtalmologue !<\/p>\n<p>[\/et_pb_text][et_pb_button button_url=\u00a0\u00bbhttps:\/\/optik.roman-wagner.de\/fr\/rendez-vous-en-ligne\/\u00a0\u00bb button_text=\u00a0\u00bbPrendre rendez-vous en ligne d\u00e8s maintenant\u00a0\u00bb _builder_version=\u00a0\u00bb4.25.1&Prime; _module_preset=\u00a0\u00bbdefault\u00a0\u00bb custom_margin=\u00a0\u00bb||||false|false\u00a0\u00bb global_module=\u00a0\u00bb4463&Prime; saved_tabs=\u00a0\u00bball\u00a0\u00bb global_colors_info=\u00a0\u00bb{}\u00a0\u00bb][\/et_pb_button][\/et_pb_column][\/et_pb_row][et_pb_row _builder_version=\u00a0\u00bb4.16&Prime; custom_padding=\u00a0\u00bb34px||70px|||\u00a0\u00bb global_colors_info=\u00a0\u00bb{}\u00a0\u00bb][et_pb_column type=\u00a0\u00bb4_4&Prime; _builder_version=\u00a0\u00bb4.16&Prime; global_colors_info=\u00a0\u00bb{}\u00a0\u00bb][et_pb_accordion icon_color=\u00a0\u00bb#0084D7&Prime; _builder_version=\u00a0\u00bb4.25.1&Prime; toggle_level=\u00a0\u00bbh3&Prime; border_radii=\u00a0\u00bbon|10px|10px|10px|10px\u00a0\u00bb global_colors_info=\u00a0\u00bb{}\u00a0\u00bb][et_pb_accordion_item title=\u00a0\u00bbProfil visuel \/ Analyse d\u2019utilisation\u00a0\u00bb open=\u00a0\u00bbon\u00a0\u00bb _builder_version=\u00a0\u00bb4.16&Prime; global_colors_info=\u00a0\u00bb{}\u00a0\u00bb]<\/p>\n<p>Nous analysons les exigences visuelles de nos clients en collaboration avec eux. Les r\u00e9sultats de cette analyse fournissent des points de d\u00e9part importants pour les verres de lunettes optimaux. Ces r\u00e9sultats sont d\u00e9j\u00e0 int\u00e9gr\u00e9s dans les mesures qui suivent.  <\/p>\n<p>[\/et_pb_accordion_item][et_pb_accordion_item title=\u00a0\u00bbR\u00e9fraction objective &#8211; petite pupille, \u00e0 la lumi\u00e8re du jour (Optionnel)\u00a0\u00bb _builder_version=\u00a0\u00bb4.16&Prime; global_colors_info=\u00a0\u00bb{}\u00a0\u00bb open=\u00a0\u00bboff\u00a0\u00bb]<\/p>\n<p>Mesure assist\u00e9e par ordinateur des valeurs de r\u00e9fraction de vos yeux. Elle permet de d\u00e9tecter les tendances d\u2019un changement n\u00e9cessaire de la puissance des verres et les aberrations optiques d\u2019ordre sup\u00e9rieur avec une petite ouverture de pupille. <\/p>\n<p>[\/et_pb_accordion_item][et_pb_accordion_item title=\u00a0\u00bbR\u00e9fraction objective &#8211; grande pupille, au cr\u00e9puscule et de nuit (Optionnel)\u00a0\u00bb _builder_version=\u00a0\u00bb4.16&Prime; global_colors_info=\u00a0\u00bb{}\u00a0\u00bb open=\u00a0\u00bboff\u00a0\u00bb]<\/p>\n<p>Mesure assist\u00e9e par ordinateur des valeurs de r\u00e9fraction de vos yeux avec une grande ouverture de pupille. Cette mesure permet de d\u00e9terminer les modifications possibles de la puissance des verres au cr\u00e9puscule et la nuit. Des aberrations optiques d\u2019ordre sup\u00e9rieur peuvent entra\u00eener des \u00e9carts par rapport aux valeurs de r\u00e9fraction de jour (petite pupille). Important pour les conducteurs qui roulent souvent de nuit et au cr\u00e9puscule !   <\/p>\n<p>[\/et_pb_accordion_item][et_pb_accordion_item title=\u00a0\u00bbMesure de la pression oculaire (Optionnel)\u00a0\u00bb _builder_version=\u00a0\u00bb4.16&Prime; global_colors_info=\u00a0\u00bb{}\u00a0\u00bb open=\u00a0\u00bboff\u00a0\u00bb]<\/p>\n<p>Cette mesure s\u2019effectue sans contact, avec mesure simultan\u00e9e de l\u2019\u00e9paisseur de la corn\u00e9e (pachym\u00e9trie) et de l\u2019angle cam\u00e9rulaire (\u0153il ant\u00e9rieur). Elle est ainsi consid\u00e9r\u00e9e comme un test de d\u00e9pistage pour d\u00e9terminer la probabilit\u00e9 d\u2019un glaucome. <\/p>\n<p>[\/et_pb_accordion_item][et_pb_accordion_item title=\u00a0\u00bbTransmission de la lumi\u00e8re\u00a0\u00bb _builder_version=\u00a0\u00bb4.16&Prime; global_colors_info=\u00a0\u00bb{}\u00a0\u00bb open=\u00a0\u00bboff\u00a0\u00bb]<\/p>\n<p>La technologie du front d\u2019onde est utilis\u00e9e ici pour repr\u00e9senter la qualit\u00e9 de la transmission de la lumi\u00e8re de l\u2019\u0153il, en particulier du segment ant\u00e9rieur de l\u2019\u0153il, y compris le cristallin. Cette mesure peut servir au d\u00e9pistage pr\u00e9coce d\u2019une opacification du cristallin (appel\u00e9e \u00ab cataracte \u00bb). <\/p>\n<p>[\/et_pb_accordion_item][et_pb_accordion_item title=\u00a0\u00bbR\u00e9fraction 3D subjective &#8211; d\u00e9termination de l\u2019acuit\u00e9 visuelle dans une nouvelle dimension\u00a0\u00bb _builder_version=\u00a0\u00bb4.16&Prime; global_colors_info=\u00a0\u00bb{}\u00a0\u00bb open=\u00a0\u00bboff\u00a0\u00bb]<\/p>\n<p>La r\u00e9fraction 3D est un syst\u00e8me de r\u00e9fraction qui permet d\u2019effectuer l\u2019int\u00e9gralit\u00e9 de la r\u00e9fraction monoculaire dans des conditions binoculaires. Gr\u00e2ce \u00e0 une polarisation circulaire, le client voit des images distinctes pour l\u2019\u0153il droit et l\u2019\u0153il gauche pendant toute la dur\u00e9e de la r\u00e9fraction. Un moniteur 3D haute r\u00e9solution est utilis\u00e9 pour l\u2019affichage des optotypes. La r\u00e9fraction 3D est une innovation technique pour la d\u00e9termination des verres de lunettes d\u2019une qualit\u00e9 in\u00e9dite et peut mener \u00e0 d\u2019excellents r\u00e9sultats de r\u00e9fraction.   <\/p>\n<p>[\/et_pb_accordion_item][et_pb_accordion_item title=\u00a0\u00bbExamen de la vision binoculaire (examen de l\u2019h\u00e9t\u00e9rophorie)\u00a0\u00bb _builder_version=\u00a0\u00bb4.16&Prime; global_colors_info=\u00a0\u00bb{}\u00a0\u00bb open=\u00a0\u00bboff\u00a0\u00bb]<\/p>\n<p>\u00c0 l\u2019aide de mires de test sp\u00e9ciales, l\u2019interaction entre les deux yeux est test\u00e9e, jusqu\u2019\u00e0 l\u2019examen de la vision st\u00e9r\u00e9oscopique, et corrig\u00e9e si n\u00e9cessaire. Les h\u00e9t\u00e9rophories non corrig\u00e9es peuvent \u00eatre \u00e0 l\u2019origine de troubles divers, m\u00eame en dehors de l\u2019appareil visuel (par exemple, maux de t\u00eate, br\u00fblures oculaires, fatigue, maux d\u2019estomac). <\/p>\n<p>[\/et_pb_accordion_item][et_pb_accordion_item title=\u00a0\u00bbTest de vision des couleurs (Optionnel)\u00a0\u00bb _builder_version=\u00a0\u00bb4.16&Prime; global_colors_info=\u00a0\u00bb{}\u00a0\u00bb open=\u00a0\u00bboff\u00a0\u00bb]<\/p>\n<p>Ce test permet de d\u00e9terminer la capacit\u00e9 de vision des couleurs. En cas de troubles de la vision des couleurs, des verres sp\u00e9ciaux peuvent am\u00e9liorer la perception des couleurs ou le contraste des diff\u00e9rentes couleurs. Pour en savoir plus sur le test de vision des couleurs, cliquez ici.  <\/p>\n<p>[\/et_pb_accordion_item][et_pb_accordion_item title=\u00a0\u00bbTest de vision des contrastes\u00a0\u00bb _builder_version=\u00a0\u00bb4.16&Prime; global_colors_info=\u00a0\u00bb{}\u00a0\u00bb open=\u00a0\u00bboff\u00a0\u00bb]<\/p>\n<p>Des optotypes sont pr\u00e9sent\u00e9s dans diff\u00e9rentes nuances de clair-obscur et l\u2019on v\u00e9rifie si la vision des contrastes peut \u00eatre am\u00e9lior\u00e9e par des moyens optiques. Une meilleure vision des contrastes apporte une plus grande s\u00e9curit\u00e9 dans la circulation routi\u00e8re, surtout la nuit et au cr\u00e9puscule. <\/p>\n<p>[\/et_pb_accordion_item][et_pb_accordion_item title=\u00a0\u00bbExamen de la vision de pr\u00e8s\u00a0\u00bb _builder_version=\u00a0\u00bb4.16&Prime; global_colors_info=\u00a0\u00bb{}\u00a0\u00bb open=\u00a0\u00bboff\u00a0\u00bb]<\/p>\n<p>Ici, la vision de pr\u00e8s est \u00e9galement test\u00e9e selon le proc\u00e9d\u00e9 3D et corrig\u00e9e en fonction des exigences individuelles et des t\u00e2ches visuelles du client.<\/p>\n<p>[\/et_pb_accordion_item][et_pb_accordion_item title=\u00a0\u00bbExamen de la r\u00e9tine (Optionnel)\u00a0\u00bb _builder_version=\u00a0\u00bb4.16&Prime; global_colors_info=\u00a0\u00bb{}\u00a0\u00bb open=\u00a0\u00bboff\u00a0\u00bb]<\/p>\n<p>Au moyen d\u2019une cam\u00e9ra laser (technologie SLO \u2013 scanning laser ophthalmoscopy), des clich\u00e9s du fond de l\u2019\u0153il (r\u00e9tine) sont r\u00e9alis\u00e9s pour les deux yeux. Les images peuvent ensuite \u00eatre visualis\u00e9es et analys\u00e9es imm\u00e9diatement. <\/p>\n<p>[\/et_pb_accordion_item][et_pb_accordion_item title=\u00a0\u00bbMesure de la densit\u00e9 pigmentaire maculaire (Optionnel)\u00a0\u00bb _builder_version=\u00a0\u00bb4.16&Prime; global_colors_info=\u00a0\u00bb{}\u00a0\u00bb open=\u00a0\u00bboff\u00a0\u00bb]<\/p>\n<p>Le MPS II offre une m\u00e9thode de d\u00e9pistage \u00e9tablie pour la mesure quantitative de la densit\u00e9 pigmentaire maculaire. Concr\u00e8tement, on mesure la fonction protectrice naturelle de l\u2019\u0153il, c\u2019est-\u00e0-dire la quantit\u00e9 de lumi\u00e8re bleue nocive, \u00e0 laquelle nous sommes expos\u00e9s quotidiennement, qui est r\u00e9ellement absorb\u00e9e par l\u2019\u0153il. Cela permet de d\u00e9terminer le risque de d\u00e9velopper une d\u00e9g\u00e9n\u00e9rescence maculaire li\u00e9e \u00e0 l\u2019\u00e2ge (DMLA) avant m\u00eame l\u2019apparition des premiers sympt\u00f4mes. Mais les fonctions visuelles individuelles d\u00e9pendent \u00e9galement d\u2019un pigment maculaire suffisant. Une mesure est recommand\u00e9e pour les groupes suivants : utilisateurs de smartphones, d\u2019ordinateurs ou de tablettes (professionnels ou priv\u00e9s, par exemple jeux vid\u00e9o), sportifs ayant un besoin \u00e9lev\u00e9 de vision pr\u00e9cise, conducteurs qui circulent beaucoup ou surtout de nuit, personnes aux yeux clairs, personnes pr\u00e9sentant un risque accru de DMLA.    <\/p>\n<p>[\/et_pb_accordion_item][\/et_pb_accordion][\/et_pb_column][\/et_pb_row][\/et_pb_section]<\/p>\n","protected":false},"excerpt":{"rendered":"<p><div class=\"et_pb_module dsm_text_notation dsm_text_notation_0  et_pb_text_align_left et_pb_bg_layout_light\">\n\t\t\t\t\n\t\t\t\t\n\t\t\t\t\n\t\t\t\t\n\t\t\t\t\n\t\t\t\t\n\t\t\t\t<div class=\"et_pb_module_inner\">\n\t\t\t\t\t<h1 class=\"dsm-text-notation-main et_pb_module_header\"><span data-notation=\"[{&quot;type&quot;:&quot;underline&quot;,&quot;color&quot;:&quot;#0084D7&quot;,&quot;stroke-width&quot;:&quot;4&quot;,&quot;iterations&quot;:&quot;2&quot;,&quot;brackets&quot;:&quot;left|right&quot;,&quot;viewport&quot;:&quot;80%&quot;,&quot;delay&quot;:&quot;0ms&quot;,&quot;divi-animate&quot;:&quot;none&quot;,&quot;divi-animate-duration&quot;:&quot;1000ms&quot;,&quot;divi-animate-delay&quot;:&quot;0ms&quot;}]\" class=\"dsm-text-notation-middle\">Mesurer la vue<\/span><\/h1>\n\t\t\t\t<\/div>\n\t\t\t<\/div>sur la base d\u2019une technologie de pointe Nous vous proposons un examen professionnel de la vue bas\u00e9 sur une technologie de pointe.Si des anomalies sont d\u00e9tect\u00e9es lors de nos mesures et prises de vue approfondies des yeux, nous orientons nos clients vers un ophtalmologue !Nous analysons les exigences visuelles de nos clients en collaboration avec eux. Les r\u00e9sultats de cette analyse fournissent des points de d\u00e9part importants pour les verres de lunettes optimaux. Ces r\u00e9sultats sont d\u00e9j\u00e0 int\u00e9gr\u00e9s dans les mesures qui suivent. Mesure assist\u00e9e par ordinateur des valeurs de r\u00e9fraction de vos yeux. Elle permet de d\u00e9tecter les tendances d\u2019un changement n\u00e9cessaire de la puissance des verres et les aberrations optiques d\u2019ordre sup\u00e9rieur avec une petite ouverture de pupille. Mesure assist\u00e9e par ordinateur des valeurs de r\u00e9fraction de vos yeux avec une grande ouverture de pupille. Cette mesure permet de d\u00e9terminer les modifications possibles de la puissance des verres au cr\u00e9puscule et la nuit. Des aberrations optiques d\u2019ordre sup\u00e9rieur peuvent entra\u00eener des \u00e9carts par rapport aux valeurs de r\u00e9fraction de jour (petite pupille). Important pour les [&hellip;]<\/p>\n","protected":false},"author":1,"featured_media":0,"parent":0,"menu_order":0,"comment_status":"closed","ping_status":"closed","template":"","meta":{"_et_pb_use_builder":"on","_et_pb_old_content":"","_et_gb_content_width":"","iawp_total_views":0,"footnotes":""},"class_list":["post-8307","page","type-page","status-publish","hentry"],"yoast_head":"<!-- This site is optimized with the Yoast SEO plugin v27.4 - https:\/\/yoast.com\/product\/yoast-seo-wordpress\/ -->\n<title>Examen de la vue - Roman Wagner<\/title>\n<meta name=\"robots\" content=\"index, follow, max-snippet:-1, max-image-preview:large, max-video-preview:-1\" \/>\n<link rel=\"canonical\" href=\"https:\/\/optik.roman-wagner.de\/fr\/examen-de-la-vue\/\" \/>\n<meta property=\"og:locale\" content=\"fr_FR\" \/>\n<meta property=\"og:type\" content=\"article\" \/>\n<meta property=\"og:title\" content=\"Examen de la vue - Roman Wagner\" \/>\n<meta property=\"og:description\" content=\"sur la base d\u2019une technologie de pointe Nous vous proposons un examen professionnel de la vue bas\u00e9 sur une technologie de pointe.Si des anomalies sont d\u00e9tect\u00e9es lors de nos mesures et prises de vue approfondies des yeux, nous orientons nos clients vers un ophtalmologue !Nous analysons les exigences visuelles de nos clients en collaboration avec eux. Les r\u00e9sultats de cette analyse fournissent des points de d\u00e9part importants pour les verres de lunettes optimaux. Ces r\u00e9sultats sont d\u00e9j\u00e0 int\u00e9gr\u00e9s dans les mesures qui suivent. Mesure assist\u00e9e par ordinateur des valeurs de r\u00e9fraction de vos yeux. Elle permet de d\u00e9tecter les tendances d\u2019un changement n\u00e9cessaire de la puissance des verres et les aberrations optiques d\u2019ordre sup\u00e9rieur avec une petite ouverture de pupille. Mesure assist\u00e9e par ordinateur des valeurs de r\u00e9fraction de vos yeux avec une grande ouverture de pupille. Cette mesure permet de d\u00e9terminer les modifications possibles de la puissance des verres au cr\u00e9puscule et la nuit. Des aberrations optiques d\u2019ordre sup\u00e9rieur peuvent entra\u00eener des \u00e9carts par rapport aux valeurs de r\u00e9fraction de jour (petite pupille). Important pour les [&hellip;]\" \/>\n<meta property=\"og:url\" content=\"https:\/\/optik.roman-wagner.de\/fr\/examen-de-la-vue\/\" \/>\n<meta property=\"og:site_name\" content=\"Roman Wagner\" \/>\n<meta property=\"article:publisher\" content=\"https:\/\/www.facebook.com\/romanwagner.optiker\" \/>\n<meta property=\"article:modified_time\" content=\"2026-04-30T13:45:08+00:00\" \/>\n<meta name=\"twitter:card\" content=\"summary_large_image\" \/>\n<meta name=\"twitter:label1\" content=\"Dur\u00e9e de lecture estim\u00e9e\" \/>\n\t<meta name=\"twitter:data1\" content=\"7 minutes\" \/>\n<script type=\"application\/ld+json\" class=\"yoast-schema-graph\">{\"@context\":\"https:\\\/\\\/schema.org\",\"@graph\":[{\"@type\":\"WebPage\",\"@id\":\"https:\\\/\\\/optik.roman-wagner.de\\\/fr\\\/examen-de-la-vue\\\/\",\"url\":\"https:\\\/\\\/optik.roman-wagner.de\\\/fr\\\/examen-de-la-vue\\\/\",\"name\":\"Examen de la vue - Roman Wagner\",\"isPartOf\":{\"@id\":\"https:\\\/\\\/optik.roman-wagner.de\\\/fr\\\/#website\"},\"datePublished\":\"2020-02-07T13:56:04+00:00\",\"dateModified\":\"2026-04-30T13:45:08+00:00\",\"breadcrumb\":{\"@id\":\"https:\\\/\\\/optik.roman-wagner.de\\\/fr\\\/examen-de-la-vue\\\/#breadcrumb\"},\"inLanguage\":\"fr-FR\",\"potentialAction\":[{\"@type\":\"ReadAction\",\"target\":[\"https:\\\/\\\/optik.roman-wagner.de\\\/fr\\\/examen-de-la-vue\\\/\"]}]},{\"@type\":\"BreadcrumbList\",\"@id\":\"https:\\\/\\\/optik.roman-wagner.de\\\/fr\\\/examen-de-la-vue\\\/#breadcrumb\",\"itemListElement\":[{\"@type\":\"ListItem\",\"position\":1,\"name\":\"Startseite\",\"item\":\"https:\\\/\\\/optik.roman-wagner.de\\\/fr\\\/centres-pour-une-bonne-vision\\\/\"},{\"@type\":\"ListItem\",\"position\":2,\"name\":\"Examen de la vue\"}]},{\"@type\":\"WebSite\",\"@id\":\"https:\\\/\\\/optik.roman-wagner.de\\\/fr\\\/#website\",\"url\":\"https:\\\/\\\/optik.roman-wagner.de\\\/fr\\\/\",\"name\":\"Der Augenoptiker Roman Wagner\",\"description\":\"Zentren f\u00fcr gutes Sehen\",\"publisher\":{\"@id\":\"https:\\\/\\\/optik.roman-wagner.de\\\/fr\\\/#organization\"},\"potentialAction\":[{\"@type\":\"SearchAction\",\"target\":{\"@type\":\"EntryPoint\",\"urlTemplate\":\"https:\\\/\\\/optik.roman-wagner.de\\\/fr\\\/?s={search_term_string}\"},\"query-input\":{\"@type\":\"PropertyValueSpecification\",\"valueRequired\":true,\"valueName\":\"search_term_string\"}}],\"inLanguage\":\"fr-FR\"},{\"@type\":\"Organization\",\"@id\":\"https:\\\/\\\/optik.roman-wagner.de\\\/fr\\\/#organization\",\"name\":\"Der Augenoptiker Roman Wagner\",\"url\":\"https:\\\/\\\/optik.roman-wagner.de\\\/fr\\\/\",\"logo\":{\"@type\":\"ImageObject\",\"inLanguage\":\"fr-FR\",\"@id\":\"https:\\\/\\\/optik.roman-wagner.de\\\/fr\\\/#\\\/schema\\\/logo\\\/image\\\/\",\"url\":\"https:\\\/\\\/optik.roman-wagner.de\\\/wp-content\\\/uploads\\\/2019\\\/11\\\/Logo-RW-quadrat.jpg\",\"contentUrl\":\"https:\\\/\\\/optik.roman-wagner.de\\\/wp-content\\\/uploads\\\/2019\\\/11\\\/Logo-RW-quadrat.jpg\",\"width\":488,\"height\":479,\"caption\":\"Der Augenoptiker Roman Wagner\"},\"image\":{\"@id\":\"https:\\\/\\\/optik.roman-wagner.de\\\/fr\\\/#\\\/schema\\\/logo\\\/image\\\/\"},\"sameAs\":[\"https:\\\/\\\/www.facebook.com\\\/romanwagner.optiker\",\"https:\\\/\\\/www.instagram.com\\\/romanwagner.optiker\\\/\",\"https:\\\/\\\/www.youtube.com\\\/channel\\\/UCIHnCII9jl34mZG08gXgG6A\"]}]}<\/script>\n<!-- \/ Yoast SEO plugin. -->","yoast_head_json":{"title":"Examen de la vue - Roman Wagner","robots":{"index":"index","follow":"follow","max-snippet":"max-snippet:-1","max-image-preview":"max-image-preview:large","max-video-preview":"max-video-preview:-1"},"canonical":"https:\/\/optik.roman-wagner.de\/fr\/examen-de-la-vue\/","og_locale":"fr_FR","og_type":"article","og_title":"Examen de la vue - Roman Wagner","og_description":"sur la base d\u2019une technologie de pointe Nous vous proposons un examen professionnel de la vue bas\u00e9 sur une technologie de pointe.Si des anomalies sont d\u00e9tect\u00e9es lors de nos mesures et prises de vue approfondies des yeux, nous orientons nos clients vers un ophtalmologue !Nous analysons les exigences visuelles de nos clients en collaboration avec eux. Les r\u00e9sultats de cette analyse fournissent des points de d\u00e9part importants pour les verres de lunettes optimaux. Ces r\u00e9sultats sont d\u00e9j\u00e0 int\u00e9gr\u00e9s dans les mesures qui suivent. Mesure assist\u00e9e par ordinateur des valeurs de r\u00e9fraction de vos yeux. Elle permet de d\u00e9tecter les tendances d\u2019un changement n\u00e9cessaire de la puissance des verres et les aberrations optiques d\u2019ordre sup\u00e9rieur avec une petite ouverture de pupille. Mesure assist\u00e9e par ordinateur des valeurs de r\u00e9fraction de vos yeux avec une grande ouverture de pupille. Cette mesure permet de d\u00e9terminer les modifications possibles de la puissance des verres au cr\u00e9puscule et la nuit. Des aberrations optiques d\u2019ordre sup\u00e9rieur peuvent entra\u00eener des \u00e9carts par rapport aux valeurs de r\u00e9fraction de jour (petite pupille). Important pour les [&hellip;]","og_url":"https:\/\/optik.roman-wagner.de\/fr\/examen-de-la-vue\/","og_site_name":"Roman Wagner","article_publisher":"https:\/\/www.facebook.com\/romanwagner.optiker","article_modified_time":"2026-04-30T13:45:08+00:00","twitter_card":"summary_large_image","twitter_misc":{"Dur\u00e9e de lecture estim\u00e9e":"7 minutes"},"schema":{"@context":"https:\/\/schema.org","@graph":[{"@type":"WebPage","@id":"https:\/\/optik.roman-wagner.de\/fr\/examen-de-la-vue\/","url":"https:\/\/optik.roman-wagner.de\/fr\/examen-de-la-vue\/","name":"Examen de la vue - Roman Wagner","isPartOf":{"@id":"https:\/\/optik.roman-wagner.de\/fr\/#website"},"datePublished":"2020-02-07T13:56:04+00:00","dateModified":"2026-04-30T13:45:08+00:00","breadcrumb":{"@id":"https:\/\/optik.roman-wagner.de\/fr\/examen-de-la-vue\/#breadcrumb"},"inLanguage":"fr-FR","potentialAction":[{"@type":"ReadAction","target":["https:\/\/optik.roman-wagner.de\/fr\/examen-de-la-vue\/"]}]},{"@type":"BreadcrumbList","@id":"https:\/\/optik.roman-wagner.de\/fr\/examen-de-la-vue\/#breadcrumb","itemListElement":[{"@type":"ListItem","position":1,"name":"Startseite","item":"https:\/\/optik.roman-wagner.de\/fr\/centres-pour-une-bonne-vision\/"},{"@type":"ListItem","position":2,"name":"Examen de la vue"}]},{"@type":"WebSite","@id":"https:\/\/optik.roman-wagner.de\/fr\/#website","url":"https:\/\/optik.roman-wagner.de\/fr\/","name":"Der Augenoptiker Roman Wagner","description":"Zentren f\u00fcr gutes Sehen","publisher":{"@id":"https:\/\/optik.roman-wagner.de\/fr\/#organization"},"potentialAction":[{"@type":"SearchAction","target":{"@type":"EntryPoint","urlTemplate":"https:\/\/optik.roman-wagner.de\/fr\/?s={search_term_string}"},"query-input":{"@type":"PropertyValueSpecification","valueRequired":true,"valueName":"search_term_string"}}],"inLanguage":"fr-FR"},{"@type":"Organization","@id":"https:\/\/optik.roman-wagner.de\/fr\/#organization","name":"Der Augenoptiker Roman Wagner","url":"https:\/\/optik.roman-wagner.de\/fr\/","logo":{"@type":"ImageObject","inLanguage":"fr-FR","@id":"https:\/\/optik.roman-wagner.de\/fr\/#\/schema\/logo\/image\/","url":"https:\/\/optik.roman-wagner.de\/wp-content\/uploads\/2019\/11\/Logo-RW-quadrat.jpg","contentUrl":"https:\/\/optik.roman-wagner.de\/wp-content\/uploads\/2019\/11\/Logo-RW-quadrat.jpg","width":488,"height":479,"caption":"Der Augenoptiker Roman Wagner"},"image":{"@id":"https:\/\/optik.roman-wagner.de\/fr\/#\/schema\/logo\/image\/"},"sameAs":["https:\/\/www.facebook.com\/romanwagner.optiker","https:\/\/www.instagram.com\/romanwagner.optiker\/","https:\/\/www.youtube.com\/channel\/UCIHnCII9jl34mZG08gXgG6A"]}]}},"_links":{"self":[{"href":"https:\/\/optik.roman-wagner.de\/fr\/wp-json\/wp\/v2\/pages\/8307","targetHints":{"allow":["GET"]}}],"collection":[{"href":"https:\/\/optik.roman-wagner.de\/fr\/wp-json\/wp\/v2\/pages"}],"about":[{"href":"https:\/\/optik.roman-wagner.de\/fr\/wp-json\/wp\/v2\/types\/page"}],"author":[{"embeddable":true,"href":"https:\/\/optik.roman-wagner.de\/fr\/wp-json\/wp\/v2\/users\/1"}],"replies":[{"embeddable":true,"href":"https:\/\/optik.roman-wagner.de\/fr\/wp-json\/wp\/v2\/comments?post=8307"}],"version-history":[{"count":2,"href":"https:\/\/optik.roman-wagner.de\/fr\/wp-json\/wp\/v2\/pages\/8307\/revisions"}],"predecessor-version":[{"id":8309,"href":"https:\/\/optik.roman-wagner.de\/fr\/wp-json\/wp\/v2\/pages\/8307\/revisions\/8309"}],"wp:attachment":[{"href":"https:\/\/optik.roman-wagner.de\/fr\/wp-json\/wp\/v2\/media?parent=8307"}],"curies":[{"name":"wp","href":"https:\/\/api.w.org\/{rel}","templated":true}]}}