{"id":8293,"date":"2020-02-04T11:07:38","date_gmt":"2020-02-04T10:07:38","guid":{"rendered":"https:\/\/optik.roman-wagner.de\/lunettes-de-soleil\/"},"modified":"2026-04-30T15:44:54","modified_gmt":"2026-04-30T13:44:54","slug":"lunettes-de-soleil","status":"publish","type":"page","link":"https:\/\/optik.roman-wagner.de\/fr\/lunettes-de-soleil\/","title":{"rendered":"Lunettes de soleil"},"content":{"rendered":"<p>[et_pb_section fb_built=\u00a0\u00bb1&Prime; _builder_version=\u00a0\u00bb4.25.1&Prime; custom_margin=\u00a0\u00bb130px||||false|false\u00a0\u00bb custom_margin_tablet=\u00a0\u00bb130px||||false|false\u00a0\u00bb custom_margin_phone=\u00a0\u00bb70px||||false|false\u00a0\u00bb custom_margin_last_edited=\u00a0\u00bbon|desktop\u00a0\u00bb custom_padding=\u00a0\u00bb0px||0px||false|false\u00a0\u00bb da_disable_devices=\u00a0\u00bboff|off|off\u00a0\u00bb global_colors_info=\u00a0\u00bb{}\u00a0\u00bb da_is_popup=\u00a0\u00bboff\u00a0\u00bb da_exit_intent=\u00a0\u00bboff\u00a0\u00bb da_has_close=\u00a0\u00bbon\u00a0\u00bb da_alt_close=\u00a0\u00bboff\u00a0\u00bb da_dark_close=\u00a0\u00bboff\u00a0\u00bb da_not_modal=\u00a0\u00bbon\u00a0\u00bb da_is_singular=\u00a0\u00bboff\u00a0\u00bb da_with_loader=\u00a0\u00bboff\u00a0\u00bb da_has_shadow=\u00a0\u00bbon\u00a0\u00bb][et_pb_row _builder_version=\u00a0\u00bb4.25.1&Prime; width=\u00a0\u00bb100%\u00a0\u00bb max_width=\u00a0\u00bb2560px\u00a0\u00bb custom_margin=\u00a0\u00bb0px||||false|false\u00a0\u00bb custom_padding=\u00a0\u00bb0px||6px||false|false\u00a0\u00bb global_colors_info=\u00a0\u00bb{}\u00a0\u00bb][et_pb_column type=\u00a0\u00bb4_4&Prime; _builder_version=\u00a0\u00bb4.16&Prime; global_colors_info=\u00a0\u00bb{}\u00a0\u00bb][et_pb_image src=\u00a0\u00bbhttps:\/\/optik.roman-wagner.de\/wp-content\/uploads\/2025\/02\/Sonnenbrillen-Haeder-2025.jpg\u00a0\u00bb title_text=\u00a0\u00bbCapture d\u2019\u00e9cran\u00a0\u00bb force_fullwidth=\u00a0\u00bbon\u00a0\u00bb _builder_version=\u00a0\u00bb4.27.4&Prime; _module_preset=\u00a0\u00bbdefault\u00a0\u00bb global_colors_info=\u00a0\u00bb{}\u00a0\u00bb][\/et_pb_image][\/et_pb_column][\/et_pb_row][et_pb_row _builder_version=\u00a0\u00bb4.25.1&Prime; custom_padding=\u00a0\u00bb0px||12px||false|false\u00a0\u00bb global_colors_info=\u00a0\u00bb{}\u00a0\u00bb][et_pb_column type=\u00a0\u00bb4_4&Prime; _builder_version=\u00a0\u00bb4.16&Prime; global_colors_info=\u00a0\u00bb{}\u00a0\u00bb][dsm_text_notation notation_text=\u00a0\u00bbLunettes de soleil par Roman Wagner\u00a0\u00bb notation_color=\u00a0\u00bb#0084D7&Prime; notation_width=\u00a0\u00bb4&Prime; _builder_version=\u00a0\u00bb4.27.4&Prime; _module_preset=\u00a0\u00bbdefault\u00a0\u00bb header_font=\u00a0\u00bb|700|||||||\u00a0\u00bb header_text_color=\u00a0\u00bb#000000&Prime; notation_font=\u00a0\u00bb|600|||||||\u00a0\u00bb notation_text_color=\u00a0\u00bb#000000&Prime; text_orientation=\u00a0\u00bbleft\u00a0\u00bb width=\u00a0\u00bb100%\u00a0\u00bb custom_margin=\u00a0\u00bb0px||15px||false|false\u00a0\u00bb custom_padding=\u00a0\u00bb32px||||false|false\u00a0\u00bb header_font_size_tablet=\u00a0\u00bb\u00a0\u00bb header_font_size_phone=\u00a0\u00bb\u00a0\u00bb header_font_size_last_edited=\u00a0\u00bbon|phone\u00a0\u00bb header_line_height_tablet=\u00a0\u00bb\u00a0\u00bb header_line_height_phone=\u00a0\u00bb1.3em\u00a0\u00bb header_line_height_last_edited=\u00a0\u00bbon|phone\u00a0\u00bb locked=\u00a0\u00bboff\u00a0\u00bb global_colors_info=\u00a0\u00bb{}\u00a0\u00bb][\/dsm_text_notation][et_pb_text _builder_version=\u00a0\u00bb4.27.4&Prime; _module_preset=\u00a0\u00bbdefault\u00a0\u00bb custom_margin=\u00a0\u00bb||23px|||\u00a0\u00bb global_colors_info=\u00a0\u00bb{}\u00a0\u00bb]<\/p>\n<h2>Votre expert pour la protection de vos yeux<\/h2>\n<p>[\/et_pb_text][et_pb_button button_url=\u00a0\u00bbhttps:\/\/optik.roman-wagner.de\/fr\/rendez-vous-en-ligne\/\u00a0\u00bb button_text=\u00a0\u00bbPrendre rendez-vous\u00a0\u00bb _builder_version=\u00a0\u00bb4.27.4&Prime; _module_preset=\u00a0\u00bbdefault\u00a0\u00bb global_colors_info=\u00a0\u00bb{}\u00a0\u00bb][\/et_pb_button][\/et_pb_column][\/et_pb_row][et_pb_row column_structure=\u00a0\u00bb1_2,1_2&Prime; _builder_version=\u00a0\u00bb4.27.4&Prime; _module_preset=\u00a0\u00bbdefault\u00a0\u00bb custom_padding=\u00a0\u00bb5px|||||\u00a0\u00bb global_colors_info=\u00a0\u00bb{}\u00a0\u00bb][et_pb_column type=\u00a0\u00bb1_2&Prime; _builder_version=\u00a0\u00bb4.27.4&Prime; _module_preset=\u00a0\u00bbdefault\u00a0\u00bb global_colors_info=\u00a0\u00bb{}\u00a0\u00bb][et_pb_slider show_arrows=\u00a0\u00bboff\u00a0\u00bb show_pagination=\u00a0\u00bboff\u00a0\u00bb _builder_version=\u00a0\u00bb4.27.4&Prime; _module_preset=\u00a0\u00bbdefault\u00a0\u00bb header_font=\u00a0\u00bb|700|||||||\u00a0\u00bb custom_button=\u00a0\u00bbon\u00a0\u00bb button_border_color=\u00a0\u00bb#FFFFFF\u00a0\u00bb box_shadow_style=\u00a0\u00bbpreset2&Prime; global_colors_info=\u00a0\u00bb{}\u00a0\u00bb][et_pb_slide heading=\u00a0\u00bbOffres actuelles sur les lunettes de soleil\u00a0\u00bb button_text=\u00a0\u00bbVers le catalogue\u00a0\u00bb button_link=\u00a0\u00bbhttps:\/\/optik.roman-wagner.de\/wp-content\/uploads\/2025\/03\/Sonnenbrillen-Prospekt-2025.pdf\u00a0\u00bb url_new_window=\u00a0\u00bbon\u00a0\u00bb image=\u00a0\u00bbhttps:\/\/optik.roman-wagner.de\/wp-content\/uploads\/2025\/03\/Sonnenbrillen-Titel-2025_WEB.jpg\u00a0\u00bb _builder_version=\u00a0\u00bb4.27.4&Prime; _module_preset=\u00a0\u00bbdefault\u00a0\u00bb link_option_url=\u00a0\u00bbhttps:\/\/optik.roman-wagner.de\/wp-content\/uploads\/2025\/03\/Sonnenbrillen-Prospekt-2025.pdf\u00a0\u00bb link_option_url_new_window=\u00a0\u00bbon\u00a0\u00bb global_colors_info=\u00a0\u00bb{}\u00a0\u00bb sticky_transition=\u00a0\u00bbon\u00a0\u00bb]<\/p>\n<p>Profitez de nos offres attractives et obtenez vos nouvelles lunettes de soleil pr\u00e9f\u00e9r\u00e9es aux meilleures conditions. <strong>\u00c0 d\u00e9couvrir d\u00e8s maintenant dans le catalogue actuel :<\/strong> des lunettes de soleil \u00e9galement disponibles avec votre correction individuelle<\/p>\n<p>[\/et_pb_slide][\/et_pb_slider][\/et_pb_column][et_pb_column type=\u00a0\u00bb1_2&Prime; _builder_version=\u00a0\u00bb4.27.4&Prime; _module_preset=\u00a0\u00bbdefault\u00a0\u00bb global_colors_info=\u00a0\u00bb{}\u00a0\u00bb][et_pb_text _builder_version=\u00a0\u00bb4.27.4&Prime; _module_preset=\u00a0\u00bbdefault\u00a0\u00bb custom_margin=\u00a0\u00bb||21px|||\u00a0\u00bb global_colors_info=\u00a0\u00bb{}\u00a0\u00bb]<\/p>\n<p>Soulignez votre style individuel avec des lunettes de soleil tendance qui ne se contentent pas d\u2019\u00eatre esth\u00e9tiques, mais font aussi b\u00e9n\u00e9ficier vos yeux d\u2019un <strong>degr\u00e9 de protection maximal<\/strong>.<\/p>\n<p>Chez nous, vous trouverez vos lunettes parmi une s\u00e9lection <strong>de plus de 1\u202f200 lunettes de soleil*<\/strong>.<\/p>\n<p>[\/et_pb_text][et_pb_text _builder_version=\u00a0\u00bb4.27.4&Prime; _module_preset=\u00a0\u00bbdefault\u00a0\u00bb custom_margin=\u00a0\u00bb33px|||||\u00a0\u00bb global_colors_info=\u00a0\u00bb{}\u00a0\u00bb]<\/p>\n<h3>Pourquoi de bonnes lunettes de soleil sont importantes<\/h3>\n<p>\u00c0 long terme, la lumi\u00e8re du soleil peut endommager les yeux. Des lunettes de soleil de haute qualit\u00e9 avec protection UV filtrent les rayons dangereux et pr\u00e9viennent les maladies oculaires telles que la cataracte ou les dommages r\u00e9tiniens. Dans notre vaste assortiment de lunettes de soleil pour femmes, hommes et enfants, vous ne trouverez que des lunettes de qualit\u00e9 portant le marquage CE original et ne faisant aucun compromis en mati\u00e8re de s\u00e9curit\u00e9 pour vos yeux.  <\/p>\n<p>[\/et_pb_text][et_pb_text _builder_version=\u00a0\u00bb4.27.4&Prime; _module_preset=\u00a0\u00bbdefault\u00a0\u00bb global_colors_info=\u00a0\u00bb{}\u00a0\u00bb]<\/p>\n<h3>Teinte ne signifie pas forc\u00e9ment protection UV<\/h3>\n<p>Toutes les lunettes de soleil n\u2019offrent pas une protection suffisante. Une paire de lunettes de soleil doit garantir une <strong>protection 100 % UV-400<\/strong> pour pr\u00e9server vos yeux des rayons UV nocifs avec des longueurs d\u2019onde allant jusqu\u2019\u00e0 400 nanom\u00e8tres. <\/p>\n<p>[\/et_pb_text][et_pb_text _builder_version=\u00a0\u00bb4.27.4&Prime; _module_preset=\u00a0\u00bbdefault\u00a0\u00bb custom_margin=\u00a0\u00bb||19px|||\u00a0\u00bb global_colors_info=\u00a0\u00bb{}\u00a0\u00bb]<\/p>\n<h3>Des lunettes de soleil pour chaque besoin, avec ou sans correction<\/h3>\n<p>Que ce soit pour femmes, hommes ou enfants, vous trouverez chez nous des lunettes de soleil pour tous les go\u00fbts et toutes les occasions :<\/p>\n<p>[\/et_pb_text][et_pb_text _builder_version=\u00a0\u00bb4.27.4&Prime; _module_preset=\u00a0\u00bbdefault\u00a0\u00bb custom_margin=\u00a0\u00bb||12px|||\u00a0\u00bb global_colors_info=\u00a0\u00bb{}\u00a0\u00bb]<\/p>\n<ul>\n<li><strong>Lunettes de soleil tendance<\/strong> \u2013 <strong>la mode internationale rencontre une fonctionnalit\u00e9 parfaite<\/strong> &#8211; Soulignez votre style individuel. D\u00e9couvrez la diversit\u00e9 et choisissez parmi diff\u00e9rentes formes, couleurs et mat\u00e9riaux les designs branch\u00e9s de la mode internationale actuelle des lunettes de soleil. <\/li>\n<li><strong>Lunettes de soleil polaris\u00e9es <span>\u2013<\/span><\/strong> Une vision parfaite dans toutes les conditions de luminosit\u00e9. Les verres polaris\u00e9s et les verres filtrants r\u00e9duisent les reflets g\u00eanants et offrent une protection maximale, id\u00e9ale pour la conduite ou au bord de l\u2019eau. <\/li>\n<li><strong>Lunettes de soleil avec <i>d\u00e9grad\u00e9 de couleurs tendance ou effet miroir<\/i><\/strong>, un point fort de la mode.<\/li>\n<li><span style=\"text-decoration: underline;\"><a href=\"https:\/\/optik.roman-wagner.de\/fr\/lunettes-de-sport\/\"><strong>Lunettes de sport<\/strong> <\/a><\/span>\u2013 Robustes, ajustement parfait, l\u00e9g\u00e8res et sp\u00e9cialement d\u00e9velopp\u00e9es pour les activit\u00e9s sportives.<\/li>\n<li><strong>Lunettes de soleil pour enfants<\/strong> <span>\u2013<\/span> \u00e0 la fois une protection parfaite et un accessoire cool. Il est particuli\u00e8rement important de prot\u00e9ger les yeux sensibles de vos enfants contre les rayons du soleil intenses afin d\u2019\u00e9viter des dommages \u00e0 long terme sur le cristallin et la r\u00e9tine. <\/li>\n<li><strong>Lunettes \u00e0 filtre s\u00e9lectif avec protection lat\u00e9rale\/contre le vent<\/strong> <span>\u2013<\/span> sp\u00e9cialement con\u00e7ues pour l\u2019accompagnement apr\u00e8s une op\u00e9ration de la cataracte ou en cas de maladies oculaires.<\/li>\n<\/ul>\n<p>[\/et_pb_text][\/et_pb_column][\/et_pb_row][\/et_pb_section][et_pb_section fb_built=\u00a0\u00bb1&Prime; _builder_version=\u00a0\u00bb4.27.4&Prime; _module_preset=\u00a0\u00bbdefault\u00a0\u00bb custom_padding=\u00a0\u00bb6px||10px|||\u00a0\u00bb da_disable_devices=\u00a0\u00bboff|off|off\u00a0\u00bb global_colors_info=\u00a0\u00bb{}\u00a0\u00bb da_is_popup=\u00a0\u00bboff\u00a0\u00bb da_exit_intent=\u00a0\u00bboff\u00a0\u00bb da_has_close=\u00a0\u00bbon\u00a0\u00bb da_alt_close=\u00a0\u00bboff\u00a0\u00bb da_dark_close=\u00a0\u00bboff\u00a0\u00bb da_not_modal=\u00a0\u00bbon\u00a0\u00bb da_is_singular=\u00a0\u00bboff\u00a0\u00bb da_with_loader=\u00a0\u00bboff\u00a0\u00bb da_has_shadow=\u00a0\u00bbon\u00a0\u00bb][et_pb_row column_structure=\u00a0\u00bb1_2,1_2&Prime; _builder_version=\u00a0\u00bb4.27.4&Prime; _module_preset=\u00a0\u00bbdefault\u00a0\u00bb custom_margin=\u00a0\u00bb|auto|71px|auto||\u00a0\u00bb custom_padding=\u00a0\u00bb12px||8px|||\u00a0\u00bb global_colors_info=\u00a0\u00bb{}\u00a0\u00bb][et_pb_column type=\u00a0\u00bb1_2&Prime; _builder_version=\u00a0\u00bb4.27.4&Prime; _module_preset=\u00a0\u00bbdefault\u00a0\u00bb global_colors_info=\u00a0\u00bb{}\u00a0\u00bb][et_pb_text _builder_version=\u00a0\u00bb4.27.4&Prime; _module_preset=\u00a0\u00bbdefault\u00a0\u00bb global_colors_info=\u00a0\u00bb{}\u00a0\u00bb]<\/p>\n<h3>Nos services<\/h3>\n<p>[\/et_pb_text][et_pb_text _builder_version=\u00a0\u00bb4.27.4&Prime; _module_preset=\u00a0\u00bbdefault\u00a0\u00bb custom_margin=\u00a0\u00bb||20px|||\u00a0\u00bb global_colors_info=\u00a0\u00bb{}\u00a0\u00bb]<\/p>\n<ul>\n<li><strong>Conseil mode individuel pour votre look<\/strong> \u2013 nos opticiens vous conseillent parmi notre large choix de lunettes de mode internationale, selon votre style et vos souhaits.<\/li>\n<li><strong>Conseil professionnel pour vos exigences<\/strong> \u2013 faites confiance \u00e0 notre exp\u00e9rience et \u00e0 notre savoir-faire pour votre solution visuelle parfaite, qu\u2019il s\u2019agisse de vision de loin, de pr\u00e8s ou de verres progressifs, avec ou sans lentilles de contact, lunettes de soleil de sport, pour la conduite&#8230;<\/li>\n<li><strong>Ajustement optimal<\/strong> \u2013 la tenue correcte de vos lunettes de soleil est indispensable pour une protection UV s\u00fbre. Les lunettes de soleil ajust\u00e9es par l\u2019opticien : une tenue ferme sans points de pression ni glissement. <\/li>\n<\/ul>\n<p>[\/et_pb_text][\/et_pb_column][et_pb_column type=\u00a0\u00bb1_2&Prime; _builder_version=\u00a0\u00bb4.27.4&Prime; _module_preset=\u00a0\u00bbdefault\u00a0\u00bb global_colors_info=\u00a0\u00bb{}\u00a0\u00bb][et_pb_gallery gallery_ids=\u00a0\u00bb6848,6849,6850,6851,6852,6853,6854,6855,6856,6857,6858,6781,6782,6859&Prime; fullwidth=\u00a0\u00bbon\u00a0\u00bb _builder_version=\u00a0\u00bb4.27.4&Prime; _module_preset=\u00a0\u00bbdefault\u00a0\u00bb auto=\u00a0\u00bbon\u00a0\u00bb auto_speed=\u00a0\u00bb4000&Prime; global_colors_info=\u00a0\u00bb{}\u00a0\u00bb][\/et_pb_gallery][\/et_pb_column][\/et_pb_row][et_pb_row _builder_version=\u00a0\u00bb4.27.4&Prime; _module_preset=\u00a0\u00bbdefault\u00a0\u00bb global_colors_info=\u00a0\u00bb{}\u00a0\u00bb][et_pb_column type=\u00a0\u00bb4_4&Prime; _builder_version=\u00a0\u00bb4.27.4&Prime; _module_preset=\u00a0\u00bbdefault\u00a0\u00bb global_colors_info=\u00a0\u00bb{}\u00a0\u00bb][dsm_image_carousel gallery_ids=\u00a0\u00bb8025,8294,8021,8022,8295,8019,8296,8018,8297&Prime; sizes=\u00a0\u00bbmedium\u00a0\u00bb lazyload=\u00a0\u00bbon\u00a0\u00bb centered_slides=\u00a0\u00bbon\u00a0\u00bb slide_to_show=\u00a0\u00bb8&Prime; speed=\u00a0\u00bb2529&Prime; autoplay_speed=\u00a0\u00bb456&Prime; space_between=\u00a0\u00bb50&Prime; arrows=\u00a0\u00bboff\u00a0\u00bb dots=\u00a0\u00bboff\u00a0\u00bb slide_to_show_tablet=\u00a0\u00bb5&Prime; slide_to_show_phone=\u00a0\u00bb3&Prime; slide_to_show_last_edited=\u00a0\u00bbon|phone\u00a0\u00bb _builder_version=\u00a0\u00bb4.27.4&Prime; _module_preset=\u00a0\u00bbdefault\u00a0\u00bb custom_margin=\u00a0\u00bb33px||10px||false|false\u00a0\u00bb custom_padding=\u00a0\u00bb5px||5px||false|false\u00a0\u00bb filter_opacity=\u00a0\u00bb58%\u00a0\u00bb locked=\u00a0\u00bboff\u00a0\u00bb global_colors_info=\u00a0\u00bb{}\u00a0\u00bb][\/dsm_image_carousel][et_pb_button button_url=\u00a0\u00bbhttps:\/\/optik.roman-wagner.de\/unsere-marken\/\u00a0\u00bb button_text=\u00a0\u00bbNos marques\u00a0\u00bb button_alignment=\u00a0\u00bbcenter\u00a0\u00bb _builder_version=\u00a0\u00bb4.27.4&Prime; _module_preset=\u00a0\u00bbdefault\u00a0\u00bb global_colors_info=\u00a0\u00bb{}\u00a0\u00bb][\/et_pb_button][\/et_pb_column][\/et_pb_row][\/et_pb_section][et_pb_section fb_built=\u00a0\u00bb1&Prime; _builder_version=\u00a0\u00bb4.27.4&Prime; _module_preset=\u00a0\u00bbdefault\u00a0\u00bb custom_padding=\u00a0\u00bb0px|||||\u00a0\u00bb da_disable_devices=\u00a0\u00bboff|off|off\u00a0\u00bb global_colors_info=\u00a0\u00bb{}\u00a0\u00bb da_is_popup=\u00a0\u00bboff\u00a0\u00bb da_exit_intent=\u00a0\u00bboff\u00a0\u00bb da_has_close=\u00a0\u00bbon\u00a0\u00bb da_alt_close=\u00a0\u00bboff\u00a0\u00bb da_dark_close=\u00a0\u00bboff\u00a0\u00bb da_not_modal=\u00a0\u00bbon\u00a0\u00bb da_is_singular=\u00a0\u00bboff\u00a0\u00bb da_with_loader=\u00a0\u00bboff\u00a0\u00bb da_has_shadow=\u00a0\u00bbon\u00a0\u00bb][et_pb_row _builder_version=\u00a0\u00bb4.16&Prime; _module_preset=\u00a0\u00bbdefault\u00a0\u00bb custom_padding=\u00a0\u00bb||70px|||\u00a0\u00bb global_colors_info=\u00a0\u00bb{}\u00a0\u00bb][et_pb_column type=\u00a0\u00bb4_4&Prime; _builder_version=\u00a0\u00bb4.16&Prime; _module_preset=\u00a0\u00bbdefault\u00a0\u00bb global_colors_info=\u00a0\u00bb{}\u00a0\u00bb][et_pb_cta title=\u00a0\u00bbEssai virtuel\u00a0\u00bb button_url=\u00a0\u00bbhttps:\/\/optik.roman-wagner.de\/Brille-virtuell-anprobieren\u00a0\u00bb url_new_window=\u00a0\u00bbon\u00a0\u00bb button_text=\u00a0\u00bbEssayer les lunettes virtuellement maintenant\u00a0\u00bb _builder_version=\u00a0\u00bb4.25.0&Prime; _module_preset=\u00a0\u00bbdefault\u00a0\u00bb background_color=\u00a0\u00bbrgba(0,132,215,0.88)\u00a0\u00bb global_module=\u00a0\u00bb2175&Prime; saved_tabs=\u00a0\u00bball\u00a0\u00bb global_colors_info=\u00a0\u00bb{}\u00a0\u00bb]<\/p>\n<p>Lass Dich inspirieren und probiere authentische Designerbrillen jetzt virtuell an!<\/p>\n<p>[\/et_pb_cta][et_pb_text _builder_version=\u00a0\u00bb4.27.4&Prime; _module_preset=\u00a0\u00bbdefault\u00a0\u00bb hover_enabled=\u00a0\u00bb0&Prime; global_colors_info=\u00a0\u00bb{}\u00a0\u00bb sticky_enabled=\u00a0\u00bb0&Prime;]<\/p>\n<p style=\"text-align: right;\">* Site de Schweich<br \/>Photo d\u2019en-t\u00eate par Anna &#8211; stock.adobe.com<\/p>\n<p>[\/et_pb_text][\/et_pb_column][\/et_pb_row][\/et_pb_section]<\/p>\n","protected":false},"excerpt":{"rendered":"<p><div class=\"et_pb_module dsm_text_notation dsm_text_notation_0  et_pb_text_align_left et_pb_bg_layout_light\">\n\t\t\t\t\n\t\t\t\t\n\t\t\t\t\n\t\t\t\t\n\t\t\t\t\n\t\t\t\t\n\t\t\t\t<div class=\"et_pb_module_inner\">\n\t\t\t\t\t<h1 class=\"dsm-text-notation-main et_pb_module_header\"><span data-notation=\"[{&quot;type&quot;:&quot;underline&quot;,&quot;color&quot;:&quot;#0084D7&quot;,&quot;stroke-width&quot;:&quot;4&quot;,&quot;iterations&quot;:&quot;2&quot;,&quot;brackets&quot;:&quot;left|right&quot;,&quot;viewport&quot;:&quot;80%&quot;,&quot;delay&quot;:&quot;0ms&quot;,&quot;divi-animate&quot;:&quot;none&quot;,&quot;divi-animate-duration&quot;:&quot;1000ms&quot;,&quot;divi-animate-delay&quot;:&quot;0ms&quot;}]\" class=\"dsm-text-notation-middle\">Lunettes de soleil par Roman Wagner<\/span><\/h1>\n\t\t\t\t<\/div>\n\t\t\t<\/div>Votre expert pour la protection de vos yeuxProfitez de nos offres attractives et obtenez vos nouvelles lunettes de soleil pr\u00e9f\u00e9r\u00e9es aux meilleures conditions. \u00c0 d\u00e9couvrir d\u00e8s maintenant dans le catalogue actuel : des lunettes de soleil \u00e9galement disponibles avec votre correction individuelleSoulignez votre style individuel avec des lunettes de soleil tendance qui ne se contentent pas d\u2019\u00eatre esth\u00e9tiques, mais font aussi b\u00e9n\u00e9ficier vos yeux d\u2019un degr\u00e9 de protection maximal. Chez nous, vous trouverez vos lunettes parmi une s\u00e9lection de plus de 1\u202f200 lunettes de soleil*.Pourquoi de bonnes lunettes de soleil sont importantes \u00c0 long terme, la lumi\u00e8re du soleil peut endommager les yeux. Des lunettes de soleil de haute qualit\u00e9 avec protection UV filtrent les rayons dangereux et pr\u00e9viennent les maladies oculaires telles que la cataracte ou les dommages r\u00e9tiniens. Dans notre vaste assortiment de lunettes de soleil pour femmes, hommes et enfants, vous ne trouverez que des lunettes de qualit\u00e9 portant le marquage CE original et ne faisant aucun compromis en mati\u00e8re de s\u00e9curit\u00e9 pour vos yeux. Teinte ne signifie pas forc\u00e9ment protection [&hellip;]<\/p>\n","protected":false},"author":1,"featured_media":0,"parent":0,"menu_order":0,"comment_status":"closed","ping_status":"closed","template":"","meta":{"_et_pb_use_builder":"on","_et_pb_old_content":"","_et_gb_content_width":"","iawp_total_views":0,"footnotes":""},"class_list":["post-8293","page","type-page","status-publish","hentry"],"yoast_head":"<!-- This site is optimized with the Yoast SEO plugin v27.4 - https:\/\/yoast.com\/product\/yoast-seo-wordpress\/ -->\n<title>Lunettes de soleil par Roman Wagner<\/title>\n<meta name=\"description\" content=\"Une protection parfaite pour vos yeux \u2013 des lunettes de soleil tendance avec une qualit\u00e9 certifi\u00e9e et un look individuel !\" \/>\n<meta name=\"robots\" content=\"index, follow, max-snippet:-1, max-image-preview:large, max-video-preview:-1\" \/>\n<link rel=\"canonical\" href=\"https:\/\/optik.roman-wagner.de\/fr\/lunettes-de-soleil\/\" \/>\n<meta property=\"og:locale\" content=\"fr_FR\" \/>\n<meta property=\"og:type\" content=\"article\" \/>\n<meta property=\"og:title\" content=\"Lunettes de soleil par Roman Wagner\" \/>\n<meta property=\"og:description\" content=\"Une protection parfaite pour vos yeux \u2013 des lunettes de soleil tendance avec une qualit\u00e9 certifi\u00e9e et un look individuel !\" \/>\n<meta property=\"og:url\" content=\"https:\/\/optik.roman-wagner.de\/fr\/lunettes-de-soleil\/\" \/>\n<meta property=\"og:site_name\" content=\"Roman Wagner\" \/>\n<meta property=\"article:publisher\" content=\"https:\/\/www.facebook.com\/romanwagner.optiker\" \/>\n<meta property=\"article:modified_time\" content=\"2026-04-30T13:44:54+00:00\" \/>\n<meta name=\"twitter:card\" content=\"summary_large_image\" \/>\n<meta name=\"twitter:label1\" content=\"Dur\u00e9e de lecture estim\u00e9e\" \/>\n\t<meta name=\"twitter:data1\" content=\"8 minutes\" \/>\n<script type=\"application\/ld+json\" class=\"yoast-schema-graph\">{\"@context\":\"https:\\\/\\\/schema.org\",\"@graph\":[{\"@type\":\"WebPage\",\"@id\":\"https:\\\/\\\/optik.roman-wagner.de\\\/fr\\\/lunettes-de-soleil\\\/\",\"url\":\"https:\\\/\\\/optik.roman-wagner.de\\\/fr\\\/lunettes-de-soleil\\\/\",\"name\":\"Lunettes de soleil par Roman Wagner\",\"isPartOf\":{\"@id\":\"https:\\\/\\\/optik.roman-wagner.de\\\/fr\\\/#website\"},\"datePublished\":\"2020-02-04T10:07:38+00:00\",\"dateModified\":\"2026-04-30T13:44:54+00:00\",\"description\":\"Une protection parfaite pour vos yeux \u2013 des lunettes de soleil tendance avec une qualit\u00e9 certifi\u00e9e et un look individuel !\",\"breadcrumb\":{\"@id\":\"https:\\\/\\\/optik.roman-wagner.de\\\/fr\\\/lunettes-de-soleil\\\/#breadcrumb\"},\"inLanguage\":\"fr-FR\",\"potentialAction\":[{\"@type\":\"ReadAction\",\"target\":[\"https:\\\/\\\/optik.roman-wagner.de\\\/fr\\\/lunettes-de-soleil\\\/\"]}]},{\"@type\":\"BreadcrumbList\",\"@id\":\"https:\\\/\\\/optik.roman-wagner.de\\\/fr\\\/lunettes-de-soleil\\\/#breadcrumb\",\"itemListElement\":[{\"@type\":\"ListItem\",\"position\":1,\"name\":\"Startseite\",\"item\":\"https:\\\/\\\/optik.roman-wagner.de\\\/fr\\\/centres-pour-une-bonne-vision\\\/\"},{\"@type\":\"ListItem\",\"position\":2,\"name\":\"Lunettes de soleil\"}]},{\"@type\":\"WebSite\",\"@id\":\"https:\\\/\\\/optik.roman-wagner.de\\\/fr\\\/#website\",\"url\":\"https:\\\/\\\/optik.roman-wagner.de\\\/fr\\\/\",\"name\":\"Der Augenoptiker Roman Wagner\",\"description\":\"Zentren f\u00fcr gutes Sehen\",\"publisher\":{\"@id\":\"https:\\\/\\\/optik.roman-wagner.de\\\/fr\\\/#organization\"},\"potentialAction\":[{\"@type\":\"SearchAction\",\"target\":{\"@type\":\"EntryPoint\",\"urlTemplate\":\"https:\\\/\\\/optik.roman-wagner.de\\\/fr\\\/?s={search_term_string}\"},\"query-input\":{\"@type\":\"PropertyValueSpecification\",\"valueRequired\":true,\"valueName\":\"search_term_string\"}}],\"inLanguage\":\"fr-FR\"},{\"@type\":\"Organization\",\"@id\":\"https:\\\/\\\/optik.roman-wagner.de\\\/fr\\\/#organization\",\"name\":\"Der Augenoptiker Roman Wagner\",\"url\":\"https:\\\/\\\/optik.roman-wagner.de\\\/fr\\\/\",\"logo\":{\"@type\":\"ImageObject\",\"inLanguage\":\"fr-FR\",\"@id\":\"https:\\\/\\\/optik.roman-wagner.de\\\/fr\\\/#\\\/schema\\\/logo\\\/image\\\/\",\"url\":\"https:\\\/\\\/optik.roman-wagner.de\\\/wp-content\\\/uploads\\\/2019\\\/11\\\/Logo-RW-quadrat.jpg\",\"contentUrl\":\"https:\\\/\\\/optik.roman-wagner.de\\\/wp-content\\\/uploads\\\/2019\\\/11\\\/Logo-RW-quadrat.jpg\",\"width\":488,\"height\":479,\"caption\":\"Der Augenoptiker Roman Wagner\"},\"image\":{\"@id\":\"https:\\\/\\\/optik.roman-wagner.de\\\/fr\\\/#\\\/schema\\\/logo\\\/image\\\/\"},\"sameAs\":[\"https:\\\/\\\/www.facebook.com\\\/romanwagner.optiker\",\"https:\\\/\\\/www.instagram.com\\\/romanwagner.optiker\\\/\",\"https:\\\/\\\/www.youtube.com\\\/channel\\\/UCIHnCII9jl34mZG08gXgG6A\"]}]}<\/script>\n<!-- \/ Yoast SEO plugin. -->","yoast_head_json":{"title":"Lunettes de soleil par Roman Wagner","description":"Une protection parfaite pour vos yeux \u2013 des lunettes de soleil tendance avec une qualit\u00e9 certifi\u00e9e et un look individuel !","robots":{"index":"index","follow":"follow","max-snippet":"max-snippet:-1","max-image-preview":"max-image-preview:large","max-video-preview":"max-video-preview:-1"},"canonical":"https:\/\/optik.roman-wagner.de\/fr\/lunettes-de-soleil\/","og_locale":"fr_FR","og_type":"article","og_title":"Lunettes de soleil par Roman Wagner","og_description":"Une protection parfaite pour vos yeux \u2013 des lunettes de soleil tendance avec une qualit\u00e9 certifi\u00e9e et un look individuel !","og_url":"https:\/\/optik.roman-wagner.de\/fr\/lunettes-de-soleil\/","og_site_name":"Roman Wagner","article_publisher":"https:\/\/www.facebook.com\/romanwagner.optiker","article_modified_time":"2026-04-30T13:44:54+00:00","twitter_card":"summary_large_image","twitter_misc":{"Dur\u00e9e de lecture estim\u00e9e":"8 minutes"},"schema":{"@context":"https:\/\/schema.org","@graph":[{"@type":"WebPage","@id":"https:\/\/optik.roman-wagner.de\/fr\/lunettes-de-soleil\/","url":"https:\/\/optik.roman-wagner.de\/fr\/lunettes-de-soleil\/","name":"Lunettes de soleil par Roman Wagner","isPartOf":{"@id":"https:\/\/optik.roman-wagner.de\/fr\/#website"},"datePublished":"2020-02-04T10:07:38+00:00","dateModified":"2026-04-30T13:44:54+00:00","description":"Une protection parfaite pour vos yeux \u2013 des lunettes de soleil tendance avec une qualit\u00e9 certifi\u00e9e et un look individuel !","breadcrumb":{"@id":"https:\/\/optik.roman-wagner.de\/fr\/lunettes-de-soleil\/#breadcrumb"},"inLanguage":"fr-FR","potentialAction":[{"@type":"ReadAction","target":["https:\/\/optik.roman-wagner.de\/fr\/lunettes-de-soleil\/"]}]},{"@type":"BreadcrumbList","@id":"https:\/\/optik.roman-wagner.de\/fr\/lunettes-de-soleil\/#breadcrumb","itemListElement":[{"@type":"ListItem","position":1,"name":"Startseite","item":"https:\/\/optik.roman-wagner.de\/fr\/centres-pour-une-bonne-vision\/"},{"@type":"ListItem","position":2,"name":"Lunettes de soleil"}]},{"@type":"WebSite","@id":"https:\/\/optik.roman-wagner.de\/fr\/#website","url":"https:\/\/optik.roman-wagner.de\/fr\/","name":"Der Augenoptiker Roman Wagner","description":"Zentren f\u00fcr gutes Sehen","publisher":{"@id":"https:\/\/optik.roman-wagner.de\/fr\/#organization"},"potentialAction":[{"@type":"SearchAction","target":{"@type":"EntryPoint","urlTemplate":"https:\/\/optik.roman-wagner.de\/fr\/?s={search_term_string}"},"query-input":{"@type":"PropertyValueSpecification","valueRequired":true,"valueName":"search_term_string"}}],"inLanguage":"fr-FR"},{"@type":"Organization","@id":"https:\/\/optik.roman-wagner.de\/fr\/#organization","name":"Der Augenoptiker Roman Wagner","url":"https:\/\/optik.roman-wagner.de\/fr\/","logo":{"@type":"ImageObject","inLanguage":"fr-FR","@id":"https:\/\/optik.roman-wagner.de\/fr\/#\/schema\/logo\/image\/","url":"https:\/\/optik.roman-wagner.de\/wp-content\/uploads\/2019\/11\/Logo-RW-quadrat.jpg","contentUrl":"https:\/\/optik.roman-wagner.de\/wp-content\/uploads\/2019\/11\/Logo-RW-quadrat.jpg","width":488,"height":479,"caption":"Der Augenoptiker Roman Wagner"},"image":{"@id":"https:\/\/optik.roman-wagner.de\/fr\/#\/schema\/logo\/image\/"},"sameAs":["https:\/\/www.facebook.com\/romanwagner.optiker","https:\/\/www.instagram.com\/romanwagner.optiker\/","https:\/\/www.youtube.com\/channel\/UCIHnCII9jl34mZG08gXgG6A"]}]}},"_links":{"self":[{"href":"https:\/\/optik.roman-wagner.de\/fr\/wp-json\/wp\/v2\/pages\/8293","targetHints":{"allow":["GET"]}}],"collection":[{"href":"https:\/\/optik.roman-wagner.de\/fr\/wp-json\/wp\/v2\/pages"}],"about":[{"href":"https:\/\/optik.roman-wagner.de\/fr\/wp-json\/wp\/v2\/types\/page"}],"author":[{"embeddable":true,"href":"https:\/\/optik.roman-wagner.de\/fr\/wp-json\/wp\/v2\/users\/1"}],"replies":[{"embeddable":true,"href":"https:\/\/optik.roman-wagner.de\/fr\/wp-json\/wp\/v2\/comments?post=8293"}],"version-history":[{"count":5,"href":"https:\/\/optik.roman-wagner.de\/fr\/wp-json\/wp\/v2\/pages\/8293\/revisions"}],"predecessor-version":[{"id":8304,"href":"https:\/\/optik.roman-wagner.de\/fr\/wp-json\/wp\/v2\/pages\/8293\/revisions\/8304"}],"wp:attachment":[{"href":"https:\/\/optik.roman-wagner.de\/fr\/wp-json\/wp\/v2\/media?parent=8293"}],"curies":[{"name":"wp","href":"https:\/\/api.w.org\/{rel}","templated":true}]}}