{"id":8259,"date":"2020-02-04T11:16:58","date_gmt":"2020-02-04T10:16:58","guid":{"rendered":"https:\/\/optik.roman-wagner.de\/verres\/"},"modified":"2026-04-30T15:43:32","modified_gmt":"2026-04-30T13:43:32","slug":"verres","status":"publish","type":"page","link":"https:\/\/optik.roman-wagner.de\/fr\/verres\/","title":{"rendered":"Verres"},"content":{"rendered":"<p>[et_pb_section fb_built=\u00a0\u00bb1&Prime; _builder_version=\u00a0\u00bb4.25.1&Prime; custom_margin=\u00a0\u00bb130px||||false|false\u00a0\u00bb custom_margin_tablet=\u00a0\u00bb130px||||false|false\u00a0\u00bb custom_margin_phone=\u00a0\u00bb70px||||false|false\u00a0\u00bb custom_margin_last_edited=\u00a0\u00bbon|desktop\u00a0\u00bb custom_padding=\u00a0\u00bb0px||0px||false|false\u00a0\u00bb hover_enabled=\u00a0\u00bb0&Prime; da_disable_devices=\u00a0\u00bboff|off|off\u00a0\u00bb global_colors_info=\u00a0\u00bb{}\u00a0\u00bb sticky_enabled=\u00a0\u00bb0&Prime; da_is_popup=\u00a0\u00bboff\u00a0\u00bb da_exit_intent=\u00a0\u00bboff\u00a0\u00bb da_has_close=\u00a0\u00bbon\u00a0\u00bb da_alt_close=\u00a0\u00bboff\u00a0\u00bb da_dark_close=\u00a0\u00bboff\u00a0\u00bb da_not_modal=\u00a0\u00bbon\u00a0\u00bb da_is_singular=\u00a0\u00bboff\u00a0\u00bb da_with_loader=\u00a0\u00bboff\u00a0\u00bb da_has_shadow=\u00a0\u00bbon\u00a0\u00bb][et_pb_row _builder_version=\u00a0\u00bb4.25.1&Prime; width=\u00a0\u00bb100%\u00a0\u00bb max_width=\u00a0\u00bb2560px\u00a0\u00bb custom_margin=\u00a0\u00bb0px||||false|false\u00a0\u00bb global_colors_info=\u00a0\u00bb{}\u00a0\u00bb][et_pb_column type=\u00a0\u00bb4_4&Prime; _builder_version=\u00a0\u00bb4.16&Prime; global_colors_info=\u00a0\u00bb{}\u00a0\u00bb][et_pb_image src=\u00a0\u00bbhttps:\/\/optik.roman-wagner.de\/wp-content\/uploads\/2020\/02\/Headerbild_Glaeser-1.jpg\u00a0\u00bb title_text=\u00a0\u00bbImage d\u2019en-t\u00eate_Verres-1&Prime; force_fullwidth=\u00a0\u00bbon\u00a0\u00bb _builder_version=\u00a0\u00bb4.25.1&Prime; _module_preset=\u00a0\u00bbdefault\u00a0\u00bb global_colors_info=\u00a0\u00bb{}\u00a0\u00bb][\/et_pb_image][\/et_pb_column][\/et_pb_row][et_pb_row _builder_version=\u00a0\u00bb4.16&Prime; custom_padding=\u00a0\u00bb||33px|||\u00a0\u00bb global_colors_info=\u00a0\u00bb{}\u00a0\u00bb][et_pb_column type=\u00a0\u00bb4_4&Prime; _builder_version=\u00a0\u00bb4.16&Prime; global_colors_info=\u00a0\u00bb{}\u00a0\u00bb][dsm_text_notation notation_text=\u00a0\u00bbVerres de lunettes\u00a0\u00bb notation_color=\u00a0\u00bb#0084D7&Prime; notation_width=\u00a0\u00bb4&Prime; _builder_version=\u00a0\u00bb4.25.1&Prime; _module_preset=\u00a0\u00bbdefault\u00a0\u00bb header_font=\u00a0\u00bb|700|||||||\u00a0\u00bb header_text_color=\u00a0\u00bb#000000&Prime; notation_font=\u00a0\u00bb|700|||||||\u00a0\u00bb notation_text_color=\u00a0\u00bb#000000&Prime; text_orientation=\u00a0\u00bbleft\u00a0\u00bb width=\u00a0\u00bb100%\u00a0\u00bb custom_margin=\u00a0\u00bb||3px||false|false\u00a0\u00bb custom_padding=\u00a0\u00bb||||false|false\u00a0\u00bb header_font_size_tablet=\u00a0\u00bb\u00a0\u00bb header_font_size_phone=\u00a0\u00bb\u00a0\u00bb header_font_size_last_edited=\u00a0\u00bbon|desktop\u00a0\u00bb header_line_height_tablet=\u00a0\u00bb\u00a0\u00bb header_line_height_phone=\u00a0\u00bb1.3em\u00a0\u00bb header_line_height_last_edited=\u00a0\u00bbon|phone\u00a0\u00bb locked=\u00a0\u00bboff\u00a0\u00bb global_colors_info=\u00a0\u00bb{}\u00a0\u00bb][\/dsm_text_notation][et_pb_text _builder_version=\u00a0\u00bb4.25.1&Prime; custom_margin=\u00a0\u00bb||||false|false\u00a0\u00bb global_colors_info=\u00a0\u00bb{}\u00a0\u00bb]<\/p>\n<h2>Des verres pour chaque correction visuelle<\/h2>\n<p>Apr\u00e8s la d\u00e9termination personnalis\u00e9e de votre correction visuelle et le choix d\u2019une monture adapt\u00e9e \u00e0 votre style, l\u2019\u00e9tape suivante consiste \u00e0 d\u00e9finir les verres n\u00e9cessaires \u2013 qu\u2019il s\u2019agisse de verres unifocaux, de verres progressifs, de verres de sport ou de verres de poste de travail, en verre min\u00e9ral ou en mati\u00e8re synth\u00e9tique : nous vous conseillons volontiers, en toute ind\u00e9pendance vis-\u00e0-vis des fabricants, sur les diff\u00e9rentes possibilit\u00e9s.<\/p>\n<p>[\/et_pb_text][\/et_pb_column][\/et_pb_row][et_pb_row _builder_version=\u00a0\u00bb4.16&Prime; custom_padding=\u00a0\u00bb5px||50px|||\u00a0\u00bb global_colors_info=\u00a0\u00bb{}\u00a0\u00bb][et_pb_column type=\u00a0\u00bb4_4&Prime; _builder_version=\u00a0\u00bb4.16&Prime; global_colors_info=\u00a0\u00bb{}\u00a0\u00bb][et_pb_accordion icon_color=\u00a0\u00bb#0084D7&Prime; _builder_version=\u00a0\u00bb4.25.1&Prime; toggle_level=\u00a0\u00bbh3&Prime; border_radii=\u00a0\u00bbon|10px|10px|10px|10px\u00a0\u00bb global_colors_info=\u00a0\u00bb{}\u00a0\u00bb][et_pb_accordion_item title=\u00a0\u00bbVerres unifocaux\u00a0\u00bb open=\u00a0\u00bbon\u00a0\u00bb _builder_version=\u00a0\u00bb4.16&Prime; global_colors_info=\u00a0\u00bb{}\u00a0\u00bb]<\/p>\n<p>Les verres unifocaux corrigent la vision sur toute la surface du verre et offrent le meilleur soutien possible pour une plage de distance donn\u00e9e. Ils conviennent ainsi, au choix, pour voir plus nettement les objets au loin ou les objets de pr\u00e8s. Qu\u2019il s\u2019agisse de myopie ou d\u2019hyperm\u00e9tropie : l\u2019essentiel est que les verres unifocaux se limitent \u00e0 une seule plage de distance.  <\/p>\n<p>[\/et_pb_accordion_item][et_pb_accordion_item title=\u00a0\u00bbVerres progressifs\u00a0\u00bb _builder_version=\u00a0\u00bb4.16&Prime; global_colors_info=\u00a0\u00bb{}\u00a0\u00bb open=\u00a0\u00bboff\u00a0\u00bb]<\/p>\n<p>Contrairement aux verres unifocaux, les verres progressifs couvrent diff\u00e9rentes zones de vision. Gr\u00e2ce \u00e0 diff\u00e9rents champs de correction dans un seul verre, ils permettent une vision nette en continu de loin, \u00e0 distance interm\u00e9diaire et de pr\u00e8s. Il n\u2019est plus n\u00e9cessaire de changer de lunettes (p. ex. pour la lecture). Sur la base de vos besoins visuels individuels, nous vous recommandons le verre de lunettes optimal pour vous.   <\/p>\n<p>[\/et_pb_accordion_item][et_pb_accordion_item title=\u00a0\u00bbVerres de poste de travail\u00a0\u00bb _builder_version=\u00a0\u00bb4.16&Prime; global_colors_info=\u00a0\u00bb{}\u00a0\u00bb open=\u00a0\u00bboff\u00a0\u00bb]<\/p>\n<p>Les maux de t\u00eate ou de nuque, ou une fatigue pr\u00e9coce apr\u00e8s une journ\u00e9e de travail, sont souvent dus \u00e0 l\u2019absence de lunettes ou \u00e0 une correction inadapt\u00e9e. Les verres de poste de travail constituent un compl\u00e9ment judicieux aux verres progressifs et assurent une vision nette, sans fatigue et d\u00e9tendue dans la zone de pr\u00e8s \u00e9largie. Selon vos exigences et vos habitudes de travail et de vision, nous trouvons les verres de poste de travail qui vous conviennent.  <\/p>\n<p>[\/et_pb_accordion_item][et_pb_accordion_item title=\u00a0\u00bbVerres de sport\u00a0\u00bb _builder_version=\u00a0\u00bb4.16&Prime; global_colors_info=\u00a0\u00bb{}\u00a0\u00bb open=\u00a0\u00bboff\u00a0\u00bb]<\/p>\n<p>D\u00e9couvrez les avantages des verres de sport, qui vous permettent d\u2019exploiter davantage votre potentiel de performance ! Les verres de sport se distinguent par une grande r\u00e9sistance \u00e0 la casse et garantissent une vision parfaite lors des entra\u00eenements ou des tournois. Associ\u00e9s \u00e0 une monture parfaitement ajust\u00e9e, les verres de sport galb\u00e9s permettent une correction visuelle id\u00e9ale.  <\/p>\n<p>[\/et_pb_accordion_item][et_pb_accordion_item title=\u00a0\u00bbVerres solaires\u00a0\u00bb _builder_version=\u00a0\u00bb4.16&Prime; global_colors_info=\u00a0\u00bb{}\u00a0\u00bb open=\u00a0\u00bboff\u00a0\u00bb]<\/p>\n<p>Prot\u00e9gez vos yeux des rayons UV dangereux \u2013 avec des verres solaires de haute qualit\u00e9, disponibles en diff\u00e9rents niveaux d\u2019absorption. Qu\u2019il s\u2019agisse de verres l\u00e9g\u00e8rement teint\u00e9s avec une forte transmission lumineuse ou de verres fortement teint\u00e9s pour une utilisation en cas d\u2019ensoleillement extr\u00eame : une solution adapt\u00e9e \u00e0 chaque besoin est disponible. La vaste gamme comprend \u00e9galement des verres photochromiques, qui s\u2019adaptent automatiquement aux conditions de luminosit\u00e9 selon l\u2019intensit\u00e9 de l\u2019ensoleillement et combinent ainsi habilement lunettes de vue et lunettes de soleil.  <\/p>\n<p>[\/et_pb_accordion_item][\/et_pb_accordion][\/et_pb_column][\/et_pb_row][et_pb_row column_structure=\u00a0\u00bb1_2,1_2&Prime; _builder_version=\u00a0\u00bb4.25.1&Prime; background_color=\u00a0\u00bbrgba(0,132,215,0.58)\u00a0\u00bb custom_margin=\u00a0\u00bb||70px||false|false\u00a0\u00bb global_colors_info=\u00a0\u00bb{}\u00a0\u00bb][et_pb_column type=\u00a0\u00bb1_2&Prime; _builder_version=\u00a0\u00bb4.16&Prime; global_colors_info=\u00a0\u00bb{}\u00a0\u00bb][et_pb_image src=\u00a0\u00bbhttps:\/\/optik.roman-wagner.de\/wp-content\/uploads\/2020\/02\/Gl\u00e4ser-in-der-Hand.jpg\u00a0\u00bb align=\u00a0\u00bbcenter\u00a0\u00bb force_fullwidth=\u00a0\u00bbon\u00a0\u00bb _builder_version=\u00a0\u00bb4.25.1&Prime; custom_padding=\u00a0\u00bb|20px||20px|false|false\u00a0\u00bb global_colors_info=\u00a0\u00bb{}\u00a0\u00bb][\/et_pb_image][\/et_pb_column][et_pb_column type=\u00a0\u00bb1_2&Prime; _builder_version=\u00a0\u00bb4.16&Prime; global_colors_info=\u00a0\u00bb{}\u00a0\u00bb][et_pb_cta title=\u00a0\u00bbDes verres de lunettes adapt\u00e9s \u00e0 chaque correction visuelle\u00a0\u00bb button_text=\u00a0\u00bbClics\u00a0\u00bb _builder_version=\u00a0\u00bb4.25.1&Prime; header_level=\u00a0\u00bbh3&Prime; use_background_color=\u00a0\u00bboff\u00a0\u00bb text_orientation=\u00a0\u00bbleft\u00a0\u00bb background_layout=\u00a0\u00bblight\u00a0\u00bb custom_padding=\u00a0\u00bb|20px||20px|false|false\u00a0\u00bb global_colors_info=\u00a0\u00bb{}\u00a0\u00bb]<\/p>\n<p>Une fois la d\u00e9termination personnalis\u00e9e de votre correction visuelle effectu\u00e9e et la monture adapt\u00e9e \u00e0 votre style trouv\u00e9e, l\u2019\u00e9tape suivante consiste \u00e0 choisir les verres.<\/p>\n<p>[\/et_pb_cta][\/et_pb_column][\/et_pb_row][\/et_pb_section]<\/p>\n","protected":false},"excerpt":{"rendered":"<p><div class=\"et_pb_module dsm_text_notation dsm_text_notation_0  et_pb_text_align_left et_pb_bg_layout_light\">\n\t\t\t\t\n\t\t\t\t\n\t\t\t\t\n\t\t\t\t\n\t\t\t\t\n\t\t\t\t\n\t\t\t\t<div class=\"et_pb_module_inner\">\n\t\t\t\t\t<h1 class=\"dsm-text-notation-main et_pb_module_header\"><span data-notation=\"[{&quot;type&quot;:&quot;underline&quot;,&quot;color&quot;:&quot;#0084D7&quot;,&quot;stroke-width&quot;:&quot;4&quot;,&quot;iterations&quot;:&quot;2&quot;,&quot;brackets&quot;:&quot;left|right&quot;,&quot;viewport&quot;:&quot;80%&quot;,&quot;delay&quot;:&quot;0ms&quot;,&quot;divi-animate&quot;:&quot;none&quot;,&quot;divi-animate-duration&quot;:&quot;1000ms&quot;,&quot;divi-animate-delay&quot;:&quot;0ms&quot;}]\" class=\"dsm-text-notation-middle\">Verres de lunettes<\/span><\/h1>\n\t\t\t\t<\/div>\n\t\t\t<\/div>Des verres pour chaque correction visuelle Apr\u00e8s la d\u00e9termination personnalis\u00e9e de votre correction visuelle et le choix d\u2019une monture adapt\u00e9e \u00e0 votre style, l\u2019\u00e9tape suivante consiste \u00e0 d\u00e9finir les verres n\u00e9cessaires \u2013 qu\u2019il s\u2019agisse de verres unifocaux, de verres progressifs, de verres de sport ou de verres de poste de travail, en verre min\u00e9ral ou en mati\u00e8re synth\u00e9tique : nous vous conseillons volontiers, en toute ind\u00e9pendance vis-\u00e0-vis des fabricants, sur les diff\u00e9rentes possibilit\u00e9s.Les verres unifocaux corrigent la vision sur toute la surface du verre et offrent le meilleur soutien possible pour une plage de distance donn\u00e9e. Ils conviennent ainsi, au choix, pour voir plus nettement les objets au loin ou les objets de pr\u00e8s. Qu\u2019il s\u2019agisse de myopie ou d\u2019hyperm\u00e9tropie : l\u2019essentiel est que les verres unifocaux se limitent \u00e0 une seule plage de distance. Contrairement aux verres unifocaux, les verres progressifs couvrent diff\u00e9rentes zones de vision. Gr\u00e2ce \u00e0 diff\u00e9rents champs de correction dans un seul verre, ils permettent une vision nette en continu de loin, \u00e0 distance interm\u00e9diaire et de pr\u00e8s. Il n\u2019est plus n\u00e9cessaire de [&hellip;]<\/p>\n","protected":false},"author":1,"featured_media":0,"parent":0,"menu_order":0,"comment_status":"closed","ping_status":"closed","template":"","meta":{"_et_pb_use_builder":"on","_et_pb_old_content":"","_et_gb_content_width":"","iawp_total_views":0,"footnotes":""},"class_list":["post-8259","page","type-page","status-publish","hentry"],"yoast_head":"<!-- This site is optimized with the Yoast SEO plugin v27.4 - https:\/\/yoast.com\/product\/yoast-seo-wordpress\/ -->\n<title>Verres - Roman Wagner<\/title>\n<meta name=\"robots\" content=\"index, follow, max-snippet:-1, max-image-preview:large, max-video-preview:-1\" \/>\n<link rel=\"canonical\" href=\"https:\/\/optik.roman-wagner.de\/fr\/verres\/\" \/>\n<meta property=\"og:locale\" content=\"fr_FR\" \/>\n<meta property=\"og:type\" content=\"article\" \/>\n<meta property=\"og:title\" content=\"Verres - Roman Wagner\" \/>\n<meta property=\"og:description\" content=\"Des verres pour chaque correction visuelle Apr\u00e8s la d\u00e9termination personnalis\u00e9e de votre correction visuelle et le choix d\u2019une monture adapt\u00e9e \u00e0 votre style, l\u2019\u00e9tape suivante consiste \u00e0 d\u00e9finir les verres n\u00e9cessaires \u2013 qu\u2019il s\u2019agisse de verres unifocaux, de verres progressifs, de verres de sport ou de verres de poste de travail, en verre min\u00e9ral ou en mati\u00e8re synth\u00e9tique : nous vous conseillons volontiers, en toute ind\u00e9pendance vis-\u00e0-vis des fabricants, sur les diff\u00e9rentes possibilit\u00e9s.Les verres unifocaux corrigent la vision sur toute la surface du verre et offrent le meilleur soutien possible pour une plage de distance donn\u00e9e. Ils conviennent ainsi, au choix, pour voir plus nettement les objets au loin ou les objets de pr\u00e8s. Qu\u2019il s\u2019agisse de myopie ou d\u2019hyperm\u00e9tropie : l\u2019essentiel est que les verres unifocaux se limitent \u00e0 une seule plage de distance. Contrairement aux verres unifocaux, les verres progressifs couvrent diff\u00e9rentes zones de vision. Gr\u00e2ce \u00e0 diff\u00e9rents champs de correction dans un seul verre, ils permettent une vision nette en continu de loin, \u00e0 distance interm\u00e9diaire et de pr\u00e8s. Il n\u2019est plus n\u00e9cessaire de [&hellip;]\" \/>\n<meta property=\"og:url\" content=\"https:\/\/optik.roman-wagner.de\/fr\/verres\/\" \/>\n<meta property=\"og:site_name\" content=\"Roman Wagner\" \/>\n<meta property=\"article:publisher\" content=\"https:\/\/www.facebook.com\/romanwagner.optiker\" \/>\n<meta property=\"article:modified_time\" content=\"2026-04-30T13:43:32+00:00\" \/>\n<meta name=\"twitter:card\" content=\"summary_large_image\" \/>\n<meta name=\"twitter:label1\" content=\"Dur\u00e9e de lecture estim\u00e9e\" \/>\n\t<meta name=\"twitter:data1\" content=\"5 minutes\" \/>\n<script type=\"application\/ld+json\" class=\"yoast-schema-graph\">{\"@context\":\"https:\\\/\\\/schema.org\",\"@graph\":[{\"@type\":\"WebPage\",\"@id\":\"https:\\\/\\\/optik.roman-wagner.de\\\/fr\\\/verres\\\/\",\"url\":\"https:\\\/\\\/optik.roman-wagner.de\\\/fr\\\/verres\\\/\",\"name\":\"Verres - Roman Wagner\",\"isPartOf\":{\"@id\":\"https:\\\/\\\/optik.roman-wagner.de\\\/fr\\\/#website\"},\"datePublished\":\"2020-02-04T10:16:58+00:00\",\"dateModified\":\"2026-04-30T13:43:32+00:00\",\"breadcrumb\":{\"@id\":\"https:\\\/\\\/optik.roman-wagner.de\\\/fr\\\/verres\\\/#breadcrumb\"},\"inLanguage\":\"fr-FR\",\"potentialAction\":[{\"@type\":\"ReadAction\",\"target\":[\"https:\\\/\\\/optik.roman-wagner.de\\\/fr\\\/verres\\\/\"]}]},{\"@type\":\"BreadcrumbList\",\"@id\":\"https:\\\/\\\/optik.roman-wagner.de\\\/fr\\\/verres\\\/#breadcrumb\",\"itemListElement\":[{\"@type\":\"ListItem\",\"position\":1,\"name\":\"Startseite\",\"item\":\"https:\\\/\\\/optik.roman-wagner.de\\\/fr\\\/centres-pour-une-bonne-vision\\\/\"},{\"@type\":\"ListItem\",\"position\":2,\"name\":\"Verres\"}]},{\"@type\":\"WebSite\",\"@id\":\"https:\\\/\\\/optik.roman-wagner.de\\\/fr\\\/#website\",\"url\":\"https:\\\/\\\/optik.roman-wagner.de\\\/fr\\\/\",\"name\":\"Der Augenoptiker Roman Wagner\",\"description\":\"Zentren f\u00fcr gutes Sehen\",\"publisher\":{\"@id\":\"https:\\\/\\\/optik.roman-wagner.de\\\/fr\\\/#organization\"},\"potentialAction\":[{\"@type\":\"SearchAction\",\"target\":{\"@type\":\"EntryPoint\",\"urlTemplate\":\"https:\\\/\\\/optik.roman-wagner.de\\\/fr\\\/?s={search_term_string}\"},\"query-input\":{\"@type\":\"PropertyValueSpecification\",\"valueRequired\":true,\"valueName\":\"search_term_string\"}}],\"inLanguage\":\"fr-FR\"},{\"@type\":\"Organization\",\"@id\":\"https:\\\/\\\/optik.roman-wagner.de\\\/fr\\\/#organization\",\"name\":\"Der Augenoptiker Roman Wagner\",\"url\":\"https:\\\/\\\/optik.roman-wagner.de\\\/fr\\\/\",\"logo\":{\"@type\":\"ImageObject\",\"inLanguage\":\"fr-FR\",\"@id\":\"https:\\\/\\\/optik.roman-wagner.de\\\/fr\\\/#\\\/schema\\\/logo\\\/image\\\/\",\"url\":\"https:\\\/\\\/optik.roman-wagner.de\\\/wp-content\\\/uploads\\\/2019\\\/11\\\/Logo-RW-quadrat.jpg\",\"contentUrl\":\"https:\\\/\\\/optik.roman-wagner.de\\\/wp-content\\\/uploads\\\/2019\\\/11\\\/Logo-RW-quadrat.jpg\",\"width\":488,\"height\":479,\"caption\":\"Der Augenoptiker Roman Wagner\"},\"image\":{\"@id\":\"https:\\\/\\\/optik.roman-wagner.de\\\/fr\\\/#\\\/schema\\\/logo\\\/image\\\/\"},\"sameAs\":[\"https:\\\/\\\/www.facebook.com\\\/romanwagner.optiker\",\"https:\\\/\\\/www.instagram.com\\\/romanwagner.optiker\\\/\",\"https:\\\/\\\/www.youtube.com\\\/channel\\\/UCIHnCII9jl34mZG08gXgG6A\"]}]}<\/script>\n<!-- \/ Yoast SEO plugin. -->","yoast_head_json":{"title":"Verres - Roman Wagner","robots":{"index":"index","follow":"follow","max-snippet":"max-snippet:-1","max-image-preview":"max-image-preview:large","max-video-preview":"max-video-preview:-1"},"canonical":"https:\/\/optik.roman-wagner.de\/fr\/verres\/","og_locale":"fr_FR","og_type":"article","og_title":"Verres - Roman Wagner","og_description":"Des verres pour chaque correction visuelle Apr\u00e8s la d\u00e9termination personnalis\u00e9e de votre correction visuelle et le choix d\u2019une monture adapt\u00e9e \u00e0 votre style, l\u2019\u00e9tape suivante consiste \u00e0 d\u00e9finir les verres n\u00e9cessaires \u2013 qu\u2019il s\u2019agisse de verres unifocaux, de verres progressifs, de verres de sport ou de verres de poste de travail, en verre min\u00e9ral ou en mati\u00e8re synth\u00e9tique : nous vous conseillons volontiers, en toute ind\u00e9pendance vis-\u00e0-vis des fabricants, sur les diff\u00e9rentes possibilit\u00e9s.Les verres unifocaux corrigent la vision sur toute la surface du verre et offrent le meilleur soutien possible pour une plage de distance donn\u00e9e. Ils conviennent ainsi, au choix, pour voir plus nettement les objets au loin ou les objets de pr\u00e8s. Qu\u2019il s\u2019agisse de myopie ou d\u2019hyperm\u00e9tropie : l\u2019essentiel est que les verres unifocaux se limitent \u00e0 une seule plage de distance. Contrairement aux verres unifocaux, les verres progressifs couvrent diff\u00e9rentes zones de vision. Gr\u00e2ce \u00e0 diff\u00e9rents champs de correction dans un seul verre, ils permettent une vision nette en continu de loin, \u00e0 distance interm\u00e9diaire et de pr\u00e8s. Il n\u2019est plus n\u00e9cessaire de [&hellip;]","og_url":"https:\/\/optik.roman-wagner.de\/fr\/verres\/","og_site_name":"Roman Wagner","article_publisher":"https:\/\/www.facebook.com\/romanwagner.optiker","article_modified_time":"2026-04-30T13:43:32+00:00","twitter_card":"summary_large_image","twitter_misc":{"Dur\u00e9e de lecture estim\u00e9e":"5 minutes"},"schema":{"@context":"https:\/\/schema.org","@graph":[{"@type":"WebPage","@id":"https:\/\/optik.roman-wagner.de\/fr\/verres\/","url":"https:\/\/optik.roman-wagner.de\/fr\/verres\/","name":"Verres - Roman Wagner","isPartOf":{"@id":"https:\/\/optik.roman-wagner.de\/fr\/#website"},"datePublished":"2020-02-04T10:16:58+00:00","dateModified":"2026-04-30T13:43:32+00:00","breadcrumb":{"@id":"https:\/\/optik.roman-wagner.de\/fr\/verres\/#breadcrumb"},"inLanguage":"fr-FR","potentialAction":[{"@type":"ReadAction","target":["https:\/\/optik.roman-wagner.de\/fr\/verres\/"]}]},{"@type":"BreadcrumbList","@id":"https:\/\/optik.roman-wagner.de\/fr\/verres\/#breadcrumb","itemListElement":[{"@type":"ListItem","position":1,"name":"Startseite","item":"https:\/\/optik.roman-wagner.de\/fr\/centres-pour-une-bonne-vision\/"},{"@type":"ListItem","position":2,"name":"Verres"}]},{"@type":"WebSite","@id":"https:\/\/optik.roman-wagner.de\/fr\/#website","url":"https:\/\/optik.roman-wagner.de\/fr\/","name":"Der Augenoptiker Roman Wagner","description":"Zentren f\u00fcr gutes Sehen","publisher":{"@id":"https:\/\/optik.roman-wagner.de\/fr\/#organization"},"potentialAction":[{"@type":"SearchAction","target":{"@type":"EntryPoint","urlTemplate":"https:\/\/optik.roman-wagner.de\/fr\/?s={search_term_string}"},"query-input":{"@type":"PropertyValueSpecification","valueRequired":true,"valueName":"search_term_string"}}],"inLanguage":"fr-FR"},{"@type":"Organization","@id":"https:\/\/optik.roman-wagner.de\/fr\/#organization","name":"Der Augenoptiker Roman Wagner","url":"https:\/\/optik.roman-wagner.de\/fr\/","logo":{"@type":"ImageObject","inLanguage":"fr-FR","@id":"https:\/\/optik.roman-wagner.de\/fr\/#\/schema\/logo\/image\/","url":"https:\/\/optik.roman-wagner.de\/wp-content\/uploads\/2019\/11\/Logo-RW-quadrat.jpg","contentUrl":"https:\/\/optik.roman-wagner.de\/wp-content\/uploads\/2019\/11\/Logo-RW-quadrat.jpg","width":488,"height":479,"caption":"Der Augenoptiker Roman Wagner"},"image":{"@id":"https:\/\/optik.roman-wagner.de\/fr\/#\/schema\/logo\/image\/"},"sameAs":["https:\/\/www.facebook.com\/romanwagner.optiker","https:\/\/www.instagram.com\/romanwagner.optiker\/","https:\/\/www.youtube.com\/channel\/UCIHnCII9jl34mZG08gXgG6A"]}]}},"_links":{"self":[{"href":"https:\/\/optik.roman-wagner.de\/fr\/wp-json\/wp\/v2\/pages\/8259","targetHints":{"allow":["GET"]}}],"collection":[{"href":"https:\/\/optik.roman-wagner.de\/fr\/wp-json\/wp\/v2\/pages"}],"about":[{"href":"https:\/\/optik.roman-wagner.de\/fr\/wp-json\/wp\/v2\/types\/page"}],"author":[{"embeddable":true,"href":"https:\/\/optik.roman-wagner.de\/fr\/wp-json\/wp\/v2\/users\/1"}],"replies":[{"embeddable":true,"href":"https:\/\/optik.roman-wagner.de\/fr\/wp-json\/wp\/v2\/comments?post=8259"}],"version-history":[{"count":1,"href":"https:\/\/optik.roman-wagner.de\/fr\/wp-json\/wp\/v2\/pages\/8259\/revisions"}],"predecessor-version":[{"id":8263,"href":"https:\/\/optik.roman-wagner.de\/fr\/wp-json\/wp\/v2\/pages\/8259\/revisions\/8263"}],"wp:attachment":[{"href":"https:\/\/optik.roman-wagner.de\/fr\/wp-json\/wp\/v2\/media?parent=8259"}],"curies":[{"name":"wp","href":"https:\/\/api.w.org\/{rel}","templated":true}]}}