{"id":8158,"date":"2020-02-06T14:54:03","date_gmt":"2020-02-06T13:54:03","guid":{"rendered":"https:\/\/optik.roman-wagner.de\/lentilles-de-contact\/"},"modified":"2026-04-30T15:42:28","modified_gmt":"2026-04-30T13:42:28","slug":"lentilles-de-contact","status":"publish","type":"page","link":"https:\/\/optik.roman-wagner.de\/fr\/lentilles-de-contact\/","title":{"rendered":"Lentilles de contact"},"content":{"rendered":"<p>[et_pb_section fb_built=\u00a0\u00bb1&Prime; _builder_version=\u00a0\u00bb4.25.1&Prime; custom_margin=\u00a0\u00bb130px||||false|false\u00a0\u00bb custom_margin_tablet=\u00a0\u00bb130px||||false|false\u00a0\u00bb custom_margin_phone=\u00a0\u00bb70px||||false|false\u00a0\u00bb custom_margin_last_edited=\u00a0\u00bbon|desktop\u00a0\u00bb custom_padding=\u00a0\u00bb0px||0px||false|false\u00a0\u00bb hover_enabled=\u00a0\u00bb0&Prime; da_disable_devices=\u00a0\u00bboff|off|off\u00a0\u00bb global_colors_info=\u00a0\u00bb{}\u00a0\u00bb sticky_enabled=\u00a0\u00bb0&Prime; da_is_popup=\u00a0\u00bboff\u00a0\u00bb da_exit_intent=\u00a0\u00bboff\u00a0\u00bb da_has_close=\u00a0\u00bbon\u00a0\u00bb da_alt_close=\u00a0\u00bboff\u00a0\u00bb da_dark_close=\u00a0\u00bboff\u00a0\u00bb da_not_modal=\u00a0\u00bbon\u00a0\u00bb da_is_singular=\u00a0\u00bboff\u00a0\u00bb da_with_loader=\u00a0\u00bboff\u00a0\u00bb da_has_shadow=\u00a0\u00bbon\u00a0\u00bb][et_pb_row _builder_version=\u00a0\u00bb4.25.1&Prime; width=\u00a0\u00bb100%\u00a0\u00bb max_width=\u00a0\u00bb2560px\u00a0\u00bb custom_margin=\u00a0\u00bb0px||||false|false\u00a0\u00bb custom_padding=\u00a0\u00bb0px||5px||false|false\u00a0\u00bb global_colors_info=\u00a0\u00bb{}\u00a0\u00bb][et_pb_column type=\u00a0\u00bb4_4&Prime; _builder_version=\u00a0\u00bb4.16&Prime; global_colors_info=\u00a0\u00bb{}\u00a0\u00bb][et_pb_image src=\u00a0\u00bbhttps:\/\/optik.roman-wagner.de\/wp-content\/uploads\/2020\/02\/Kontaktlinsenanpassen-Haede.jpg\u00a0\u00bb title_text=\u00a0\u00bbAdaptation des lentilles de contact &#8211; Haede\u00a0\u00bb force_fullwidth=\u00a0\u00bbon\u00a0\u00bb _builder_version=\u00a0\u00bb4.25.1&Prime; _module_preset=\u00a0\u00bbdefault\u00a0\u00bb max_height=\u00a0\u00bb988px\u00a0\u00bb global_colors_info=\u00a0\u00bb{}\u00a0\u00bb][\/et_pb_image][\/et_pb_column][\/et_pb_row][et_pb_row _builder_version=\u00a0\u00bb4.16&Prime; custom_padding=\u00a0\u00bb34px||5px|||\u00a0\u00bb global_colors_info=\u00a0\u00bb{}\u00a0\u00bb][et_pb_column type=\u00a0\u00bb4_4&Prime; _builder_version=\u00a0\u00bb4.16&Prime; global_colors_info=\u00a0\u00bb{}\u00a0\u00bb][dsm_text_notation notation_text=\u00a0\u00bbLentilles de contact\u00a0\u00bb notation_color=\u00a0\u00bb#0084D7&Prime; notation_width=\u00a0\u00bb4&Prime; _builder_version=\u00a0\u00bb4.25.1&Prime; _module_preset=\u00a0\u00bbdefault\u00a0\u00bb header_font=\u00a0\u00bb|700|||||||\u00a0\u00bb header_text_color=\u00a0\u00bb#000000&Prime; notation_font=\u00a0\u00bb|700|||||||\u00a0\u00bb notation_text_color=\u00a0\u00bb#000000&Prime; text_orientation=\u00a0\u00bbleft\u00a0\u00bb width=\u00a0\u00bb100%\u00a0\u00bb custom_margin=\u00a0\u00bb||3px||false|false\u00a0\u00bb custom_padding=\u00a0\u00bb||||false|false\u00a0\u00bb header_font_size_tablet=\u00a0\u00bb\u00a0\u00bb header_font_size_phone=\u00a0\u00bb\u00a0\u00bb header_font_size_last_edited=\u00a0\u00bbon|desktop\u00a0\u00bb header_line_height_tablet=\u00a0\u00bb\u00a0\u00bb header_line_height_phone=\u00a0\u00bb1.3em\u00a0\u00bb header_line_height_last_edited=\u00a0\u00bbon|phone\u00a0\u00bb locked=\u00a0\u00bboff\u00a0\u00bb global_colors_info=\u00a0\u00bb{}\u00a0\u00bb][\/dsm_text_notation][et_pb_text _builder_version=\u00a0\u00bb4.25.1&Prime; custom_margin=\u00a0\u00bb|0px|0px|0px|false|false\u00a0\u00bb custom_padding=\u00a0\u00bb||4px|||\u00a0\u00bb global_colors_info=\u00a0\u00bb{}\u00a0\u00bb]<\/p>\n<h2 style=\"text-align: left;\">l\u2019alternative aux lunettes<\/h2>\n<p>[\/et_pb_text][\/et_pb_column][\/et_pb_row][et_pb_row column_structure=\u00a0\u00bb1_2,1_2&Prime; _builder_version=\u00a0\u00bb4.25.1&Prime; _module_preset=\u00a0\u00bbdefault\u00a0\u00bb custom_padding=\u00a0\u00bb6px||75px|||\u00a0\u00bb global_colors_info=\u00a0\u00bb{}\u00a0\u00bb][et_pb_column type=\u00a0\u00bb1_2&Prime; _builder_version=\u00a0\u00bb4.25.1&Prime; _module_preset=\u00a0\u00bbdefault\u00a0\u00bb global_colors_info=\u00a0\u00bb{}\u00a0\u00bb][et_pb_text _builder_version=\u00a0\u00bb4.25.1&Prime; custom_margin=\u00a0\u00bb|0px|30px|0px|false|false\u00a0\u00bb custom_padding=\u00a0\u00bb||4px|||\u00a0\u00bb global_colors_info=\u00a0\u00bb{}\u00a0\u00bb]<\/p>\n<p>Qu\u2019il s\u2019agisse de lentilles souples ou rigides, de lentilles journali\u00e8res, annuelles ou de remplacement : nous proposons \u00e0 nos clients des lentilles de contact dans de nombreuses variantes. Nous vous conseillons volontiers sur les possibilit\u00e9s et vous pr\u00e9sentons plus en d\u00e9tail les diff\u00e9rents syst\u00e8mes. <\/p>\n<p>Vous vous int\u00e9ressez aux lentilles de contact ? Alors, venez nous rendre visite. Ensemble, nous d\u00e9terminerons vos besoins et souhaits individuels afin de d\u00e9cider quel type de lentilles de contact vous convient le mieux.  <\/p>\n<p>[\/et_pb_text][et_pb_image src=\u00a0\u00bbhttps:\/\/optik.roman-wagner.de\/wp-content\/uploads\/2020\/02\/Kontaktlinsenbeh\u00e4lter.jpg\u00a0\u00bb align=\u00a0\u00bbcenter\u00a0\u00bb force_fullwidth=\u00a0\u00bbon\u00a0\u00bb _builder_version=\u00a0\u00bb4.25.1&Prime; global_colors_info=\u00a0\u00bb{}\u00a0\u00bb][\/et_pb_image][et_pb_cta title=\u00a0\u00bbLe chemin vers les lentilles de contact\u00a0\u00bb button_text=\u00a0\u00bbClics\u00a0\u00bb _builder_version=\u00a0\u00bb4.25.1&Prime; header_level=\u00a0\u00bbh3&Prime; use_background_color=\u00a0\u00bboff\u00a0\u00bb text_orientation=\u00a0\u00bbleft\u00a0\u00bb background_layout=\u00a0\u00bblight\u00a0\u00bb custom_margin=\u00a0\u00bb||10px|||\u00a0\u00bb custom_padding=\u00a0\u00bb||||false|false\u00a0\u00bb global_colors_info=\u00a0\u00bb{}\u00a0\u00bb]<\/p>\n<p>Calcul des param\u00e8tres des lentilles de contact<\/p>\n<p>Dans le cadre de plusieurs tests et mesures, nous d\u00e9terminons d\u2019abord votre acuit\u00e9 visuelle individuelle. Ensuite, la mesure topographique de la corn\u00e9e, avec plus de 20\u202f000 points de mesure, fournit des donn\u00e9es pr\u00e9cises sur la courbure de votre corn\u00e9e, son diam\u00e8tre ainsi que sa variation vers la p\u00e9riph\u00e9rie. <\/p>\n<p>Cet ensemble de donn\u00e9es sert de base \u00e0 la d\u00e9termination pr\u00e9cise du rayon, du diam\u00e8tre et de l\u2019aplatissement de vos lentilles de contact. Lors d\u2019un examen ult\u00e9rieur, la partie ant\u00e9rieure visible de l\u2019\u0153il est observ\u00e9e au microscope afin d\u2019\u00e9valuer la qualit\u00e9 et la quantit\u00e9 du film lacrymal. De plus, nous recherchons d\u2019\u00e9ventuelles anomalies susceptibles de s\u2019opposer au port de lentilles de contact.  <\/p>\n<p>Sur la base de toutes les donn\u00e9es mesur\u00e9es, les param\u00e8tres de votre premi\u00e8re lentille de contact peuvent d\u00e9sormais \u00eatre calcul\u00e9s. Vous trouverez plus d\u2019informations sur l\u2019adaptation des lentilles de contact <a href=\"https:\/\/optik.roman-wagner.de\/fr\/adaptation-de-lentilles-de-contact\/\">ici<\/a>. <\/p>\n<p>[\/et_pb_cta][et_pb_button button_url=\u00a0\u00bbhttps:\/\/optik.roman-wagner.de\/fr\/rendez-vous-en-ligne\/\u00a0\u00bb button_text=\u00a0\u00bbPrendre rendez-vous en ligne maintenant\u00a0\u00bb _builder_version=\u00a0\u00bb4.25.1&Prime; _module_preset=\u00a0\u00bbdefault\u00a0\u00bb custom_margin=\u00a0\u00bb||||false|false\u00a0\u00bb global_module=\u00a0\u00bb4463&Prime; global_colors_info=\u00a0\u00bb{}\u00a0\u00bb][\/et_pb_button][\/et_pb_column][et_pb_column type=\u00a0\u00bb1_2&Prime; _builder_version=\u00a0\u00bb4.25.1&Prime; _module_preset=\u00a0\u00bbdefault\u00a0\u00bb global_colors_info=\u00a0\u00bb{}\u00a0\u00bb][et_pb_cta title=\u00a0\u00bbInitiation et contr\u00f4le\u00a0\u00bb _builder_version=\u00a0\u00bb4.25.1&Prime; header_level=\u00a0\u00bbh3&Prime; use_background_color=\u00a0\u00bboff\u00a0\u00bb text_orientation=\u00a0\u00bbleft\u00a0\u00bb background_layout=\u00a0\u00bblight\u00a0\u00bb custom_margin=\u00a0\u00bb||17px|||\u00a0\u00bb custom_padding=\u00a0\u00bb||||false|false\u00a0\u00bb global_colors_info=\u00a0\u00bb{}\u00a0\u00bb]<\/p>\n<p>Pour les premi\u00e8res semaines, nous vous fournissons des informations sur les dur\u00e9es de port des lentilles de contact. Apr\u00e8s environ 14 jours, lors d\u2019un rendez-vous de contr\u00f4le, l\u2019ajustement et la puissance de la lentille de contact ainsi que la sant\u00e9 des yeux sont \u00e0 nouveau v\u00e9rifi\u00e9s. <\/p>\n<p>[\/et_pb_cta][et_pb_image src=\u00a0\u00bbhttps:\/\/optik.roman-wagner.de\/wp-content\/uploads\/2020\/02\/Kontaktlinsen-Row.jpg\u00a0\u00bb title_text=\u00a0\u00bbLigne des lentilles de contact\u00a0\u00bb force_fullwidth=\u00a0\u00bbon\u00a0\u00bb _builder_version=\u00a0\u00bb4.25.1&Prime; _module_preset=\u00a0\u00bbdefault\u00a0\u00bb global_colors_info=\u00a0\u00bb{}\u00a0\u00bb][\/et_pb_image][\/et_pb_column][\/et_pb_row][\/et_pb_section]<\/p>\n","protected":false},"excerpt":{"rendered":"<p><div class=\"et_pb_module dsm_text_notation dsm_text_notation_0  et_pb_text_align_left et_pb_bg_layout_light\">\n\t\t\t\t\n\t\t\t\t\n\t\t\t\t\n\t\t\t\t\n\t\t\t\t\n\t\t\t\t\n\t\t\t\t<div class=\"et_pb_module_inner\">\n\t\t\t\t\t<h1 class=\"dsm-text-notation-main et_pb_module_header\"><span data-notation=\"[{&quot;type&quot;:&quot;underline&quot;,&quot;color&quot;:&quot;#0084D7&quot;,&quot;stroke-width&quot;:&quot;4&quot;,&quot;iterations&quot;:&quot;2&quot;,&quot;brackets&quot;:&quot;left|right&quot;,&quot;viewport&quot;:&quot;80%&quot;,&quot;delay&quot;:&quot;0ms&quot;,&quot;divi-animate&quot;:&quot;none&quot;,&quot;divi-animate-duration&quot;:&quot;1000ms&quot;,&quot;divi-animate-delay&quot;:&quot;0ms&quot;}]\" class=\"dsm-text-notation-middle\">Lentilles de contact<\/span><\/h1>\n\t\t\t\t<\/div>\n\t\t\t<\/div>l\u2019alternative aux lunettesQu\u2019il s\u2019agisse de lentilles souples ou rigides, de lentilles journali\u00e8res, annuelles ou de remplacement : nous proposons \u00e0 nos clients des lentilles de contact dans de nombreuses variantes. Nous vous conseillons volontiers sur les possibilit\u00e9s et vous pr\u00e9sentons plus en d\u00e9tail les diff\u00e9rents syst\u00e8mes. Vous vous int\u00e9ressez aux lentilles de contact ? Alors, venez nous rendre visite. Ensemble, nous d\u00e9terminerons vos besoins et souhaits individuels afin de d\u00e9cider quel type de lentilles de contact vous convient le mieux. Calcul des param\u00e8tres des lentilles de contact Dans le cadre de plusieurs tests et mesures, nous d\u00e9terminons d\u2019abord votre acuit\u00e9 visuelle individuelle. Ensuite, la mesure topographique de la corn\u00e9e, avec plus de 20\u202f000 points de mesure, fournit des donn\u00e9es pr\u00e9cises sur la courbure de votre corn\u00e9e, son diam\u00e8tre ainsi que sa variation vers la p\u00e9riph\u00e9rie. Cet ensemble de donn\u00e9es sert de base \u00e0 la d\u00e9termination pr\u00e9cise du rayon, du diam\u00e8tre et de l\u2019aplatissement de vos lentilles de contact. Lors d\u2019un examen ult\u00e9rieur, la partie ant\u00e9rieure visible de l\u2019\u0153il est observ\u00e9e au microscope afin d\u2019\u00e9valuer la qualit\u00e9 et [&hellip;]<\/p>\n","protected":false},"author":1,"featured_media":0,"parent":0,"menu_order":0,"comment_status":"closed","ping_status":"closed","template":"","meta":{"_et_pb_use_builder":"on","_et_pb_old_content":"","_et_gb_content_width":"","iawp_total_views":0,"footnotes":""},"class_list":["post-8158","page","type-page","status-publish","hentry"],"yoast_head":"<!-- This site is optimized with the Yoast SEO plugin v27.4 - https:\/\/yoast.com\/product\/yoast-seo-wordpress\/ -->\n<title>Lentilles de contact - Roman Wagner<\/title>\n<meta name=\"robots\" content=\"index, follow, max-snippet:-1, max-image-preview:large, max-video-preview:-1\" \/>\n<link rel=\"canonical\" href=\"https:\/\/optik.roman-wagner.de\/fr\/lentilles-de-contact\/\" \/>\n<meta property=\"og:locale\" content=\"fr_FR\" \/>\n<meta property=\"og:type\" content=\"article\" \/>\n<meta property=\"og:title\" content=\"Lentilles de contact - Roman Wagner\" \/>\n<meta property=\"og:description\" content=\"l\u2019alternative aux lunettesQu\u2019il s\u2019agisse de lentilles souples ou rigides, de lentilles journali\u00e8res, annuelles ou de remplacement : nous proposons \u00e0 nos clients des lentilles de contact dans de nombreuses variantes. Nous vous conseillons volontiers sur les possibilit\u00e9s et vous pr\u00e9sentons plus en d\u00e9tail les diff\u00e9rents syst\u00e8mes. Vous vous int\u00e9ressez aux lentilles de contact ? Alors, venez nous rendre visite. Ensemble, nous d\u00e9terminerons vos besoins et souhaits individuels afin de d\u00e9cider quel type de lentilles de contact vous convient le mieux. Calcul des param\u00e8tres des lentilles de contact Dans le cadre de plusieurs tests et mesures, nous d\u00e9terminons d\u2019abord votre acuit\u00e9 visuelle individuelle. Ensuite, la mesure topographique de la corn\u00e9e, avec plus de 20\u202f000 points de mesure, fournit des donn\u00e9es pr\u00e9cises sur la courbure de votre corn\u00e9e, son diam\u00e8tre ainsi que sa variation vers la p\u00e9riph\u00e9rie. Cet ensemble de donn\u00e9es sert de base \u00e0 la d\u00e9termination pr\u00e9cise du rayon, du diam\u00e8tre et de l\u2019aplatissement de vos lentilles de contact. Lors d\u2019un examen ult\u00e9rieur, la partie ant\u00e9rieure visible de l\u2019\u0153il est observ\u00e9e au microscope afin d\u2019\u00e9valuer la qualit\u00e9 et [&hellip;]\" \/>\n<meta property=\"og:url\" content=\"https:\/\/optik.roman-wagner.de\/fr\/lentilles-de-contact\/\" \/>\n<meta property=\"og:site_name\" content=\"Roman Wagner\" \/>\n<meta property=\"article:publisher\" content=\"https:\/\/www.facebook.com\/romanwagner.optiker\" \/>\n<meta property=\"article:modified_time\" content=\"2026-04-30T13:42:28+00:00\" \/>\n<meta name=\"twitter:card\" content=\"summary_large_image\" \/>\n<meta name=\"twitter:label1\" content=\"Dur\u00e9e de lecture estim\u00e9e\" \/>\n\t<meta name=\"twitter:data1\" content=\"4 minutes\" \/>\n<script type=\"application\/ld+json\" class=\"yoast-schema-graph\">{\"@context\":\"https:\\\/\\\/schema.org\",\"@graph\":[{\"@type\":\"WebPage\",\"@id\":\"https:\\\/\\\/optik.roman-wagner.de\\\/fr\\\/lentilles-de-contact\\\/\",\"url\":\"https:\\\/\\\/optik.roman-wagner.de\\\/fr\\\/lentilles-de-contact\\\/\",\"name\":\"Lentilles de contact - Roman Wagner\",\"isPartOf\":{\"@id\":\"https:\\\/\\\/optik.roman-wagner.de\\\/fr\\\/#website\"},\"datePublished\":\"2020-02-06T13:54:03+00:00\",\"dateModified\":\"2026-04-30T13:42:28+00:00\",\"breadcrumb\":{\"@id\":\"https:\\\/\\\/optik.roman-wagner.de\\\/fr\\\/lentilles-de-contact\\\/#breadcrumb\"},\"inLanguage\":\"fr-FR\",\"potentialAction\":[{\"@type\":\"ReadAction\",\"target\":[\"https:\\\/\\\/optik.roman-wagner.de\\\/fr\\\/lentilles-de-contact\\\/\"]}]},{\"@type\":\"BreadcrumbList\",\"@id\":\"https:\\\/\\\/optik.roman-wagner.de\\\/fr\\\/lentilles-de-contact\\\/#breadcrumb\",\"itemListElement\":[{\"@type\":\"ListItem\",\"position\":1,\"name\":\"Startseite\",\"item\":\"https:\\\/\\\/optik.roman-wagner.de\\\/fr\\\/centres-pour-une-bonne-vision\\\/\"},{\"@type\":\"ListItem\",\"position\":2,\"name\":\"Lentilles de contact\"}]},{\"@type\":\"WebSite\",\"@id\":\"https:\\\/\\\/optik.roman-wagner.de\\\/fr\\\/#website\",\"url\":\"https:\\\/\\\/optik.roman-wagner.de\\\/fr\\\/\",\"name\":\"Der Augenoptiker Roman Wagner\",\"description\":\"Zentren f\u00fcr gutes Sehen\",\"publisher\":{\"@id\":\"https:\\\/\\\/optik.roman-wagner.de\\\/fr\\\/#organization\"},\"potentialAction\":[{\"@type\":\"SearchAction\",\"target\":{\"@type\":\"EntryPoint\",\"urlTemplate\":\"https:\\\/\\\/optik.roman-wagner.de\\\/fr\\\/?s={search_term_string}\"},\"query-input\":{\"@type\":\"PropertyValueSpecification\",\"valueRequired\":true,\"valueName\":\"search_term_string\"}}],\"inLanguage\":\"fr-FR\"},{\"@type\":\"Organization\",\"@id\":\"https:\\\/\\\/optik.roman-wagner.de\\\/fr\\\/#organization\",\"name\":\"Der Augenoptiker Roman Wagner\",\"url\":\"https:\\\/\\\/optik.roman-wagner.de\\\/fr\\\/\",\"logo\":{\"@type\":\"ImageObject\",\"inLanguage\":\"fr-FR\",\"@id\":\"https:\\\/\\\/optik.roman-wagner.de\\\/fr\\\/#\\\/schema\\\/logo\\\/image\\\/\",\"url\":\"https:\\\/\\\/optik.roman-wagner.de\\\/wp-content\\\/uploads\\\/2019\\\/11\\\/Logo-RW-quadrat.jpg\",\"contentUrl\":\"https:\\\/\\\/optik.roman-wagner.de\\\/wp-content\\\/uploads\\\/2019\\\/11\\\/Logo-RW-quadrat.jpg\",\"width\":488,\"height\":479,\"caption\":\"Der Augenoptiker Roman Wagner\"},\"image\":{\"@id\":\"https:\\\/\\\/optik.roman-wagner.de\\\/fr\\\/#\\\/schema\\\/logo\\\/image\\\/\"},\"sameAs\":[\"https:\\\/\\\/www.facebook.com\\\/romanwagner.optiker\",\"https:\\\/\\\/www.instagram.com\\\/romanwagner.optiker\\\/\",\"https:\\\/\\\/www.youtube.com\\\/channel\\\/UCIHnCII9jl34mZG08gXgG6A\"]}]}<\/script>\n<!-- \/ Yoast SEO plugin. -->","yoast_head_json":{"title":"Lentilles de contact - Roman Wagner","robots":{"index":"index","follow":"follow","max-snippet":"max-snippet:-1","max-image-preview":"max-image-preview:large","max-video-preview":"max-video-preview:-1"},"canonical":"https:\/\/optik.roman-wagner.de\/fr\/lentilles-de-contact\/","og_locale":"fr_FR","og_type":"article","og_title":"Lentilles de contact - Roman Wagner","og_description":"l\u2019alternative aux lunettesQu\u2019il s\u2019agisse de lentilles souples ou rigides, de lentilles journali\u00e8res, annuelles ou de remplacement : nous proposons \u00e0 nos clients des lentilles de contact dans de nombreuses variantes. Nous vous conseillons volontiers sur les possibilit\u00e9s et vous pr\u00e9sentons plus en d\u00e9tail les diff\u00e9rents syst\u00e8mes. Vous vous int\u00e9ressez aux lentilles de contact ? Alors, venez nous rendre visite. Ensemble, nous d\u00e9terminerons vos besoins et souhaits individuels afin de d\u00e9cider quel type de lentilles de contact vous convient le mieux. Calcul des param\u00e8tres des lentilles de contact Dans le cadre de plusieurs tests et mesures, nous d\u00e9terminons d\u2019abord votre acuit\u00e9 visuelle individuelle. Ensuite, la mesure topographique de la corn\u00e9e, avec plus de 20\u202f000 points de mesure, fournit des donn\u00e9es pr\u00e9cises sur la courbure de votre corn\u00e9e, son diam\u00e8tre ainsi que sa variation vers la p\u00e9riph\u00e9rie. Cet ensemble de donn\u00e9es sert de base \u00e0 la d\u00e9termination pr\u00e9cise du rayon, du diam\u00e8tre et de l\u2019aplatissement de vos lentilles de contact. Lors d\u2019un examen ult\u00e9rieur, la partie ant\u00e9rieure visible de l\u2019\u0153il est observ\u00e9e au microscope afin d\u2019\u00e9valuer la qualit\u00e9 et [&hellip;]","og_url":"https:\/\/optik.roman-wagner.de\/fr\/lentilles-de-contact\/","og_site_name":"Roman Wagner","article_publisher":"https:\/\/www.facebook.com\/romanwagner.optiker","article_modified_time":"2026-04-30T13:42:28+00:00","twitter_card":"summary_large_image","twitter_misc":{"Dur\u00e9e de lecture estim\u00e9e":"4 minutes"},"schema":{"@context":"https:\/\/schema.org","@graph":[{"@type":"WebPage","@id":"https:\/\/optik.roman-wagner.de\/fr\/lentilles-de-contact\/","url":"https:\/\/optik.roman-wagner.de\/fr\/lentilles-de-contact\/","name":"Lentilles de contact - Roman Wagner","isPartOf":{"@id":"https:\/\/optik.roman-wagner.de\/fr\/#website"},"datePublished":"2020-02-06T13:54:03+00:00","dateModified":"2026-04-30T13:42:28+00:00","breadcrumb":{"@id":"https:\/\/optik.roman-wagner.de\/fr\/lentilles-de-contact\/#breadcrumb"},"inLanguage":"fr-FR","potentialAction":[{"@type":"ReadAction","target":["https:\/\/optik.roman-wagner.de\/fr\/lentilles-de-contact\/"]}]},{"@type":"BreadcrumbList","@id":"https:\/\/optik.roman-wagner.de\/fr\/lentilles-de-contact\/#breadcrumb","itemListElement":[{"@type":"ListItem","position":1,"name":"Startseite","item":"https:\/\/optik.roman-wagner.de\/fr\/centres-pour-une-bonne-vision\/"},{"@type":"ListItem","position":2,"name":"Lentilles de contact"}]},{"@type":"WebSite","@id":"https:\/\/optik.roman-wagner.de\/fr\/#website","url":"https:\/\/optik.roman-wagner.de\/fr\/","name":"Der Augenoptiker Roman Wagner","description":"Zentren f\u00fcr gutes Sehen","publisher":{"@id":"https:\/\/optik.roman-wagner.de\/fr\/#organization"},"potentialAction":[{"@type":"SearchAction","target":{"@type":"EntryPoint","urlTemplate":"https:\/\/optik.roman-wagner.de\/fr\/?s={search_term_string}"},"query-input":{"@type":"PropertyValueSpecification","valueRequired":true,"valueName":"search_term_string"}}],"inLanguage":"fr-FR"},{"@type":"Organization","@id":"https:\/\/optik.roman-wagner.de\/fr\/#organization","name":"Der Augenoptiker Roman Wagner","url":"https:\/\/optik.roman-wagner.de\/fr\/","logo":{"@type":"ImageObject","inLanguage":"fr-FR","@id":"https:\/\/optik.roman-wagner.de\/fr\/#\/schema\/logo\/image\/","url":"https:\/\/optik.roman-wagner.de\/wp-content\/uploads\/2019\/11\/Logo-RW-quadrat.jpg","contentUrl":"https:\/\/optik.roman-wagner.de\/wp-content\/uploads\/2019\/11\/Logo-RW-quadrat.jpg","width":488,"height":479,"caption":"Der Augenoptiker Roman Wagner"},"image":{"@id":"https:\/\/optik.roman-wagner.de\/fr\/#\/schema\/logo\/image\/"},"sameAs":["https:\/\/www.facebook.com\/romanwagner.optiker","https:\/\/www.instagram.com\/romanwagner.optiker\/","https:\/\/www.youtube.com\/channel\/UCIHnCII9jl34mZG08gXgG6A"]}]}},"_links":{"self":[{"href":"https:\/\/optik.roman-wagner.de\/fr\/wp-json\/wp\/v2\/pages\/8158","targetHints":{"allow":["GET"]}}],"collection":[{"href":"https:\/\/optik.roman-wagner.de\/fr\/wp-json\/wp\/v2\/pages"}],"about":[{"href":"https:\/\/optik.roman-wagner.de\/fr\/wp-json\/wp\/v2\/types\/page"}],"author":[{"embeddable":true,"href":"https:\/\/optik.roman-wagner.de\/fr\/wp-json\/wp\/v2\/users\/1"}],"replies":[{"embeddable":true,"href":"https:\/\/optik.roman-wagner.de\/fr\/wp-json\/wp\/v2\/comments?post=8158"}],"version-history":[{"count":4,"href":"https:\/\/optik.roman-wagner.de\/fr\/wp-json\/wp\/v2\/pages\/8158\/revisions"}],"predecessor-version":[{"id":8163,"href":"https:\/\/optik.roman-wagner.de\/fr\/wp-json\/wp\/v2\/pages\/8158\/revisions\/8163"}],"wp:attachment":[{"href":"https:\/\/optik.roman-wagner.de\/fr\/wp-json\/wp\/v2\/media?parent=8158"}],"curies":[{"name":"wp","href":"https:\/\/api.w.org\/{rel}","templated":true}]}}