{"id":8153,"date":"2021-06-07T14:48:28","date_gmt":"2021-06-07T12:48:28","guid":{"rendered":"https:\/\/optik.roman-wagner.de\/myopie-2\/"},"modified":"2026-04-30T15:42:11","modified_gmt":"2026-04-30T13:42:11","slug":"myopie-2","status":"publish","type":"page","link":"https:\/\/optik.roman-wagner.de\/fr\/myopie-2\/","title":{"rendered":"Myopie"},"content":{"rendered":"<p>[et_pb_section fb_built=\u00a0\u00bb1&Prime; _builder_version=\u00a0\u00bb4.25.1&Prime; custom_margin=\u00a0\u00bb130px||||false|false\u00a0\u00bb custom_margin_tablet=\u00a0\u00bb130px||||false|false\u00a0\u00bb custom_margin_phone=\u00a0\u00bb70px||||false|false\u00a0\u00bb custom_margin_last_edited=\u00a0\u00bbon|desktop\u00a0\u00bb custom_padding=\u00a0\u00bb0px||0px||false|false\u00a0\u00bb da_disable_devices=\u00a0\u00bboff|off|off\u00a0\u00bb global_colors_info=\u00a0\u00bb{}\u00a0\u00bb da_is_popup=\u00a0\u00bboff\u00a0\u00bb da_exit_intent=\u00a0\u00bboff\u00a0\u00bb da_has_close=\u00a0\u00bbon\u00a0\u00bb da_alt_close=\u00a0\u00bboff\u00a0\u00bb da_dark_close=\u00a0\u00bboff\u00a0\u00bb da_not_modal=\u00a0\u00bbon\u00a0\u00bb da_is_singular=\u00a0\u00bboff\u00a0\u00bb da_with_loader=\u00a0\u00bboff\u00a0\u00bb da_has_shadow=\u00a0\u00bbon\u00a0\u00bb][et_pb_row _builder_version=\u00a0\u00bb4.25.1&Prime; width=\u00a0\u00bb100%\u00a0\u00bb max_width=\u00a0\u00bb2560px\u00a0\u00bb custom_margin=\u00a0\u00bb0px||||false|false\u00a0\u00bb custom_padding=\u00a0\u00bb0px||4px||false|false\u00a0\u00bb global_colors_info=\u00a0\u00bb{}\u00a0\u00bb][et_pb_column type=\u00a0\u00bb4_4&Prime; _builder_version=\u00a0\u00bb4.16&Prime; global_colors_info=\u00a0\u00bb{}\u00a0\u00bb][et_pb_image src=\u00a0\u00bbhttps:\/\/optik.roman-wagner.de\/wp-content\/uploads\/2024\/05\/Miyosmart-Banner.jpg\u00a0\u00bb title_text=\u00a0\u00bbBanni\u00e8re Miyosmart\u00a0\u00bb align=\u00a0\u00bbcenter\u00a0\u00bb force_fullwidth=\u00a0\u00bbon\u00a0\u00bb _builder_version=\u00a0\u00bb4.25.1&Prime; _module_preset=\u00a0\u00bbdefault\u00a0\u00bb global_colors_info=\u00a0\u00bb{}\u00a0\u00bb][\/et_pb_image][\/et_pb_column][\/et_pb_row][et_pb_row _builder_version=\u00a0\u00bb4.25.1&Prime; custom_margin=\u00a0\u00bb35px||||false|false\u00a0\u00bb custom_padding=\u00a0\u00bb0px||7px||false|false\u00a0\u00bb global_colors_info=\u00a0\u00bb{}\u00a0\u00bb][et_pb_column type=\u00a0\u00bb4_4&Prime; _builder_version=\u00a0\u00bb4.16&Prime; global_colors_info=\u00a0\u00bb{}\u00a0\u00bb][dsm_text_notation notation_text=\u00a0\u00bbContr\u00f4le de la myopie\u00a0\u00bb notation_color=\u00a0\u00bb#0084D7&Prime; notation_width=\u00a0\u00bb4&Prime; _builder_version=\u00a0\u00bb4.25.1&Prime; _module_preset=\u00a0\u00bbdefault\u00a0\u00bb header_font=\u00a0\u00bb|700|||||||\u00a0\u00bb header_text_color=\u00a0\u00bb#000000&Prime; notation_font=\u00a0\u00bb|700|||||||\u00a0\u00bb notation_text_color=\u00a0\u00bb#000000&Prime; text_orientation=\u00a0\u00bbleft\u00a0\u00bb width=\u00a0\u00bb100%\u00a0\u00bb custom_margin=\u00a0\u00bb||3px||false|false\u00a0\u00bb custom_padding=\u00a0\u00bb||||false|false\u00a0\u00bb header_font_size_tablet=\u00a0\u00bb\u00a0\u00bb header_font_size_phone=\u00a0\u00bb\u00a0\u00bb header_font_size_last_edited=\u00a0\u00bbon|desktop\u00a0\u00bb header_line_height_tablet=\u00a0\u00bb\u00a0\u00bb header_line_height_phone=\u00a0\u00bb1.3em\u00a0\u00bb header_line_height_last_edited=\u00a0\u00bbon|phone\u00a0\u00bb locked=\u00a0\u00bboff\u00a0\u00bb global_colors_info=\u00a0\u00bb{}\u00a0\u00bb][\/dsm_text_notation][et_pb_text _builder_version=\u00a0\u00bb4.25.1&Prime; header_5_font=\u00a0\u00bb|||on|||||\u00a0\u00bb custom_margin=\u00a0\u00bb||0px||false|false\u00a0\u00bb custom_padding=\u00a0\u00bb||21px|||\u00a0\u00bb header_font_size_tablet=\u00a0\u00bb\u00a0\u00bb header_font_size_phone=\u00a0\u00bb23px\u00a0\u00bb header_font_size_last_edited=\u00a0\u00bbon|phone\u00a0\u00bb global_colors_info=\u00a0\u00bb{}\u00a0\u00bb]<\/p>\n<h2>Gestion de la myopie chez Roman Wagner \u00e0 Schweich<\/h2>\n<p>Contrer activement la myopie chez les enfants.<\/p>\n<p>[\/et_pb_text][et_pb_button button_url=\u00a0\u00bbhttps:\/\/optik.roman-wagner.de\/fr\/rendez-vous-en-ligne\/\u00a0\u00bb button_text=\u00a0\u00bbPrendre rendez-vous en ligne d\u00e8s maintenant\u00a0\u00bb _builder_version=\u00a0\u00bb4.25.1&Prime; _module_preset=\u00a0\u00bbdefault\u00a0\u00bb custom_margin=\u00a0\u00bb||||false|false\u00a0\u00bb global_module=\u00a0\u00bb4463&Prime; global_colors_info=\u00a0\u00bb{}\u00a0\u00bb][\/et_pb_button][\/et_pb_column][\/et_pb_row][et_pb_row column_structure=\u00a0\u00bb1_2,1_2&Prime; _builder_version=\u00a0\u00bb4.25.1&Prime; _module_preset=\u00a0\u00bbdefault\u00a0\u00bb global_colors_info=\u00a0\u00bb{}\u00a0\u00bb][et_pb_column type=\u00a0\u00bb1_2&Prime; _builder_version=\u00a0\u00bb4.25.1&Prime; _module_preset=\u00a0\u00bbdefault\u00a0\u00bb global_colors_info=\u00a0\u00bb{}\u00a0\u00bb][et_pb_text content_tablet=\u00a0\u00bb<\/p>\n<table>\n<tbody>\n<tr>\n<td><img src=%22https:\/\/optik.roman-wagner.de\/wp-content\/uploads\/2021\/06\/WeltGraphik1-150x150.jpg%22 alt=%22%22 class=%22wp-image-2394 aligncenter size-thumbnail%22 width=%22150%22 height=%22150%22><\/td>\n<td><strong>Selon les estimations, la moiti\u00e9 de la population mondiale sera myope dans trente ans %911%93.<\/strong><\/td>\n<\/tr>\n<tr>\n<td><img src=%22https:\/\/optik.roman-wagner.de\/wp-content\/uploads\/2021\/06\/BueroGraphik2-150x150.jpg%22 alt=%22%22 class=%22wp-image-2395 aligncenter size-thumbnail%22 width=%22150%22 height=%22150%22><\/td>\n<td><strong>Dans certaines r\u00e9gions d\u2019Asie, jusqu\u2019\u00e0 80 % de la jeune g\u00e9n\u00e9ration est d\u00e9j\u00e0 touch\u00e9e par ce d\u00e9faut visuel %912,3%93.<\/strong><\/td>\n<\/tr>\n<\/tbody>\n<\/table>\n<p>La myopie survient lorsque l\u2019\u0153il est devenu trop long par rapport au pouvoir de r\u00e9fraction du cristallin. L\u2019image d\u2019un objet ne se forme donc pas sur la r\u00e9tine, mais devant celle-ci %914%93. Cela peut \u00eatre corrig\u00e9 par des lentilles divergentes sous forme de verres de lunettes ou de lentilles de contact. Le probl\u00e8me r\u00e9side toutefois dans le fait que la myopie continue souvent de progresser, surtout chez les enfants et les adolescents, ce qui signifie que le globe oculaire continue de s\u2019allonger. Cela augmente \u00e9galement le risque de maladies oculaires graves telles que la cataracte (risque multipli\u00e9 par 3,1 <em>1<\/em> %915%93), le glaucome (risque multipli\u00e9 par 3,3 <em>2<\/em> %916%93), le d\u00e9collement de la r\u00e9tine (risque multipli\u00e9 par 9,9 <em>3<\/em> %917%93) ou une alt\u00e9ration du point de vision la plus nette (d\u00e9g\u00e9n\u00e9rescence maculaire ; risque multipli\u00e9 par 9,7 4 %918%93) %919,10%93. Il convient donc d\u2019intervenir t\u00f4t dans le processus afin d\u2019emp\u00eacher la myopie d\u2019atteindre des niveaux \u00e9lev\u00e9s.     <\/p>\n<p><span style=%22font-size: 16px;%22> <\/span><\/p>\n<p>Depuis des d\u00e9cennies, des recherches sont men\u00e9es dans le monde entier sur les m\u00e9thodes de contr\u00f4le de la myopie. Ainsi, passer plus de temps \u00e0 l\u2019ext\u00e9rieur exerce un effet protecteur contre l\u2019apparition de la myopie %9111,12%93. La question de savoir si la progression de la myopie peut \u00e9galement \u00eatre r\u00e9duite de cette mani\u00e8re fait actuellement l\u2019objet d\u2019\u00e9tudes %9113-15%93. Il est toutefois d\u00e9j\u00e0 recommand\u00e9 que les enfants d\u00e9j\u00e0 myopes passent plus de temps dehors et fassent des pauses lors de travaux prolong\u00e9s de pr\u00e8s, afin de regarder des objets \u00e9loign\u00e9s plut\u00f4t que de pr\u00e8s. Outre ces mesures simples \u00e0 mettre en \u0153uvre, il existe actuellement plusieurs possibilit\u00e9s de contr\u00f4le de la myopie dont l\u2019efficacit\u00e9 a \u00e9t\u00e9 examin\u00e9e dans le cadre d\u2019\u00e9tudes %9116%93.    <\/p>\n<\/p>\n<p>\u00a0\u00bb content_phone=\u00a0\u00bb<\/p>\n<p><strong>Selon les estimations, la moiti\u00e9 de la population mondiale sera myope dans trente ans %911%93.<\/strong><\/p>\n<p><strong><\/strong><strong>Dans certaines r\u00e9gions d\u2019Asie, jusqu\u2019\u00e0 80 % de la jeune g\u00e9n\u00e9ration est d\u00e9j\u00e0 touch\u00e9e par ce d\u00e9faut visuel %912,3%93.<\/strong><\/p>\n<p>La myopie survient lorsque l\u2019\u0153il est devenu trop long par rapport au pouvoir de r\u00e9fraction du cristallin. L\u2019image d\u2019un objet ne se forme donc pas sur la r\u00e9tine, mais devant celle-ci %914%93. Cela peut \u00eatre corrig\u00e9 par des lentilles divergentes sous forme de verres de lunettes ou de lentilles de contact. Le probl\u00e8me r\u00e9side toutefois dans le fait que la myopie continue souvent de progresser, surtout chez les enfants et les adolescents, ce qui signifie que le globe oculaire continue de s\u2019allonger. Cela augmente \u00e9galement le risque de maladies oculaires graves telles que la cataracte (risque multipli\u00e9 par 3,1 <em>1<\/em> %915%93), le glaucome (risque multipli\u00e9 par 3,3 <em>2<\/em> %916%93), le d\u00e9collement de la r\u00e9tine (risque multipli\u00e9 par 9,9 <em>3<\/em> %917%93) ou une alt\u00e9ration du point de vision la plus nette (d\u00e9g\u00e9n\u00e9rescence maculaire ; risque multipli\u00e9 par 9,7 4 %918%93) %919,10%93. Il convient donc d\u2019intervenir t\u00f4t dans le processus afin d\u2019emp\u00eacher la myopie d\u2019atteindre des niveaux \u00e9lev\u00e9s.     <\/p>\n<p><span style=%22font-size: 16px;%22> <\/span><\/p>\n<p>Depuis des d\u00e9cennies, des recherches sont men\u00e9es dans le monde entier sur les m\u00e9thodes de contr\u00f4le de la myopie. Ainsi, passer plus de temps \u00e0 l\u2019ext\u00e9rieur exerce un effet protecteur contre l\u2019apparition de la myopie %9111,12%93. La question de savoir si la progression de la myopie peut \u00e9galement \u00eatre r\u00e9duite de cette mani\u00e8re fait actuellement l\u2019objet d\u2019\u00e9tudes %9113-15%93. Il est toutefois d\u00e9j\u00e0 recommand\u00e9 que les enfants d\u00e9j\u00e0 myopes passent plus de temps dehors et fassent des pauses lors de travaux prolong\u00e9s de pr\u00e8s, afin de regarder des objets \u00e9loign\u00e9s plut\u00f4t que de pr\u00e8s. Outre ces mesures simples \u00e0 mettre en \u0153uvre, il existe actuellement plusieurs possibilit\u00e9s de contr\u00f4le de la myopie dont l\u2019efficacit\u00e9 a \u00e9t\u00e9 examin\u00e9e dans le cadre d\u2019\u00e9tudes %9116%93.    <\/p>\n<\/p>\n<p><strong>Collyres \u00e0 base de principe actif de la belladone<\/strong><\/p>\n<p><span style=%22font-size: 16px;%22>En ophtalmologie, une pr\u00e9paration contenant le principe actif de la belladone est utilis\u00e9e pour dilater la pupille, par exemple pour l\u2019examen du fond d\u2019\u0153il. De plus, ce principe actif paralyse le muscle ciliaire de l\u2019\u0153il, qui permet la vision nette \u00e0 diff\u00e9rentes distances, appel\u00e9e accommodation. Des \u00e9tudes men\u00e9es sur des enfants myopes ont montr\u00e9 que l\u2019administration r\u00e9guli\u00e8re de collyre \u00e0 faible dose (0,01 %), entra\u00eenant moins d\u2019effets secondaires, ralentit la progression de la myopie %9119%93. Avec cette faible dose, les valeurs de correction des enfants trait\u00e9s ont \u00e9volu\u00e9 de mani\u00e8re significativement moindre que celles du groupe t\u00e9moin non trait\u00e9. Cependant, la croissance en longueur de l\u2019\u0153il n\u2019a pas \u00e9t\u00e9 r\u00e9duite de mani\u00e8re notable %9120,21%93. Actuellement, le m\u00e9canisme d\u2019action du principe actif n\u2019est pas encore totalement compris %9122%93.     <\/span><\/p>\n<\/p>\n<p><strong>Lunettes bifocales et progressives<\/strong><\/p>\n<p><span style=%22font-size: 16px;%22>Ces verres sont habituellement utilis\u00e9s pour les personnes de plus de 45 ans environ afin de corriger la presbytie. Gr\u00e2ce \u00e0 l\u2019effet positif int\u00e9gr\u00e9 au verre (appel\u00e9 addition), les objets \u00e9loign\u00e9s comme proches peuvent \u00eatre vus nettement. En tant que m\u00e9thode de contr\u00f4le de la myopie, les verres bifocaux ont montr\u00e9 un effet inhibiteur sur la croissance de la longueur de l\u2019\u0153il, particuli\u00e8rement chez les enfants qui n\u2019accommodent pas assez lors de la lecture ou d\u2019autres travaux de pr\u00e8s, c\u2019est-\u00e0-dire qui n\u2019adaptent pas pr\u00e9cis\u00e9ment le pouvoir de r\u00e9fraction du cristallin \u00e0 la distance de vision %9123%93.  <\/span><\/p>\n<\/p>\n<p><strong>Lentilles de contact multifocales souples (correction simultan\u00e9e de pr\u00e8s et de loin)<\/strong><\/p>\n<p><span style=%22font-size: 16px;%22>D\u2019autres \u00e9tudes ont r\u00e9v\u00e9l\u00e9 que la croissance en longueur de l\u2019\u0153il est influenc\u00e9e par l\u2019endroit o\u00f9 l\u2019image d\u2019un objet se forme dans l\u2019\u0153il par rapport \u00e0 la r\u00e9tine, et que ce m\u00e9canisme est principalement contr\u00f4l\u00e9 par la r\u00e9tine p\u00e9riph\u00e9rique. La r\u00e9tine d\u00e9tecte le plan focal dans l\u2019\u0153il et adapte le taux de croissance de l\u2019\u0153il en cons\u00e9quence : si l\u2019image r\u00e9tinienne p\u00e9riph\u00e9rique se situe plus en avant dans l\u2019\u0153il, cela constitue un signal pour une croissance moindre de l\u2019\u0153il. <\/span><\/p>\n<p><span style=%22font-size: 16px;%22>Avec les lentilles de contact multifocales, la puissance optique change progressivement, de mani\u00e8re similaire \u00e0 un verre progressif, permettant ainsi une vision nette de loin comme de pr\u00e8s. Chez les enfants myopes, l\u2019effet de puissance positive suppl\u00e9mentaire est utilis\u00e9 pour d\u00e9placer l\u2019image vers l\u2019avant dans la r\u00e9tine p\u00e9riph\u00e9rique et ainsi exercer un effet inhibiteur sur la croissance ult\u00e9rieure de l\u2019\u0153il. Des examens men\u00e9s sur des enfants ont montr\u00e9 que la myopie progressait en moyenne environ 38 % plus lentement, tant en ce qui concerne les valeurs de r\u00e9fraction que la croissance en longueur de l\u2019\u0153il %9116%93. Entre-temps, des lentilles de contact souples sp\u00e9cialement d\u00e9velopp\u00e9es pour le contr\u00f4le de la myopie ont \u00e9t\u00e9 autoris\u00e9es sur le march\u00e9 de l\u2019optique allemand. Les enfants ayant port\u00e9 ces lentilles sp\u00e9ciales pendant trois ans ont pr\u00e9sent\u00e9 une croissance de la longueur de l\u2019\u0153il r\u00e9duite de 52 % par rapport au groupe t\u00e9moin %9124%93.    <\/span><\/p>\n<\/p>\n<p><strong>Orthok\u00e9ratologie (lentilles de contact rigides \u00e0 porter la nuit)<\/strong><\/p>\n<p><span style=%22font-size: 16px;%22>Des lentilles de contact rigides sp\u00e9ciales sont port\u00e9es pendant la nuit et modifient ainsi la forme de la corn\u00e9e. Jusqu\u2019\u00e0 un certain degr\u00e9 de myopie, aucune correction du d\u00e9faut visuel n\u2019est n\u00e9cessaire pendant la journ\u00e9e %9126\u201328%93. L\u2019impression visuelle cr\u00e9\u00e9e par la d\u00e9formation de la corn\u00e9e permet \u00e9galement de ralentir la progression de la myopie %9129,30%93 : la croissance en longueur de l\u2019\u0153il a pu \u00eatre r\u00e9duite de 43 % sur une p\u00e9riode de traitement de deux ans %9129%93 et de 33 % sur sept ans par rapport au groupe t\u00e9moin portant des verres de lunettes classiques ou des lentilles de contact souples %9130%93.  <\/span><\/p>\n<\/p>\n<p><strong>MiYOSMART\u00ae (verres de lunettes avec correction simultan\u00e9e de pr\u00e8s et de loin)<\/strong><\/p>\n<p><span style=%22font-size: 16px;%22>Le verre de lunettes MiYOSMART\u00ae est un moyen efficace et non invasif de corriger la myopie tout en freinant sa progression. Il pr\u00e9sente une r\u00e9partition sp\u00e9ciale de la puissance et repose sur le m\u00eame principe d\u2019action que les lentilles de contact multifocales. La zone centrale du verre corrige la myopie comme des lunettes habituelles : l\u2019image d\u2019un objet est form\u00e9e nettement sur la r\u00e9tine gr\u00e2ce \u00e0 la lentille divergente. Tout autour de la zone centrale, de nombreuses petites lentilles convergentes sont r\u00e9parties dans le verre. Celles-ci cr\u00e9ent un second plan focal devant la r\u00e9tine, ce qui a un effet inhibiteur sur la progression de la myopie : sur une p\u00e9riode d\u2019observation de deux ans, la progression de la myopie chez les enfants a pu \u00eatre ralentie de 62 % %9117%93.    <\/span><\/p>\n<\/p>\n<p>Au <strong>ZENTRUM F\u00dcR GUTES SEHEN<\/strong> \u00e0 Schweich, nous proposons les m\u00e9thodes d\u00e9crites ici en collaboration avec des ophtalmologistes. Puisqu\u2019une myopie doit dans tous les cas \u00eatre corrig\u00e9e, le moyen de correction optique devrait \u00e9galement \u00eatre utilis\u00e9 directement pour contrer la progression ult\u00e9rieure de la myopie. Les verres de lunettes MiYOSMART\u00ae constituent une forme de prise en charge efficace et facile \u00e0 mettre en \u0153uvre, qui ne pr\u00e9sente par ailleurs aucun risque pour la sant\u00e9 oculaire. Nous recommandons donc le verre de lunettes innovant MiYOSMART\u00ae comme premi\u00e8re m\u00e9thode.   <\/p>\n<\/p>\n<p>\u00a0\u00bb content_last_edited=\u00a0\u00bbon|tablet\u00a0\u00bb _builder_version=\u00a0\u00bb4.25.1&Prime; header_5_font=\u00a0\u00bb|||on|||||\u00a0\u00bb custom_margin=\u00a0\u00bb||||false|false\u00a0\u00bb global_colors_info=\u00a0\u00bb{}\u00a0\u00bb]<\/p>\n<table>\n<tbody>\n<tr>\n<td><img loading=\"lazy\" decoding=\"async\" src=\"https:\/\/optik.roman-wagner.de\/wp-content\/uploads\/2021\/06\/WeltGraphik1-150x150.jpg\" alt=\"\" class=\"wp-image-2394 aligncenter size-thumbnail\" width=\"150\" height=\"150\" srcset=\"https:\/\/optik.roman-wagner.de\/wp-content\/uploads\/2021\/06\/WeltGraphik1-150x150.jpg 150w, https:\/\/optik.roman-wagner.de\/wp-content\/uploads\/2021\/06\/WeltGraphik1-284x284.jpg 284w\" sizes=\"(max-width: 150px) 100vw, 150px\" \/><\/td>\n<td><strong>Selon les estimations, la moiti\u00e9 de la population mondiale sera myope dans trente ans [1].<\/strong><\/td>\n<\/tr>\n<tr>\n<td><img loading=\"lazy\" decoding=\"async\" src=\"https:\/\/optik.roman-wagner.de\/wp-content\/uploads\/2021\/06\/BueroGraphik2-150x150.jpg\" alt=\"\" class=\"wp-image-2395 aligncenter size-thumbnail\" width=\"150\" height=\"150\" srcset=\"https:\/\/optik.roman-wagner.de\/wp-content\/uploads\/2021\/06\/BueroGraphik2-150x150.jpg 150w, https:\/\/optik.roman-wagner.de\/wp-content\/uploads\/2021\/06\/BueroGraphik2-284x284.jpg 284w\" sizes=\"(max-width: 150px) 100vw, 150px\" \/><\/td>\n<td><strong>Dans certaines r\u00e9gions d\u2019Asie, jusqu\u2019\u00e0 80 % de la jeune g\u00e9n\u00e9ration est d\u00e9j\u00e0 touch\u00e9e par ce d\u00e9faut visuel [2,3].<\/strong><\/td>\n<\/tr>\n<\/tbody>\n<\/table>\n<p>&nbsp;<\/p>\n<p>La myopie survient lorsque l\u2019\u0153il est devenu trop long par rapport au pouvoir de r\u00e9fraction du cristallin. L\u2019image d\u2019un objet ne se forme donc pas sur la r\u00e9tine, mais devant celle-ci [4]. Cela peut \u00eatre corrig\u00e9 par des lentilles divergentes sous forme de verres de lunettes ou de lentilles de contact. Le probl\u00e8me r\u00e9side toutefois dans le fait que la myopie continue souvent de progresser, surtout chez les enfants et les adolescents, ce qui signifie que le globe oculaire continue de s\u2019allonger. Cela augmente \u00e9galement le risque de maladies oculaires graves telles que la cataracte (risque multipli\u00e9 par 3,1 <em>1<\/em> [5]), le glaucome (risque multipli\u00e9 par 3,3 <em>2<\/em> [6]), le d\u00e9collement de la r\u00e9tine (risque multipli\u00e9 par 9,9 <em>3<\/em> [7]) ou une alt\u00e9ration du point de vision la plus nette (d\u00e9g\u00e9n\u00e9rescence maculaire ; risque multipli\u00e9 par 9,7 4 [8]) [9,10]. Il convient donc d\u2019intervenir t\u00f4t dans le processus afin d\u2019emp\u00eacher la myopie d\u2019atteindre des niveaux \u00e9lev\u00e9s.     <\/p>\n<p>Depuis des d\u00e9cennies, des recherches sont men\u00e9es dans le monde entier sur les m\u00e9thodes de contr\u00f4le de la myopie. Ainsi, passer plus de temps \u00e0 l\u2019ext\u00e9rieur exerce un effet protecteur contre l\u2019apparition de la myopie [11,12]. La question de savoir si la progression de la myopie peut \u00e9galement \u00eatre r\u00e9duite de cette mani\u00e8re fait actuellement l\u2019objet d\u2019\u00e9tudes [13-15]. Il est toutefois d\u00e9j\u00e0 recommand\u00e9 que les enfants d\u00e9j\u00e0 myopes passent plus de temps dehors et fassent des pauses lors de travaux prolong\u00e9s de pr\u00e8s, afin de regarder des objets \u00e9loign\u00e9s plut\u00f4t que de pr\u00e8s. Outre ces mesures simples \u00e0 mettre en \u0153uvre, il existe actuellement plusieurs possibilit\u00e9s de contr\u00f4le de la myopie dont l\u2019efficacit\u00e9 a \u00e9t\u00e9 examin\u00e9e dans le cadre d\u2019\u00e9tudes [16].    <\/p>\n<p>[\/et_pb_text][et_pb_text disabled_on=\u00a0\u00bbon|off|off\u00a0\u00bb module_id=\u00a0\u00bbAugentropfen\u00a0\u00bb _builder_version=\u00a0\u00bb4.25.1&Prime; _module_preset=\u00a0\u00bbdefault\u00a0\u00bb global_colors_info=\u00a0\u00bb{}\u00a0\u00bb]<\/p>\n<p><strong>Collyres \u00e0 base de principe actif de la belladone<\/strong><\/p>\n<p><span style=\"font-size: 16px;\">En ophtalmologie, une pr\u00e9paration contenant le principe actif de la belladone est utilis\u00e9e pour dilater la pupille, par exemple pour l\u2019examen du fond d\u2019\u0153il. De plus, ce principe actif paralyse le muscle ciliaire de l\u2019\u0153il, qui permet la vision nette \u00e0 diff\u00e9rentes distances, appel\u00e9e accommodation. Des \u00e9tudes men\u00e9es sur des enfants myopes ont montr\u00e9 que l\u2019administration r\u00e9guli\u00e8re de collyre \u00e0 faible dose (0,01 %), entra\u00eenant moins d\u2019effets secondaires, ralentit la progression de la myopie [19]. Avec cette faible dose, les valeurs de correction des enfants trait\u00e9s ont \u00e9volu\u00e9 de mani\u00e8re significativement moindre que celles du groupe t\u00e9moin non trait\u00e9. Cependant, la croissance en longueur de l\u2019\u0153il n\u2019a pas \u00e9t\u00e9 r\u00e9duite de mani\u00e8re notable [20,21]. Actuellement, le m\u00e9canisme d\u2019action du principe actif n\u2019est pas encore totalement compris [22].     <\/span><\/p>\n<p>[\/et_pb_text][et_pb_text disabled_on=\u00a0\u00bbon|off|off\u00a0\u00bb _builder_version=\u00a0\u00bb4.25.1&Prime; _module_preset=\u00a0\u00bbdefault\u00a0\u00bb global_colors_info=\u00a0\u00bb{}\u00a0\u00bb]<\/p>\n<p><strong>Lunettes bifocales et progressives<\/strong><\/p>\n<p><span style=\"font-size: 16px;\">Ces verres sont habituellement utilis\u00e9s pour les personnes de plus de 45 ans environ afin de corriger la presbytie. Gr\u00e2ce \u00e0 l\u2019effet positif int\u00e9gr\u00e9 au verre (appel\u00e9 addition), les objets \u00e9loign\u00e9s comme proches peuvent \u00eatre vus nettement. En tant que m\u00e9thode de contr\u00f4le de la myopie, les verres bifocaux ont montr\u00e9 un effet inhibiteur sur la croissance de la longueur de l\u2019\u0153il, particuli\u00e8rement chez les enfants qui n\u2019accommodent pas assez lors de la lecture ou d\u2019autres travaux de pr\u00e8s, c\u2019est-\u00e0-dire qui n\u2019adaptent pas pr\u00e9cis\u00e9ment le pouvoir de r\u00e9fraction du cristallin \u00e0 la distance de vision [23].  <\/span><\/p>\n<p>[\/et_pb_text][\/et_pb_column][et_pb_column type=\u00a0\u00bb1_2&Prime; _builder_version=\u00a0\u00bb4.25.1&Prime; _module_preset=\u00a0\u00bbdefault\u00a0\u00bb global_colors_info=\u00a0\u00bb{}\u00a0\u00bb][et_pb_text disabled_on=\u00a0\u00bbon|off|off\u00a0\u00bb module_id=\u00a0\u00bbMultifokalkontaktlinsen\u00a0\u00bb _builder_version=\u00a0\u00bb4.25.1&Prime; _module_preset=\u00a0\u00bbdefault\u00a0\u00bb global_colors_info=\u00a0\u00bb{}\u00a0\u00bb]<\/p>\n<p><strong>Lentilles de contact multifocales souples (correction simultan\u00e9e de pr\u00e8s et de loin)<\/strong><\/p>\n<p><span style=\"font-size: 16px;\">D\u2019autres \u00e9tudes ont r\u00e9v\u00e9l\u00e9 que la croissance en longueur de l\u2019\u0153il est influenc\u00e9e par l\u2019endroit o\u00f9 l\u2019image d\u2019un objet se forme dans l\u2019\u0153il par rapport \u00e0 la r\u00e9tine, et que ce m\u00e9canisme est principalement contr\u00f4l\u00e9 par la r\u00e9tine p\u00e9riph\u00e9rique. La r\u00e9tine d\u00e9tecte le plan focal dans l\u2019\u0153il et adapte le taux de croissance de l\u2019\u0153il en cons\u00e9quence : si l\u2019image r\u00e9tinienne p\u00e9riph\u00e9rique se situe plus en avant dans l\u2019\u0153il, cela constitue un signal pour une croissance moindre de l\u2019\u0153il. <\/span><\/p>\n<p><span style=\"font-size: 16px;\">Avec les lentilles de contact multifocales, la puissance optique change progressivement, de mani\u00e8re similaire \u00e0 un verre progressif, permettant ainsi une vision nette de loin comme de pr\u00e8s. Chez les enfants myopes, l\u2019effet de puissance positive suppl\u00e9mentaire est utilis\u00e9 pour d\u00e9placer l\u2019image vers l\u2019avant dans la r\u00e9tine p\u00e9riph\u00e9rique et ainsi exercer un effet inhibiteur sur la croissance ult\u00e9rieure de l\u2019\u0153il. Des examens men\u00e9s sur des enfants ont montr\u00e9 que la myopie progressait en moyenne environ 38 % plus lentement, tant en ce qui concerne les valeurs de r\u00e9fraction que la croissance en longueur de l\u2019\u0153il [16]. Entre-temps, des lentilles de contact souples sp\u00e9cialement d\u00e9velopp\u00e9es pour le contr\u00f4le de la myopie ont \u00e9t\u00e9 autoris\u00e9es sur le march\u00e9 de l\u2019optique allemand. Les enfants ayant port\u00e9 ces lentilles sp\u00e9ciales pendant trois ans ont pr\u00e9sent\u00e9 une croissance de la longueur de l\u2019\u0153il r\u00e9duite de 52 % par rapport au groupe t\u00e9moin [24].    <\/span><\/p>\n<p><strong>Orthok\u00e9ratologie (lentilles de contact rigides \u00e0 porter la nuit)<\/strong><\/p>\n<p><span style=\"font-size: 16px;\">Des lentilles de contact rigides sp\u00e9ciales sont port\u00e9es pendant la nuit et modifient ainsi la forme de la corn\u00e9e. Jusqu\u2019\u00e0 un certain degr\u00e9 de myopie, aucune correction du d\u00e9faut visuel n\u2019est n\u00e9cessaire pendant la journ\u00e9e [26\u201328]. L\u2019impression visuelle cr\u00e9\u00e9e par la d\u00e9formation de la corn\u00e9e permet \u00e9galement de ralentir la progression de la myopie [29,30] : la croissance en longueur de l\u2019\u0153il a pu \u00eatre r\u00e9duite de 43 % sur une p\u00e9riode de traitement de deux ans [29] et de 33 % sur sept ans par rapport au groupe t\u00e9moin portant des verres de lunettes classiques ou des lentilles de contact souples [30].  <\/span><\/p>\n<p>[\/et_pb_text][et_pb_text disabled_on=\u00a0\u00bbon|off|off\u00a0\u00bb module_id=\u00a0\u00bbMiyosmart\u00a0\u00bb _builder_version=\u00a0\u00bb4.25.1&Prime; _module_preset=\u00a0\u00bbdefault\u00a0\u00bb global_colors_info=\u00a0\u00bb{}\u00a0\u00bb]<\/p>\n<p><strong>MiYOSMART\u00ae (verres de lunettes avec correction simultan\u00e9e de pr\u00e8s et de loin)<\/strong><\/p>\n<p><span style=\"font-size: 16px;\">Le verre de lunettes MiYOSMART\u00ae est un moyen efficace et non invasif de corriger la myopie tout en freinant sa progression. Il pr\u00e9sente une r\u00e9partition sp\u00e9ciale de la puissance et repose sur le m\u00eame principe d\u2019action que les lentilles de contact multifocales. La zone centrale du verre corrige la myopie comme des lunettes habituelles : l\u2019image d\u2019un objet est form\u00e9e nettement sur la r\u00e9tine gr\u00e2ce \u00e0 la lentille divergente. Tout autour de la zone centrale, de nombreuses petites lentilles convergentes sont r\u00e9parties dans le verre. Celles-ci cr\u00e9ent un second plan focal devant la r\u00e9tine, ce qui a un effet inhibiteur sur la progression de la myopie : sur une p\u00e9riode d\u2019observation de deux ans, la progression de la myopie chez les enfants a pu \u00eatre ralentie de 62 % [17].    <\/span><\/p>\n<p>Au <strong>ZENTRUM F\u00dcR GUTES SEHEN<\/strong> \u00e0 Schweich, nous proposons les m\u00e9thodes d\u00e9crites ici en collaboration avec des ophtalmologistes. Puisqu\u2019une myopie doit dans tous les cas \u00eatre corrig\u00e9e, le moyen de correction optique devrait \u00e9galement \u00eatre utilis\u00e9 directement pour contrer la progression ult\u00e9rieure de la myopie. Les verres de lunettes MiYOSMART\u00ae constituent une forme de prise en charge efficace et facile \u00e0 mettre en \u0153uvre, qui ne pr\u00e9sente par ailleurs aucun risque pour la sant\u00e9 oculaire. Nous recommandons donc le verre de lunettes innovant MiYOSMART\u00ae comme premi\u00e8re m\u00e9thode.   <\/p>\n<p>[\/et_pb_text][et_pb_post_slider include_categories=\u00a0\u00bb36&Prime; show_meta=\u00a0\u00bboff\u00a0\u00bb _builder_version=\u00a0\u00bb4.27.4&Prime; _module_preset=\u00a0\u00bbdefault\u00a0\u00bb header_font=\u00a0\u00bb|700|||||||\u00a0\u00bb hover_enabled=\u00a0\u00bb0&Prime; global_colors_info=\u00a0\u00bb{}\u00a0\u00bb body_font_size=\u00a0\u00bb19px\u00a0\u00bb sticky_enabled=\u00a0\u00bb0&Prime;][\/et_pb_post_slider][\/et_pb_column][\/et_pb_row][et_pb_row _builder_version=\u00a0\u00bb4.16&Prime; _module_preset=\u00a0\u00bbdefault\u00a0\u00bb global_colors_info=\u00a0\u00bb{}\u00a0\u00bb][et_pb_column type=\u00a0\u00bb4_4&Prime; _builder_version=\u00a0\u00bb4.16&Prime; _module_preset=\u00a0\u00bbdefault\u00a0\u00bb global_colors_info=\u00a0\u00bb{}\u00a0\u00bb][et_pb_cta title=\u00a0\u00bbPrendre rendez-vous pour une consultation d\u00e8s maintenant \u00a0\u00bb button_url=\u00a0\u00bbhttps:\/\/optik.roman-wagner.de\/fr\/rendez-vous-en-ligne\/\u00a0\u00bb button_text=\u00a0\u00bbPrendre rendez-vous en ligne\u00a0\u00bb _builder_version=\u00a0\u00bb4.27.4&Prime; _module_preset=\u00a0\u00bbdefault\u00a0\u00bb background_color=\u00a0\u00bb#04557D\u00a0\u00bb hover_enabled=\u00a0\u00bb0&Prime; global_module=\u00a0\u00bb3218&Prime; global_colors_info=\u00a0\u00bb{}\u00a0\u00bb sticky_enabled=\u00a0\u00bb0&Prime; body_line_height=\u00a0\u00bb1.8em\u00a0\u00bb]<\/p>\n<p>Vereinbaren Sie rechtzeitig Ihren individuellen Beratungstermin im ZENTRUM F\u00dcR GUTES SEHEN im Brunnenzentrum, Steinerbaum 2 in Schweich<\/p>\n<p><strong>Wir sind f\u00fcr Sie da<\/strong><br \/>Mo.-Fr. 8:45 &#8211; 18:00 Uhr<br \/>Sa. 9:00 &#8211; 14:00 Uhr<br \/><strong>Tel.: 06502 91410<\/strong><\/p>\n<p>[\/et_pb_cta][\/et_pb_column][\/et_pb_row][\/et_pb_section][et_pb_section fb_built=\u00a0\u00bb1&Prime; _builder_version=\u00a0\u00bb4.16&Prime; _module_preset=\u00a0\u00bbdefault\u00a0\u00bb custom_padding=\u00a0\u00bb0px||11px|||\u00a0\u00bb da_disable_devices=\u00a0\u00bboff|off|off\u00a0\u00bb global_colors_info=\u00a0\u00bb{}\u00a0\u00bb da_is_popup=\u00a0\u00bboff\u00a0\u00bb da_exit_intent=\u00a0\u00bboff\u00a0\u00bb da_has_close=\u00a0\u00bbon\u00a0\u00bb da_alt_close=\u00a0\u00bboff\u00a0\u00bb da_dark_close=\u00a0\u00bboff\u00a0\u00bb da_not_modal=\u00a0\u00bbon\u00a0\u00bb da_is_singular=\u00a0\u00bboff\u00a0\u00bb da_with_loader=\u00a0\u00bboff\u00a0\u00bb da_has_shadow=\u00a0\u00bbon\u00a0\u00bb][et_pb_row _builder_version=\u00a0\u00bb4.16&Prime; _module_preset=\u00a0\u00bbdefault\u00a0\u00bb global_colors_info=\u00a0\u00bb{}\u00a0\u00bb][et_pb_column type=\u00a0\u00bb4_4&Prime; _builder_version=\u00a0\u00bb4.16&Prime; _module_preset=\u00a0\u00bbdefault\u00a0\u00bb global_colors_info=\u00a0\u00bb{}\u00a0\u00bb][et_pb_text _builder_version=\u00a0\u00bb4.16&Prime; _module_preset=\u00a0\u00bbdefault\u00a0\u00bb text_font_size=\u00a0\u00bb12px\u00a0\u00bb global_colors_info=\u00a0\u00bb{}\u00a0\u00bb]<\/p>\n<p>Les indications relatives au risque accru s\u2019appliquent respectivement \u00e0 : <em>1<\/em> -3,5 \u00e0 -6 dpt [5] ; <em>2<\/em> &lt;-3 dpt [6] ; <em>3<\/em> &lt;-3 dpt [7] ; <em>4<\/em> -3 \u00e0 -5 dpt [8]<br \/> Litt\u00e9rature<br \/> [1] Holden BA et al. Global prevalence of myopia and high myopia and temporal trends from 2000 through 2050. Ophthalmology. 2016;123(5):1036\u201342.   <br \/>  [2] Lin LLK et al. Prevalence of myopia in Taiwanese schoolchildren: 1983 to 2000. Ann Acad Med Singap. 2004;33(1):27\u201333.   <br \/>  [3] Dolgin E. The myopia boom. Nature. 2015;519(7543):276\u20138.  <br \/>  [4] Flitcroft DI et al. IMI \u2013 Defining and classifying myopia: a proposed set of standards for clinical and epidemiologic studies. Invest Ophthalmol Vis Sci. 2019;60(3):M20\u201330.   <br \/>  [5] Lim R, Mitchell P, Cumming RG. Refractive associations with cataract: the Blue Mountains Eye Study. Invest Ophthalmol Vis Sci. 1999;40(12):3021\u20136.   <br \/>  [6] Mitchell P et al. The relationship between glaucoma and myopia: the Blue Mountains Eye Study. Ophthalmology. 1999;106(10):2010\u20135.   <br \/>  [7] Eye Disease Case-Control Study Group. Risk factors for idiopathic rhegmatogenous retinal detachment. Am J Epidemiol. 1993;137(7):749\u201357.   <br \/>  [8] Vongphanit J, Mitchell P, Wang JJ. Prevalence and progression of myopic retinopathy in an older population. Ophthalmology. 2002;109(4):704\u201311.<br \/> [9] Flitcroft DI. The complex interactions of retinal, optical and environmental factors in myopia aetiology. Prog Retin Eye Res. 2012;31(6):622\u201360.    <br \/>  [10] Saw S-M et al. Myopia and associated pathological complications. Ophthalmic Physiol Opt. 2005;25(5):381\u201391.<br \/>[11] Rose KA et al. Outdoor activity reduces the prevalence of myopia in children. Ophthalmology. 2008;115(8):1279\u201385.        <br \/>  [12] Rose KA et al. Myopia, lifestyle, and schooling in students of Chinese ethnicity in Singapore and Sydney. Arch Ophthalmol. 2008;126(4):527\u201330.<br \/>[13] Wu P-C et al. Myopia prevention and outdoor light intensity in a school-based cluster randomized trial. Ophthalmology. 2018;125(8):1239\u201350.<br \/>[14] Wu P-C. The role of time outdoors in myopia onset and progression in schoolchildren from ROCT study. Invest Ophthalmol Vis Sci. 2019;60(9):3297\u20133297.           <br \/>[15] Xiong S et al. Time spent in outdoor activities in relation to myopia prevention and control: a meta-analysis and systematic review. Acta Ophthalmol. 2017;95(6):551\u201366.     <br \/>  [16] Wildsoet CF et al. IMI &#8211; Interventions for controlling myopia onset and progression report. Invest Ophthalmol Vis Sci. 2019;60(3):M106\u201331.<br \/>[17] Lam CSY et al. Defocus Incorporated Multiple Segments (DIMS) spectacle lenses slow myopia progression: a 2-year randomised clinical trial. Br J Ophthalmol. 2020;104(3):363\u20138.      <br \/>  [19] Chia A, Lu Q-S, Tan D. Five-year clinical trial on atropine for the treatment of myopia 2: myopia control with atropine 0.01% eyedrops. Ophthalmology. 2016;123(2):391\u20139.  <br \/>  [20] Chia A et al. Atropine for the treatment of childhood myopia: safety and efficacy of 0.5%, 0.1%, and 0.01% doses (Atropine for the Treatment of Myopia 2). Ophthalmology. 2012;119(2):347\u201354.   <br \/>  [21] Yam JC et al. Low-concentration Atropine for Myopia Progression (LAMP) study: a randomized, double-blinded, placebo-controlled trial of 0.05%, 0.025%, and 0.01% atropine eye drops in myopia control. Ophthalmology. 2019;126(1):113\u201324.   <br \/>  [22] Tran HDM et al. A review of myopia control with atropine. J Ocul Pharmacol Ther. 2018;34(5):374\u20139.   <br \/>  [23] Cheng D et al. Effect of bifocal and prismatic bifocal spectacles on myopia progression in children: three-year results of a randomized clinical trial. JAMA Ophthalmol. 2014;132(3):258\u201364.   <br \/>  [24] Chamberlain P et al. A 3-year randomized clinical trial of MiSight lenses for myopia control. Optom Vis Sci. 2019;96(8):556\u201367.   <br \/>  [26] Swarbrick HA, Wong G, O\u2019Leary DJ. Corneal response to orthokeratology. Optom Vis Sci. 1998;75(11):791\u20139.   <br \/>  [27] Charman WN et al. Peripheral refraction in orthokeratology patients. Optom Vis Sci. 2006;83(9):641\u20138.   <br \/>  [28] Kang P, Swarbrick H. Peripheral refraction in myopic children wearing orthokeratology and gas-permeable lenses. Optom Vis Sci. 2011;88(4):476\u201382.  <br \/>  [29] Cho P, Cheung S-W. Retardation of Myopia in Orthokeratology (ROMIO) study: a 2-year randomized clinical trial. Invest Ophthalmol Vis Sci. 2012;53(11):7077\u201385.   <br \/>  [30] Santodomingo-Rubido J et al. Long-term efficacy of orthokeratology contact lens wear in controlling the progression of childhood myopia. Curr Eye Res. 2017;42(5):713\u201320.  <\/p>\n<p>[\/et_pb_text][et_pb_text _builder_version=\u00a0\u00bb4.18.0&Prime; _module_preset=\u00a0\u00bbdefault\u00a0\u00bb global_colors_info=\u00a0\u00bb{}\u00a0\u00bb]<\/p>\n<p>Photo : HOYA Lens Deutschland GmbH<\/p>\n<p>[\/et_pb_text][\/et_pb_column][\/et_pb_row][\/et_pb_section]<\/p>\n","protected":false},"excerpt":{"rendered":"<p><div class=\"et_pb_module dsm_text_notation dsm_text_notation_0  et_pb_text_align_left et_pb_bg_layout_light\">\n\t\t\t\t\n\t\t\t\t\n\t\t\t\t\n\t\t\t\t\n\t\t\t\t\n\t\t\t\t\n\t\t\t\t<div class=\"et_pb_module_inner\">\n\t\t\t\t\t<h1 class=\"dsm-text-notation-main et_pb_module_header\"><span data-notation=\"[{&quot;type&quot;:&quot;underline&quot;,&quot;color&quot;:&quot;#0084D7&quot;,&quot;stroke-width&quot;:&quot;4&quot;,&quot;iterations&quot;:&quot;2&quot;,&quot;brackets&quot;:&quot;left|right&quot;,&quot;viewport&quot;:&quot;80%&quot;,&quot;delay&quot;:&quot;0ms&quot;,&quot;divi-animate&quot;:&quot;none&quot;,&quot;divi-animate-duration&quot;:&quot;1000ms&quot;,&quot;divi-animate-delay&quot;:&quot;0ms&quot;}]\" class=\"dsm-text-notation-middle\">Contr\u00f4le de la myopie<\/span><\/h1>\n\t\t\t\t<\/div>\n\t\t\t<\/div>Gestion de la myopie chez Roman Wagner \u00e0 Schweich Contrer activement la myopie chez les enfants. Selon les estimations, la moiti\u00e9 de la population mondiale sera myope dans trente ans [1]. Dans certaines r\u00e9gions d\u2019Asie, jusqu\u2019\u00e0 80 % de la jeune g\u00e9n\u00e9ration est d\u00e9j\u00e0 touch\u00e9e par ce d\u00e9faut visuel [2,3]. &nbsp; La myopie survient lorsque l\u2019\u0153il est devenu trop long par rapport au pouvoir de r\u00e9fraction du cristallin. L\u2019image d\u2019un objet ne se forme donc pas sur la r\u00e9tine, mais devant celle-ci [4]. Cela peut \u00eatre corrig\u00e9 par des lentilles divergentes sous forme de verres de lunettes ou de lentilles de contact. Le probl\u00e8me r\u00e9side toutefois dans le fait que la myopie continue souvent de progresser, surtout chez les enfants et les adolescents, ce qui signifie que le globe oculaire continue de s\u2019allonger. Cela augmente \u00e9galement le risque de maladies oculaires graves telles que la cataracte (risque multipli\u00e9 par 3,1 1 [5]), le glaucome (risque multipli\u00e9 par 3,3 2 [6]), le d\u00e9collement de la r\u00e9tine (risque multipli\u00e9 par 9,9 3 [7]) ou une alt\u00e9ration du point [&hellip;]<\/p>\n","protected":false},"author":1,"featured_media":0,"parent":0,"menu_order":0,"comment_status":"closed","ping_status":"closed","template":"","meta":{"_et_pb_use_builder":"on","_et_pb_old_content":"","_et_gb_content_width":"","iawp_total_views":0,"footnotes":""},"class_list":["post-8153","page","type-page","status-publish","hentry"],"yoast_head":"<!-- This site is optimized with the Yoast SEO plugin v27.4 - https:\/\/yoast.com\/product\/yoast-seo-wordpress\/ -->\n<title>Myopie - Contr\u00f4le chez Roman Wagner \u00e0 Schweich<\/title>\n<meta name=\"description\" content=\"Au ZENTRUM F\u00dcR GUTES SEHEN \u00e0 Schweich, nous proposons diff\u00e9rentes m\u00e9thodes pour contrer la progression de la myopie.\" \/>\n<meta name=\"robots\" content=\"index, follow, max-snippet:-1, max-image-preview:large, max-video-preview:-1\" \/>\n<link rel=\"canonical\" href=\"https:\/\/optik.roman-wagner.de\/fr\/myopie-2\/\" \/>\n<meta property=\"og:locale\" content=\"fr_FR\" \/>\n<meta property=\"og:type\" content=\"article\" \/>\n<meta property=\"og:title\" content=\"Myopie - Contr\u00f4le chez Roman Wagner \u00e0 Schweich\" \/>\n<meta property=\"og:description\" content=\"Au ZENTRUM F\u00dcR GUTES SEHEN \u00e0 Schweich, nous proposons diff\u00e9rentes m\u00e9thodes pour contrer la progression de la myopie.\" \/>\n<meta property=\"og:url\" content=\"https:\/\/optik.roman-wagner.de\/fr\/myopie-2\/\" \/>\n<meta property=\"og:site_name\" content=\"Roman Wagner\" \/>\n<meta property=\"article:publisher\" content=\"https:\/\/www.facebook.com\/romanwagner.optiker\" \/>\n<meta property=\"article:modified_time\" content=\"2026-04-30T13:42:11+00:00\" \/>\n<meta property=\"og:image\" content=\"https:\/\/optik.roman-wagner.de\/wp-content\/uploads\/2021\/06\/WeltGraphik1-150x150.jpg\" \/>\n<meta name=\"twitter:card\" content=\"summary_large_image\" \/>\n<meta name=\"twitter:label1\" content=\"Dur\u00e9e de lecture estim\u00e9e\" \/>\n\t<meta name=\"twitter:data1\" content=\"21 minutes\" \/>\n<script type=\"application\/ld+json\" class=\"yoast-schema-graph\">{\"@context\":\"https:\\\/\\\/schema.org\",\"@graph\":[{\"@type\":\"WebPage\",\"@id\":\"https:\\\/\\\/optik.roman-wagner.de\\\/fr\\\/myopie-2\\\/\",\"url\":\"https:\\\/\\\/optik.roman-wagner.de\\\/fr\\\/myopie-2\\\/\",\"name\":\"Myopie - Contr\u00f4le chez Roman Wagner \u00e0 Schweich\",\"isPartOf\":{\"@id\":\"https:\\\/\\\/optik.roman-wagner.de\\\/fr\\\/#website\"},\"primaryImageOfPage\":{\"@id\":\"https:\\\/\\\/optik.roman-wagner.de\\\/fr\\\/myopie-2\\\/#primaryimage\"},\"image\":{\"@id\":\"https:\\\/\\\/optik.roman-wagner.de\\\/fr\\\/myopie-2\\\/#primaryimage\"},\"thumbnailUrl\":\"https:\\\/\\\/optik.roman-wagner.de\\\/wp-content\\\/uploads\\\/2021\\\/06\\\/WeltGraphik1-150x150.jpg\",\"datePublished\":\"2021-06-07T12:48:28+00:00\",\"dateModified\":\"2026-04-30T13:42:11+00:00\",\"description\":\"Au ZENTRUM F\u00dcR GUTES SEHEN \u00e0 Schweich, nous proposons diff\u00e9rentes m\u00e9thodes pour contrer la progression de la myopie.\",\"breadcrumb\":{\"@id\":\"https:\\\/\\\/optik.roman-wagner.de\\\/fr\\\/myopie-2\\\/#breadcrumb\"},\"inLanguage\":\"fr-FR\",\"potentialAction\":[{\"@type\":\"ReadAction\",\"target\":[\"https:\\\/\\\/optik.roman-wagner.de\\\/fr\\\/myopie-2\\\/\"]}]},{\"@type\":\"ImageObject\",\"inLanguage\":\"fr-FR\",\"@id\":\"https:\\\/\\\/optik.roman-wagner.de\\\/fr\\\/myopie-2\\\/#primaryimage\",\"url\":\"https:\\\/\\\/optik.roman-wagner.de\\\/wp-content\\\/uploads\\\/2021\\\/06\\\/WeltGraphik1-150x150.jpg\",\"contentUrl\":\"https:\\\/\\\/optik.roman-wagner.de\\\/wp-content\\\/uploads\\\/2021\\\/06\\\/WeltGraphik1-150x150.jpg\"},{\"@type\":\"BreadcrumbList\",\"@id\":\"https:\\\/\\\/optik.roman-wagner.de\\\/fr\\\/myopie-2\\\/#breadcrumb\",\"itemListElement\":[{\"@type\":\"ListItem\",\"position\":1,\"name\":\"Startseite\",\"item\":\"https:\\\/\\\/optik.roman-wagner.de\\\/fr\\\/centres-pour-une-bonne-vision\\\/\"},{\"@type\":\"ListItem\",\"position\":2,\"name\":\"Myopie\"}]},{\"@type\":\"WebSite\",\"@id\":\"https:\\\/\\\/optik.roman-wagner.de\\\/fr\\\/#website\",\"url\":\"https:\\\/\\\/optik.roman-wagner.de\\\/fr\\\/\",\"name\":\"Der Augenoptiker Roman Wagner\",\"description\":\"Zentren f\u00fcr gutes Sehen\",\"publisher\":{\"@id\":\"https:\\\/\\\/optik.roman-wagner.de\\\/fr\\\/#organization\"},\"potentialAction\":[{\"@type\":\"SearchAction\",\"target\":{\"@type\":\"EntryPoint\",\"urlTemplate\":\"https:\\\/\\\/optik.roman-wagner.de\\\/fr\\\/?s={search_term_string}\"},\"query-input\":{\"@type\":\"PropertyValueSpecification\",\"valueRequired\":true,\"valueName\":\"search_term_string\"}}],\"inLanguage\":\"fr-FR\"},{\"@type\":\"Organization\",\"@id\":\"https:\\\/\\\/optik.roman-wagner.de\\\/fr\\\/#organization\",\"name\":\"Der Augenoptiker Roman Wagner\",\"url\":\"https:\\\/\\\/optik.roman-wagner.de\\\/fr\\\/\",\"logo\":{\"@type\":\"ImageObject\",\"inLanguage\":\"fr-FR\",\"@id\":\"https:\\\/\\\/optik.roman-wagner.de\\\/fr\\\/#\\\/schema\\\/logo\\\/image\\\/\",\"url\":\"https:\\\/\\\/optik.roman-wagner.de\\\/wp-content\\\/uploads\\\/2019\\\/11\\\/Logo-RW-quadrat.jpg\",\"contentUrl\":\"https:\\\/\\\/optik.roman-wagner.de\\\/wp-content\\\/uploads\\\/2019\\\/11\\\/Logo-RW-quadrat.jpg\",\"width\":488,\"height\":479,\"caption\":\"Der Augenoptiker Roman Wagner\"},\"image\":{\"@id\":\"https:\\\/\\\/optik.roman-wagner.de\\\/fr\\\/#\\\/schema\\\/logo\\\/image\\\/\"},\"sameAs\":[\"https:\\\/\\\/www.facebook.com\\\/romanwagner.optiker\",\"https:\\\/\\\/www.instagram.com\\\/romanwagner.optiker\\\/\",\"https:\\\/\\\/www.youtube.com\\\/channel\\\/UCIHnCII9jl34mZG08gXgG6A\"]}]}<\/script>\n<!-- \/ Yoast SEO plugin. -->","yoast_head_json":{"title":"Myopie - Contr\u00f4le chez Roman Wagner \u00e0 Schweich","description":"Au ZENTRUM F\u00dcR GUTES SEHEN \u00e0 Schweich, nous proposons diff\u00e9rentes m\u00e9thodes pour contrer la progression de la myopie.","robots":{"index":"index","follow":"follow","max-snippet":"max-snippet:-1","max-image-preview":"max-image-preview:large","max-video-preview":"max-video-preview:-1"},"canonical":"https:\/\/optik.roman-wagner.de\/fr\/myopie-2\/","og_locale":"fr_FR","og_type":"article","og_title":"Myopie - Contr\u00f4le chez Roman Wagner \u00e0 Schweich","og_description":"Au ZENTRUM F\u00dcR GUTES SEHEN \u00e0 Schweich, nous proposons diff\u00e9rentes m\u00e9thodes pour contrer la progression de la myopie.","og_url":"https:\/\/optik.roman-wagner.de\/fr\/myopie-2\/","og_site_name":"Roman Wagner","article_publisher":"https:\/\/www.facebook.com\/romanwagner.optiker","article_modified_time":"2026-04-30T13:42:11+00:00","og_image":[{"url":"https:\/\/optik.roman-wagner.de\/wp-content\/uploads\/2021\/06\/WeltGraphik1-150x150.jpg","type":"","width":"","height":""}],"twitter_card":"summary_large_image","twitter_misc":{"Dur\u00e9e de lecture estim\u00e9e":"21 minutes"},"schema":{"@context":"https:\/\/schema.org","@graph":[{"@type":"WebPage","@id":"https:\/\/optik.roman-wagner.de\/fr\/myopie-2\/","url":"https:\/\/optik.roman-wagner.de\/fr\/myopie-2\/","name":"Myopie - Contr\u00f4le chez Roman Wagner \u00e0 Schweich","isPartOf":{"@id":"https:\/\/optik.roman-wagner.de\/fr\/#website"},"primaryImageOfPage":{"@id":"https:\/\/optik.roman-wagner.de\/fr\/myopie-2\/#primaryimage"},"image":{"@id":"https:\/\/optik.roman-wagner.de\/fr\/myopie-2\/#primaryimage"},"thumbnailUrl":"https:\/\/optik.roman-wagner.de\/wp-content\/uploads\/2021\/06\/WeltGraphik1-150x150.jpg","datePublished":"2021-06-07T12:48:28+00:00","dateModified":"2026-04-30T13:42:11+00:00","description":"Au ZENTRUM F\u00dcR GUTES SEHEN \u00e0 Schweich, nous proposons diff\u00e9rentes m\u00e9thodes pour contrer la progression de la myopie.","breadcrumb":{"@id":"https:\/\/optik.roman-wagner.de\/fr\/myopie-2\/#breadcrumb"},"inLanguage":"fr-FR","potentialAction":[{"@type":"ReadAction","target":["https:\/\/optik.roman-wagner.de\/fr\/myopie-2\/"]}]},{"@type":"ImageObject","inLanguage":"fr-FR","@id":"https:\/\/optik.roman-wagner.de\/fr\/myopie-2\/#primaryimage","url":"https:\/\/optik.roman-wagner.de\/wp-content\/uploads\/2021\/06\/WeltGraphik1-150x150.jpg","contentUrl":"https:\/\/optik.roman-wagner.de\/wp-content\/uploads\/2021\/06\/WeltGraphik1-150x150.jpg"},{"@type":"BreadcrumbList","@id":"https:\/\/optik.roman-wagner.de\/fr\/myopie-2\/#breadcrumb","itemListElement":[{"@type":"ListItem","position":1,"name":"Startseite","item":"https:\/\/optik.roman-wagner.de\/fr\/centres-pour-une-bonne-vision\/"},{"@type":"ListItem","position":2,"name":"Myopie"}]},{"@type":"WebSite","@id":"https:\/\/optik.roman-wagner.de\/fr\/#website","url":"https:\/\/optik.roman-wagner.de\/fr\/","name":"Der Augenoptiker Roman Wagner","description":"Zentren f\u00fcr gutes Sehen","publisher":{"@id":"https:\/\/optik.roman-wagner.de\/fr\/#organization"},"potentialAction":[{"@type":"SearchAction","target":{"@type":"EntryPoint","urlTemplate":"https:\/\/optik.roman-wagner.de\/fr\/?s={search_term_string}"},"query-input":{"@type":"PropertyValueSpecification","valueRequired":true,"valueName":"search_term_string"}}],"inLanguage":"fr-FR"},{"@type":"Organization","@id":"https:\/\/optik.roman-wagner.de\/fr\/#organization","name":"Der Augenoptiker Roman Wagner","url":"https:\/\/optik.roman-wagner.de\/fr\/","logo":{"@type":"ImageObject","inLanguage":"fr-FR","@id":"https:\/\/optik.roman-wagner.de\/fr\/#\/schema\/logo\/image\/","url":"https:\/\/optik.roman-wagner.de\/wp-content\/uploads\/2019\/11\/Logo-RW-quadrat.jpg","contentUrl":"https:\/\/optik.roman-wagner.de\/wp-content\/uploads\/2019\/11\/Logo-RW-quadrat.jpg","width":488,"height":479,"caption":"Der Augenoptiker Roman Wagner"},"image":{"@id":"https:\/\/optik.roman-wagner.de\/fr\/#\/schema\/logo\/image\/"},"sameAs":["https:\/\/www.facebook.com\/romanwagner.optiker","https:\/\/www.instagram.com\/romanwagner.optiker\/","https:\/\/www.youtube.com\/channel\/UCIHnCII9jl34mZG08gXgG6A"]}]}},"_links":{"self":[{"href":"https:\/\/optik.roman-wagner.de\/fr\/wp-json\/wp\/v2\/pages\/8153","targetHints":{"allow":["GET"]}}],"collection":[{"href":"https:\/\/optik.roman-wagner.de\/fr\/wp-json\/wp\/v2\/pages"}],"about":[{"href":"https:\/\/optik.roman-wagner.de\/fr\/wp-json\/wp\/v2\/types\/page"}],"author":[{"embeddable":true,"href":"https:\/\/optik.roman-wagner.de\/fr\/wp-json\/wp\/v2\/users\/1"}],"replies":[{"embeddable":true,"href":"https:\/\/optik.roman-wagner.de\/fr\/wp-json\/wp\/v2\/comments?post=8153"}],"version-history":[{"count":1,"href":"https:\/\/optik.roman-wagner.de\/fr\/wp-json\/wp\/v2\/pages\/8153\/revisions"}],"predecessor-version":[{"id":8156,"href":"https:\/\/optik.roman-wagner.de\/fr\/wp-json\/wp\/v2\/pages\/8153\/revisions\/8156"}],"wp:attachment":[{"href":"https:\/\/optik.roman-wagner.de\/fr\/wp-json\/wp\/v2\/media?parent=8153"}],"curies":[{"name":"wp","href":"https:\/\/api.w.org\/{rel}","templated":true}]}}