{"id":8003,"date":"2020-02-07T11:08:39","date_gmt":"2020-02-07T10:08:39","guid":{"rendered":"https:\/\/optik.roman-wagner.de\/adaptation-de-lentilles-de-contact\/"},"modified":"2026-04-30T15:40:43","modified_gmt":"2026-04-30T13:40:43","slug":"adaptation-de-lentilles-de-contact","status":"publish","type":"page","link":"https:\/\/optik.roman-wagner.de\/fr\/adaptation-de-lentilles-de-contact\/","title":{"rendered":"Adaptation de lentilles de contact"},"content":{"rendered":"<p>[et_pb_section fb_built=\u00a0\u00bb1&Prime; _builder_version=\u00a0\u00bb4.25.1&Prime; custom_margin=\u00a0\u00bb130px||||false|false\u00a0\u00bb custom_margin_tablet=\u00a0\u00bb130px||||false|false\u00a0\u00bb custom_margin_phone=\u00a0\u00bb70px||||false|false\u00a0\u00bb custom_margin_last_edited=\u00a0\u00bbon|desktop\u00a0\u00bb custom_padding=\u00a0\u00bb0px||0px||false|false\u00a0\u00bb hover_enabled=\u00a0\u00bb0&Prime; da_disable_devices=\u00a0\u00bboff|off|off\u00a0\u00bb global_colors_info=\u00a0\u00bb{}\u00a0\u00bb sticky_enabled=\u00a0\u00bb0&Prime; da_is_popup=\u00a0\u00bboff\u00a0\u00bb da_exit_intent=\u00a0\u00bboff\u00a0\u00bb da_has_close=\u00a0\u00bbon\u00a0\u00bb da_alt_close=\u00a0\u00bboff\u00a0\u00bb da_dark_close=\u00a0\u00bboff\u00a0\u00bb da_not_modal=\u00a0\u00bbon\u00a0\u00bb da_is_singular=\u00a0\u00bboff\u00a0\u00bb da_with_loader=\u00a0\u00bboff\u00a0\u00bb da_has_shadow=\u00a0\u00bbon\u00a0\u00bb][et_pb_row _builder_version=\u00a0\u00bb4.25.1&Prime; width=\u00a0\u00bb100%\u00a0\u00bb max_width=\u00a0\u00bb2560px\u00a0\u00bb custom_margin=\u00a0\u00bb0px||0px||false|false\u00a0\u00bb custom_padding=\u00a0\u00bb0px||0px||false|false\u00a0\u00bb global_colors_info=\u00a0\u00bb{}\u00a0\u00bb][et_pb_column type=\u00a0\u00bb4_4&Prime; _builder_version=\u00a0\u00bb4.16&Prime; global_colors_info=\u00a0\u00bb{}\u00a0\u00bb][et_pb_image src=\u00a0\u00bbhttps:\/\/optik.roman-wagner.de\/wp-content\/uploads\/2024\/05\/Kontaktlinsenanpassen-1600.jpg\u00a0\u00bb title_text=\u00a0\u00bbAdaptation-lentilles-de-contact-1600&Prime; force_fullwidth=\u00a0\u00bbon\u00a0\u00bb _builder_version=\u00a0\u00bb4.25.1&Prime; _module_preset=\u00a0\u00bbdefault\u00a0\u00bb global_colors_info=\u00a0\u00bb{}\u00a0\u00bb][\/et_pb_image][\/et_pb_column][\/et_pb_row][et_pb_row _builder_version=\u00a0\u00bb4.16&Prime; custom_padding=\u00a0\u00bb35px||17px|||\u00a0\u00bb global_colors_info=\u00a0\u00bb{}\u00a0\u00bb][et_pb_column type=\u00a0\u00bb4_4&Prime; _builder_version=\u00a0\u00bb4.16&Prime; global_colors_info=\u00a0\u00bb{}\u00a0\u00bb][dsm_text_notation notation_text=\u00a0\u00bbAdaptation des lentilles de contact\u00a0\u00bb notation_color=\u00a0\u00bb#0084D7&Prime; notation_width=\u00a0\u00bb4&Prime; _builder_version=\u00a0\u00bb4.25.1&Prime; _module_preset=\u00a0\u00bbdefault\u00a0\u00bb header_font=\u00a0\u00bb|700|||||||\u00a0\u00bb header_text_color=\u00a0\u00bb#000000&Prime; notation_font=\u00a0\u00bb|700|||||||\u00a0\u00bb notation_text_color=\u00a0\u00bb#000000&Prime; text_orientation=\u00a0\u00bbleft\u00a0\u00bb width=\u00a0\u00bb100%\u00a0\u00bb custom_margin=\u00a0\u00bb||3px||false|false\u00a0\u00bb custom_padding=\u00a0\u00bb||||false|false\u00a0\u00bb header_font_size_tablet=\u00a0\u00bb\u00a0\u00bb header_font_size_phone=\u00a0\u00bb\u00a0\u00bb header_font_size_last_edited=\u00a0\u00bbon|desktop\u00a0\u00bb header_line_height_tablet=\u00a0\u00bb\u00a0\u00bb header_line_height_phone=\u00a0\u00bb1.3em\u00a0\u00bb header_line_height_last_edited=\u00a0\u00bbon|phone\u00a0\u00bb locked=\u00a0\u00bboff\u00a0\u00bb global_colors_info=\u00a0\u00bb{}\u00a0\u00bb][\/dsm_text_notation][et_pb_text _builder_version=\u00a0\u00bb4.25.1&Prime; custom_margin=\u00a0\u00bb||||false|false\u00a0\u00bb global_colors_info=\u00a0\u00bb{}\u00a0\u00bb]<\/p>\n<h2 style=\"text-align: left;\">en 10 \u00e9tapes<\/h2>\n<p>[\/et_pb_text][\/et_pb_column][\/et_pb_row][\/et_pb_section][et_pb_section fb_built=\u00a0\u00bb1&Prime; _builder_version=\u00a0\u00bb4.16&Prime; custom_padding=\u00a0\u00bb3px||10px|||\u00a0\u00bb da_disable_devices=\u00a0\u00bboff|off|off\u00a0\u00bb global_colors_info=\u00a0\u00bb{}\u00a0\u00bb da_is_popup=\u00a0\u00bboff\u00a0\u00bb da_exit_intent=\u00a0\u00bboff\u00a0\u00bb da_has_close=\u00a0\u00bbon\u00a0\u00bb da_alt_close=\u00a0\u00bboff\u00a0\u00bb da_dark_close=\u00a0\u00bboff\u00a0\u00bb da_not_modal=\u00a0\u00bbon\u00a0\u00bb da_is_singular=\u00a0\u00bboff\u00a0\u00bb da_with_loader=\u00a0\u00bboff\u00a0\u00bb da_has_shadow=\u00a0\u00bbon\u00a0\u00bb][et_pb_row _builder_version=\u00a0\u00bb4.16&Prime; custom_margin=\u00a0\u00bb-1px|auto||auto||\u00a0\u00bb global_colors_info=\u00a0\u00bb{}\u00a0\u00bb][et_pb_column type=\u00a0\u00bb4_4&Prime; _builder_version=\u00a0\u00bb4.16&Prime; global_colors_info=\u00a0\u00bb{}\u00a0\u00bb][et_pb_accordion icon_color=\u00a0\u00bb#0084D7&Prime; _builder_version=\u00a0\u00bb4.25.1&Prime; toggle_level=\u00a0\u00bbh3&Prime; border_radii=\u00a0\u00bbon|10px|10px|10px|10px\u00a0\u00bb global_colors_info=\u00a0\u00bb{}\u00a0\u00bb][et_pb_accordion_item title=\u00a0\u00bb1. Anamn\u00e8se et analyse des besoins\u00a0\u00bb open=\u00a0\u00bbon\u00a0\u00bb _builder_version=\u00a0\u00bb4.16&Prime; global_colors_info=\u00a0\u00bb{}\u00a0\u00bb]<\/p>\n<p>Lors d&rsquo;un premier entretien-conseil, les diff\u00e9rents syst\u00e8mes de lentilles de contact vous seront pr\u00e9sent\u00e9s : rigides ou souples, avec un remplacement possible au rythme journalier, hebdomadaire, mensuel ou annuel. Ensemble, nous d\u00e9terminerons vos besoins et souhaits individuels afin de d\u00e9cider quel type de lentilles de contact vous convient le mieux. Les tests et mesures suivants permettront de v\u00e9rifier si les r\u00e9sultats confirment le choix de ce type de lentilles de contact.  <\/p>\n<p>[\/et_pb_accordion_item][et_pb_accordion_item title=\u00a0\u00bb2. D\u00e9termination de l&apos;acuit\u00e9 visuelle\u00a0\u00bb _builder_version=\u00a0\u00bb4.16&Prime; global_colors_info=\u00a0\u00bb{}\u00a0\u00bb open=\u00a0\u00bboff\u00a0\u00bb]<\/p>\n<p>Cette mesure permet d&rsquo;affiner la sp\u00e9cification de vos lentilles de contact, notamment la correction optique.<\/p>\n<p>[\/et_pb_accordion_item][et_pb_accordion_item title=\u00a0\u00bb3. Mesure topographique\u00a0\u00bb _builder_version=\u00a0\u00bb4.16&Prime; global_colors_info=\u00a0\u00bb{}\u00a0\u00bb open=\u00a0\u00bboff\u00a0\u00bb]<\/p>\n<p>La mesure topographique de la corn\u00e9e est r\u00e9alis\u00e9e \u00e0 l&rsquo;aide d&rsquo;un k\u00e9ratographe informatique dot\u00e9 de plus de 20 000 points de mesure. La topographie est une autre mesure tr\u00e8s importante qui nous fournit des donn\u00e9es pr\u00e9cises sur la courbure de votre corn\u00e9e, son diam\u00e8tre et ses variations vers la p\u00e9riph\u00e9rie. Cet ensemble de donn\u00e9es sert de base pour la d\u00e9termination exacte du rayon, du diam\u00e8tre et de l&rsquo;aplatissement de vos lentilles de contact.  <\/p>\n<p>[\/et_pb_accordion_item][et_pb_accordion_item title=\u00a0\u00bb4. Examen du segment ant\u00e9rieur de l&apos;\u0153il\u00a0\u00bb _builder_version=\u00a0\u00bb4.16&Prime; global_colors_info=\u00a0\u00bb{}\u00a0\u00bb open=\u00a0\u00bboff\u00a0\u00bb]<\/p>\n<p>La partie ant\u00e9rieure et visible de l&rsquo;\u0153il est examin\u00e9e au microscope afin d&rsquo;\u00e9tablir son \u00e9tat actuel. Cet examen permet notamment d&rsquo;\u00e9valuer la qualit\u00e9 et la quantit\u00e9 de votre film lacrymal et de rechercher d&rsquo;\u00e9ventuelles anomalies qui pourraient emp\u00eacher le port de lentilles de contact. En option, le film lacrymal peut \u00eatre analys\u00e9 plus en d\u00e9tail par ordinateur (k\u00e9ratographe).  <\/p>\n<p>[\/et_pb_accordion_item][et_pb_accordion_item title=\u00a0\u00bb5. Calcul des param\u00e8tres des lentilles de contact\u00a0\u00bb _builder_version=\u00a0\u00bb4.16&Prime; global_colors_info=\u00a0\u00bb{}\u00a0\u00bb open=\u00a0\u00bboff\u00a0\u00bb]<\/p>\n<p>Sur la base des donn\u00e9es mesur\u00e9es, les param\u00e8tres de votre premi\u00e8re lentille de contact sont calcul\u00e9s (g\u00e9om\u00e9trie et valeurs optiques).<\/p>\n<p>[\/et_pb_accordion_item][et_pb_accordion_item title=\u00a0\u00bb6. Insertion des lentilles de contact\u00a0\u00bb _builder_version=\u00a0\u00bb4.16&Prime; global_colors_info=\u00a0\u00bb{}\u00a0\u00bb open=\u00a0\u00bboff\u00a0\u00bb]<\/p>\n<p>Si vous n&rsquo;avez jamais utilis\u00e9 de lentilles de contact auparavant, nos sp\u00e9cialistes vous les ins\u00e9reront avec dext\u00e9rit\u00e9.<\/p>\n<p>[\/et_pb_accordion_item][et_pb_accordion_item title=\u00a0\u00bb7. V\u00e9rification des lentilles de contact\u00a0\u00bb _builder_version=\u00a0\u00bb4.16&Prime; global_colors_info=\u00a0\u00bb{}\u00a0\u00bb open=\u00a0\u00bboff\u00a0\u00bb]<\/p>\n<p>Apr\u00e8s une p\u00e9riode d&rsquo;adaptation individuelle (environ 45 minutes), la position et la mobilit\u00e9 de la lentille de contact sont v\u00e9rifi\u00e9es \u00e0 l&rsquo;aide d&rsquo;un microscope corn\u00e9en et, si n\u00e9cessaire, modifi\u00e9es.<\/p>\n<p>[\/et_pb_accordion_item][et_pb_accordion_item title=\u00a0\u00bb8. Sur-r\u00e9fraction\u00a0\u00bb _builder_version=\u00a0\u00bb4.16&Prime; global_colors_info=\u00a0\u00bb{}\u00a0\u00bb open=\u00a0\u00bboff\u00a0\u00bb]<\/p>\n<p>Ensuite, une d\u00e9termination de la correction visuelle\/un test d&rsquo;acuit\u00e9 visuelle est effectu\u00e9 avec les lentilles de contact ins\u00e9r\u00e9es. Cela permet, le cas \u00e9ch\u00e9ant, de d\u00e9tecter une l\u00e9g\u00e8re modification des valeurs optiques de vos lentilles de contact. <\/p>\n<p>[\/et_pb_accordion_item][et_pb_accordion_item title=\u00a0\u00bb9. Lentilles de contact d\u00e9finitives\u00a0\u00bb _builder_version=\u00a0\u00bb4.16&Prime; global_colors_info=\u00a0\u00bb{}\u00a0\u00bb open=\u00a0\u00bboff\u00a0\u00bb]<\/p>\n<p>Apr\u00e8s le contr\u00f4le de la position et la d\u00e9termination de l&rsquo;acuit\u00e9 visuelle, ainsi que d&rsquo;\u00e9ventuelles modifications, les donn\u00e9es d\u00e9finitives de votre lentille sont \u00e9tablies.<\/p>\n<p>[\/et_pb_accordion_item][et_pb_accordion_item title=\u00a0\u00bb10. Instruction du client\u00a0\u00bb _builder_version=\u00a0\u00bb4.16&Prime; global_colors_info=\u00a0\u00bb{}\u00a0\u00bb open=\u00a0\u00bboff\u00a0\u00bb]<\/p>\n<p>Si vous n&rsquo;\u00eates pas encore familiaris\u00e9 avec la manipulation des lentilles de contact, nous pratiquerons avec vous l&rsquo;insertion et le retrait des lentilles. Nous vous donnerons des conseils importants concernant le nettoyage et l&rsquo;entretien. Vous recevrez des informations sur les dur\u00e9es de port des lentilles pour les premi\u00e8res semaines. Enfin, nous fixerons un rendez-vous pour un contr\u00f4le de suivi apr\u00e8s environ 14 jours, au cours duquel la position et la puissance de la lentille de contact ainsi que la sant\u00e9 des yeux par rapport aux lentilles de contact seront v\u00e9rifi\u00e9es.   <\/p>\n<p>[\/et_pb_accordion_item][\/et_pb_accordion][\/et_pb_column][\/et_pb_row][et_pb_row _builder_version=\u00a0\u00bb4.16&Prime; custom_padding=\u00a0\u00bb||73px|||\u00a0\u00bb global_colors_info=\u00a0\u00bb{}\u00a0\u00bb][et_pb_column type=\u00a0\u00bb4_4&Prime; _builder_version=\u00a0\u00bb4.16&Prime; global_colors_info=\u00a0\u00bb{}\u00a0\u00bb][et_pb_cta title=\u00a0\u00bbVous avez besoin d&apos;une aide visuelle ?\u00a0\u00bb button_url=\u00a0\u00bbhttps:\/\/optik.roman-wagner.de\/fr\/sites\/\u00a0\u00bb button_text=\u00a0\u00bbVers les emplacements\u00a0\u00bb _builder_version=\u00a0\u00bb4.25.0&Prime; background_color=\u00a0\u00bbrgba(0,132,215,0.87)\u00a0\u00bb global_colors_info=\u00a0\u00bb{}\u00a0\u00bb]<\/p>\n<h2><span style=\"color: #ffffff;\"><\/span><\/h2>\n<p><span style=\"color: #ffffff;\">Prenez rendez-vous d\u00e8s maintenant dans un centre pour une bonne vision Roman Wagner pr\u00e8s de chez vous.<\/span><\/p>\n<p>[\/et_pb_cta][\/et_pb_column][\/et_pb_row][\/et_pb_section]<\/p>\n","protected":false},"excerpt":{"rendered":"<p><div class=\"et_pb_module dsm_text_notation dsm_text_notation_0  et_pb_text_align_left et_pb_bg_layout_light\">\n\t\t\t\t\n\t\t\t\t\n\t\t\t\t\n\t\t\t\t\n\t\t\t\t\n\t\t\t\t\n\t\t\t\t<div class=\"et_pb_module_inner\">\n\t\t\t\t\t<h1 class=\"dsm-text-notation-main et_pb_module_header\"><span data-notation=\"[{&quot;type&quot;:&quot;underline&quot;,&quot;color&quot;:&quot;#0084D7&quot;,&quot;stroke-width&quot;:&quot;4&quot;,&quot;iterations&quot;:&quot;2&quot;,&quot;brackets&quot;:&quot;left|right&quot;,&quot;viewport&quot;:&quot;80%&quot;,&quot;delay&quot;:&quot;0ms&quot;,&quot;divi-animate&quot;:&quot;none&quot;,&quot;divi-animate-duration&quot;:&quot;1000ms&quot;,&quot;divi-animate-delay&quot;:&quot;0ms&quot;}]\" class=\"dsm-text-notation-middle\">Adaptation des lentilles de contact<\/span><\/h1>\n\t\t\t\t<\/div>\n\t\t\t<\/div>en 10 \u00e9tapesLors d&rsquo;un premier entretien-conseil, les diff\u00e9rents syst\u00e8mes de lentilles de contact vous seront pr\u00e9sent\u00e9s : rigides ou souples, avec un remplacement possible au rythme journalier, hebdomadaire, mensuel ou annuel. Ensemble, nous d\u00e9terminerons vos besoins et souhaits individuels afin de d\u00e9cider quel type de lentilles de contact vous convient le mieux. Les tests et mesures suivants permettront de v\u00e9rifier si les r\u00e9sultats confirment le choix de ce type de lentilles de contact. Cette mesure permet d&rsquo;affiner la sp\u00e9cification de vos lentilles de contact, notamment la correction optique.La mesure topographique de la corn\u00e9e est r\u00e9alis\u00e9e \u00e0 l&rsquo;aide d&rsquo;un k\u00e9ratographe informatique dot\u00e9 de plus de 20 000 points de mesure. La topographie est une autre mesure tr\u00e8s importante qui nous fournit des donn\u00e9es pr\u00e9cises sur la courbure de votre corn\u00e9e, son diam\u00e8tre et ses variations vers la p\u00e9riph\u00e9rie. Cet ensemble de donn\u00e9es sert de base pour la d\u00e9termination exacte du rayon, du diam\u00e8tre et de l&rsquo;aplatissement de vos lentilles de contact. La partie ant\u00e9rieure et visible de l&rsquo;\u0153il est examin\u00e9e au microscope afin d&rsquo;\u00e9tablir son \u00e9tat [&hellip;]<\/p>\n","protected":false},"author":1,"featured_media":0,"parent":0,"menu_order":0,"comment_status":"closed","ping_status":"closed","template":"","meta":{"_et_pb_use_builder":"on","_et_pb_old_content":"","_et_gb_content_width":"","iawp_total_views":0,"footnotes":""},"class_list":["post-8003","page","type-page","status-publish","hentry"],"yoast_head":"<!-- This site is optimized with the Yoast SEO plugin v27.4 - https:\/\/yoast.com\/product\/yoast-seo-wordpress\/ -->\n<title>Adaptation de lentilles de contact - Roman Wagner<\/title>\n<meta name=\"robots\" content=\"index, follow, max-snippet:-1, max-image-preview:large, max-video-preview:-1\" \/>\n<link rel=\"canonical\" href=\"https:\/\/optik.roman-wagner.de\/fr\/adaptation-de-lentilles-de-contact\/\" \/>\n<meta property=\"og:locale\" content=\"fr_FR\" \/>\n<meta property=\"og:type\" content=\"article\" \/>\n<meta property=\"og:title\" content=\"Adaptation de lentilles de contact - Roman Wagner\" \/>\n<meta property=\"og:description\" content=\"en 10 \u00e9tapesLors d&#039;un premier entretien-conseil, les diff\u00e9rents syst\u00e8mes de lentilles de contact vous seront pr\u00e9sent\u00e9s : rigides ou souples, avec un remplacement possible au rythme journalier, hebdomadaire, mensuel ou annuel. Ensemble, nous d\u00e9terminerons vos besoins et souhaits individuels afin de d\u00e9cider quel type de lentilles de contact vous convient le mieux. Les tests et mesures suivants permettront de v\u00e9rifier si les r\u00e9sultats confirment le choix de ce type de lentilles de contact. Cette mesure permet d&#039;affiner la sp\u00e9cification de vos lentilles de contact, notamment la correction optique.La mesure topographique de la corn\u00e9e est r\u00e9alis\u00e9e \u00e0 l&#039;aide d&#039;un k\u00e9ratographe informatique dot\u00e9 de plus de 20 000 points de mesure. La topographie est une autre mesure tr\u00e8s importante qui nous fournit des donn\u00e9es pr\u00e9cises sur la courbure de votre corn\u00e9e, son diam\u00e8tre et ses variations vers la p\u00e9riph\u00e9rie. Cet ensemble de donn\u00e9es sert de base pour la d\u00e9termination exacte du rayon, du diam\u00e8tre et de l&#039;aplatissement de vos lentilles de contact. La partie ant\u00e9rieure et visible de l&#039;\u0153il est examin\u00e9e au microscope afin d&#039;\u00e9tablir son \u00e9tat [&hellip;]\" \/>\n<meta property=\"og:url\" content=\"https:\/\/optik.roman-wagner.de\/fr\/adaptation-de-lentilles-de-contact\/\" \/>\n<meta property=\"og:site_name\" content=\"Roman Wagner\" \/>\n<meta property=\"article:publisher\" content=\"https:\/\/www.facebook.com\/romanwagner.optiker\" \/>\n<meta property=\"article:modified_time\" content=\"2026-04-30T13:40:43+00:00\" \/>\n<meta name=\"twitter:card\" content=\"summary_large_image\" \/>\n<meta name=\"twitter:label1\" content=\"Dur\u00e9e de lecture estim\u00e9e\" \/>\n\t<meta name=\"twitter:data1\" content=\"6 minutes\" \/>\n<script type=\"application\/ld+json\" class=\"yoast-schema-graph\">{\"@context\":\"https:\\\/\\\/schema.org\",\"@graph\":[{\"@type\":\"WebPage\",\"@id\":\"https:\\\/\\\/optik.roman-wagner.de\\\/fr\\\/adaptation-de-lentilles-de-contact\\\/\",\"url\":\"https:\\\/\\\/optik.roman-wagner.de\\\/fr\\\/adaptation-de-lentilles-de-contact\\\/\",\"name\":\"Adaptation de lentilles de contact - Roman Wagner\",\"isPartOf\":{\"@id\":\"https:\\\/\\\/optik.roman-wagner.de\\\/fr\\\/#website\"},\"datePublished\":\"2020-02-07T10:08:39+00:00\",\"dateModified\":\"2026-04-30T13:40:43+00:00\",\"breadcrumb\":{\"@id\":\"https:\\\/\\\/optik.roman-wagner.de\\\/fr\\\/adaptation-de-lentilles-de-contact\\\/#breadcrumb\"},\"inLanguage\":\"fr-FR\",\"potentialAction\":[{\"@type\":\"ReadAction\",\"target\":[\"https:\\\/\\\/optik.roman-wagner.de\\\/fr\\\/adaptation-de-lentilles-de-contact\\\/\"]}]},{\"@type\":\"BreadcrumbList\",\"@id\":\"https:\\\/\\\/optik.roman-wagner.de\\\/fr\\\/adaptation-de-lentilles-de-contact\\\/#breadcrumb\",\"itemListElement\":[{\"@type\":\"ListItem\",\"position\":1,\"name\":\"Startseite\",\"item\":\"https:\\\/\\\/optik.roman-wagner.de\\\/fr\\\/centres-pour-une-bonne-vision\\\/\"},{\"@type\":\"ListItem\",\"position\":2,\"name\":\"Adaptation de lentilles de contact\"}]},{\"@type\":\"WebSite\",\"@id\":\"https:\\\/\\\/optik.roman-wagner.de\\\/fr\\\/#website\",\"url\":\"https:\\\/\\\/optik.roman-wagner.de\\\/fr\\\/\",\"name\":\"Der Augenoptiker Roman Wagner\",\"description\":\"Zentren f\u00fcr gutes Sehen\",\"publisher\":{\"@id\":\"https:\\\/\\\/optik.roman-wagner.de\\\/fr\\\/#organization\"},\"potentialAction\":[{\"@type\":\"SearchAction\",\"target\":{\"@type\":\"EntryPoint\",\"urlTemplate\":\"https:\\\/\\\/optik.roman-wagner.de\\\/fr\\\/?s={search_term_string}\"},\"query-input\":{\"@type\":\"PropertyValueSpecification\",\"valueRequired\":true,\"valueName\":\"search_term_string\"}}],\"inLanguage\":\"fr-FR\"},{\"@type\":\"Organization\",\"@id\":\"https:\\\/\\\/optik.roman-wagner.de\\\/fr\\\/#organization\",\"name\":\"Der Augenoptiker Roman Wagner\",\"url\":\"https:\\\/\\\/optik.roman-wagner.de\\\/fr\\\/\",\"logo\":{\"@type\":\"ImageObject\",\"inLanguage\":\"fr-FR\",\"@id\":\"https:\\\/\\\/optik.roman-wagner.de\\\/fr\\\/#\\\/schema\\\/logo\\\/image\\\/\",\"url\":\"https:\\\/\\\/optik.roman-wagner.de\\\/wp-content\\\/uploads\\\/2019\\\/11\\\/Logo-RW-quadrat.jpg\",\"contentUrl\":\"https:\\\/\\\/optik.roman-wagner.de\\\/wp-content\\\/uploads\\\/2019\\\/11\\\/Logo-RW-quadrat.jpg\",\"width\":488,\"height\":479,\"caption\":\"Der Augenoptiker Roman Wagner\"},\"image\":{\"@id\":\"https:\\\/\\\/optik.roman-wagner.de\\\/fr\\\/#\\\/schema\\\/logo\\\/image\\\/\"},\"sameAs\":[\"https:\\\/\\\/www.facebook.com\\\/romanwagner.optiker\",\"https:\\\/\\\/www.instagram.com\\\/romanwagner.optiker\\\/\",\"https:\\\/\\\/www.youtube.com\\\/channel\\\/UCIHnCII9jl34mZG08gXgG6A\"]}]}<\/script>\n<!-- \/ Yoast SEO plugin. -->","yoast_head_json":{"title":"Adaptation de lentilles de contact - Roman Wagner","robots":{"index":"index","follow":"follow","max-snippet":"max-snippet:-1","max-image-preview":"max-image-preview:large","max-video-preview":"max-video-preview:-1"},"canonical":"https:\/\/optik.roman-wagner.de\/fr\/adaptation-de-lentilles-de-contact\/","og_locale":"fr_FR","og_type":"article","og_title":"Adaptation de lentilles de contact - Roman Wagner","og_description":"en 10 \u00e9tapesLors d'un premier entretien-conseil, les diff\u00e9rents syst\u00e8mes de lentilles de contact vous seront pr\u00e9sent\u00e9s : rigides ou souples, avec un remplacement possible au rythme journalier, hebdomadaire, mensuel ou annuel. Ensemble, nous d\u00e9terminerons vos besoins et souhaits individuels afin de d\u00e9cider quel type de lentilles de contact vous convient le mieux. Les tests et mesures suivants permettront de v\u00e9rifier si les r\u00e9sultats confirment le choix de ce type de lentilles de contact. Cette mesure permet d'affiner la sp\u00e9cification de vos lentilles de contact, notamment la correction optique.La mesure topographique de la corn\u00e9e est r\u00e9alis\u00e9e \u00e0 l'aide d'un k\u00e9ratographe informatique dot\u00e9 de plus de 20 000 points de mesure. La topographie est une autre mesure tr\u00e8s importante qui nous fournit des donn\u00e9es pr\u00e9cises sur la courbure de votre corn\u00e9e, son diam\u00e8tre et ses variations vers la p\u00e9riph\u00e9rie. Cet ensemble de donn\u00e9es sert de base pour la d\u00e9termination exacte du rayon, du diam\u00e8tre et de l'aplatissement de vos lentilles de contact. La partie ant\u00e9rieure et visible de l'\u0153il est examin\u00e9e au microscope afin d'\u00e9tablir son \u00e9tat [&hellip;]","og_url":"https:\/\/optik.roman-wagner.de\/fr\/adaptation-de-lentilles-de-contact\/","og_site_name":"Roman Wagner","article_publisher":"https:\/\/www.facebook.com\/romanwagner.optiker","article_modified_time":"2026-04-30T13:40:43+00:00","twitter_card":"summary_large_image","twitter_misc":{"Dur\u00e9e de lecture estim\u00e9e":"6 minutes"},"schema":{"@context":"https:\/\/schema.org","@graph":[{"@type":"WebPage","@id":"https:\/\/optik.roman-wagner.de\/fr\/adaptation-de-lentilles-de-contact\/","url":"https:\/\/optik.roman-wagner.de\/fr\/adaptation-de-lentilles-de-contact\/","name":"Adaptation de lentilles de contact - Roman Wagner","isPartOf":{"@id":"https:\/\/optik.roman-wagner.de\/fr\/#website"},"datePublished":"2020-02-07T10:08:39+00:00","dateModified":"2026-04-30T13:40:43+00:00","breadcrumb":{"@id":"https:\/\/optik.roman-wagner.de\/fr\/adaptation-de-lentilles-de-contact\/#breadcrumb"},"inLanguage":"fr-FR","potentialAction":[{"@type":"ReadAction","target":["https:\/\/optik.roman-wagner.de\/fr\/adaptation-de-lentilles-de-contact\/"]}]},{"@type":"BreadcrumbList","@id":"https:\/\/optik.roman-wagner.de\/fr\/adaptation-de-lentilles-de-contact\/#breadcrumb","itemListElement":[{"@type":"ListItem","position":1,"name":"Startseite","item":"https:\/\/optik.roman-wagner.de\/fr\/centres-pour-une-bonne-vision\/"},{"@type":"ListItem","position":2,"name":"Adaptation de lentilles de contact"}]},{"@type":"WebSite","@id":"https:\/\/optik.roman-wagner.de\/fr\/#website","url":"https:\/\/optik.roman-wagner.de\/fr\/","name":"Der Augenoptiker Roman Wagner","description":"Zentren f\u00fcr gutes Sehen","publisher":{"@id":"https:\/\/optik.roman-wagner.de\/fr\/#organization"},"potentialAction":[{"@type":"SearchAction","target":{"@type":"EntryPoint","urlTemplate":"https:\/\/optik.roman-wagner.de\/fr\/?s={search_term_string}"},"query-input":{"@type":"PropertyValueSpecification","valueRequired":true,"valueName":"search_term_string"}}],"inLanguage":"fr-FR"},{"@type":"Organization","@id":"https:\/\/optik.roman-wagner.de\/fr\/#organization","name":"Der Augenoptiker Roman Wagner","url":"https:\/\/optik.roman-wagner.de\/fr\/","logo":{"@type":"ImageObject","inLanguage":"fr-FR","@id":"https:\/\/optik.roman-wagner.de\/fr\/#\/schema\/logo\/image\/","url":"https:\/\/optik.roman-wagner.de\/wp-content\/uploads\/2019\/11\/Logo-RW-quadrat.jpg","contentUrl":"https:\/\/optik.roman-wagner.de\/wp-content\/uploads\/2019\/11\/Logo-RW-quadrat.jpg","width":488,"height":479,"caption":"Der Augenoptiker Roman Wagner"},"image":{"@id":"https:\/\/optik.roman-wagner.de\/fr\/#\/schema\/logo\/image\/"},"sameAs":["https:\/\/www.facebook.com\/romanwagner.optiker","https:\/\/www.instagram.com\/romanwagner.optiker\/","https:\/\/www.youtube.com\/channel\/UCIHnCII9jl34mZG08gXgG6A"]}]}},"_links":{"self":[{"href":"https:\/\/optik.roman-wagner.de\/fr\/wp-json\/wp\/v2\/pages\/8003","targetHints":{"allow":["GET"]}}],"collection":[{"href":"https:\/\/optik.roman-wagner.de\/fr\/wp-json\/wp\/v2\/pages"}],"about":[{"href":"https:\/\/optik.roman-wagner.de\/fr\/wp-json\/wp\/v2\/types\/page"}],"author":[{"embeddable":true,"href":"https:\/\/optik.roman-wagner.de\/fr\/wp-json\/wp\/v2\/users\/1"}],"replies":[{"embeddable":true,"href":"https:\/\/optik.roman-wagner.de\/fr\/wp-json\/wp\/v2\/comments?post=8003"}],"version-history":[{"count":4,"href":"https:\/\/optik.roman-wagner.de\/fr\/wp-json\/wp\/v2\/pages\/8003\/revisions"}],"predecessor-version":[{"id":8008,"href":"https:\/\/optik.roman-wagner.de\/fr\/wp-json\/wp\/v2\/pages\/8003\/revisions\/8008"}],"wp:attachment":[{"href":"https:\/\/optik.roman-wagner.de\/fr\/wp-json\/wp\/v2\/media?parent=8003"}],"curies":[{"name":"wp","href":"https:\/\/api.w.org\/{rel}","templated":true}]}}