{"id":7882,"date":"2025-09-30T10:07:36","date_gmt":"2025-09-30T08:07:36","guid":{"rendered":"https:\/\/optik.roman-wagner.de\/lancez-votre-avenir-en-tant-quopticien\/"},"modified":"2026-04-30T15:37:59","modified_gmt":"2026-04-30T13:37:59","slug":"lancez-votre-avenir-en-tant-quopticien","status":"publish","type":"page","link":"https:\/\/optik.roman-wagner.de\/fr\/lancez-votre-avenir-en-tant-quopticien\/","title":{"rendered":"Lancez votre avenir en tant qu&rsquo;opticien"},"content":{"rendered":"<p>[et_pb_section fb_built=\u00a0\u00bb1&Prime; _builder_version=\u00a0\u00bb4.25.1&Prime; custom_margin=\u00a0\u00bb130px||||false|false\u00a0\u00bb custom_margin_tablet=\u00a0\u00bb130px||||false|false\u00a0\u00bb custom_margin_phone=\u00a0\u00bb70px||||false|false\u00a0\u00bb custom_margin_last_edited=\u00a0\u00bbon|desktop\u00a0\u00bb custom_padding=\u00a0\u00bb0px||0px||false|false\u00a0\u00bb da_disable_devices=\u00a0\u00bboff|off|off\u00a0\u00bb global_colors_info=\u00a0\u00bb{}\u00a0\u00bb da_is_popup=\u00a0\u00bboff\u00a0\u00bb da_exit_intent=\u00a0\u00bboff\u00a0\u00bb da_has_close=\u00a0\u00bbon\u00a0\u00bb da_alt_close=\u00a0\u00bboff\u00a0\u00bb da_dark_close=\u00a0\u00bboff\u00a0\u00bb da_not_modal=\u00a0\u00bbon\u00a0\u00bb da_is_singular=\u00a0\u00bboff\u00a0\u00bb da_with_loader=\u00a0\u00bboff\u00a0\u00bb da_has_shadow=\u00a0\u00bbon\u00a0\u00bb][et_pb_row _builder_version=\u00a0\u00bb4.25.1&Prime; width=\u00a0\u00bb100%\u00a0\u00bb max_width=\u00a0\u00bb2560px\u00a0\u00bb custom_margin=\u00a0\u00bb0px||||false|false\u00a0\u00bb custom_padding=\u00a0\u00bb0px||3px||false|false\u00a0\u00bb global_colors_info=\u00a0\u00bb{}\u00a0\u00bb][et_pb_column type=\u00a0\u00bb4_4&Prime; _builder_version=\u00a0\u00bb4.16&Prime; global_colors_info=\u00a0\u00bb{}\u00a0\u00bb][et_pb_image src=\u00a0\u00bbhttps:\/\/optik.roman-wagner.de\/wp-content\/uploads\/2025\/10\/Optiker-Karriere-starten_1400.jpg\u00a0\u00bb title_text=\u00a0\u00bbOptiker-Karriere-starten_1400&Prime; force_fullwidth=\u00a0\u00bbon\u00a0\u00bb _builder_version=\u00a0\u00bb4.27.4&Prime; _module_preset=\u00a0\u00bbdefault\u00a0\u00bb global_colors_info=\u00a0\u00bb{}\u00a0\u00bb][\/et_pb_image][\/et_pb_column][\/et_pb_row][et_pb_row custom_padding_last_edited=\u00a0\u00bbon|phone\u00a0\u00bb _builder_version=\u00a0\u00bb4.16&Prime; custom_margin=\u00a0\u00bb||||false|false\u00a0\u00bb custom_padding=\u00a0\u00bb|0px||0px|false|false\u00a0\u00bb custom_padding_tablet=\u00a0\u00bb|0px||0px|false|false\u00a0\u00bb custom_padding_phone=\u00a0\u00bb||||false|false\u00a0\u00bb global_colors_info=\u00a0\u00bb{}\u00a0\u00bb][et_pb_column type=\u00a0\u00bb4_4&Prime; _builder_version=\u00a0\u00bb4.16&Prime; global_colors_info=\u00a0\u00bb{}\u00a0\u00bb][dsm_text_notation notation_text=\u00a0\u00bbLancez votre avenir en tant qu&#039;opticien\/-ne\u00a0\u00bb notation_color=\u00a0\u00bb#0084D7&Prime; notation_width=\u00a0\u00bb4&Prime; _builder_version=\u00a0\u00bb4.27.4&Prime; _module_preset=\u00a0\u00bbdefault\u00a0\u00bb header_font=\u00a0\u00bb|700|||||||\u00a0\u00bb header_text_color=\u00a0\u00bb#000000&Prime; notation_font=\u00a0\u00bb|700|||||||\u00a0\u00bb notation_text_color=\u00a0\u00bb#000000&Prime; text_orientation=\u00a0\u00bbleft\u00a0\u00bb width=\u00a0\u00bb100%\u00a0\u00bb custom_margin=\u00a0\u00bb||3px||false|false\u00a0\u00bb custom_padding=\u00a0\u00bb||||false|false\u00a0\u00bb hover_enabled=\u00a0\u00bb0&Prime; header_font_size_tablet=\u00a0\u00bb\u00a0\u00bb header_font_size_phone=\u00a0\u00bb\u00a0\u00bb header_font_size_last_edited=\u00a0\u00bbon|desktop\u00a0\u00bb header_line_height_tablet=\u00a0\u00bb\u00a0\u00bb header_line_height_phone=\u00a0\u00bb1.3em\u00a0\u00bb header_line_height_last_edited=\u00a0\u00bbon|phone\u00a0\u00bb locked=\u00a0\u00bboff\u00a0\u00bb global_colors_info=\u00a0\u00bb{}\u00a0\u00bb sticky_enabled=\u00a0\u00bb0&Prime;][\/dsm_text_notation][et_pb_text _builder_version=\u00a0\u00bb4.27.4&Prime; custom_margin=\u00a0\u00bb|0px||0px|false|false\u00a0\u00bb custom_margin_tablet=\u00a0\u00bb|0px||0px|false|false\u00a0\u00bb custom_margin_phone=\u00a0\u00bb0px|0px||0px|false|false\u00a0\u00bb custom_margin_last_edited=\u00a0\u00bbon|tablet\u00a0\u00bb hover_enabled=\u00a0\u00bb0&Prime; global_colors_info=\u00a0\u00bb{}\u00a0\u00bb sticky_enabled=\u00a0\u00bb0&Prime;]<\/p>\n<h2>en tant que ma\u00eetre ou compagnon (h\/f\/d) <strong>chacun avec prime de changement !!*<\/strong><\/h2>\n<p>Nous recherchons pour notre \u00e9tablissement \u00e0 <strong>Tarforst<\/strong> \u00e0 temps plein et pour notre \u00e9tablissement \u00e0 <strong>Schweich<\/strong> \u00e0 temps plein et \u00e0 temps partiel et nous nous r\u00e9jouissons de collaborateurs\/-trices qualifi\u00e9(e)s et motiv\u00e9(e)s qui partagent avec nous la passion de l&rsquo;optique.<\/p>\n<p><span style=\"text-decoration: underline;\">Rejoignez l&rsquo;\u00e9quipe et lancez votre carri\u00e8re chez Roman Wagner !<\/span><\/p>\n<p>[\/et_pb_text][et_pb_text _builder_version=\u00a0\u00bb4.27.4&Prime; _module_preset=\u00a0\u00bbdefault\u00a0\u00bb global_colors_info=\u00a0\u00bb{}\u00a0\u00bb]<\/p>\n<h3><strong>Postulez en ligne d\u00e8s maintenant !<\/strong><\/h3>\n<p>[\/et_pb_text][\/et_pb_column][\/et_pb_row][et_pb_row column_structure=\u00a0\u00bb1_2,1_2&Prime; _builder_version=\u00a0\u00bb4.27.4&Prime; _module_preset=\u00a0\u00bbdefault\u00a0\u00bb global_colors_info=\u00a0\u00bb{}\u00a0\u00bb][et_pb_column type=\u00a0\u00bb1_2&Prime; _builder_version=\u00a0\u00bb4.27.4&Prime; _module_preset=\u00a0\u00bbdefault\u00a0\u00bb global_colors_info=\u00a0\u00bb{}\u00a0\u00bb][et_pb_code _builder_version=\u00a0\u00bb4.27.4&Prime; _module_preset=\u00a0\u00bbdefault\u00a0\u00bb global_colors_info=\u00a0\u00bb{}\u00a0\u00bb]<div class=\"forminator-ui forminator-custom-form forminator-custom-form-6388 forminator-design--material  forminator_ajax\" data-forminator-render=\"0\" data-form=\"forminator-module-6388\" data-uid=\"69f3b100a31de\"><br\/><\/div><form\n\t\t\t\tid=\"forminator-module-6388\"\n\t\t\t\tclass=\"forminator-ui forminator-custom-form forminator-custom-form-6388 forminator-design--material  forminator_ajax\"\n\t\t\t\tmethod=\"post\"\n\t\t\t\tdata-forminator-render=\"0\"\n\t\t\t\tdata-form-id=\"6388\"\n\t\t\t\tenctype=\"multipart\/form-data\" data-color-option=\"default\" data-design=\"material\" data-grid=\"open\" style=\"display: none;\"\n\t\t\t\tdata-uid=\"69f3b100a31de\"\n\t\t\t><div role=\"alert\" aria-live=\"polite\" class=\"forminator-response-message forminator-error\" aria-hidden=\"true\"><\/div><div class=\"forminator-row\"><div id=\"radio-1\" class=\"forminator-field-radio forminator-col forminator-col-12 \"><div role=\"radiogroup\" class=\"forminator-field\" aria-labelledby=\"forminator-radiogroup-radio-1-69f3b100a31de-label\"><label id=\"forminator-field-radio-1-label-1\" for=\"forminator-field-radio-1-1-69f3b100a31de\" class=\"forminator-radio\" title=\"Augenoptiker\/-in als Meister oder Geselle (m\/w\/d) in Vollzeit f\u00fcr Tarforst\"><input type=\"radio\" name=\"radio-1\" value=\"Augenoptiker--in(m-w-d)-ab-sofort-in-Voll--oder-Teilzeit-in-Schweich\" id=\"forminator-field-radio-1-1-69f3b100a31de\" aria-labelledby=\"forminator-field-radio-1-label-1\" data-calculation=\"0\"  \/><span class=\"forminator-radio-bullet\" aria-hidden=\"true\"><\/span><span class=\"forminator-radio-label\">Augenoptiker\/-in als Meister oder Geselle (m\/w\/d) in Vollzeit f\u00fcr Tarforst<\/span><\/label><label id=\"forminator-field-radio-1-label-2\" for=\"forminator-field-radio-1-2-69f3b100a31de\" class=\"forminator-radio\" title=\"Augenoptiker\/-in als Meister oder Geselle (m\/w\/d) in Voll-\/ Teilzeit f\u00fcr Schweich\"><input type=\"radio\" name=\"radio-1\" value=\"Augenoptiker--in-als-Meister-oder-Geselle-(m-w-d)-in-Voll---Teilzeit-f\u00fcr-Schweich\" id=\"forminator-field-radio-1-2-69f3b100a31de\" aria-labelledby=\"forminator-field-radio-1-label-2\" data-calculation=\"0\"  \/><span class=\"forminator-radio-bullet\" aria-hidden=\"true\"><\/span><span class=\"forminator-radio-label\">Augenoptiker\/-in als Meister oder Geselle (m\/w\/d) in Voll-\/ Teilzeit f\u00fcr Schweich<\/span><\/label><\/div><\/div><\/div><div class=\"forminator-row\"><div id=\"name-1\" class=\"forminator-field-name forminator-col forminator-col-12 \"><div class=\"forminator-field\"><label for=\"forminator-field-name-1_69f3b100a31de\" id=\"forminator-field-name-1_69f3b100a31de-label\" class=\"forminator-label\">Vorname Name <span class=\"forminator-required\">*<\/span><\/label><input type=\"text\" name=\"name-1\" value=\"\" placeholder=\"Maxi Mustermann\" id=\"forminator-field-name-1_69f3b100a31de\" class=\"forminator-input forminator-name--field\" aria-required=\"true\" autocomplete=\"name\" \/><\/div><\/div><\/div><div class=\"forminator-row\"><div id=\"email-1\" class=\"forminator-field-email forminator-col forminator-col-12 \"><div class=\"forminator-field\"><label for=\"forminator-field-email-1_69f3b100a31de\" id=\"forminator-field-email-1_69f3b100a31de-label\" class=\"forminator-label\">E-Mail-Adresse <span class=\"forminator-required\">*<\/span><\/label><input type=\"email\" name=\"email-1\" value=\"\" placeholder=\"z. B. john@doe.com\" id=\"forminator-field-email-1_69f3b100a31de\" class=\"forminator-input forminator-email--field\" data-required=\"true\" aria-required=\"true\" autocomplete=\"email\" \/><\/div><\/div><\/div><div class=\"forminator-row\"><div id=\"phone-1\" class=\"forminator-field-phone forminator-col forminator-col-12 \"><div class=\"forminator-field\"><label for=\"forminator-field-phone-1_69f3b100a31de\" id=\"forminator-field-phone-1_69f3b100a31de-label\" class=\"forminator-label\">Telefon<\/label><input type=\"text\" name=\"phone-1\" value=\"\" placeholder=\"\" id=\"forminator-field-phone-1_69f3b100a31de\" class=\"forminator-input forminator-field--phone\" data-required=\"\" aria-required=\"false\" autocomplete=\"off\" \/><\/div><\/div><\/div><div class=\"forminator-row\"><div id=\"textarea-1\" class=\"forminator-field-textarea forminator-col forminator-col-12 \"><div class=\"forminator-field\"><label for=\"forminator-field-textarea-1_69f3b100a31de\" id=\"forminator-field-textarea-1_69f3b100a31de-label\" class=\"forminator-label\">Nachricht<\/label><textarea name=\"textarea-1\" placeholder=\"Ihre zus\u00e4tzliche Nachricht hier tippen...\" id=\"forminator-field-textarea-1_69f3b100a31de\" class=\"forminator-textarea\" rows=\"6\" style=\"--forminator-textarea-min-height:140px;\" maxlength=\"180\" ><\/textarea><span id=\"forminator-field-textarea-1_69f3b100a31de-description\" class=\"forminator-description\"><span data-limit=\"180\" data-type=\"characters\" data-editor=\"\">0 \/ 180<\/span><\/span><\/div><\/div><\/div><div class=\"forminator-row\"><div id=\"upload-1\" class=\"forminator-field-upload forminator-col forminator-col-12 \"><div class=\"forminator-field\"><label for=\"forminator-field-upload-1_69f3b100a31de\" id=\"forminator-field-upload-1_69f3b100a31de-label\" class=\"forminator-label\">Dateien hier hochladen (optional)<\/label><div class=\"forminator-multi-upload \" data-element=\"upload-1_69f3b100a31de\" aria-describedby=\"forminator-field-upload-1_69f3b100a31de-description\"><input type=\"file\" name=\"upload-1[]\" id=\"forminator-field-upload-1_69f3b100a31de\" class=\"forminator-input-file forminator-field-upload-1_69f3b100a31de-6388\" multiple=\"multiple\" data-method=\"ajax\" accept=\".webp,.json,.jpg,.jpeg,.jpe,.png,.pdf,.mp4,.m4v\" data-limit=\"5\" data-limit-message=\"Vous pouvez t\u00e9l\u00e9verser un maximum de 5 fichiers.\" data-size=\"8000000\" data-size-message=\"Maximum file size allowed is 8 MB. \" data-filetype=\"webp|json|jpg|jpeg|jpe|png|pdf|mp4|m4v\" data-filetype-message=\"l\u2019extension de fichier n\u2019est pas autoris\u00e9e.\"><div class=\"forminator-multi-upload-message\" aria-hidden=\"true\"><span class=\"forminator-icon-upload\" aria-hidden=\"true\"><\/span><p>Glissez et d\u00e9posez (ou) <a class=\"forminator-upload-file--forminator-field-upload-1_69f3b100a31de\" href=\"#\" onclick=\"return false;\">Choisissez des fichiers<\/a><\/p><\/div><\/div><span id=\"forminator-field-upload-1_69f3b100a31de-description\" class=\"forminator-description\">Ihre Lebenslauf und Bewerbungsunterlagen<\/span><ul class=\"forminator-uploaded-files upload-container-upload-1_69f3b100a31de\"><\/ul><\/div><\/div><\/div><div class=\"forminator-row\"><div id=\"consent-1\" class=\"forminator-field-consent forminator-col forminator-col-12 \"><div class=\"forminator-field\"><label for=\"forminator-field-consent-1_69f3b100a31de\" id=\"forminator-field-consent-1_69f3b100a31de-label\" class=\"forminator-label\">Datenschutz <span class=\"forminator-required\">*<\/span><\/label><div class=\"forminator-checkbox__wrapper\"><label id=\"forminator-field-consent-1_69f3b100a31de__label\" class=\"forminator-checkbox forminator-consent\"><input type=\"checkbox\" name=\"consent-1\" id=\"forminator-field-consent-1_69f3b100a31de\" value=\"checked\" aria-labelledby=\"forminator-field-consent-1_69f3b100a31de-label\" aria-describedby=\"forminator-field-consent-1_69f3b100a31de__description\" data-required=\"true\" aria-required=\"true\" \/><span class=\"forminator-checkbox-box\" aria-hidden=\"true\"><\/span><\/label><div id=\"forminator-field-consent-1_69f3b100a31de__description\" class=\"forminator-checkbox__label forminator-consent__label\"><p>Ich habe die Datenschutzerkl\u00e4rung gelesen und bin damit einverstanden, dass der Augenoptiker Roman Wagner meine Bewerbungsunterlagen l\u00e4nger als 6 Monate verarbeitet, speichert und nutzt, um mich bei k\u00fcnftigen Stellenangeboten kontaktieren zu k\u00f6nnen, sofern meine Bewerbung zum jetzigen Zeitpunkt nicht erfolgreich sein sollte.<\/p><\/div><\/div><\/div><\/div><\/div><input type=\"hidden\" name=\"referer_url\" value=\"\" \/><div class=\"forminator-row forminator-row-last\"><div class=\"forminator-col\"><div class=\"forminator-field\"><button class=\"forminator-button forminator-button-submit\"><span>Bewerbung absenden<\/span><span aria-hidden=\"true\"><\/span><\/button><\/div><\/div><\/div><input type=\"hidden\" id=\"forminator_nonce\" name=\"forminator_nonce\" value=\"ff6abf0931\" \/><input type=\"hidden\" name=\"_wp_http_referer\" value=\"\/fr\/wp-json\/wp\/v2\/pages\/7882\" \/><input type=\"hidden\" name=\"form_id\" value=\"6388\"><input type=\"hidden\" name=\"page_id\" value=\"7882\"><input type=\"hidden\" name=\"form_type\" value=\"default\"><input type=\"hidden\" name=\"current_url\" value=\"https:\/\/optik.roman-wagner.de\/fr\/lancez-votre-avenir-en-tant-quopticien\/\"><input type=\"hidden\" name=\"render_id\" value=\"0\"><input type=\"hidden\" name=\"forminator-multifile-hidden\" class=\"forminator-multifile-hidden\"><input type=\"hidden\" name=\"action\" value=\"forminator_submit_form_custom-forms\"><\/form>[\/et_pb_code][\/et_pb_column][et_pb_column type=\u00a0\u00bb1_2&Prime; _builder_version=\u00a0\u00bb4.27.4&Prime; _module_preset=\u00a0\u00bbdefault\u00a0\u00bb background_color=\u00a0\u00bbrgba(0,132,215,0.18)\u00a0\u00bb border_radii=\u00a0\u00bbon|8px|8px|8px|8px\u00a0\u00bb global_colors_info=\u00a0\u00bb{}\u00a0\u00bb][et_pb_text _builder_version=\u00a0\u00bb4.27.4&Prime; _module_preset=\u00a0\u00bbdefault\u00a0\u00bb custom_padding=\u00a0\u00bb2%|2%|2%|2%|false|false\u00a0\u00bb hover_enabled=\u00a0\u00bb0&Prime; global_colors_info=\u00a0\u00bb{}\u00a0\u00bb sticky_enabled=\u00a0\u00bb0&Prime;]<\/p>\n<h3>Vos missions :<\/h3>\n<ul>\n<li>Conseil personnalis\u00e9 des clients concernant les lunettes, les lentilles de contact<\/li>\n<li>R\u00e9alisation d&rsquo;adaptations (par ex. d\u00e9termination de la puissance visuelle, pupillom\u00e9trie,<br \/>centrage des verres de lunettes) <\/li>\n<li>Remise, adaptation et livraison de lunettes<\/li>\n<li>Coop\u00e9ration avec les optom\u00e9tristes, les m\u00e9decins et l&rsquo;\u00e9quipe pour<br \/>l&rsquo;optimisation de la prise en charge<\/li>\n<li>Organisation des processus de travail, prises de rendez-vous et stocks de marchandises <\/li>\n<\/ul>\n<p>[\/et_pb_text][et_pb_text _builder_version=\u00a0\u00bb4.27.4&Prime; _module_preset=\u00a0\u00bbdefault\u00a0\u00bb custom_padding=\u00a0\u00bb2%|2%|2%|2%|false|false\u00a0\u00bb hover_enabled=\u00a0\u00bb0&Prime; global_colors_info=\u00a0\u00bb{}\u00a0\u00bb sticky_enabled=\u00a0\u00bb0&Prime;]<\/p>\n<h3>Nous offrons :<\/h3>\n<ul>\n<li>Contrat \u00e0 dur\u00e9e ind\u00e9termin\u00e9e \u00e0 temps plein (mod\u00e8les \u00e0 temps partiel possibles)<\/li>\n<li>R\u00e9mun\u00e9ration attractive + diverses prestations suppl\u00e9mentaires<\/li>\n<li>Formation compl\u00e8te, formations continues et perfectionnements r\u00e9guliers (par ex. certifications, formations sur les nouveaux appareils)<\/li>\n<li>Poste de travail moderne, technologie de mesure et logiciels les plus r\u00e9cents<\/li>\n<li>Environnement d&rsquo;\u00e9quipe coll\u00e9gial et solidaire avec des circuits de d\u00e9cision courts<\/li>\n<li>Possibilit\u00e9s de carri\u00e8re et de d\u00e9veloppement \u00e0 long terme<\/li>\n<li>Prime de changement unique* (*apr\u00e8s un an, 10 % du salaire annuel) <\/li>\n<\/ul>\n<p>[\/et_pb_text][et_pb_text _builder_version=\u00a0\u00bb4.27.4&Prime; _module_preset=\u00a0\u00bbdefault\u00a0\u00bb custom_padding=\u00a0\u00bb2%|2%|2%|2%|false|false\u00a0\u00bb hover_enabled=\u00a0\u00bb0&Prime; global_colors_info=\u00a0\u00bb{}\u00a0\u00bb sticky_enabled=\u00a0\u00bb0&Prime;]<\/p>\n<h3>Votre profil :<\/h3>\n<ul>\n<li>Formation achev\u00e9e en tant qu&rsquo;opticien\/-ne, id\u00e9alement avec ma\u00eetrise<br \/>ou qualification de compagnon\/-ne<\/li>\n<li>Plusieurs ann\u00e9es d&rsquo;exp\u00e9rience professionnelle dans l&rsquo;adaptation de lunettes constituent un atout<\/li>\n<li>Connaissances approfondies des montures, verres et traitements actuels<\/li>\n<li>Forte orientation client, empathie et pr\u00e9sentation assur\u00e9e<\/li>\n<li>Comp\u00e9tences en communication, esprit d&rsquo;\u00e9quipe et m\u00e9thodes de travail autonomes<\/li>\n<li>Bonnes connaissances de l&rsquo;allemand \u00e0 l&rsquo;oral et \u00e0 l&rsquo;\u00e9crit ; d&rsquo;autres connaissances linguistiques<br \/>constituent un atout<\/li>\n<\/ul>\n<p>[\/et_pb_text][et_pb_text _builder_version=\u00a0\u00bb4.27.4&Prime; _module_preset=\u00a0\u00bbdefault\u00a0\u00bb custom_padding=\u00a0\u00bb2%|2%|2%|2%|false|false\u00a0\u00bb global_colors_info=\u00a0\u00bb{}\u00a0\u00bb]<\/p>\n<h3>Pour toute question ou candidature par e-mail :<\/h3>\n<p>Roman Wagner Verwaltungsgesellschaft mbH<br \/>\u00c0 l&rsquo;attention de M. Roman Wagner<br \/>Steinerbaum 2<br \/>54338 Schweich<\/p>\n<p>E-mail \u00e0 : <a href=\"mailto:wagner@optik-wagner.de\">wagner@optik-wagner.de<\/a><\/p>\n<p>[\/et_pb_text][\/et_pb_column][\/et_pb_row][\/et_pb_section][et_pb_section fb_built=\u00a0\u00bb1&Prime; _builder_version=\u00a0\u00bb4.27.4&Prime; background_color=\u00a0\u00bb#eaeaea\u00a0\u00bb custom_padding=\u00a0\u00bb5px||6px|||\u00a0\u00bb da_disable_devices=\u00a0\u00bboff|off|off\u00a0\u00bb global_colors_info=\u00a0\u00bb{}\u00a0\u00bb da_is_popup=\u00a0\u00bboff\u00a0\u00bb da_exit_intent=\u00a0\u00bboff\u00a0\u00bb da_has_close=\u00a0\u00bbon\u00a0\u00bb da_alt_close=\u00a0\u00bboff\u00a0\u00bb da_dark_close=\u00a0\u00bboff\u00a0\u00bb da_not_modal=\u00a0\u00bbon\u00a0\u00bb da_is_singular=\u00a0\u00bboff\u00a0\u00bb da_with_loader=\u00a0\u00bboff\u00a0\u00bb da_has_shadow=\u00a0\u00bbon\u00a0\u00bb][et_pb_row _builder_version=\u00a0\u00bb4.27.4&Prime; background_color=\u00a0\u00bbrgba(255,255,255,0)\u00a0\u00bb global_colors_info=\u00a0\u00bb{}\u00a0\u00bb][et_pb_column type=\u00a0\u00bb4_4&Prime; _builder_version=\u00a0\u00bb4.16&Prime; global_colors_info=\u00a0\u00bb{}\u00a0\u00bb][et_pb_text _builder_version=\u00a0\u00bb4.27.4&Prime; _module_preset=\u00a0\u00bbdefault\u00a0\u00bb global_colors_info=\u00a0\u00bb{}\u00a0\u00bb]<\/p>\n<h2><strong>Questions fr\u00e9quentes (FAQ)<\/strong><\/h2>\n<p>[\/et_pb_text][et_pb_accordion icon_color=\u00a0\u00bb#0084D7&Prime; _builder_version=\u00a0\u00bb4.27.4&Prime; border_radii=\u00a0\u00bbon|7px|7px|7px|7px\u00a0\u00bb global_colors_info=\u00a0\u00bb{}\u00a0\u00bb][et_pb_accordion_item title=\u00a0\u00bb1. Ai-je besoin d&apos;un CV d\u00e9taill\u00e9 ?\u00a0\u00bb open=\u00a0\u00bbon\u00a0\u00bb _builder_version=\u00a0\u00bb4.27.4&Prime; global_colors_info=\u00a0\u00bb{}\u00a0\u00bb]Non. Un bref contact via le formulaire ou un appel t\u00e9l\u00e9phonique suffit amplement. Nous clarifierons tout le reste en personne.[\/et_pb_accordion_item][et_pb_accordion_item title=\u00a0\u00bb2. Quelles qualifications sont n\u00e9cessaires ?\u00a0\u00bb _builder_version=\u00a0\u00bb4.27.4&Prime; global_colors_info=\u00a0\u00bb{}\u00a0\u00bb open=\u00a0\u00bboff\u00a0\u00bb]Vous devez avoir une formation achev\u00e9e en tant qu&rsquo;opticien\/-ne ou une qualification comparable. L&rsquo;exp\u00e9rience professionnelle constitue un atout, mais n&rsquo;est pas obligatoire.[\/et_pb_accordion_item][et_pb_accordion_item title=\u00a0\u00bb3. Comment se d\u00e9roule le processus de candidature ?\u00a0\u00bb _builder_version=\u00a0\u00bb4.27.4&Prime; global_colors_info=\u00a0\u00bb{}\u00a0\u00bb open=\u00a0\u00bboff\u00a0\u00bb]Apr\u00e8s votre prise de contact, nous vous appelons ou convenons directement d&rsquo;un entretien personnel. En toute simplicit\u00e9.[\/et_pb_accordion_item][et_pb_accordion_item title=\u00a0\u00bb4. Puis-je postuler sans formation ?\u00a0\u00bb _builder_version=\u00a0\u00bb4.27.4&Prime; global_colors_info=\u00a0\u00bb{}\u00a0\u00bb open=\u00a0\u00bboff\u00a0\u00bb]Si vous \u00eates en reconversion et int\u00e9ress\u00e9(e) par une formation en optique, n&rsquo;h\u00e9sitez pas \u00e0 nous contacter \u2013 nous examinerons vos possibilit\u00e9s.[\/et_pb_accordion_item][et_pb_accordion_item title=\u00a0\u00bb5. Dois-je d\u00e9j\u00e0 avoir une exp\u00e9rience professionnelle ?\u00a0\u00bb _builder_version=\u00a0\u00bb4.27.4&Prime; global_colors_info=\u00a0\u00bb{}\u00a0\u00bb open=\u00a0\u00bboff\u00a0\u00bb]Non. Les d\u00e9butants sont \u00e9galement les bienvenus chez nous.[\/et_pb_accordion_item][et_pb_accordion_item title=\u00a0\u00bb6. Quelle est la taille de l&apos;\u00e9quipe ?\u00a0\u00bb _builder_version=\u00a0\u00bb4.27.4&Prime; global_colors_info=\u00a0\u00bb{}\u00a0\u00bb open=\u00a0\u00bboff\u00a0\u00bb]Nous sommes une \u00e9quipe soud\u00e9e compos\u00e9e d&rsquo;opticiens exp\u00e9riment\u00e9s, de vendeurs sp\u00e9cialis\u00e9s et d&rsquo;apprentis \u2013 familiale et non anonyme.[\/et_pb_accordion_item][et_pb_accordion_item title=\u00a0\u00bb7. Quels sont les horaires de travail ?\u00a0\u00bb _builder_version=\u00a0\u00bb4.27.4&Prime; global_colors_info=\u00a0\u00bb{}\u00a0\u00bb open=\u00a0\u00bboff\u00a0\u00bb]Nous veillons \u00e0 une organisation \u00e9quitable du temps de travail avec des jours de cong\u00e9 r\u00e9guliers et en tenant compte de vos souhaits.[\/et_pb_accordion_item][et_pb_accordion_item title=\u00a0\u00bb8. Existe-t-il des possibilit\u00e9s de formation continue ?\u00a0\u00bb _builder_version=\u00a0\u00bb4.27.4&Prime; global_colors_info=\u00a0\u00bb{}\u00a0\u00bb open=\u00a0\u00bboff\u00a0\u00bb]Oui, nous vous soutenons dans les formations continues et perfectionnements qui vous font progresser personnellement et professionnellement.[\/et_pb_accordion_item][et_pb_accordion_item title=\u00a0\u00bb9. Comment le salaire est-il r\u00e9glement\u00e9 ?\u00a0\u00bb _builder_version=\u00a0\u00bb4.27.4&Prime; global_colors_info=\u00a0\u00bb{}\u00a0\u00bb open=\u00a0\u00bboff\u00a0\u00bb]<\/p>\n<p>Nous versons un salaire sup\u00e9rieur aux conventions collectives, en fonction de votre qualification et de votre exp\u00e9rience. Nous clarifierons les d\u00e9tails lors de l&rsquo;entretien personnel. <\/p>\n<p>[\/et_pb_accordion_item][et_pb_accordion_item title=\u00a0\u00bb10. Puis-je d&apos;abord convenir d&apos;un simple entretien de pr\u00e9sentation ?\u00a0\u00bb _builder_version=\u00a0\u00bb4.27.4&Prime; global_colors_info=\u00a0\u00bb{}\u00a0\u00bb open=\u00a0\u00bboff\u00a0\u00bb]Oui, tr\u00e8s volontiers. Appelez-nous simplement ou \u00e9crivez-nous via le formulaire, nous conviendrons alors d&rsquo;un entretien sans engagement.[\/et_pb_accordion_item][\/et_pb_accordion][\/et_pb_column][\/et_pb_row][et_pb_row _builder_version=\u00a0\u00bb4.18.0&Prime; _module_preset=\u00a0\u00bbdefault\u00a0\u00bb global_colors_info=\u00a0\u00bb{}\u00a0\u00bb][et_pb_column type=\u00a0\u00bb4_4&Prime; _builder_version=\u00a0\u00bb4.18.0&Prime; _module_preset=\u00a0\u00bbdefault\u00a0\u00bb global_colors_info=\u00a0\u00bb{}\u00a0\u00bb][et_pb_cta title=\u00a0\u00bbL&apos;entreprise de Roman Wagner\u00a0\u00bb button_url=\u00a0\u00bbhttps:\/\/optik.roman-wagner.de\/fr\/a-propos-de-nous\/\u00a0\u00bb button_text=\u00a0\u00bbEn savoir plus sur nous\u00a0\u00bb _builder_version=\u00a0\u00bb4.27.4&Prime; _module_preset=\u00a0\u00bbdefault\u00a0\u00bb background_color=\u00a0\u00bb#04557D\u00a0\u00bb global_colors_info=\u00a0\u00bb{}\u00a0\u00bb]<\/p>\n<p>Nous sommes un leader r\u00e9gional dans le domaine de l&rsquo;optique dans la grande r\u00e9gion de Tr\u00e8ves-Luxembourg.<\/p>\n<p>&nbsp;<\/p>\n<p>&nbsp;<\/p>\n<p>[\/et_pb_cta][et_pb_video src=\u00a0\u00bbhttps:\/\/youtu.be\/fCQimfUliaY\u00a0\u00bb _builder_version=\u00a0\u00bb4.27.4&Prime; _module_preset=\u00a0\u00bbdefault\u00a0\u00bb global_colors_info=\u00a0\u00bb{}\u00a0\u00bb][\/et_pb_video][\/et_pb_column][\/et_pb_row][et_pb_row _builder_version=\u00a0\u00bb4.18.0&Prime; _module_preset=\u00a0\u00bbdefault\u00a0\u00bb background_enable_color=\u00a0\u00bboff\u00a0\u00bb custom_padding=\u00a0\u00bb||70px|||\u00a0\u00bb global_colors_info=\u00a0\u00bb{}\u00a0\u00bb][et_pb_column type=\u00a0\u00bb4_4&Prime; _builder_version=\u00a0\u00bb4.18.0&Prime; _module_preset=\u00a0\u00bbdefault\u00a0\u00bb global_colors_info=\u00a0\u00bb{}\u00a0\u00bb][et_pb_cta title=\u00a0\u00bb11 fois pr\u00e8s de chez vous\u00a0\u00bb button_url=\u00a0\u00bbhttps:\/\/optik.roman-wagner.de\/fr\/sites\/\u00a0\u00bb button_text=\u00a0\u00bb\u00c9tablissements\u00a0\u00bb _builder_version=\u00a0\u00bb4.27.4&Prime; _module_preset=\u00a0\u00bbdefault\u00a0\u00bb header_level=\u00a0\u00bbh3&Prime; background_color=\u00a0\u00bbrgba(214,214,214,0.38)\u00a0\u00bb background_layout=\u00a0\u00bblight\u00a0\u00bb global_colors_info=\u00a0\u00bb{}\u00a0\u00bb]<\/p>\n<p>\u00c0 Tr\u00e8ves, Schweich, Hermeskeil, Homburg, Morbach, Manderscheid, Polch, Saarburg, Mertert (LUX) et Echternach (LUX)<\/p>\n<p>[\/et_pb_cta][\/et_pb_column][\/et_pb_row][et_pb_row _builder_version=\u00a0\u00bb4.27.4&Prime; _module_preset=\u00a0\u00bbdefault\u00a0\u00bb global_colors_info=\u00a0\u00bb{}\u00a0\u00bb][et_pb_column type=\u00a0\u00bb4_4&Prime; _builder_version=\u00a0\u00bb4.27.4&Prime; _module_preset=\u00a0\u00bbdefault\u00a0\u00bb global_colors_info=\u00a0\u00bb{}\u00a0\u00bb][et_pb_gallery gallery_ids=\u00a0\u00bb7883,7884,7885,7886,7887,7888,7889,7890,7631&Prime; show_title_and_caption=\u00a0\u00bboff\u00a0\u00bb disabled_on=\u00a0\u00bbon|off|off\u00a0\u00bb _builder_version=\u00a0\u00bb4.27.4&Prime; _module_preset=\u00a0\u00bbdefault\u00a0\u00bb global_colors_info=\u00a0\u00bb{}\u00a0\u00bb][\/et_pb_gallery][\/et_pb_column][\/et_pb_row][\/et_pb_section]<\/p>\n","protected":false},"excerpt":{"rendered":"<p><div class=\"et_pb_module dsm_text_notation dsm_text_notation_0  et_pb_text_align_left et_pb_bg_layout_light\">\n\t\t\t\t\n\t\t\t\t\n\t\t\t\t\n\t\t\t\t\n\t\t\t\t\n\t\t\t\t\n\t\t\t\t<div class=\"et_pb_module_inner\">\n\t\t\t\t\t<h1 class=\"dsm-text-notation-main et_pb_module_header\"><span data-notation=\"[{&quot;type&quot;:&quot;underline&quot;,&quot;color&quot;:&quot;#0084D7&quot;,&quot;stroke-width&quot;:&quot;4&quot;,&quot;iterations&quot;:&quot;2&quot;,&quot;brackets&quot;:&quot;left|right&quot;,&quot;viewport&quot;:&quot;80%&quot;,&quot;delay&quot;:&quot;0ms&quot;,&quot;divi-animate&quot;:&quot;none&quot;,&quot;divi-animate-duration&quot;:&quot;1000ms&quot;,&quot;divi-animate-delay&quot;:&quot;0ms&quot;}]\" class=\"dsm-text-notation-middle\">Lancez votre avenir en tant qu&#039;opticien\/-ne<\/span><\/h1>\n\t\t\t\t<\/div>\n\t\t\t<\/div>en tant que ma\u00eetre ou compagnon (h\/f\/d) chacun avec prime de changement !!* Nous recherchons pour notre \u00e9tablissement \u00e0 Tarforst \u00e0 temps plein et pour notre \u00e9tablissement \u00e0 Schweich \u00e0 temps plein et \u00e0 temps partiel et nous nous r\u00e9jouissons de collaborateurs\/-trices qualifi\u00e9(e)s et motiv\u00e9(e)s qui partagent avec nous la passion de l&rsquo;optique. Rejoignez l&rsquo;\u00e9quipe et lancez votre carri\u00e8re chez Roman Wagner !Postulez en ligne d\u00e8s maintenant !<div class=\"forminator-ui forminator-custom-form forminator-custom-form-6388 forminator-design--material  forminator_ajax\" data-forminator-render=\"1\" data-form=\"forminator-module-6388\" data-uid=\"69f3b101903e9\"><br\/><\/div><form\n\t\t\t\tid=\"forminator-module-6388\"\n\t\t\t\tclass=\"forminator-ui forminator-custom-form forminator-custom-form-6388 forminator-design--material  forminator_ajax\"\n\t\t\t\tmethod=\"post\"\n\t\t\t\tdata-forminator-render=\"1\"\n\t\t\t\tdata-form-id=\"6388\"\n\t\t\t\tenctype=\"multipart\/form-data\" data-color-option=\"default\" data-design=\"material\" data-grid=\"open\" style=\"display: none;\"\n\t\t\t\tdata-uid=\"69f3b101903e9\"\n\t\t\t><div role=\"alert\" aria-live=\"polite\" class=\"forminator-response-message forminator-error\" aria-hidden=\"true\"><\/div><div class=\"forminator-row\"><div id=\"radio-1\" class=\"forminator-field-radio forminator-col forminator-col-12 \"><div role=\"radiogroup\" class=\"forminator-field\" aria-labelledby=\"forminator-radiogroup-radio-1-69f3b101903e9-label\"><label id=\"forminator-field-radio-1-label-1\" for=\"forminator-field-radio-1-1-69f3b101903e9\" class=\"forminator-radio\" title=\"Augenoptiker\/-in als Meister oder Geselle (m\/w\/d) in Vollzeit f\u00fcr Tarforst\"><input type=\"radio\" name=\"radio-1\" value=\"Augenoptiker--in(m-w-d)-ab-sofort-in-Voll--oder-Teilzeit-in-Schweich\" id=\"forminator-field-radio-1-1-69f3b101903e9\" aria-labelledby=\"forminator-field-radio-1-label-1\" data-calculation=\"0\"  \/><span class=\"forminator-radio-bullet\" aria-hidden=\"true\"><\/span><span class=\"forminator-radio-label\">Augenoptiker\/-in als Meister oder Geselle (m\/w\/d) in Vollzeit f\u00fcr Tarforst<\/span><\/label><label id=\"forminator-field-radio-1-label-2\" for=\"forminator-field-radio-1-2-69f3b101903e9\" class=\"forminator-radio\" title=\"Augenoptiker\/-in als Meister oder Geselle (m\/w\/d) in Voll-\/ Teilzeit f\u00fcr Schweich\"><input type=\"radio\" name=\"radio-1\" value=\"Augenoptiker--in-als-Meister-oder-Geselle-(m-w-d)-in-Voll---Teilzeit-f\u00fcr-Schweich\" id=\"forminator-field-radio-1-2-69f3b101903e9\" aria-labelledby=\"forminator-field-radio-1-label-2\" data-calculation=\"0\"  \/><span class=\"forminator-radio-bullet\" aria-hidden=\"true\"><\/span><span class=\"forminator-radio-label\">Augenoptiker\/-in als Meister oder Geselle (m\/w\/d) in Voll-\/ Teilzeit f\u00fcr Schweich<\/span><\/label><\/div><\/div><\/div><div class=\"forminator-row\"><div id=\"name-1\" class=\"forminator-field-name forminator-col forminator-col-12 \"><div class=\"forminator-field\"><label for=\"forminator-field-name-1_69f3b101903e9\" id=\"forminator-field-name-1_69f3b101903e9-label\" class=\"forminator-label\">Vorname Name <span class=\"forminator-required\">*<\/span><\/label><input type=\"text\" name=\"name-1\" value=\"\" placeholder=\"Maxi Mustermann\" id=\"forminator-field-name-1_69f3b101903e9\" class=\"forminator-input forminator-name--field\" aria-required=\"true\" autocomplete=\"name\" \/><\/div><\/div><\/div><div class=\"forminator-row\"><div id=\"email-1\" class=\"forminator-field-email forminator-col forminator-col-12 \"><div class=\"forminator-field\"><label for=\"forminator-field-email-1_69f3b101903e9\" id=\"forminator-field-email-1_69f3b101903e9-label\" class=\"forminator-label\">E-Mail-Adresse <span class=\"forminator-required\">*<\/span><\/label><input type=\"email\" name=\"email-1\" value=\"\" placeholder=\"z. B. john@doe.com\" id=\"forminator-field-email-1_69f3b101903e9\" class=\"forminator-input forminator-email--field\" data-required=\"true\" aria-required=\"true\" autocomplete=\"email\" \/><\/div><\/div><\/div><div class=\"forminator-row\"><div id=\"phone-1\" class=\"forminator-field-phone forminator-col forminator-col-12 \"><div class=\"forminator-field\"><label for=\"forminator-field-phone-1_69f3b101903e9\" id=\"forminator-field-phone-1_69f3b101903e9-label\" class=\"forminator-label\">Telefon<\/label><input type=\"text\" name=\"phone-1\" value=\"\" placeholder=\"\" id=\"forminator-field-phone-1_69f3b101903e9\" class=\"forminator-input forminator-field--phone\" data-required=\"\" aria-required=\"false\" autocomplete=\"off\" \/><\/div><\/div><\/div><div class=\"forminator-row\"><div id=\"textarea-1\" class=\"forminator-field-textarea forminator-col forminator-col-12 \"><div class=\"forminator-field\"><label for=\"forminator-field-textarea-1_69f3b101903e9\" id=\"forminator-field-textarea-1_69f3b101903e9-label\" class=\"forminator-label\">Nachricht<\/label><textarea name=\"textarea-1\" placeholder=\"Ihre zus\u00e4tzliche Nachricht hier tippen...\" id=\"forminator-field-textarea-1_69f3b101903e9\" class=\"forminator-textarea\" rows=\"6\" style=\"--forminator-textarea-min-height:140px;\" maxlength=\"180\" ><\/textarea><span id=\"forminator-field-textarea-1_69f3b101903e9-description\" class=\"forminator-description\"><span data-limit=\"180\" data-type=\"characters\" data-editor=\"\">0 \/ 180<\/span><\/span><\/div><\/div><\/div><div class=\"forminator-row\"><div id=\"upload-1\" class=\"forminator-field-upload forminator-col forminator-col-12 \"><div class=\"forminator-field\"><label for=\"forminator-field-upload-1_69f3b101903e9\" id=\"forminator-field-upload-1_69f3b101903e9-label\" class=\"forminator-label\">Dateien hier hochladen (optional)<\/label><div class=\"forminator-multi-upload \" data-element=\"upload-1_69f3b101903e9\" aria-describedby=\"forminator-field-upload-1_69f3b101903e9-description\"><input type=\"file\" name=\"upload-1[]\" id=\"forminator-field-upload-1_69f3b101903e9\" class=\"forminator-input-file forminator-field-upload-1_69f3b101903e9-6388\" multiple=\"multiple\" data-method=\"ajax\" accept=\".webp,.json,.jpg,.jpeg,.jpe,.png,.pdf,.mp4,.m4v\" data-limit=\"5\" data-limit-message=\"Vous pouvez t\u00e9l\u00e9verser un maximum de 5 fichiers.\" data-size=\"8000000\" data-size-message=\"Maximum file size allowed is 8 MB. \" data-filetype=\"webp|json|jpg|jpeg|jpe|png|pdf|mp4|m4v\" data-filetype-message=\"l\u2019extension de fichier n\u2019est pas autoris\u00e9e.\"><div class=\"forminator-multi-upload-message\" aria-hidden=\"true\"><span class=\"forminator-icon-upload\" aria-hidden=\"true\"><\/span><p>Glissez et d\u00e9posez (ou) <a class=\"forminator-upload-file--forminator-field-upload-1_69f3b101903e9\" href=\"#\" onclick=\"return false;\">Choisissez des fichiers<\/a><\/p><\/div><\/div><span id=\"forminator-field-upload-1_69f3b101903e9-description\" class=\"forminator-description\">Ihre Lebenslauf und Bewerbungsunterlagen<\/span><ul class=\"forminator-uploaded-files upload-container-upload-1_69f3b101903e9\"><\/ul><\/div><\/div><\/div><div class=\"forminator-row\"><div id=\"consent-1\" class=\"forminator-field-consent forminator-col forminator-col-12 \"><div class=\"forminator-field\"><label for=\"forminator-field-consent-1_69f3b101903e9\" id=\"forminator-field-consent-1_69f3b101903e9-label\" class=\"forminator-label\">Datenschutz <span class=\"forminator-required\">*<\/span><\/label><div class=\"forminator-checkbox__wrapper\"><label id=\"forminator-field-consent-1_69f3b101903e9__label\" class=\"forminator-checkbox forminator-consent\"><input type=\"checkbox\" name=\"consent-1\" id=\"forminator-field-consent-1_69f3b101903e9\" value=\"checked\" aria-labelledby=\"forminator-field-consent-1_69f3b101903e9-label\" aria-describedby=\"forminator-field-consent-1_69f3b101903e9__description\" data-required=\"true\" aria-required=\"true\" \/><span class=\"forminator-checkbox-box\" aria-hidden=\"true\"><\/span><\/label><div id=\"forminator-field-consent-1_69f3b101903e9__description\" class=\"forminator-checkbox__label forminator-consent__label\"><p>Ich habe die Datenschutzerkl\u00e4rung gelesen und bin damit einverstanden, dass der Augenoptiker Roman Wagner meine Bewerbungsunterlagen l\u00e4nger als 6 Monate verarbeitet, speichert und nutzt, um mich bei k\u00fcnftigen Stellenangeboten kontaktieren zu k\u00f6nnen, sofern meine Bewerbung zum jetzigen Zeitpunkt nicht erfolgreich sein sollte.<\/p><\/div><\/div><\/div><\/div><\/div><input type=\"hidden\" name=\"referer_url\" value=\"\" \/><div class=\"forminator-row forminator-row-last\"><div class=\"forminator-col\"><div class=\"forminator-field\"><button class=\"forminator-button forminator-button-submit\"><span>Bewerbung absenden<\/span><span aria-hidden=\"true\"><\/span><\/button><\/div><\/div><\/div><input type=\"hidden\" id=\"forminator_nonce\" name=\"forminator_nonce\" value=\"ff6abf0931\" \/><input type=\"hidden\" name=\"_wp_http_referer\" value=\"\/fr\/wp-json\/wp\/v2\/pages\/7882\" \/><input type=\"hidden\" name=\"form_id\" value=\"6388\"><input type=\"hidden\" name=\"page_id\" value=\"7882\"><input type=\"hidden\" name=\"form_type\" value=\"default\"><input type=\"hidden\" name=\"current_url\" value=\"https:\/\/optik.roman-wagner.de\/fr\/lancez-votre-avenir-en-tant-quopticien\/\"><input type=\"hidden\" name=\"render_id\" value=\"1\"><input type=\"hidden\" name=\"forminator-multifile-hidden\" class=\"forminator-multifile-hidden\"><input type=\"hidden\" name=\"action\" value=\"forminator_submit_form_custom-forms\"><\/form>Vos missions : Conseil personnalis\u00e9 des clients concernant les lunettes, les lentilles de contact R\u00e9alisation d&rsquo;adaptations (par ex. d\u00e9termination de la puissance visuelle, pupillom\u00e9trie,centrage des verres de lunettes) Remise, adaptation et livraison de lunettes Coop\u00e9ration avec les optom\u00e9tristes, les m\u00e9decins et l&rsquo;\u00e9quipe pourl&rsquo;optimisation de la prise en charge Organisation des processus de travail, prises de rendez-vous et stocks de marchandises Nous offrons : Contrat \u00e0 dur\u00e9e ind\u00e9termin\u00e9e \u00e0 temps plein (mod\u00e8les \u00e0 temps partiel possibles) R\u00e9mun\u00e9ration attractive + diverses prestations suppl\u00e9mentaires Formation compl\u00e8te, formations continues et perfectionnements r\u00e9guliers (par ex. certifications, formations sur les nouveaux appareils) Poste de travail moderne, technologie de mesure et [&hellip;]<\/p>\n","protected":false},"author":1,"featured_media":0,"parent":0,"menu_order":0,"comment_status":"closed","ping_status":"closed","template":"","meta":{"_et_pb_use_builder":"on","_et_pb_old_content":"","_et_gb_content_width":"","iawp_total_views":0,"footnotes":""},"class_list":["post-7882","page","type-page","status-publish","hentry"],"yoast_head":"<!-- This site is optimized with the Yoast SEO plugin v27.4 - https:\/\/yoast.com\/product\/yoast-seo-wordpress\/ -->\n<title>Opticien\/-ne (h\/f\/d) sur la base d&#039;une semaine de 4 jours<\/title>\n<meta name=\"description\" content=\"Nous recherchons pour la r\u00e9gion du nord de la Sarre un\/-e opticien\/-ne (h\/f\/d) sur la base d&#039;une semaine de 4 jours.\" \/>\n<meta name=\"robots\" content=\"index, follow, max-snippet:-1, max-image-preview:large, max-video-preview:-1\" \/>\n<link rel=\"canonical\" href=\"https:\/\/optik.roman-wagner.de\/fr\/lancez-votre-avenir-en-tant-quopticien\/\" \/>\n<meta property=\"og:locale\" content=\"fr_FR\" \/>\n<meta property=\"og:type\" content=\"article\" \/>\n<meta property=\"og:title\" content=\"Opticien\/-ne (h\/f\/d) sur la base d&#039;une semaine de 4 jours\" \/>\n<meta property=\"og:description\" content=\"Nous recherchons pour la r\u00e9gion du nord de la Sarre un\/-e opticien\/-ne (h\/f\/d) sur la base d&#039;une semaine de 4 jours.\" \/>\n<meta property=\"og:url\" content=\"https:\/\/optik.roman-wagner.de\/fr\/lancez-votre-avenir-en-tant-quopticien\/\" \/>\n<meta property=\"og:site_name\" content=\"Roman Wagner\" \/>\n<meta property=\"article:publisher\" content=\"https:\/\/www.facebook.com\/romanwagner.optiker\" \/>\n<meta property=\"article:modified_time\" content=\"2026-04-30T13:37:59+00:00\" \/>\n<meta name=\"twitter:card\" content=\"summary_large_image\" \/>\n<meta name=\"twitter:label1\" content=\"Dur\u00e9e de lecture estim\u00e9e\" \/>\n\t<meta name=\"twitter:data1\" content=\"8 minutes\" \/>\n<script type=\"application\/ld+json\" class=\"yoast-schema-graph\">{\"@context\":\"https:\\\/\\\/schema.org\",\"@graph\":[{\"@type\":\"WebPage\",\"@id\":\"https:\\\/\\\/optik.roman-wagner.de\\\/fr\\\/lancez-votre-avenir-en-tant-quopticien\\\/\",\"url\":\"https:\\\/\\\/optik.roman-wagner.de\\\/fr\\\/lancez-votre-avenir-en-tant-quopticien\\\/\",\"name\":\"Opticien\\\/-ne (h\\\/f\\\/d) sur la base d'une semaine de 4 jours\",\"isPartOf\":{\"@id\":\"https:\\\/\\\/optik.roman-wagner.de\\\/fr\\\/#website\"},\"datePublished\":\"2025-09-30T08:07:36+00:00\",\"dateModified\":\"2026-04-30T13:37:59+00:00\",\"description\":\"Nous recherchons pour la r\u00e9gion du nord de la Sarre un\\\/-e opticien\\\/-ne (h\\\/f\\\/d) sur la base d'une semaine de 4 jours.\",\"breadcrumb\":{\"@id\":\"https:\\\/\\\/optik.roman-wagner.de\\\/fr\\\/lancez-votre-avenir-en-tant-quopticien\\\/#breadcrumb\"},\"inLanguage\":\"fr-FR\",\"potentialAction\":[{\"@type\":\"ReadAction\",\"target\":[\"https:\\\/\\\/optik.roman-wagner.de\\\/fr\\\/lancez-votre-avenir-en-tant-quopticien\\\/\"]}]},{\"@type\":\"BreadcrumbList\",\"@id\":\"https:\\\/\\\/optik.roman-wagner.de\\\/fr\\\/lancez-votre-avenir-en-tant-quopticien\\\/#breadcrumb\",\"itemListElement\":[{\"@type\":\"ListItem\",\"position\":1,\"name\":\"Startseite\",\"item\":\"https:\\\/\\\/optik.roman-wagner.de\\\/fr\\\/centres-pour-une-bonne-vision\\\/\"},{\"@type\":\"ListItem\",\"position\":2,\"name\":\"Lancez votre avenir en tant qu&rsquo;opticien\"}]},{\"@type\":\"WebSite\",\"@id\":\"https:\\\/\\\/optik.roman-wagner.de\\\/fr\\\/#website\",\"url\":\"https:\\\/\\\/optik.roman-wagner.de\\\/fr\\\/\",\"name\":\"Der Augenoptiker Roman Wagner\",\"description\":\"Zentren f\u00fcr gutes Sehen\",\"publisher\":{\"@id\":\"https:\\\/\\\/optik.roman-wagner.de\\\/fr\\\/#organization\"},\"potentialAction\":[{\"@type\":\"SearchAction\",\"target\":{\"@type\":\"EntryPoint\",\"urlTemplate\":\"https:\\\/\\\/optik.roman-wagner.de\\\/fr\\\/?s={search_term_string}\"},\"query-input\":{\"@type\":\"PropertyValueSpecification\",\"valueRequired\":true,\"valueName\":\"search_term_string\"}}],\"inLanguage\":\"fr-FR\"},{\"@type\":\"Organization\",\"@id\":\"https:\\\/\\\/optik.roman-wagner.de\\\/fr\\\/#organization\",\"name\":\"Der Augenoptiker Roman Wagner\",\"url\":\"https:\\\/\\\/optik.roman-wagner.de\\\/fr\\\/\",\"logo\":{\"@type\":\"ImageObject\",\"inLanguage\":\"fr-FR\",\"@id\":\"https:\\\/\\\/optik.roman-wagner.de\\\/fr\\\/#\\\/schema\\\/logo\\\/image\\\/\",\"url\":\"https:\\\/\\\/optik.roman-wagner.de\\\/wp-content\\\/uploads\\\/2019\\\/11\\\/Logo-RW-quadrat.jpg\",\"contentUrl\":\"https:\\\/\\\/optik.roman-wagner.de\\\/wp-content\\\/uploads\\\/2019\\\/11\\\/Logo-RW-quadrat.jpg\",\"width\":488,\"height\":479,\"caption\":\"Der Augenoptiker Roman Wagner\"},\"image\":{\"@id\":\"https:\\\/\\\/optik.roman-wagner.de\\\/fr\\\/#\\\/schema\\\/logo\\\/image\\\/\"},\"sameAs\":[\"https:\\\/\\\/www.facebook.com\\\/romanwagner.optiker\",\"https:\\\/\\\/www.instagram.com\\\/romanwagner.optiker\\\/\",\"https:\\\/\\\/www.youtube.com\\\/channel\\\/UCIHnCII9jl34mZG08gXgG6A\"]}]}<\/script>\n<!-- \/ Yoast SEO plugin. -->","yoast_head_json":{"title":"Opticien\/-ne (h\/f\/d) sur la base d'une semaine de 4 jours","description":"Nous recherchons pour la r\u00e9gion du nord de la Sarre un\/-e opticien\/-ne (h\/f\/d) sur la base d'une semaine de 4 jours.","robots":{"index":"index","follow":"follow","max-snippet":"max-snippet:-1","max-image-preview":"max-image-preview:large","max-video-preview":"max-video-preview:-1"},"canonical":"https:\/\/optik.roman-wagner.de\/fr\/lancez-votre-avenir-en-tant-quopticien\/","og_locale":"fr_FR","og_type":"article","og_title":"Opticien\/-ne (h\/f\/d) sur la base d'une semaine de 4 jours","og_description":"Nous recherchons pour la r\u00e9gion du nord de la Sarre un\/-e opticien\/-ne (h\/f\/d) sur la base d'une semaine de 4 jours.","og_url":"https:\/\/optik.roman-wagner.de\/fr\/lancez-votre-avenir-en-tant-quopticien\/","og_site_name":"Roman Wagner","article_publisher":"https:\/\/www.facebook.com\/romanwagner.optiker","article_modified_time":"2026-04-30T13:37:59+00:00","twitter_card":"summary_large_image","twitter_misc":{"Dur\u00e9e de lecture estim\u00e9e":"8 minutes"},"schema":{"@context":"https:\/\/schema.org","@graph":[{"@type":"WebPage","@id":"https:\/\/optik.roman-wagner.de\/fr\/lancez-votre-avenir-en-tant-quopticien\/","url":"https:\/\/optik.roman-wagner.de\/fr\/lancez-votre-avenir-en-tant-quopticien\/","name":"Opticien\/-ne (h\/f\/d) sur la base d'une semaine de 4 jours","isPartOf":{"@id":"https:\/\/optik.roman-wagner.de\/fr\/#website"},"datePublished":"2025-09-30T08:07:36+00:00","dateModified":"2026-04-30T13:37:59+00:00","description":"Nous recherchons pour la r\u00e9gion du nord de la Sarre un\/-e opticien\/-ne (h\/f\/d) sur la base d'une semaine de 4 jours.","breadcrumb":{"@id":"https:\/\/optik.roman-wagner.de\/fr\/lancez-votre-avenir-en-tant-quopticien\/#breadcrumb"},"inLanguage":"fr-FR","potentialAction":[{"@type":"ReadAction","target":["https:\/\/optik.roman-wagner.de\/fr\/lancez-votre-avenir-en-tant-quopticien\/"]}]},{"@type":"BreadcrumbList","@id":"https:\/\/optik.roman-wagner.de\/fr\/lancez-votre-avenir-en-tant-quopticien\/#breadcrumb","itemListElement":[{"@type":"ListItem","position":1,"name":"Startseite","item":"https:\/\/optik.roman-wagner.de\/fr\/centres-pour-une-bonne-vision\/"},{"@type":"ListItem","position":2,"name":"Lancez votre avenir en tant qu&rsquo;opticien"}]},{"@type":"WebSite","@id":"https:\/\/optik.roman-wagner.de\/fr\/#website","url":"https:\/\/optik.roman-wagner.de\/fr\/","name":"Der Augenoptiker Roman Wagner","description":"Zentren f\u00fcr gutes Sehen","publisher":{"@id":"https:\/\/optik.roman-wagner.de\/fr\/#organization"},"potentialAction":[{"@type":"SearchAction","target":{"@type":"EntryPoint","urlTemplate":"https:\/\/optik.roman-wagner.de\/fr\/?s={search_term_string}"},"query-input":{"@type":"PropertyValueSpecification","valueRequired":true,"valueName":"search_term_string"}}],"inLanguage":"fr-FR"},{"@type":"Organization","@id":"https:\/\/optik.roman-wagner.de\/fr\/#organization","name":"Der Augenoptiker Roman Wagner","url":"https:\/\/optik.roman-wagner.de\/fr\/","logo":{"@type":"ImageObject","inLanguage":"fr-FR","@id":"https:\/\/optik.roman-wagner.de\/fr\/#\/schema\/logo\/image\/","url":"https:\/\/optik.roman-wagner.de\/wp-content\/uploads\/2019\/11\/Logo-RW-quadrat.jpg","contentUrl":"https:\/\/optik.roman-wagner.de\/wp-content\/uploads\/2019\/11\/Logo-RW-quadrat.jpg","width":488,"height":479,"caption":"Der Augenoptiker Roman Wagner"},"image":{"@id":"https:\/\/optik.roman-wagner.de\/fr\/#\/schema\/logo\/image\/"},"sameAs":["https:\/\/www.facebook.com\/romanwagner.optiker","https:\/\/www.instagram.com\/romanwagner.optiker\/","https:\/\/www.youtube.com\/channel\/UCIHnCII9jl34mZG08gXgG6A"]}]}},"_links":{"self":[{"href":"https:\/\/optik.roman-wagner.de\/fr\/wp-json\/wp\/v2\/pages\/7882","targetHints":{"allow":["GET"]}}],"collection":[{"href":"https:\/\/optik.roman-wagner.de\/fr\/wp-json\/wp\/v2\/pages"}],"about":[{"href":"https:\/\/optik.roman-wagner.de\/fr\/wp-json\/wp\/v2\/types\/page"}],"author":[{"embeddable":true,"href":"https:\/\/optik.roman-wagner.de\/fr\/wp-json\/wp\/v2\/users\/1"}],"replies":[{"embeddable":true,"href":"https:\/\/optik.roman-wagner.de\/fr\/wp-json\/wp\/v2\/comments?post=7882"}],"version-history":[{"count":3,"href":"https:\/\/optik.roman-wagner.de\/fr\/wp-json\/wp\/v2\/pages\/7882\/revisions"}],"predecessor-version":[{"id":7893,"href":"https:\/\/optik.roman-wagner.de\/fr\/wp-json\/wp\/v2\/pages\/7882\/revisions\/7893"}],"wp:attachment":[{"href":"https:\/\/optik.roman-wagner.de\/fr\/wp-json\/wp\/v2\/media?parent=7882"}],"curies":[{"name":"wp","href":"https:\/\/api.w.org\/{rel}","templated":true}]}}