{"id":7864,"date":"2025-05-23T14:28:52","date_gmt":"2025-05-23T12:28:52","guid":{"rendered":"https:\/\/optik.roman-wagner.de\/declaration-daccessibilite\/"},"modified":"2026-04-30T15:37:27","modified_gmt":"2026-04-30T13:37:27","slug":"declaration-daccessibilite","status":"publish","type":"page","link":"https:\/\/optik.roman-wagner.de\/fr\/declaration-daccessibilite\/","title":{"rendered":"D\u00e9claration d\u2019accessibilit\u00e9"},"content":{"rendered":"<p>[et_pb_section fb_built=\u00a0\u00bb1&Prime; _builder_version=\u00a0\u00bb4.27.4&Prime; hover_enabled=\u00a0\u00bb0&Prime; da_disable_devices=\u00a0\u00bboff|off|off\u00a0\u00bb global_colors_info=\u00a0\u00bb{}\u00a0\u00bb custom_margin=\u00a0\u00bb130px||||false|false\u00a0\u00bb sticky_enabled=\u00a0\u00bb0&Prime; da_is_popup=\u00a0\u00bboff\u00a0\u00bb da_exit_intent=\u00a0\u00bboff\u00a0\u00bb da_has_close=\u00a0\u00bbon\u00a0\u00bb da_alt_close=\u00a0\u00bboff\u00a0\u00bb da_dark_close=\u00a0\u00bboff\u00a0\u00bb da_not_modal=\u00a0\u00bbon\u00a0\u00bb da_is_singular=\u00a0\u00bboff\u00a0\u00bb da_with_loader=\u00a0\u00bboff\u00a0\u00bb da_has_shadow=\u00a0\u00bbon\u00a0\u00bb][et_pb_row _builder_version=\u00a0\u00bb4.16&Prime; global_colors_info=\u00a0\u00bb{}\u00a0\u00bb][et_pb_column type=\u00a0\u00bb4_4&Prime; _builder_version=\u00a0\u00bb4.16&Prime; global_colors_info=\u00a0\u00bb{}\u00a0\u00bb][et_pb_text _builder_version=\u00a0\u00bb4.27.4&Prime; _module_preset=\u00a0\u00bbdefault\u00a0\u00bb theme_builder_area=\u00a0\u00bbpost_content\u00a0\u00bb hover_enabled=\u00a0\u00bb0&Prime; sticky_enabled=\u00a0\u00bb0&Prime;]<\/p>\n<h1>D\u00e9claration d\u2019accessibilit\u00e9 pour les services<\/h1>\n<p>Dans le cadre de notre d\u00e9claration d\u2019accessibilit\u00e9, nous souhaitons vous donner un aper\u00e7u de l\u2019\u00e9tat de conformit\u00e9 du ou des services d\u00e9crits ci-dessous avec les exigences d\u2019accessibilit\u00e9 conform\u00e9ment aux dispositions l\u00e9gales (notamment la loi sur le renforcement de l\u2019accessibilit\u00e9 \u2013 BFSG).<\/p>\n<h2>Informations sur le prestataire de services<\/h2>\n<p>Roman Wagner Verwaltungs + Marketing GmbH<br \/>Steinerbaum 2<br \/>54338 Schweich<br \/>Rh\u00e9nanie-Palatinat<\/p>\n<h2>Description g\u00e9n\u00e9rale du service<\/h2>\n<p>L\u2019opticien Roman Wagner<br \/>Nous sommes un leader du march\u00e9 r\u00e9gional dans le domaine de l\u2019optique ophtalmique dans la grande r\u00e9gion de Tr\u00e8ves-Luxembourg. Chacune de nos entreprises se consid\u00e8re comme un leader du march\u00e9 local. Innovante, \u00e0 la mode, soucieuse des prix et individuelle.  <\/p>\n<h2>Explications sur l\u2019ex\u00e9cution du service<\/h2>\n<p>Via notre site web optik.roman-wagner.de, nous pr\u00e9sentons et proposons nos services dans le domaine de l\u2019optique ophtalmique. Vous pouvez \u00e9galement vous inscrire \u00e0 notre newsletter ou prendre rendez-vous en ligne pour nos diff\u00e9rents points de vente. <\/p>\n<h2>\u00c9tat de conformit\u00e9 avec les exigences<\/h2>\n<p>Le service mentionn\u00e9 ci-dessus est partiellement conforme \u00e0 la loi sur le renforcement de l\u2019accessibilit\u00e9 (BFSG).<\/p>\n<p>Les parties\/contenus\/fonctions suivants du service ne sont pas accessibles :<\/p>\n<p>Certaines pages secondaires ne sont pas encore accessibles \u00e0 100 %, certains contenus audio et vid\u00e9o ne disposent pas de sous-titres. Les documents PDF ne sont pas toujours utilisables avec un lecteur d\u2019\u00e9cran. <\/p>\n<h3>Parties non accessibles du service &#8211; D\u00e9lais de mise en \u0153uvre<\/h3>\n<p>Nous nous effor\u00e7ons de fournir des documents PDF optimis\u00e9s pour les lecteurs d\u2019\u00e9cran et de doter les contenus audio et vid\u00e9o de sous-titres d\u2019ici fin 2025. Nous travaillons \u00e0 rendre toutes les pages secondaires accessibles dans les plus brefs d\u00e9lais. Nous ne pouvons pas donner de pr\u00e9cision exacte pour le moment.  <\/p>\n<h2>\u00c9tablissement de la d\u00e9claration d\u2019accessibilit\u00e9<\/h2>\n<p>Date d\u2019\u00e9tablissement de la d\u00e9claration d\u2019accessibilit\u00e9 : 23\/05\/2025<br \/> Date de la derni\u00e8re v\u00e9rification des services susmentionn\u00e9s au regard des exigences d\u2019accessibilit\u00e9 : 21\/05\/2025<\/p>\n<h2>\u00c9valuation de l\u2019\u00e9tat d\u2019accessibilit\u00e9<\/h2>\n<p>L\u2019\u00e9valuation de l\u2019\u00e9tat d\u2019accessibilit\u00e9 est bas\u00e9e sur l\u2019expertise d\u2019un prestataire externe.<\/p>\n<h2>Possibilit\u00e9 de retour d\u2019information et coordonn\u00e9es<\/h2>\n<p>Adresse :<br \/>Der Augenoptiker Roman Wagner<br \/>Im Steinerbaum 2<br \/>54338 Schweich<\/p>\n<p>E-mail : kontakt@optik-wagner.de<\/p>\n<p>T\u00e9l\u00e9phone : 06502 91410<\/p>\n<p>Lien vers le site web : <a href=\"https:\/\/optik.roman-wagner.de\/fr\/\">https:\/\/optik.roman-wagner.de\/<\/a><\/p>\n<p>[\/et_pb_text][et_pb_text _builder_version=\u00a0\u00bb4.27.4&Prime; _module_preset=\u00a0\u00bbdefault\u00a0\u00bb hover_enabled=\u00a0\u00bb0&Prime; global_colors_info=\u00a0\u00bb{}\u00a0\u00bb sticky_enabled=\u00a0\u00bb0&Prime;]<\/p>\n<p>Source : e-Recht24.de<\/p>\n<p>[\/et_pb_text][\/et_pb_column][\/et_pb_row][\/et_pb_section]<\/p>\n","protected":false},"excerpt":{"rendered":"<p>D\u00e9claration d\u2019accessibilit\u00e9 pour les services Dans le cadre de notre d\u00e9claration d\u2019accessibilit\u00e9, nous souhaitons vous donner un aper\u00e7u de l\u2019\u00e9tat de conformit\u00e9 du ou des services d\u00e9crits ci-dessous avec les exigences d\u2019accessibilit\u00e9 conform\u00e9ment aux dispositions l\u00e9gales (notamment la loi sur le renforcement de l\u2019accessibilit\u00e9 \u2013 BFSG). Informations sur le prestataire de servicesRoman Wagner Verwaltungs + Marketing GmbHSteinerbaum 254338 SchweichRh\u00e9nanie-Palatinat Description g\u00e9n\u00e9rale du serviceL\u2019opticien Roman WagnerNous sommes un leader du march\u00e9 r\u00e9gional dans le domaine de l\u2019optique ophtalmique dans la grande r\u00e9gion de Tr\u00e8ves-Luxembourg. Chacune de nos entreprises se consid\u00e8re comme un leader du march\u00e9 local. Innovante, \u00e0 la mode, soucieuse des prix et individuelle. Explications sur l\u2019ex\u00e9cution du serviceVia notre site web optik.roman-wagner.de, nous pr\u00e9sentons et proposons nos services dans le domaine de l\u2019optique ophtalmique. Vous pouvez \u00e9galement vous inscrire \u00e0 notre newsletter ou prendre rendez-vous en ligne pour nos diff\u00e9rents points de vente. \u00c9tat de conformit\u00e9 avec les exigences Le service mentionn\u00e9 ci-dessus est partiellement conforme \u00e0 la loi sur le renforcement de l\u2019accessibilit\u00e9 (BFSG). Les parties\/contenus\/fonctions suivants du service ne sont pas accessibles :Certaines pages secondaires ne sont pas encore accessibles \u00e0 100 %, certains contenus audio et vid\u00e9o ne disposent pas de sous-titres. Les documents PDF ne [&hellip;]<\/p>\n","protected":false},"author":1,"featured_media":0,"parent":0,"menu_order":0,"comment_status":"closed","ping_status":"closed","template":"","meta":{"_et_pb_use_builder":"on","_et_pb_old_content":"","_et_gb_content_width":"","iawp_total_views":0,"footnotes":""},"class_list":["post-7864","page","type-page","status-publish","hentry"],"yoast_head":"<!-- This site is optimized with the Yoast SEO plugin v27.4 - https:\/\/yoast.com\/product\/yoast-seo-wordpress\/ -->\n<title>D\u00e9claration d\u2019accessibilit\u00e9 - Roman Wagner<\/title>\n<meta name=\"robots\" content=\"index, follow, max-snippet:-1, max-image-preview:large, max-video-preview:-1\" \/>\n<link rel=\"canonical\" href=\"https:\/\/optik.roman-wagner.de\/fr\/declaration-daccessibilite\/\" \/>\n<meta property=\"og:locale\" content=\"fr_FR\" \/>\n<meta property=\"og:type\" content=\"article\" \/>\n<meta property=\"og:title\" content=\"D\u00e9claration d\u2019accessibilit\u00e9 - Roman Wagner\" \/>\n<meta property=\"og:description\" content=\"D\u00e9claration d\u2019accessibilit\u00e9 pour les services Dans le cadre de notre d\u00e9claration d\u2019accessibilit\u00e9, nous souhaitons vous donner un aper\u00e7u de l\u2019\u00e9tat de conformit\u00e9 du ou des services d\u00e9crits ci-dessous avec les exigences d\u2019accessibilit\u00e9 conform\u00e9ment aux dispositions l\u00e9gales (notamment la loi sur le renforcement de l\u2019accessibilit\u00e9 \u2013 BFSG). Informations sur le prestataire de servicesRoman Wagner Verwaltungs + Marketing GmbHSteinerbaum 254338 SchweichRh\u00e9nanie-Palatinat Description g\u00e9n\u00e9rale du serviceL\u2019opticien Roman WagnerNous sommes un leader du march\u00e9 r\u00e9gional dans le domaine de l\u2019optique ophtalmique dans la grande r\u00e9gion de Tr\u00e8ves-Luxembourg. Chacune de nos entreprises se consid\u00e8re comme un leader du march\u00e9 local. Innovante, \u00e0 la mode, soucieuse des prix et individuelle. Explications sur l\u2019ex\u00e9cution du serviceVia notre site web optik.roman-wagner.de, nous pr\u00e9sentons et proposons nos services dans le domaine de l\u2019optique ophtalmique. Vous pouvez \u00e9galement vous inscrire \u00e0 notre newsletter ou prendre rendez-vous en ligne pour nos diff\u00e9rents points de vente. \u00c9tat de conformit\u00e9 avec les exigences Le service mentionn\u00e9 ci-dessus est partiellement conforme \u00e0 la loi sur le renforcement de l\u2019accessibilit\u00e9 (BFSG). Les parties\/contenus\/fonctions suivants du service ne sont pas accessibles :Certaines pages secondaires ne sont pas encore accessibles \u00e0 100 %, certains contenus audio et vid\u00e9o ne disposent pas de sous-titres. Les documents PDF ne [&hellip;]\" \/>\n<meta property=\"og:url\" content=\"https:\/\/optik.roman-wagner.de\/fr\/declaration-daccessibilite\/\" \/>\n<meta property=\"og:site_name\" content=\"Roman Wagner\" \/>\n<meta property=\"article:publisher\" content=\"https:\/\/www.facebook.com\/romanwagner.optiker\" \/>\n<meta property=\"article:modified_time\" content=\"2026-04-30T13:37:27+00:00\" \/>\n<meta name=\"twitter:card\" content=\"summary_large_image\" \/>\n<meta name=\"twitter:label1\" content=\"Dur\u00e9e de lecture estim\u00e9e\" \/>\n\t<meta name=\"twitter:data1\" content=\"3 minutes\" \/>\n<script type=\"application\/ld+json\" class=\"yoast-schema-graph\">{\"@context\":\"https:\\\/\\\/schema.org\",\"@graph\":[{\"@type\":\"WebPage\",\"@id\":\"https:\\\/\\\/optik.roman-wagner.de\\\/fr\\\/declaration-daccessibilite\\\/\",\"url\":\"https:\\\/\\\/optik.roman-wagner.de\\\/fr\\\/declaration-daccessibilite\\\/\",\"name\":\"D\u00e9claration d\u2019accessibilit\u00e9 - Roman Wagner\",\"isPartOf\":{\"@id\":\"https:\\\/\\\/optik.roman-wagner.de\\\/fr\\\/#website\"},\"datePublished\":\"2025-05-23T12:28:52+00:00\",\"dateModified\":\"2026-04-30T13:37:27+00:00\",\"breadcrumb\":{\"@id\":\"https:\\\/\\\/optik.roman-wagner.de\\\/fr\\\/declaration-daccessibilite\\\/#breadcrumb\"},\"inLanguage\":\"fr-FR\",\"potentialAction\":[{\"@type\":\"ReadAction\",\"target\":[\"https:\\\/\\\/optik.roman-wagner.de\\\/fr\\\/declaration-daccessibilite\\\/\"]}]},{\"@type\":\"BreadcrumbList\",\"@id\":\"https:\\\/\\\/optik.roman-wagner.de\\\/fr\\\/declaration-daccessibilite\\\/#breadcrumb\",\"itemListElement\":[{\"@type\":\"ListItem\",\"position\":1,\"name\":\"Startseite\",\"item\":\"https:\\\/\\\/optik.roman-wagner.de\\\/fr\\\/centres-pour-une-bonne-vision\\\/\"},{\"@type\":\"ListItem\",\"position\":2,\"name\":\"D\u00e9claration d\u2019accessibilit\u00e9\"}]},{\"@type\":\"WebSite\",\"@id\":\"https:\\\/\\\/optik.roman-wagner.de\\\/fr\\\/#website\",\"url\":\"https:\\\/\\\/optik.roman-wagner.de\\\/fr\\\/\",\"name\":\"Der Augenoptiker Roman Wagner\",\"description\":\"Zentren f\u00fcr gutes Sehen\",\"publisher\":{\"@id\":\"https:\\\/\\\/optik.roman-wagner.de\\\/fr\\\/#organization\"},\"potentialAction\":[{\"@type\":\"SearchAction\",\"target\":{\"@type\":\"EntryPoint\",\"urlTemplate\":\"https:\\\/\\\/optik.roman-wagner.de\\\/fr\\\/?s={search_term_string}\"},\"query-input\":{\"@type\":\"PropertyValueSpecification\",\"valueRequired\":true,\"valueName\":\"search_term_string\"}}],\"inLanguage\":\"fr-FR\"},{\"@type\":\"Organization\",\"@id\":\"https:\\\/\\\/optik.roman-wagner.de\\\/fr\\\/#organization\",\"name\":\"Der Augenoptiker Roman Wagner\",\"url\":\"https:\\\/\\\/optik.roman-wagner.de\\\/fr\\\/\",\"logo\":{\"@type\":\"ImageObject\",\"inLanguage\":\"fr-FR\",\"@id\":\"https:\\\/\\\/optik.roman-wagner.de\\\/fr\\\/#\\\/schema\\\/logo\\\/image\\\/\",\"url\":\"https:\\\/\\\/optik.roman-wagner.de\\\/wp-content\\\/uploads\\\/2019\\\/11\\\/Logo-RW-quadrat.jpg\",\"contentUrl\":\"https:\\\/\\\/optik.roman-wagner.de\\\/wp-content\\\/uploads\\\/2019\\\/11\\\/Logo-RW-quadrat.jpg\",\"width\":488,\"height\":479,\"caption\":\"Der Augenoptiker Roman Wagner\"},\"image\":{\"@id\":\"https:\\\/\\\/optik.roman-wagner.de\\\/fr\\\/#\\\/schema\\\/logo\\\/image\\\/\"},\"sameAs\":[\"https:\\\/\\\/www.facebook.com\\\/romanwagner.optiker\",\"https:\\\/\\\/www.instagram.com\\\/romanwagner.optiker\\\/\",\"https:\\\/\\\/www.youtube.com\\\/channel\\\/UCIHnCII9jl34mZG08gXgG6A\"]}]}<\/script>\n<!-- \/ Yoast SEO plugin. -->","yoast_head_json":{"title":"D\u00e9claration d\u2019accessibilit\u00e9 - Roman Wagner","robots":{"index":"index","follow":"follow","max-snippet":"max-snippet:-1","max-image-preview":"max-image-preview:large","max-video-preview":"max-video-preview:-1"},"canonical":"https:\/\/optik.roman-wagner.de\/fr\/declaration-daccessibilite\/","og_locale":"fr_FR","og_type":"article","og_title":"D\u00e9claration d\u2019accessibilit\u00e9 - Roman Wagner","og_description":"D\u00e9claration d\u2019accessibilit\u00e9 pour les services Dans le cadre de notre d\u00e9claration d\u2019accessibilit\u00e9, nous souhaitons vous donner un aper\u00e7u de l\u2019\u00e9tat de conformit\u00e9 du ou des services d\u00e9crits ci-dessous avec les exigences d\u2019accessibilit\u00e9 conform\u00e9ment aux dispositions l\u00e9gales (notamment la loi sur le renforcement de l\u2019accessibilit\u00e9 \u2013 BFSG). Informations sur le prestataire de servicesRoman Wagner Verwaltungs + Marketing GmbHSteinerbaum 254338 SchweichRh\u00e9nanie-Palatinat Description g\u00e9n\u00e9rale du serviceL\u2019opticien Roman WagnerNous sommes un leader du march\u00e9 r\u00e9gional dans le domaine de l\u2019optique ophtalmique dans la grande r\u00e9gion de Tr\u00e8ves-Luxembourg. Chacune de nos entreprises se consid\u00e8re comme un leader du march\u00e9 local. Innovante, \u00e0 la mode, soucieuse des prix et individuelle. Explications sur l\u2019ex\u00e9cution du serviceVia notre site web optik.roman-wagner.de, nous pr\u00e9sentons et proposons nos services dans le domaine de l\u2019optique ophtalmique. Vous pouvez \u00e9galement vous inscrire \u00e0 notre newsletter ou prendre rendez-vous en ligne pour nos diff\u00e9rents points de vente. \u00c9tat de conformit\u00e9 avec les exigences Le service mentionn\u00e9 ci-dessus est partiellement conforme \u00e0 la loi sur le renforcement de l\u2019accessibilit\u00e9 (BFSG). Les parties\/contenus\/fonctions suivants du service ne sont pas accessibles :Certaines pages secondaires ne sont pas encore accessibles \u00e0 100 %, certains contenus audio et vid\u00e9o ne disposent pas de sous-titres. Les documents PDF ne [&hellip;]","og_url":"https:\/\/optik.roman-wagner.de\/fr\/declaration-daccessibilite\/","og_site_name":"Roman Wagner","article_publisher":"https:\/\/www.facebook.com\/romanwagner.optiker","article_modified_time":"2026-04-30T13:37:27+00:00","twitter_card":"summary_large_image","twitter_misc":{"Dur\u00e9e de lecture estim\u00e9e":"3 minutes"},"schema":{"@context":"https:\/\/schema.org","@graph":[{"@type":"WebPage","@id":"https:\/\/optik.roman-wagner.de\/fr\/declaration-daccessibilite\/","url":"https:\/\/optik.roman-wagner.de\/fr\/declaration-daccessibilite\/","name":"D\u00e9claration d\u2019accessibilit\u00e9 - Roman Wagner","isPartOf":{"@id":"https:\/\/optik.roman-wagner.de\/fr\/#website"},"datePublished":"2025-05-23T12:28:52+00:00","dateModified":"2026-04-30T13:37:27+00:00","breadcrumb":{"@id":"https:\/\/optik.roman-wagner.de\/fr\/declaration-daccessibilite\/#breadcrumb"},"inLanguage":"fr-FR","potentialAction":[{"@type":"ReadAction","target":["https:\/\/optik.roman-wagner.de\/fr\/declaration-daccessibilite\/"]}]},{"@type":"BreadcrumbList","@id":"https:\/\/optik.roman-wagner.de\/fr\/declaration-daccessibilite\/#breadcrumb","itemListElement":[{"@type":"ListItem","position":1,"name":"Startseite","item":"https:\/\/optik.roman-wagner.de\/fr\/centres-pour-une-bonne-vision\/"},{"@type":"ListItem","position":2,"name":"D\u00e9claration d\u2019accessibilit\u00e9"}]},{"@type":"WebSite","@id":"https:\/\/optik.roman-wagner.de\/fr\/#website","url":"https:\/\/optik.roman-wagner.de\/fr\/","name":"Der Augenoptiker Roman Wagner","description":"Zentren f\u00fcr gutes Sehen","publisher":{"@id":"https:\/\/optik.roman-wagner.de\/fr\/#organization"},"potentialAction":[{"@type":"SearchAction","target":{"@type":"EntryPoint","urlTemplate":"https:\/\/optik.roman-wagner.de\/fr\/?s={search_term_string}"},"query-input":{"@type":"PropertyValueSpecification","valueRequired":true,"valueName":"search_term_string"}}],"inLanguage":"fr-FR"},{"@type":"Organization","@id":"https:\/\/optik.roman-wagner.de\/fr\/#organization","name":"Der Augenoptiker Roman Wagner","url":"https:\/\/optik.roman-wagner.de\/fr\/","logo":{"@type":"ImageObject","inLanguage":"fr-FR","@id":"https:\/\/optik.roman-wagner.de\/fr\/#\/schema\/logo\/image\/","url":"https:\/\/optik.roman-wagner.de\/wp-content\/uploads\/2019\/11\/Logo-RW-quadrat.jpg","contentUrl":"https:\/\/optik.roman-wagner.de\/wp-content\/uploads\/2019\/11\/Logo-RW-quadrat.jpg","width":488,"height":479,"caption":"Der Augenoptiker Roman Wagner"},"image":{"@id":"https:\/\/optik.roman-wagner.de\/fr\/#\/schema\/logo\/image\/"},"sameAs":["https:\/\/www.facebook.com\/romanwagner.optiker","https:\/\/www.instagram.com\/romanwagner.optiker\/","https:\/\/www.youtube.com\/channel\/UCIHnCII9jl34mZG08gXgG6A"]}]}},"_links":{"self":[{"href":"https:\/\/optik.roman-wagner.de\/fr\/wp-json\/wp\/v2\/pages\/7864","targetHints":{"allow":["GET"]}}],"collection":[{"href":"https:\/\/optik.roman-wagner.de\/fr\/wp-json\/wp\/v2\/pages"}],"about":[{"href":"https:\/\/optik.roman-wagner.de\/fr\/wp-json\/wp\/v2\/types\/page"}],"author":[{"embeddable":true,"href":"https:\/\/optik.roman-wagner.de\/fr\/wp-json\/wp\/v2\/users\/1"}],"replies":[{"embeddable":true,"href":"https:\/\/optik.roman-wagner.de\/fr\/wp-json\/wp\/v2\/comments?post=7864"}],"version-history":[{"count":6,"href":"https:\/\/optik.roman-wagner.de\/fr\/wp-json\/wp\/v2\/pages\/7864\/revisions"}],"predecessor-version":[{"id":7875,"href":"https:\/\/optik.roman-wagner.de\/fr\/wp-json\/wp\/v2\/pages\/7864\/revisions\/7875"}],"wp:attachment":[{"href":"https:\/\/optik.roman-wagner.de\/fr\/wp-json\/wp\/v2\/media?parent=7864"}],"curies":[{"name":"wp","href":"https:\/\/api.w.org\/{rel}","templated":true}]}}