{"id":7678,"date":"2020-02-06T15:15:24","date_gmt":"2020-02-06T14:15:24","guid":{"rendered":"https:\/\/optik.roman-wagner.de\/examen-de-vue-pour-le-permis-de-conduire\/"},"modified":"2026-04-30T15:33:18","modified_gmt":"2026-04-30T13:33:18","slug":"examen-de-vue-pour-le-permis-de-conduire","status":"publish","type":"page","link":"https:\/\/optik.roman-wagner.de\/fr\/examen-de-vue-pour-le-permis-de-conduire\/","title":{"rendered":"Examen de vue pour le permis de conduire"},"content":{"rendered":"<p>[et_pb_section fb_built=\u00a0\u00bb1&Prime; _builder_version=\u00a0\u00bb4.25.1&Prime; custom_margin=\u00a0\u00bb130px||0px||false|false\u00a0\u00bb custom_margin_tablet=\u00a0\u00bb130px||0px||false|false\u00a0\u00bb custom_margin_phone=\u00a0\u00bb70px||||false|false\u00a0\u00bb custom_margin_last_edited=\u00a0\u00bbon|desktop\u00a0\u00bb custom_padding=\u00a0\u00bb0px||0px||false|false\u00a0\u00bb hover_enabled=\u00a0\u00bb0&Prime; da_disable_devices=\u00a0\u00bboff|off|off\u00a0\u00bb global_colors_info=\u00a0\u00bb{}\u00a0\u00bb sticky_enabled=\u00a0\u00bb0&Prime; da_is_popup=\u00a0\u00bboff\u00a0\u00bb da_exit_intent=\u00a0\u00bboff\u00a0\u00bb da_has_close=\u00a0\u00bbon\u00a0\u00bb da_alt_close=\u00a0\u00bboff\u00a0\u00bb da_dark_close=\u00a0\u00bboff\u00a0\u00bb da_not_modal=\u00a0\u00bbon\u00a0\u00bb da_is_singular=\u00a0\u00bboff\u00a0\u00bb da_with_loader=\u00a0\u00bboff\u00a0\u00bb da_has_shadow=\u00a0\u00bbon\u00a0\u00bb][et_pb_row _builder_version=\u00a0\u00bb4.25.1&Prime; width=\u00a0\u00bb100%\u00a0\u00bb max_width=\u00a0\u00bb2560px\u00a0\u00bb custom_margin=\u00a0\u00bb0px||0px||false|false\u00a0\u00bb custom_padding=\u00a0\u00bb0px||0px||false|false\u00a0\u00bb global_colors_info=\u00a0\u00bb{}\u00a0\u00bb][et_pb_column type=\u00a0\u00bb4_4&Prime; _builder_version=\u00a0\u00bb4.16&Prime; global_colors_info=\u00a0\u00bb{}\u00a0\u00bb][et_pb_image src=\u00a0\u00bbhttps:\/\/optik.roman-wagner.de\/wp-content\/uploads\/2020\/02\/fuehrerschein-1700.jpg\u00a0\u00bb title_text=\u00a0\u00bbpermis-de-conduire-1700&Prime; force_fullwidth=\u00a0\u00bbon\u00a0\u00bb _builder_version=\u00a0\u00bb4.25.1&Prime; _module_preset=\u00a0\u00bbdefault\u00a0\u00bb custom_margin=\u00a0\u00bb0px||0px||false|false\u00a0\u00bb custom_padding=\u00a0\u00bb0px||0px||false|false\u00a0\u00bb global_colors_info=\u00a0\u00bb{}\u00a0\u00bb][\/et_pb_image][\/et_pb_column][\/et_pb_row][et_pb_row _builder_version=\u00a0\u00bb4.16&Prime; custom_padding=\u00a0\u00bb||70px|||\u00a0\u00bb global_colors_info=\u00a0\u00bb{}\u00a0\u00bb][et_pb_column type=\u00a0\u00bb4_4&Prime; _builder_version=\u00a0\u00bb4.16&Prime; global_colors_info=\u00a0\u00bb{}\u00a0\u00bb][dsm_text_notation notation_text=\u00a0\u00bbTest de vue officiel pour le permis de conduire\u00a0\u00bb notation_color=\u00a0\u00bb#0084D7&Prime; notation_width=\u00a0\u00bb4&Prime; _builder_version=\u00a0\u00bb4.25.1&Prime; _module_preset=\u00a0\u00bbdefault\u00a0\u00bb header_font=\u00a0\u00bb|700|||||||\u00a0\u00bb header_text_color=\u00a0\u00bb#000000&Prime; notation_font=\u00a0\u00bb|700|||||||\u00a0\u00bb notation_text_color=\u00a0\u00bb#000000&Prime; text_orientation=\u00a0\u00bbleft\u00a0\u00bb width=\u00a0\u00bb100%\u00a0\u00bb custom_margin=\u00a0\u00bb||3px||false|false\u00a0\u00bb custom_padding=\u00a0\u00bb||||false|false\u00a0\u00bb header_font_size_tablet=\u00a0\u00bb\u00a0\u00bb header_font_size_phone=\u00a0\u00bb\u00a0\u00bb header_font_size_last_edited=\u00a0\u00bbon|desktop\u00a0\u00bb header_line_height_tablet=\u00a0\u00bb\u00a0\u00bb header_line_height_phone=\u00a0\u00bb1.3em\u00a0\u00bb header_line_height_last_edited=\u00a0\u00bbon|phone\u00a0\u00bb locked=\u00a0\u00bboff\u00a0\u00bb global_colors_info=\u00a0\u00bb{}\u00a0\u00bb][\/dsm_text_notation][et_pb_text _builder_version=\u00a0\u00bb4.25.1&Prime; custom_margin=\u00a0\u00bb||||false|false\u00a0\u00bb global_colors_info=\u00a0\u00bb{}\u00a0\u00bb]<\/p>\n<h2>avec attestation<\/h2>\n<p>Toute personne souhaitant obtenir un permis de conduire des cat\u00e9gories A, A1, A2, B, BE, AM, L ou T doit r\u00e9ussir un test de vue officiel (\u00a7 12 al. 2 de l\u2019ordonnance sur le permis de conduire). En tant que centre de test agr\u00e9\u00e9, nous pouvons vous d\u00e9livrer cette attestation. <\/p>\n<p>Une acuit\u00e9 visuelle suffisante est indispensable pour conduire un v\u00e9hicule sans se mettre en danger ni mettre en danger les autres usagers de la route.<\/p>\n<p>C\u2019est pourquoi le l\u00e9gislateur a fix\u00e9 une limite d\u2019acuit\u00e9 visuelle qui, en r\u00e8gle g\u00e9n\u00e9rale, ne doit pas \u00eatre d\u00e9pass\u00e9e vers le bas. Les candidats au permis de conduire r\u00e9ussissent le test de vue aupr\u00e8s du centre agr\u00e9\u00e9 avec une acuit\u00e9 visuelle diurne de 0,7 pour chaque \u0153il. <\/p>\n<p>Si le candidat ou la candidate a besoin de lunettes ou de lentilles de contact pour atteindre cette acuit\u00e9 visuelle, le port d\u2019une aide visuelle est mentionn\u00e9 sur le permis de conduire.<\/p>\n<p><strong>De quoi avons-nous besoin d\u2019autre ?<\/strong><br \/>D\u2019un passeport valide ou d\u2019une carte d\u2019identit\u00e9.<\/p>\n<p><strong>Combien co\u00fbte le test de vue pour le permis ?<\/strong><br \/>Les frais d\u2019examen s\u2019\u00e9l\u00e8vent \u00e0 7,50 euros.<\/p>\n<p><strong>Faut-il prendre rendez-vous ?<\/strong><br \/>Non, le test peut \u00eatre effectu\u00e9 \u00e0 tout moment et dure de 5 \u00e0 10 minutes.<\/p>\n<p>[\/et_pb_text][et_pb_button button_url=\u00a0\u00bbhttps:\/\/optik.roman-wagner.de\/online-termin\/\u00a0\u00bb button_text=\u00a0\u00bbPrendre rendez-vous en ligne d\u00e8s maintenant\u00a0\u00bb _builder_version=\u00a0\u00bb4.25.1&Prime; _module_preset=\u00a0\u00bbdefault\u00a0\u00bb custom_margin=\u00a0\u00bb||||false|false\u00a0\u00bb global_module=\u00a0\u00bb4463&Prime; global_colors_info=\u00a0\u00bb{}\u00a0\u00bb][\/et_pb_button][\/et_pb_column][\/et_pb_row][\/et_pb_section]<\/p>\n","protected":false},"excerpt":{"rendered":"<p><div class=\"et_pb_module dsm_text_notation dsm_text_notation_0  et_pb_text_align_left et_pb_bg_layout_light\">\n\t\t\t\t\n\t\t\t\t\n\t\t\t\t\n\t\t\t\t\n\t\t\t\t\n\t\t\t\t\n\t\t\t\t<div class=\"et_pb_module_inner\">\n\t\t\t\t\t<h1 class=\"dsm-text-notation-main et_pb_module_header\"><span data-notation=\"[{&quot;type&quot;:&quot;underline&quot;,&quot;color&quot;:&quot;#0084D7&quot;,&quot;stroke-width&quot;:&quot;4&quot;,&quot;iterations&quot;:&quot;2&quot;,&quot;brackets&quot;:&quot;left|right&quot;,&quot;viewport&quot;:&quot;80%&quot;,&quot;delay&quot;:&quot;0ms&quot;,&quot;divi-animate&quot;:&quot;none&quot;,&quot;divi-animate-duration&quot;:&quot;1000ms&quot;,&quot;divi-animate-delay&quot;:&quot;0ms&quot;}]\" class=\"dsm-text-notation-middle\">Test de vue officiel pour le permis de conduire<\/span><\/h1>\n\t\t\t\t<\/div>\n\t\t\t<\/div>avec attestation Toute personne souhaitant obtenir un permis de conduire des cat\u00e9gories A, A1, A2, B, BE, AM, L ou T doit r\u00e9ussir un test de vue officiel (\u00a7 12 al. 2 de l\u2019ordonnance sur le permis de conduire). En tant que centre de test agr\u00e9\u00e9, nous pouvons vous d\u00e9livrer cette attestation. Une acuit\u00e9 visuelle suffisante est indispensable pour conduire un v\u00e9hicule sans se mettre en danger ni mettre en danger les autres usagers de la route. C\u2019est pourquoi le l\u00e9gislateur a fix\u00e9 une limite d\u2019acuit\u00e9 visuelle qui, en r\u00e8gle g\u00e9n\u00e9rale, ne doit pas \u00eatre d\u00e9pass\u00e9e vers le bas. Les candidats au permis de conduire r\u00e9ussissent le test de vue aupr\u00e8s du centre agr\u00e9\u00e9 avec une acuit\u00e9 visuelle diurne de 0,7 pour chaque \u0153il. Si le candidat ou la candidate a besoin de lunettes ou de lentilles de contact pour atteindre cette acuit\u00e9 visuelle, le port d\u2019une aide visuelle est mentionn\u00e9 sur le permis de conduire. De quoi avons-nous besoin d\u2019autre ?D\u2019un passeport valide ou d\u2019une carte d\u2019identit\u00e9. Combien co\u00fbte le [&hellip;]<\/p>\n","protected":false},"author":1,"featured_media":0,"parent":0,"menu_order":0,"comment_status":"closed","ping_status":"closed","template":"","meta":{"_et_pb_use_builder":"on","_et_pb_old_content":"","_et_gb_content_width":"","iawp_total_views":0,"footnotes":""},"class_list":["post-7678","page","type-page","status-publish","hentry"],"yoast_head":"<!-- This site is optimized with the Yoast SEO plugin v27.4 - https:\/\/yoast.com\/product\/yoast-seo-wordpress\/ -->\n<title>Examen de vue pour le permis de conduire - Roman Wagner<\/title>\n<meta name=\"robots\" content=\"index, follow, max-snippet:-1, max-image-preview:large, max-video-preview:-1\" \/>\n<link rel=\"canonical\" href=\"https:\/\/optik.roman-wagner.de\/fr\/examen-de-vue-pour-le-permis-de-conduire\/\" \/>\n<meta property=\"og:locale\" content=\"fr_FR\" \/>\n<meta property=\"og:type\" content=\"article\" \/>\n<meta property=\"og:title\" content=\"Examen de vue pour le permis de conduire - Roman Wagner\" \/>\n<meta property=\"og:description\" content=\"avec attestation Toute personne souhaitant obtenir un permis de conduire des cat\u00e9gories A, A1, A2, B, BE, AM, L ou T doit r\u00e9ussir un test de vue officiel (\u00a7 12 al. 2 de l\u2019ordonnance sur le permis de conduire). En tant que centre de test agr\u00e9\u00e9, nous pouvons vous d\u00e9livrer cette attestation. Une acuit\u00e9 visuelle suffisante est indispensable pour conduire un v\u00e9hicule sans se mettre en danger ni mettre en danger les autres usagers de la route. C\u2019est pourquoi le l\u00e9gislateur a fix\u00e9 une limite d\u2019acuit\u00e9 visuelle qui, en r\u00e8gle g\u00e9n\u00e9rale, ne doit pas \u00eatre d\u00e9pass\u00e9e vers le bas. Les candidats au permis de conduire r\u00e9ussissent le test de vue aupr\u00e8s du centre agr\u00e9\u00e9 avec une acuit\u00e9 visuelle diurne de 0,7 pour chaque \u0153il. Si le candidat ou la candidate a besoin de lunettes ou de lentilles de contact pour atteindre cette acuit\u00e9 visuelle, le port d\u2019une aide visuelle est mentionn\u00e9 sur le permis de conduire. De quoi avons-nous besoin d\u2019autre ?D\u2019un passeport valide ou d\u2019une carte d\u2019identit\u00e9. Combien co\u00fbte le [&hellip;]\" \/>\n<meta property=\"og:url\" content=\"https:\/\/optik.roman-wagner.de\/fr\/examen-de-vue-pour-le-permis-de-conduire\/\" \/>\n<meta property=\"og:site_name\" content=\"Roman Wagner\" \/>\n<meta property=\"article:publisher\" content=\"https:\/\/www.facebook.com\/romanwagner.optiker\" \/>\n<meta property=\"article:modified_time\" content=\"2026-04-30T13:33:18+00:00\" \/>\n<meta name=\"twitter:card\" content=\"summary_large_image\" \/>\n<meta name=\"twitter:label1\" content=\"Dur\u00e9e de lecture estim\u00e9e\" \/>\n\t<meta name=\"twitter:data1\" content=\"3 minutes\" \/>\n<script type=\"application\/ld+json\" class=\"yoast-schema-graph\">{\"@context\":\"https:\\\/\\\/schema.org\",\"@graph\":[{\"@type\":\"WebPage\",\"@id\":\"https:\\\/\\\/optik.roman-wagner.de\\\/fr\\\/examen-de-vue-pour-le-permis-de-conduire\\\/\",\"url\":\"https:\\\/\\\/optik.roman-wagner.de\\\/fr\\\/examen-de-vue-pour-le-permis-de-conduire\\\/\",\"name\":\"Examen de vue pour le permis de conduire - Roman Wagner\",\"isPartOf\":{\"@id\":\"https:\\\/\\\/optik.roman-wagner.de\\\/fr\\\/#website\"},\"datePublished\":\"2020-02-06T14:15:24+00:00\",\"dateModified\":\"2026-04-30T13:33:18+00:00\",\"breadcrumb\":{\"@id\":\"https:\\\/\\\/optik.roman-wagner.de\\\/fr\\\/examen-de-vue-pour-le-permis-de-conduire\\\/#breadcrumb\"},\"inLanguage\":\"fr-FR\",\"potentialAction\":[{\"@type\":\"ReadAction\",\"target\":[\"https:\\\/\\\/optik.roman-wagner.de\\\/fr\\\/examen-de-vue-pour-le-permis-de-conduire\\\/\"]}]},{\"@type\":\"BreadcrumbList\",\"@id\":\"https:\\\/\\\/optik.roman-wagner.de\\\/fr\\\/examen-de-vue-pour-le-permis-de-conduire\\\/#breadcrumb\",\"itemListElement\":[{\"@type\":\"ListItem\",\"position\":1,\"name\":\"Startseite\",\"item\":\"https:\\\/\\\/optik.roman-wagner.de\\\/fr\\\/centres-pour-une-bonne-vision\\\/\"},{\"@type\":\"ListItem\",\"position\":2,\"name\":\"Examen de vue pour le permis de conduire\"}]},{\"@type\":\"WebSite\",\"@id\":\"https:\\\/\\\/optik.roman-wagner.de\\\/fr\\\/#website\",\"url\":\"https:\\\/\\\/optik.roman-wagner.de\\\/fr\\\/\",\"name\":\"Der Augenoptiker Roman Wagner\",\"description\":\"Zentren f\u00fcr gutes Sehen\",\"publisher\":{\"@id\":\"https:\\\/\\\/optik.roman-wagner.de\\\/fr\\\/#organization\"},\"potentialAction\":[{\"@type\":\"SearchAction\",\"target\":{\"@type\":\"EntryPoint\",\"urlTemplate\":\"https:\\\/\\\/optik.roman-wagner.de\\\/fr\\\/?s={search_term_string}\"},\"query-input\":{\"@type\":\"PropertyValueSpecification\",\"valueRequired\":true,\"valueName\":\"search_term_string\"}}],\"inLanguage\":\"fr-FR\"},{\"@type\":\"Organization\",\"@id\":\"https:\\\/\\\/optik.roman-wagner.de\\\/fr\\\/#organization\",\"name\":\"Der Augenoptiker Roman Wagner\",\"url\":\"https:\\\/\\\/optik.roman-wagner.de\\\/fr\\\/\",\"logo\":{\"@type\":\"ImageObject\",\"inLanguage\":\"fr-FR\",\"@id\":\"https:\\\/\\\/optik.roman-wagner.de\\\/fr\\\/#\\\/schema\\\/logo\\\/image\\\/\",\"url\":\"https:\\\/\\\/optik.roman-wagner.de\\\/wp-content\\\/uploads\\\/2019\\\/11\\\/Logo-RW-quadrat.jpg\",\"contentUrl\":\"https:\\\/\\\/optik.roman-wagner.de\\\/wp-content\\\/uploads\\\/2019\\\/11\\\/Logo-RW-quadrat.jpg\",\"width\":488,\"height\":479,\"caption\":\"Der Augenoptiker Roman Wagner\"},\"image\":{\"@id\":\"https:\\\/\\\/optik.roman-wagner.de\\\/fr\\\/#\\\/schema\\\/logo\\\/image\\\/\"},\"sameAs\":[\"https:\\\/\\\/www.facebook.com\\\/romanwagner.optiker\",\"https:\\\/\\\/www.instagram.com\\\/romanwagner.optiker\\\/\",\"https:\\\/\\\/www.youtube.com\\\/channel\\\/UCIHnCII9jl34mZG08gXgG6A\"]}]}<\/script>\n<!-- \/ Yoast SEO plugin. -->","yoast_head_json":{"title":"Examen de vue pour le permis de conduire - Roman Wagner","robots":{"index":"index","follow":"follow","max-snippet":"max-snippet:-1","max-image-preview":"max-image-preview:large","max-video-preview":"max-video-preview:-1"},"canonical":"https:\/\/optik.roman-wagner.de\/fr\/examen-de-vue-pour-le-permis-de-conduire\/","og_locale":"fr_FR","og_type":"article","og_title":"Examen de vue pour le permis de conduire - Roman Wagner","og_description":"avec attestation Toute personne souhaitant obtenir un permis de conduire des cat\u00e9gories A, A1, A2, B, BE, AM, L ou T doit r\u00e9ussir un test de vue officiel (\u00a7 12 al. 2 de l\u2019ordonnance sur le permis de conduire). En tant que centre de test agr\u00e9\u00e9, nous pouvons vous d\u00e9livrer cette attestation. Une acuit\u00e9 visuelle suffisante est indispensable pour conduire un v\u00e9hicule sans se mettre en danger ni mettre en danger les autres usagers de la route. C\u2019est pourquoi le l\u00e9gislateur a fix\u00e9 une limite d\u2019acuit\u00e9 visuelle qui, en r\u00e8gle g\u00e9n\u00e9rale, ne doit pas \u00eatre d\u00e9pass\u00e9e vers le bas. Les candidats au permis de conduire r\u00e9ussissent le test de vue aupr\u00e8s du centre agr\u00e9\u00e9 avec une acuit\u00e9 visuelle diurne de 0,7 pour chaque \u0153il. Si le candidat ou la candidate a besoin de lunettes ou de lentilles de contact pour atteindre cette acuit\u00e9 visuelle, le port d\u2019une aide visuelle est mentionn\u00e9 sur le permis de conduire. De quoi avons-nous besoin d\u2019autre ?D\u2019un passeport valide ou d\u2019une carte d\u2019identit\u00e9. Combien co\u00fbte le [&hellip;]","og_url":"https:\/\/optik.roman-wagner.de\/fr\/examen-de-vue-pour-le-permis-de-conduire\/","og_site_name":"Roman Wagner","article_publisher":"https:\/\/www.facebook.com\/romanwagner.optiker","article_modified_time":"2026-04-30T13:33:18+00:00","twitter_card":"summary_large_image","twitter_misc":{"Dur\u00e9e de lecture estim\u00e9e":"3 minutes"},"schema":{"@context":"https:\/\/schema.org","@graph":[{"@type":"WebPage","@id":"https:\/\/optik.roman-wagner.de\/fr\/examen-de-vue-pour-le-permis-de-conduire\/","url":"https:\/\/optik.roman-wagner.de\/fr\/examen-de-vue-pour-le-permis-de-conduire\/","name":"Examen de vue pour le permis de conduire - Roman Wagner","isPartOf":{"@id":"https:\/\/optik.roman-wagner.de\/fr\/#website"},"datePublished":"2020-02-06T14:15:24+00:00","dateModified":"2026-04-30T13:33:18+00:00","breadcrumb":{"@id":"https:\/\/optik.roman-wagner.de\/fr\/examen-de-vue-pour-le-permis-de-conduire\/#breadcrumb"},"inLanguage":"fr-FR","potentialAction":[{"@type":"ReadAction","target":["https:\/\/optik.roman-wagner.de\/fr\/examen-de-vue-pour-le-permis-de-conduire\/"]}]},{"@type":"BreadcrumbList","@id":"https:\/\/optik.roman-wagner.de\/fr\/examen-de-vue-pour-le-permis-de-conduire\/#breadcrumb","itemListElement":[{"@type":"ListItem","position":1,"name":"Startseite","item":"https:\/\/optik.roman-wagner.de\/fr\/centres-pour-une-bonne-vision\/"},{"@type":"ListItem","position":2,"name":"Examen de vue pour le permis de conduire"}]},{"@type":"WebSite","@id":"https:\/\/optik.roman-wagner.de\/fr\/#website","url":"https:\/\/optik.roman-wagner.de\/fr\/","name":"Der Augenoptiker Roman Wagner","description":"Zentren f\u00fcr gutes Sehen","publisher":{"@id":"https:\/\/optik.roman-wagner.de\/fr\/#organization"},"potentialAction":[{"@type":"SearchAction","target":{"@type":"EntryPoint","urlTemplate":"https:\/\/optik.roman-wagner.de\/fr\/?s={search_term_string}"},"query-input":{"@type":"PropertyValueSpecification","valueRequired":true,"valueName":"search_term_string"}}],"inLanguage":"fr-FR"},{"@type":"Organization","@id":"https:\/\/optik.roman-wagner.de\/fr\/#organization","name":"Der Augenoptiker Roman Wagner","url":"https:\/\/optik.roman-wagner.de\/fr\/","logo":{"@type":"ImageObject","inLanguage":"fr-FR","@id":"https:\/\/optik.roman-wagner.de\/fr\/#\/schema\/logo\/image\/","url":"https:\/\/optik.roman-wagner.de\/wp-content\/uploads\/2019\/11\/Logo-RW-quadrat.jpg","contentUrl":"https:\/\/optik.roman-wagner.de\/wp-content\/uploads\/2019\/11\/Logo-RW-quadrat.jpg","width":488,"height":479,"caption":"Der Augenoptiker Roman Wagner"},"image":{"@id":"https:\/\/optik.roman-wagner.de\/fr\/#\/schema\/logo\/image\/"},"sameAs":["https:\/\/www.facebook.com\/romanwagner.optiker","https:\/\/www.instagram.com\/romanwagner.optiker\/","https:\/\/www.youtube.com\/channel\/UCIHnCII9jl34mZG08gXgG6A"]}]}},"_links":{"self":[{"href":"https:\/\/optik.roman-wagner.de\/fr\/wp-json\/wp\/v2\/pages\/7678","targetHints":{"allow":["GET"]}}],"collection":[{"href":"https:\/\/optik.roman-wagner.de\/fr\/wp-json\/wp\/v2\/pages"}],"about":[{"href":"https:\/\/optik.roman-wagner.de\/fr\/wp-json\/wp\/v2\/types\/page"}],"author":[{"embeddable":true,"href":"https:\/\/optik.roman-wagner.de\/fr\/wp-json\/wp\/v2\/users\/1"}],"replies":[{"embeddable":true,"href":"https:\/\/optik.roman-wagner.de\/fr\/wp-json\/wp\/v2\/comments?post=7678"}],"version-history":[{"count":1,"href":"https:\/\/optik.roman-wagner.de\/fr\/wp-json\/wp\/v2\/pages\/7678\/revisions"}],"predecessor-version":[{"id":7681,"href":"https:\/\/optik.roman-wagner.de\/fr\/wp-json\/wp\/v2\/pages\/7678\/revisions\/7681"}],"wp:attachment":[{"href":"https:\/\/optik.roman-wagner.de\/fr\/wp-json\/wp\/v2\/media?parent=7678"}],"curies":[{"name":"wp","href":"https:\/\/api.w.org\/{rel}","templated":true}]}}