{"id":7671,"date":"2020-01-16T15:29:44","date_gmt":"2020-01-16T14:29:44","guid":{"rendered":"https:\/\/optik.roman-wagner.de\/test-de-vision-des-couleurs\/"},"modified":"2026-04-30T15:33:18","modified_gmt":"2026-04-30T13:33:18","slug":"test-de-vision-des-couleurs","status":"publish","type":"page","link":"https:\/\/optik.roman-wagner.de\/fr\/test-de-vision-des-couleurs\/","title":{"rendered":"Test de vision des couleurs"},"content":{"rendered":"<p>[et_pb_section fb_built=\u00a0\u00bb1&Prime; _builder_version=\u00a0\u00bb4.25.1&Prime; custom_margin=\u00a0\u00bb130px||0px||false|false\u00a0\u00bb custom_margin_tablet=\u00a0\u00bb130px||0px||false|false\u00a0\u00bb custom_margin_phone=\u00a0\u00bb70px||||false|false\u00a0\u00bb custom_margin_last_edited=\u00a0\u00bbon|desktop\u00a0\u00bb custom_padding=\u00a0\u00bb0px||0px||false|false\u00a0\u00bb da_disable_devices=\u00a0\u00bboff|off|off\u00a0\u00bb global_colors_info=\u00a0\u00bb{}\u00a0\u00bb da_is_popup=\u00a0\u00bboff\u00a0\u00bb da_exit_intent=\u00a0\u00bboff\u00a0\u00bb da_has_close=\u00a0\u00bbon\u00a0\u00bb da_alt_close=\u00a0\u00bboff\u00a0\u00bb da_dark_close=\u00a0\u00bboff\u00a0\u00bb da_not_modal=\u00a0\u00bbon\u00a0\u00bb da_is_singular=\u00a0\u00bboff\u00a0\u00bb da_with_loader=\u00a0\u00bboff\u00a0\u00bb da_has_shadow=\u00a0\u00bbon\u00a0\u00bb][et_pb_row _builder_version=\u00a0\u00bb4.25.1&Prime; width=\u00a0\u00bb100%\u00a0\u00bb max_width=\u00a0\u00bb2560px\u00a0\u00bb custom_margin=\u00a0\u00bb0px||0px||false|false\u00a0\u00bb custom_padding=\u00a0\u00bb0px||0px||false|false\u00a0\u00bb global_colors_info=\u00a0\u00bb{}\u00a0\u00bb][et_pb_column type=\u00a0\u00bb4_4&Prime; _builder_version=\u00a0\u00bb4.16&Prime; global_colors_info=\u00a0\u00bb{}\u00a0\u00bb][et_pb_image src=\u00a0\u00bbhttps:\/\/optik.roman-wagner.de\/wp-content\/uploads\/2020\/01\/Farbseh-shutterstock_175728.jpg\u00a0\u00bb title_text=\u00a0\u00bbFarbseh-shutterstock_175728&Prime; force_fullwidth=\u00a0\u00bbon\u00a0\u00bb _builder_version=\u00a0\u00bb4.25.1&Prime; _module_preset=\u00a0\u00bbdefault\u00a0\u00bb max_height=\u00a0\u00bb977px\u00a0\u00bb global_colors_info=\u00a0\u00bb{}\u00a0\u00bb][\/et_pb_image][\/et_pb_column][\/et_pb_row][et_pb_row _builder_version=\u00a0\u00bb4.25.1&Prime; _module_preset=\u00a0\u00bbdefault\u00a0\u00bb custom_padding=\u00a0\u00bb||6px|||\u00a0\u00bb global_colors_info=\u00a0\u00bb{}\u00a0\u00bb][et_pb_column type=\u00a0\u00bb4_4&Prime; _builder_version=\u00a0\u00bb4.25.1&Prime; _module_preset=\u00a0\u00bbdefault\u00a0\u00bb global_colors_info=\u00a0\u00bb{}\u00a0\u00bb][dsm_text_notation notation_text=\u00a0\u00bbTest de vision des couleurs\u00a0\u00bb notation_color=\u00a0\u00bb#0084D7&Prime; notation_width=\u00a0\u00bb4&Prime; _builder_version=\u00a0\u00bb4.25.1&Prime; _module_preset=\u00a0\u00bbdefault\u00a0\u00bb header_font=\u00a0\u00bb|700|||||||\u00a0\u00bb header_text_color=\u00a0\u00bb#000000&Prime; notation_font=\u00a0\u00bb|700|||||||\u00a0\u00bb notation_text_color=\u00a0\u00bb#000000&Prime; text_orientation=\u00a0\u00bbleft\u00a0\u00bb width=\u00a0\u00bb100%\u00a0\u00bb custom_margin=\u00a0\u00bb||3px||false|false\u00a0\u00bb custom_padding=\u00a0\u00bb||||false|false\u00a0\u00bb header_font_size_tablet=\u00a0\u00bb\u00a0\u00bb header_font_size_phone=\u00a0\u00bb\u00a0\u00bb header_font_size_last_edited=\u00a0\u00bbon|desktop\u00a0\u00bb header_line_height_tablet=\u00a0\u00bb\u00a0\u00bb header_line_height_phone=\u00a0\u00bb1.3em\u00a0\u00bb header_line_height_last_edited=\u00a0\u00bbon|phone\u00a0\u00bb locked=\u00a0\u00bboff\u00a0\u00bb global_colors_info=\u00a0\u00bb{}\u00a0\u00bb][\/dsm_text_notation][et_pb_text _builder_version=\u00a0\u00bb4.25.1&Prime; _module_preset=\u00a0\u00bbdefault\u00a0\u00bb custom_padding=\u00a0\u00bb||0px|||\u00a0\u00bb global_colors_info=\u00a0\u00bb{}\u00a0\u00bb]<\/p>\n<h2>Souffrez-vous d\u2019une d\u00e9ficience de la vision des couleurs ?<\/h2>\n<p>[\/et_pb_text][\/et_pb_column][\/et_pb_row][et_pb_row column_structure=\u00a0\u00bb1_2,1_2&Prime; _builder_version=\u00a0\u00bb4.16&Prime; custom_padding=\u00a0\u00bb3px||5px|||\u00a0\u00bb global_colors_info=\u00a0\u00bb{}\u00a0\u00bb][et_pb_column type=\u00a0\u00bb1_2&Prime; _builder_version=\u00a0\u00bb4.16&Prime; global_colors_info=\u00a0\u00bb{}\u00a0\u00bb][et_pb_text _builder_version=\u00a0\u00bb4.25.1&Prime; custom_margin=\u00a0\u00bb||30px||false|false\u00a0\u00bb global_colors_info=\u00a0\u00bb{}\u00a0\u00bb]<\/p>\n<p>Les couleurs rev\u00eatent une importance essentielle dans la vie quotidienne. Elles ne rendent pas seulement le monde plus color\u00e9, mais permettent \u00e9galement une orientation plus rapide et plus efficace, par exemple dans la circulation routi\u00e8re. Si la perception des couleurs est alt\u00e9r\u00e9e, certaines teintes ne peuvent plus \u00eatre per\u00e7ues ou distingu\u00e9es clairement. Il convient de souligner la dyschromatopsie rouge-vert, une anomalie g\u00e9n\u00e9tique de la vision des couleurs qui touche principalement les hommes.   <\/p>\n<p>Si vous pensez avoir vous-m\u00eame des difficult\u00e9s \u00e0 percevoir les couleurs, rendez-vous directement chez Roman Wagner pour un conseil personnalis\u00e9. Faites v\u00e9rifier votre perception des couleurs par nos collaborateurs comp\u00e9tents. <\/p>\n<p>[\/et_pb_text][et_pb_cta title=\u00a0\u00bbTest de vision des couleurs en ligne\u00a0\u00bb button_url=\u00a0\u00bbhttps:\/\/enchroma.com\/pages\/color-blindness-test\u00a0\u00bb button_text=\u00a0\u00bbCommencer ici\u00a0\u00bb _builder_version=\u00a0\u00bb4.27.4&Prime; header_text_align=\u00a0\u00bbleft\u00a0\u00bb header_text_color=\u00a0\u00bb#000000&Prime; body_text_color=\u00a0\u00bb#686868&Prime; background_color=\u00a0\u00bb#ffffff\u00a0\u00bb button_alignment=\u00a0\u00bbleft\u00a0\u00bb custom_margin=\u00a0\u00bb0px|0px|1px|0px|false|false\u00a0\u00bb custom_padding=\u00a0\u00bb0px|0px||0px|false|false\u00a0\u00bb hover_enabled=\u00a0\u00bb0&Prime; global_colors_info=\u00a0\u00bb{}\u00a0\u00bb sticky_enabled=\u00a0\u00bb0&Prime;]<\/p>\n<p style=\"text-align: left;\">Les tests de vision des couleurs indiquent rapidement et de mani\u00e8re fiable s\u2019il existe une d\u00e9ficience rouge-vert dans chaque cas individuel. Pour des yeux sains, les chiffres et les lettres sont identifiables sans effort, tandis que le d\u00e9chiffrage pose probl\u00e8me en cas de trouble de la perception des couleurs. <\/p>\n<p>[\/et_pb_cta][\/et_pb_column][et_pb_column type=\u00a0\u00bb1_2&Prime; _builder_version=\u00a0\u00bb4.16&Prime; global_colors_info=\u00a0\u00bb{}\u00a0\u00bb][et_pb_image src=\u00a0\u00bbhttps:\/\/optik.roman-wagner.de\/wp-content\/uploads\/2020\/01\/are_you_colour_blind-287&#215;400-1.jpg\u00a0\u00bb url=\u00a0\u00bbhttps:\/\/enchroma.com\/pages\/color-blindness-test\u00a0\u00bb url_new_window=\u00a0\u00bbon\u00a0\u00bb align=\u00a0\u00bbcenter\u00a0\u00bb _builder_version=\u00a0\u00bb4.25.1&Prime; global_colors_info=\u00a0\u00bb{}\u00a0\u00bb][\/et_pb_image][et_pb_text _builder_version=\u00a0\u00bb4.27.4&Prime; custom_padding=\u00a0\u00bb||22px|||\u00a0\u00bb hover_enabled=\u00a0\u00bb0&Prime; global_colors_info=\u00a0\u00bb{}\u00a0\u00bb sticky_enabled=\u00a0\u00bb0&Prime;]<\/p>\n<p style=\"text-align: center;\">Vous trouverez d\u2019autres tests de vision des couleurs <strong><a href=\"https:\/\/www.de.colorlitelens.com\/farbenblindheit-test.html\" target=\"_blank\" rel=\"noopener\" title=\"Acc\u00e9der au test de daltonisme\">ici \u2197\ufe0e<\/a>.<\/strong><\/p>\n<p>[\/et_pb_text][\/et_pb_column][\/et_pb_row][\/et_pb_section][et_pb_section fb_built=\u00a0\u00bb1&Prime; _builder_version=\u00a0\u00bb4.16&Prime; custom_padding=\u00a0\u00bb3px||10px|||\u00a0\u00bb da_disable_devices=\u00a0\u00bboff|off|off\u00a0\u00bb global_colors_info=\u00a0\u00bb{}\u00a0\u00bb da_is_popup=\u00a0\u00bboff\u00a0\u00bb da_exit_intent=\u00a0\u00bboff\u00a0\u00bb da_has_close=\u00a0\u00bbon\u00a0\u00bb da_alt_close=\u00a0\u00bboff\u00a0\u00bb da_dark_close=\u00a0\u00bboff\u00a0\u00bb da_not_modal=\u00a0\u00bbon\u00a0\u00bb da_is_singular=\u00a0\u00bboff\u00a0\u00bb da_with_loader=\u00a0\u00bboff\u00a0\u00bb da_has_shadow=\u00a0\u00bbon\u00a0\u00bb][et_pb_row column_structure=\u00a0\u00bb1_2,1_2&Prime; make_equal=\u00a0\u00bbon\u00a0\u00bb _builder_version=\u00a0\u00bb4.25.1&Prime; background_color=\u00a0\u00bbrgba(214,214,214,0.38)\u00a0\u00bb custom_margin=\u00a0\u00bb14px|auto||auto|false|false\u00a0\u00bb custom_padding=\u00a0\u00bb0px||0px||false|false\u00a0\u00bb border_radii=\u00a0\u00bbon|10px|10px|10px|10px\u00a0\u00bb global_colors_info=\u00a0\u00bb{}\u00a0\u00bb][et_pb_column type=\u00a0\u00bb1_2&Prime; _builder_version=\u00a0\u00bb4.16&Prime; global_colors_info=\u00a0\u00bb{}\u00a0\u00bb][et_pb_cta title=\u00a0\u00bbNotre recommandation en cas de d\u00e9ficience de la vision des couleurs \u00a0\u00bb button_url=\u00a0\u00bbhttps:\/\/www.yumpu.com\/de\/document\/read\/62906969\/hochwertige-brillen\u00a0\u00bb _builder_version=\u00a0\u00bb4.25.1&Prime; header_text_align=\u00a0\u00bbleft\u00a0\u00bb header_text_color=\u00a0\u00bb#000000&Prime; body_text_color=\u00a0\u00bb#686868&Prime; background_color=\u00a0\u00bbrgba(214,214,214,0)\u00a0\u00bb custom_button=\u00a0\u00bbon\u00a0\u00bb button_text_color=\u00a0\u00bb#0084d7&Prime; button_alignment=\u00a0\u00bbright\u00a0\u00bb text_orientation=\u00a0\u00bbleft\u00a0\u00bb custom_padding=\u00a0\u00bb20px|20px|20px|20px|false|false\u00a0\u00bb global_colors_info=\u00a0\u00bb{}\u00a0\u00bb]<\/p>\n<div class=\"wpb_column vc_column_container vc_col-sm-6\">\n<div class=\"vc_column-inner\">\n<div class=\"wpb_wrapper\">\n<div class=\"wpb_text_column wpb_content_element wpb_animate_when_almost_visible wpb_fadeIn fadeIn wpb_start_animation animated\">\n<div class=\"wpb_wrapper\" style=\"text-align: left;\">\n<div class=\"wpb_wrapper\" style=\"text-align: left;\"><\/div>\n<div class=\"wpb_wrapper\" style=\"text-align: left;\"><img loading=\"lazy\" decoding=\"async\" src=\"https:\/\/optik.roman-wagner.de\/wp-content\/uploads\/2020\/01\/EnChroma-Logo-Preferred-Color-RGB_280x@2x-300x146.jpg\" alt=\"\" class=\"wp-image-311 alignleft size-medium\" width=\"175\" height=\"85\"><\/div>\n<\/div>\n<div class=\"wpb_wrapper\" style=\"text-align: left;\">Verres de lunettes ENCHROMA : l\u2019entreprise am\u00e9ricaine innovante Enchroma a mis au point des verres de lunettes d\u2019un nouveau genre gr\u00e2ce \u00e0 une technologie sp\u00e9ciale (filtre Multi-Notch).<\/div>\n<div class=\"wpb_wrapper\" style=\"text-align: left;\"><\/div>\n<div class=\"wpb_wrapper\" style=\"text-align: left;\">Les personnes souffrant de daltonisme ou de d\u00e9ficiences de la vision des couleurs b\u00e9n\u00e9ficient d\u2019un rendu des couleurs plus normal.<\/div>\n<\/div>\n<\/div>\n<\/div>\n<\/div>\n<p>[\/et_pb_cta][\/et_pb_column][et_pb_column type=\u00a0\u00bb1_2&Prime; _builder_version=\u00a0\u00bb4.16&Prime; global_colors_info=\u00a0\u00bb{}\u00a0\u00bb][et_pb_image src=\u00a0\u00bbhttps:\/\/optik.roman-wagner.de\/wp-content\/uploads\/2020\/01\/ellis-enchroma-logo-klein.jpg\u00a0\u00bb url=\u00a0\u00bb\/wp-content\/uploads\/2020\/01\/sehtest.pdf\u00a0\u00bb align=\u00a0\u00bbcenter\u00a0\u00bb force_fullwidth=\u00a0\u00bbon\u00a0\u00bb _builder_version=\u00a0\u00bb4.25.1&Prime; custom_margin=\u00a0\u00bb||||false|false\u00a0\u00bb custom_padding=\u00a0\u00bb0px|0px|0px|0px|false|false\u00a0\u00bb global_colors_info=\u00a0\u00bb{}\u00a0\u00bb][\/et_pb_image][\/et_pb_column][\/et_pb_row][et_pb_row column_structure=\u00a0\u00bb1_2,1_2&Prime; make_equal=\u00a0\u00bbon\u00a0\u00bb _builder_version=\u00a0\u00bb4.25.1&Prime; background_color=\u00a0\u00bbrgba(214,214,214,0.38)\u00a0\u00bb custom_margin=\u00a0\u00bb50px||||false|false\u00a0\u00bb custom_padding=\u00a0\u00bb0px||0px||false|false\u00a0\u00bb border_radii=\u00a0\u00bbon|10px|10px|10px|10px\u00a0\u00bb global_colors_info=\u00a0\u00bb{}\u00a0\u00bb][et_pb_column type=\u00a0\u00bb1_2&Prime; _builder_version=\u00a0\u00bb4.16&Prime; global_colors_info=\u00a0\u00bb{}\u00a0\u00bb][et_pb_cta title=\u00a0\u00bbVotre enfant souffre-t-il d\u2019une d\u00e9ficience de la vision des couleurs ?\u00a0\u00bb button_url=\u00a0\u00bbhttps:\/\/www.yumpu.com\/de\/document\/read\/62906969\/hochwertige-brillen\u00a0\u00bb _builder_version=\u00a0\u00bb4.25.1&Prime; header_text_align=\u00a0\u00bbleft\u00a0\u00bb header_text_color=\u00a0\u00bb#000000&Prime; body_text_color=\u00a0\u00bb#686868&Prime; background_color=\u00a0\u00bbrgba(214,214,214,0)\u00a0\u00bb custom_button=\u00a0\u00bbon\u00a0\u00bb button_text_color=\u00a0\u00bb#0084d7&Prime; button_alignment=\u00a0\u00bbright\u00a0\u00bb text_orientation=\u00a0\u00bbleft\u00a0\u00bb custom_padding=\u00a0\u00bb20px|20px|20px|20px|false|false\u00a0\u00bb global_colors_info=\u00a0\u00bb{}\u00a0\u00bb]<\/p>\n<div class=\"wpb_column vc_column_container vc_col-sm-6\">Bien entendu, les enfants daltoniens sont \u00e9galement \u00e0 la bonne adresse chez nous. Il est tr\u00e8s important que les enfants puissent percevoir les couleurs telles qu\u2019elles sont et telles que leurs camarades du m\u00eame \u00e2ge les voient. <\/div>\n<div class=\"wpb_column vc_column_container vc_col-sm-6\"><\/div>\n<div class=\"wpb_column vc_column_container vc_col-sm-6\">Doutez-vous de la bonne perception des couleurs par votre enfant ?<\/div>\n<div class=\"wpb_column vc_column_container vc_col-sm-6\"><\/div>\n<div class=\"wpb_column vc_column_container vc_col-sm-6\">Faites alors le test en ligne avec lui et vous saurez \u00e0 quoi vous en tenir. Roman Wagner aide les plus petits \u00e0 voir toutes les belles choses qui sont visibles autour d\u2019eux ! <\/div>\n<p>[\/et_pb_cta][\/et_pb_column][et_pb_column type=\u00a0\u00bb1_2&Prime; _builder_version=\u00a0\u00bb4.16&Prime; global_colors_info=\u00a0\u00bb{}\u00a0\u00bb][et_pb_image src=\u00a0\u00bbhttps:\/\/optik.roman-wagner.de\/wp-content\/uploads\/2019\/11\/kids-twain-enchroma-800-800-300&#215;300.jpg\u00a0\u00bb url=\u00a0\u00bb\/wp-content\/uploads\/2020\/01\/sehtest.pdf\u00a0\u00bb align=\u00a0\u00bbcenter\u00a0\u00bb force_fullwidth=\u00a0\u00bbon\u00a0\u00bb _builder_version=\u00a0\u00bb4.25.1&Prime; custom_padding=\u00a0\u00bb||||false|false\u00a0\u00bb global_colors_info=\u00a0\u00bb{}\u00a0\u00bb][\/et_pb_image][\/et_pb_column][\/et_pb_row][et_pb_row column_structure=\u00a0\u00bb1_2,1_2&Prime; make_equal=\u00a0\u00bbon\u00a0\u00bb _builder_version=\u00a0\u00bb4.25.1&Prime; background_color=\u00a0\u00bbrgba(214,214,214,0.38)\u00a0\u00bb custom_margin=\u00a0\u00bb50px||||false|false\u00a0\u00bb custom_padding=\u00a0\u00bb25px||25px||false|false\u00a0\u00bb global_colors_info=\u00a0\u00bb{}\u00a0\u00bb][et_pb_column type=\u00a0\u00bb1_2&Prime; _builder_version=\u00a0\u00bb4.16&Prime; global_colors_info=\u00a0\u00bb{}\u00a0\u00bb][et_pb_cta title=\u00a0\u00bbD\u00e9couvrez les couleurs comme jamais auparavant !\u00a0\u00bb button_url=\u00a0\u00bbhttps:\/\/www.yumpu.com\/de\/document\/read\/62794537\/gleitsichtbrillen-prospekt-2019&Prime; _builder_version=\u00a0\u00bb4.25.1&Prime; header_text_align=\u00a0\u00bbleft\u00a0\u00bb header_text_color=\u00a0\u00bb#000000&Prime; body_text_color=\u00a0\u00bb#686868&Prime; background_color=\u00a0\u00bbrgba(255,255,255,0)\u00a0\u00bb custom_button=\u00a0\u00bbon\u00a0\u00bb button_text_color=\u00a0\u00bb#0084d7&Prime; button_alignment=\u00a0\u00bbleft\u00a0\u00bb custom_margin=\u00a0\u00bb||||false|false\u00a0\u00bb custom_padding=\u00a0\u00bb0px|20px|20px|20px|false|false\u00a0\u00bb global_colors_info=\u00a0\u00bb{}\u00a0\u00bb]<\/p>\n<div class=\"wpb_column vc_column_container vc_col-sm-6\">\n<div class=\"vc_column-inner\">\n<div class=\"wpb_wrapper\">\n<div class=\"wpb_text_column wpb_content_element wpb_animate_when_almost_visible wpb_fadeIn fadeIn wpb_start_animation animated\">\n<div class=\"wpb_wrapper\">\n<p style=\"text-align: left;\">Les verres de lunettes d\u2019Enchroma vous ouvrent un tout nouveau monde \u2013 voir la vid\u00e9o du produit.<\/p>\n<p style=\"text-align: left;\"><strong>Vous pouvez obtenir ces verres de lunettes en Allemagne et au Luxembourg chez Roman Wagner.*<\/strong><\/p>\n<\/div>\n<\/div>\n<\/div>\n<\/div>\n<\/div>\n<p>[\/et_pb_cta][et_pb_image url=\u00a0\u00bbhttps:\/\/www.yumpu.com\/de\/document\/read\/62906969\/hochwertige-brillen\u00a0\u00bb align=\u00a0\u00bbright\u00a0\u00bb _builder_version=\u00a0\u00bb4.16&Prime; custom_margin=\u00a0\u00bb||2px|||\u00a0\u00bb global_colors_info=\u00a0\u00bb{}\u00a0\u00bb][\/et_pb_image][\/et_pb_column][et_pb_column type=\u00a0\u00bb1_2&Prime; _builder_version=\u00a0\u00bb4.16&Prime; global_colors_info=\u00a0\u00bb{}\u00a0\u00bb][et_pb_code _builder_version=\u00a0\u00bb4.25.1&Prime; text_orientation=\u00a0\u00bbcenter\u00a0\u00bb min_height_tablet=\u00a0\u00bb\u00a0\u00bb min_height_phone=\u00a0\u00bb\u00a0\u00bb min_height_last_edited=\u00a0\u00bbon|phone\u00a0\u00bb custom_margin=\u00a0\u00bb||||false|false\u00a0\u00bb global_colors_info=\u00a0\u00bb{}\u00a0\u00bb]<!--<!-- [et_pb_line_break_holder] -->controls = l\u2019utilisateur peut d\u00e9marrer \/ arr\u00eater<!-- [et_pb_line_break_holder] -->autoplay = la vid\u00e9o d\u00e9marre (g\u00e9n\u00e9ralement) automatiquement, certains navigateurs l\u2019emp\u00eachent<!-- [et_pb_line_break_holder] -->&#8211;&gt;<!-- [et_pb_line_break_holder] --><video controls=\"\" autoplay=\"\" style=\"max-width:100%;max-height:550px;height:auto;width:auto;\"><!-- [et_pb_line_break_holder] --><source src=\"https:\/\/s3-us-west-1.amazonaws.com\/enchroma-files\/EnChroma_Gift+of+Color+Ad_4x5_30s.mp4\" type=\"video\/mp4\"><!-- [et_pb_line_break_holder] --><\/source><\/video>[\/et_pb_code][\/et_pb_column][\/et_pb_row][et_pb_row column_structure=\u00a0\u00bb1_2,1_2&Prime; make_equal=\u00a0\u00bbon\u00a0\u00bb _builder_version=\u00a0\u00bb4.16&Prime; custom_padding=\u00a0\u00bb51px||6px|||\u00a0\u00bb global_colors_info=\u00a0\u00bb{}\u00a0\u00bb][et_pb_column type=\u00a0\u00bb1_2&Prime; _builder_version=\u00a0\u00bb4.16&Prime; global_colors_info=\u00a0\u00bb{}\u00a0\u00bb][et_pb_image src=\u00a0\u00bbhttps:\/\/optik.roman-wagner.de\/wp-content\/uploads\/2020\/01\/Farbseh-Grafik.png\u00a0\u00bb url_new_window=\u00a0\u00bbon\u00a0\u00bb align=\u00a0\u00bbcenter\u00a0\u00bb _builder_version=\u00a0\u00bb4.16&Prime; global_colors_info=\u00a0\u00bb{}\u00a0\u00bb][\/et_pb_image][\/et_pb_column][et_pb_column type=\u00a0\u00bb1_2&Prime; _builder_version=\u00a0\u00bb4.16&Prime; global_colors_info=\u00a0\u00bb{}\u00a0\u00bb][et_pb_cta title=\u00a0\u00bb\u00c0 propos du test de vision des couleurs\u00a0\u00bb button_text=\u00a0\u00bbcommencer ici\u00a0\u00bb _builder_version=\u00a0\u00bb4.27.4&Prime; header_text_align=\u00a0\u00bbleft\u00a0\u00bb header_text_color=\u00a0\u00bb#000000&Prime; body_text_color=\u00a0\u00bb#686868&Prime; background_color=\u00a0\u00bb#ffffff\u00a0\u00bb custom_button=\u00a0\u00bbon\u00a0\u00bb button_text_color=\u00a0\u00bb#0084d7&Prime; button_alignment=\u00a0\u00bbleft\u00a0\u00bb custom_padding=\u00a0\u00bb0px|0px|0px|0px|false|false\u00a0\u00bb global_colors_info=\u00a0\u00bb{}\u00a0\u00bb]<\/p>\n<p style=\"text-align: left;\">Les tests de vision des couleurs tels que le test d\u2019Ishihara indiquent rapidement et de mani\u00e8re fiable s\u2019il existe une d\u00e9ficience rouge-vert dans chaque cas individuel. Le test est bas\u00e9 sur des planches color\u00e9es compos\u00e9es de cercles. Ceux-ci sont eux-m\u00eames constitu\u00e9s de cercles color\u00e9s de diff\u00e9rentes tailles qui forment un chiffre ou une lettre au centre de la planche. Pour des yeux sains, les chiffres et les lettres sont identifiables sans effort, tandis que le d\u00e9chiffrage pose probl\u00e8me en cas de trouble de la perception des couleurs.   <\/p>\n<p style=\"text-align: left;\">Faites v\u00e9rifier votre perception des couleurs par nos collaborateurs comp\u00e9tents dans le cadre d\u2019un test de vue.<\/p>\n<p style=\"text-align: left;\">Afin d\u2019optimiser au maximum les possibilit\u00e9s d\u2019am\u00e9lioration de votre perception des couleurs, nous faisons confiance \u00e0 la technologie d\u2019<a href=\"https:\/\/enchroma.com\/\" target=\"_blank\" rel=\"noopener\">Enchroma \u2197\ufe0e<\/a>.<\/p>\n<p>&nbsp;<\/p>\n<p>[\/et_pb_cta][\/et_pb_column][\/et_pb_row][et_pb_row _builder_version=\u00a0\u00bb4.16&Prime; custom_padding=\u00a0\u00bb10px||72px|||\u00a0\u00bb global_colors_info=\u00a0\u00bb{}\u00a0\u00bb][et_pb_column type=\u00a0\u00bb4_4&Prime; _builder_version=\u00a0\u00bb4.16&Prime; global_colors_info=\u00a0\u00bb{}\u00a0\u00bb][et_pb_cta title=\u00a0\u00bbVisitez nos centres pour une meilleure vision \u00e0 Schweich ou Mertert\u00a0\u00bb button_url=\u00a0\u00bbhttps:\/\/optik.roman-wagner.de\/fr\/sites\/\u00a0\u00bb button_text=\u00a0\u00bbAcc\u00e9der aux sites\u00a0\u00bb _builder_version=\u00a0\u00bb4.27.4&Prime; background_color=\u00a0\u00bbrgba(0,132,215,0.87)\u00a0\u00bb global_colors_info=\u00a0\u00bb{}\u00a0\u00bb][\/et_pb_cta][et_pb_text _builder_version=\u00a0\u00bb4.16&Prime; global_colors_info=\u00a0\u00bb{}\u00a0\u00bb]<\/p>\n<p>*Disponible uniquement dans les centres pour une meilleure vision de Roman Wagner \u00e0 Schweich et Mertert, Luxembourg.<\/p>\n<p>[\/et_pb_text][\/et_pb_column][\/et_pb_row][\/et_pb_section]<\/p>\n","protected":false},"excerpt":{"rendered":"<p><div class=\"et_pb_module dsm_text_notation dsm_text_notation_0  et_pb_text_align_left et_pb_bg_layout_light\">\n\t\t\t\t\n\t\t\t\t\n\t\t\t\t\n\t\t\t\t\n\t\t\t\t\n\t\t\t\t\n\t\t\t\t<div class=\"et_pb_module_inner\">\n\t\t\t\t\t<h1 class=\"dsm-text-notation-main et_pb_module_header\"><span data-notation=\"[{&quot;type&quot;:&quot;underline&quot;,&quot;color&quot;:&quot;#0084D7&quot;,&quot;stroke-width&quot;:&quot;4&quot;,&quot;iterations&quot;:&quot;2&quot;,&quot;brackets&quot;:&quot;left|right&quot;,&quot;viewport&quot;:&quot;80%&quot;,&quot;delay&quot;:&quot;0ms&quot;,&quot;divi-animate&quot;:&quot;none&quot;,&quot;divi-animate-duration&quot;:&quot;1000ms&quot;,&quot;divi-animate-delay&quot;:&quot;0ms&quot;}]\" class=\"dsm-text-notation-middle\">Test de vision des couleurs<\/span><\/h1>\n\t\t\t\t<\/div>\n\t\t\t<\/div>Souffrez-vous d\u2019une d\u00e9ficience de la vision des couleurs ?Les couleurs rev\u00eatent une importance essentielle dans la vie quotidienne. Elles ne rendent pas seulement le monde plus color\u00e9, mais permettent \u00e9galement une orientation plus rapide et plus efficace, par exemple dans la circulation routi\u00e8re. Si la perception des couleurs est alt\u00e9r\u00e9e, certaines teintes ne peuvent plus \u00eatre per\u00e7ues ou distingu\u00e9es clairement. Il convient de souligner la dyschromatopsie rouge-vert, une anomalie g\u00e9n\u00e9tique de la vision des couleurs qui touche principalement les hommes. Si vous pensez avoir vous-m\u00eame des difficult\u00e9s \u00e0 percevoir les couleurs, rendez-vous directement chez Roman Wagner pour un conseil personnalis\u00e9. Faites v\u00e9rifier votre perception des couleurs par nos collaborateurs comp\u00e9tents. Les tests de vision des couleurs indiquent rapidement et de mani\u00e8re fiable s\u2019il existe une d\u00e9ficience rouge-vert dans chaque cas individuel. Pour des yeux sains, les chiffres et les lettres sont identifiables sans effort, tandis que le d\u00e9chiffrage pose probl\u00e8me en cas de trouble de la perception des couleurs. Vous trouverez d\u2019autres tests de vision des couleurs ici \u2197\ufe0e. Verres de lunettes ENCHROMA : l\u2019entreprise [&hellip;]<\/p>\n","protected":false},"author":1,"featured_media":0,"parent":0,"menu_order":0,"comment_status":"closed","ping_status":"closed","template":"","meta":{"_et_pb_use_builder":"on","_et_pb_old_content":"","_et_gb_content_width":"","iawp_total_views":0,"footnotes":""},"class_list":["post-7671","page","type-page","status-publish","hentry"],"yoast_head":"<!-- This site is optimized with the Yoast SEO plugin v27.4 - https:\/\/yoast.com\/product\/yoast-seo-wordpress\/ -->\n<title>Test de vision des couleurs - Roman Wagner<\/title>\n<meta name=\"robots\" content=\"index, follow, max-snippet:-1, max-image-preview:large, max-video-preview:-1\" \/>\n<link rel=\"canonical\" href=\"https:\/\/optik.roman-wagner.de\/fr\/test-de-vision-des-couleurs\/\" \/>\n<meta property=\"og:locale\" content=\"fr_FR\" \/>\n<meta property=\"og:type\" content=\"article\" \/>\n<meta property=\"og:title\" content=\"Test de vision des couleurs - Roman Wagner\" \/>\n<meta property=\"og:description\" content=\"Souffrez-vous d\u2019une d\u00e9ficience de la vision des couleurs ?Les couleurs rev\u00eatent une importance essentielle dans la vie quotidienne. Elles ne rendent pas seulement le monde plus color\u00e9, mais permettent \u00e9galement une orientation plus rapide et plus efficace, par exemple dans la circulation routi\u00e8re. Si la perception des couleurs est alt\u00e9r\u00e9e, certaines teintes ne peuvent plus \u00eatre per\u00e7ues ou distingu\u00e9es clairement. Il convient de souligner la dyschromatopsie rouge-vert, une anomalie g\u00e9n\u00e9tique de la vision des couleurs qui touche principalement les hommes. Si vous pensez avoir vous-m\u00eame des difficult\u00e9s \u00e0 percevoir les couleurs, rendez-vous directement chez Roman Wagner pour un conseil personnalis\u00e9. Faites v\u00e9rifier votre perception des couleurs par nos collaborateurs comp\u00e9tents. Les tests de vision des couleurs indiquent rapidement et de mani\u00e8re fiable s\u2019il existe une d\u00e9ficience rouge-vert dans chaque cas individuel. Pour des yeux sains, les chiffres et les lettres sont identifiables sans effort, tandis que le d\u00e9chiffrage pose probl\u00e8me en cas de trouble de la perception des couleurs. Vous trouverez d\u2019autres tests de vision des couleurs ici \u2197\ufe0e. Verres de lunettes ENCHROMA : l\u2019entreprise [&hellip;]\" \/>\n<meta property=\"og:url\" content=\"https:\/\/optik.roman-wagner.de\/fr\/test-de-vision-des-couleurs\/\" \/>\n<meta property=\"og:site_name\" content=\"Roman Wagner\" \/>\n<meta property=\"article:publisher\" content=\"https:\/\/www.facebook.com\/romanwagner.optiker\" \/>\n<meta property=\"article:modified_time\" content=\"2026-04-30T13:33:18+00:00\" \/>\n<meta property=\"og:image\" content=\"https:\/\/optik.roman-wagner.de\/wp-content\/uploads\/2020\/01\/EnChroma-Logo-Preferred-Color-RGB_280x@2x.jpg\" \/>\n\t<meta property=\"og:image:width\" content=\"560\" \/>\n\t<meta property=\"og:image:height\" content=\"273\" \/>\n\t<meta property=\"og:image:type\" content=\"image\/jpeg\" \/>\n<meta name=\"twitter:card\" content=\"summary_large_image\" \/>\n<meta name=\"twitter:label1\" content=\"Dur\u00e9e de lecture estim\u00e9e\" \/>\n\t<meta name=\"twitter:data1\" content=\"9 minutes\" \/>\n<script type=\"application\/ld+json\" class=\"yoast-schema-graph\">{\"@context\":\"https:\\\/\\\/schema.org\",\"@graph\":[{\"@type\":\"WebPage\",\"@id\":\"https:\\\/\\\/optik.roman-wagner.de\\\/fr\\\/test-de-vision-des-couleurs\\\/\",\"url\":\"https:\\\/\\\/optik.roman-wagner.de\\\/fr\\\/test-de-vision-des-couleurs\\\/\",\"name\":\"Test de vision des couleurs - Roman Wagner\",\"isPartOf\":{\"@id\":\"https:\\\/\\\/optik.roman-wagner.de\\\/fr\\\/#website\"},\"primaryImageOfPage\":{\"@id\":\"https:\\\/\\\/optik.roman-wagner.de\\\/fr\\\/test-de-vision-des-couleurs\\\/#primaryimage\"},\"image\":{\"@id\":\"https:\\\/\\\/optik.roman-wagner.de\\\/fr\\\/test-de-vision-des-couleurs\\\/#primaryimage\"},\"thumbnailUrl\":\"https:\\\/\\\/optik.roman-wagner.de\\\/wp-content\\\/uploads\\\/2020\\\/01\\\/EnChroma-Logo-Preferred-Color-RGB_280x@2x-300x146.jpg\",\"datePublished\":\"2020-01-16T14:29:44+00:00\",\"dateModified\":\"2026-04-30T13:33:18+00:00\",\"breadcrumb\":{\"@id\":\"https:\\\/\\\/optik.roman-wagner.de\\\/fr\\\/test-de-vision-des-couleurs\\\/#breadcrumb\"},\"inLanguage\":\"fr-FR\",\"potentialAction\":[{\"@type\":\"ReadAction\",\"target\":[\"https:\\\/\\\/optik.roman-wagner.de\\\/fr\\\/test-de-vision-des-couleurs\\\/\"]}]},{\"@type\":\"ImageObject\",\"inLanguage\":\"fr-FR\",\"@id\":\"https:\\\/\\\/optik.roman-wagner.de\\\/fr\\\/test-de-vision-des-couleurs\\\/#primaryimage\",\"url\":\"https:\\\/\\\/optik.roman-wagner.de\\\/wp-content\\\/uploads\\\/2020\\\/01\\\/EnChroma-Logo-Preferred-Color-RGB_280x@2x-300x146.jpg\",\"contentUrl\":\"https:\\\/\\\/optik.roman-wagner.de\\\/wp-content\\\/uploads\\\/2020\\\/01\\\/EnChroma-Logo-Preferred-Color-RGB_280x@2x-300x146.jpg\"},{\"@type\":\"BreadcrumbList\",\"@id\":\"https:\\\/\\\/optik.roman-wagner.de\\\/fr\\\/test-de-vision-des-couleurs\\\/#breadcrumb\",\"itemListElement\":[{\"@type\":\"ListItem\",\"position\":1,\"name\":\"Startseite\",\"item\":\"https:\\\/\\\/optik.roman-wagner.de\\\/fr\\\/centres-pour-une-bonne-vision\\\/\"},{\"@type\":\"ListItem\",\"position\":2,\"name\":\"Test de vision des couleurs\"}]},{\"@type\":\"WebSite\",\"@id\":\"https:\\\/\\\/optik.roman-wagner.de\\\/fr\\\/#website\",\"url\":\"https:\\\/\\\/optik.roman-wagner.de\\\/fr\\\/\",\"name\":\"Der Augenoptiker Roman Wagner\",\"description\":\"Zentren f\u00fcr gutes Sehen\",\"publisher\":{\"@id\":\"https:\\\/\\\/optik.roman-wagner.de\\\/fr\\\/#organization\"},\"potentialAction\":[{\"@type\":\"SearchAction\",\"target\":{\"@type\":\"EntryPoint\",\"urlTemplate\":\"https:\\\/\\\/optik.roman-wagner.de\\\/fr\\\/?s={search_term_string}\"},\"query-input\":{\"@type\":\"PropertyValueSpecification\",\"valueRequired\":true,\"valueName\":\"search_term_string\"}}],\"inLanguage\":\"fr-FR\"},{\"@type\":\"Organization\",\"@id\":\"https:\\\/\\\/optik.roman-wagner.de\\\/fr\\\/#organization\",\"name\":\"Der Augenoptiker Roman Wagner\",\"url\":\"https:\\\/\\\/optik.roman-wagner.de\\\/fr\\\/\",\"logo\":{\"@type\":\"ImageObject\",\"inLanguage\":\"fr-FR\",\"@id\":\"https:\\\/\\\/optik.roman-wagner.de\\\/fr\\\/#\\\/schema\\\/logo\\\/image\\\/\",\"url\":\"https:\\\/\\\/optik.roman-wagner.de\\\/wp-content\\\/uploads\\\/2019\\\/11\\\/Logo-RW-quadrat.jpg\",\"contentUrl\":\"https:\\\/\\\/optik.roman-wagner.de\\\/wp-content\\\/uploads\\\/2019\\\/11\\\/Logo-RW-quadrat.jpg\",\"width\":488,\"height\":479,\"caption\":\"Der Augenoptiker Roman Wagner\"},\"image\":{\"@id\":\"https:\\\/\\\/optik.roman-wagner.de\\\/fr\\\/#\\\/schema\\\/logo\\\/image\\\/\"},\"sameAs\":[\"https:\\\/\\\/www.facebook.com\\\/romanwagner.optiker\",\"https:\\\/\\\/www.instagram.com\\\/romanwagner.optiker\\\/\",\"https:\\\/\\\/www.youtube.com\\\/channel\\\/UCIHnCII9jl34mZG08gXgG6A\"]}]}<\/script>\n<!-- \/ Yoast SEO plugin. -->","yoast_head_json":{"title":"Test de vision des couleurs - Roman Wagner","robots":{"index":"index","follow":"follow","max-snippet":"max-snippet:-1","max-image-preview":"max-image-preview:large","max-video-preview":"max-video-preview:-1"},"canonical":"https:\/\/optik.roman-wagner.de\/fr\/test-de-vision-des-couleurs\/","og_locale":"fr_FR","og_type":"article","og_title":"Test de vision des couleurs - Roman Wagner","og_description":"Souffrez-vous d\u2019une d\u00e9ficience de la vision des couleurs ?Les couleurs rev\u00eatent une importance essentielle dans la vie quotidienne. Elles ne rendent pas seulement le monde plus color\u00e9, mais permettent \u00e9galement une orientation plus rapide et plus efficace, par exemple dans la circulation routi\u00e8re. Si la perception des couleurs est alt\u00e9r\u00e9e, certaines teintes ne peuvent plus \u00eatre per\u00e7ues ou distingu\u00e9es clairement. Il convient de souligner la dyschromatopsie rouge-vert, une anomalie g\u00e9n\u00e9tique de la vision des couleurs qui touche principalement les hommes. Si vous pensez avoir vous-m\u00eame des difficult\u00e9s \u00e0 percevoir les couleurs, rendez-vous directement chez Roman Wagner pour un conseil personnalis\u00e9. Faites v\u00e9rifier votre perception des couleurs par nos collaborateurs comp\u00e9tents. Les tests de vision des couleurs indiquent rapidement et de mani\u00e8re fiable s\u2019il existe une d\u00e9ficience rouge-vert dans chaque cas individuel. Pour des yeux sains, les chiffres et les lettres sont identifiables sans effort, tandis que le d\u00e9chiffrage pose probl\u00e8me en cas de trouble de la perception des couleurs. Vous trouverez d\u2019autres tests de vision des couleurs ici \u2197\ufe0e. Verres de lunettes ENCHROMA : l\u2019entreprise [&hellip;]","og_url":"https:\/\/optik.roman-wagner.de\/fr\/test-de-vision-des-couleurs\/","og_site_name":"Roman Wagner","article_publisher":"https:\/\/www.facebook.com\/romanwagner.optiker","article_modified_time":"2026-04-30T13:33:18+00:00","og_image":[{"width":560,"height":273,"url":"https:\/\/optik.roman-wagner.de\/wp-content\/uploads\/2020\/01\/EnChroma-Logo-Preferred-Color-RGB_280x@2x.jpg","type":"image\/jpeg"}],"twitter_card":"summary_large_image","twitter_misc":{"Dur\u00e9e de lecture estim\u00e9e":"9 minutes"},"schema":{"@context":"https:\/\/schema.org","@graph":[{"@type":"WebPage","@id":"https:\/\/optik.roman-wagner.de\/fr\/test-de-vision-des-couleurs\/","url":"https:\/\/optik.roman-wagner.de\/fr\/test-de-vision-des-couleurs\/","name":"Test de vision des couleurs - Roman Wagner","isPartOf":{"@id":"https:\/\/optik.roman-wagner.de\/fr\/#website"},"primaryImageOfPage":{"@id":"https:\/\/optik.roman-wagner.de\/fr\/test-de-vision-des-couleurs\/#primaryimage"},"image":{"@id":"https:\/\/optik.roman-wagner.de\/fr\/test-de-vision-des-couleurs\/#primaryimage"},"thumbnailUrl":"https:\/\/optik.roman-wagner.de\/wp-content\/uploads\/2020\/01\/EnChroma-Logo-Preferred-Color-RGB_280x@2x-300x146.jpg","datePublished":"2020-01-16T14:29:44+00:00","dateModified":"2026-04-30T13:33:18+00:00","breadcrumb":{"@id":"https:\/\/optik.roman-wagner.de\/fr\/test-de-vision-des-couleurs\/#breadcrumb"},"inLanguage":"fr-FR","potentialAction":[{"@type":"ReadAction","target":["https:\/\/optik.roman-wagner.de\/fr\/test-de-vision-des-couleurs\/"]}]},{"@type":"ImageObject","inLanguage":"fr-FR","@id":"https:\/\/optik.roman-wagner.de\/fr\/test-de-vision-des-couleurs\/#primaryimage","url":"https:\/\/optik.roman-wagner.de\/wp-content\/uploads\/2020\/01\/EnChroma-Logo-Preferred-Color-RGB_280x@2x-300x146.jpg","contentUrl":"https:\/\/optik.roman-wagner.de\/wp-content\/uploads\/2020\/01\/EnChroma-Logo-Preferred-Color-RGB_280x@2x-300x146.jpg"},{"@type":"BreadcrumbList","@id":"https:\/\/optik.roman-wagner.de\/fr\/test-de-vision-des-couleurs\/#breadcrumb","itemListElement":[{"@type":"ListItem","position":1,"name":"Startseite","item":"https:\/\/optik.roman-wagner.de\/fr\/centres-pour-une-bonne-vision\/"},{"@type":"ListItem","position":2,"name":"Test de vision des couleurs"}]},{"@type":"WebSite","@id":"https:\/\/optik.roman-wagner.de\/fr\/#website","url":"https:\/\/optik.roman-wagner.de\/fr\/","name":"Der Augenoptiker Roman Wagner","description":"Zentren f\u00fcr gutes Sehen","publisher":{"@id":"https:\/\/optik.roman-wagner.de\/fr\/#organization"},"potentialAction":[{"@type":"SearchAction","target":{"@type":"EntryPoint","urlTemplate":"https:\/\/optik.roman-wagner.de\/fr\/?s={search_term_string}"},"query-input":{"@type":"PropertyValueSpecification","valueRequired":true,"valueName":"search_term_string"}}],"inLanguage":"fr-FR"},{"@type":"Organization","@id":"https:\/\/optik.roman-wagner.de\/fr\/#organization","name":"Der Augenoptiker Roman Wagner","url":"https:\/\/optik.roman-wagner.de\/fr\/","logo":{"@type":"ImageObject","inLanguage":"fr-FR","@id":"https:\/\/optik.roman-wagner.de\/fr\/#\/schema\/logo\/image\/","url":"https:\/\/optik.roman-wagner.de\/wp-content\/uploads\/2019\/11\/Logo-RW-quadrat.jpg","contentUrl":"https:\/\/optik.roman-wagner.de\/wp-content\/uploads\/2019\/11\/Logo-RW-quadrat.jpg","width":488,"height":479,"caption":"Der Augenoptiker Roman Wagner"},"image":{"@id":"https:\/\/optik.roman-wagner.de\/fr\/#\/schema\/logo\/image\/"},"sameAs":["https:\/\/www.facebook.com\/romanwagner.optiker","https:\/\/www.instagram.com\/romanwagner.optiker\/","https:\/\/www.youtube.com\/channel\/UCIHnCII9jl34mZG08gXgG6A"]}]}},"_links":{"self":[{"href":"https:\/\/optik.roman-wagner.de\/fr\/wp-json\/wp\/v2\/pages\/7671","targetHints":{"allow":["GET"]}}],"collection":[{"href":"https:\/\/optik.roman-wagner.de\/fr\/wp-json\/wp\/v2\/pages"}],"about":[{"href":"https:\/\/optik.roman-wagner.de\/fr\/wp-json\/wp\/v2\/types\/page"}],"author":[{"embeddable":true,"href":"https:\/\/optik.roman-wagner.de\/fr\/wp-json\/wp\/v2\/users\/1"}],"replies":[{"embeddable":true,"href":"https:\/\/optik.roman-wagner.de\/fr\/wp-json\/wp\/v2\/comments?post=7671"}],"version-history":[{"count":8,"href":"https:\/\/optik.roman-wagner.de\/fr\/wp-json\/wp\/v2\/pages\/7671\/revisions"}],"predecessor-version":[{"id":7684,"href":"https:\/\/optik.roman-wagner.de\/fr\/wp-json\/wp\/v2\/pages\/7671\/revisions\/7684"}],"wp:attachment":[{"href":"https:\/\/optik.roman-wagner.de\/fr\/wp-json\/wp\/v2\/media?parent=7671"}],"curies":[{"name":"wp","href":"https:\/\/api.w.org\/{rel}","templated":true}]}}