{"id":7619,"date":"2019-12-08T12:54:49","date_gmt":"2019-12-08T11:54:49","guid":{"rendered":"https:\/\/optik.roman-wagner.de\/mentions-legales\/"},"modified":"2026-04-30T15:32:35","modified_gmt":"2026-04-30T13:32:35","slug":"mentions-legales","status":"publish","type":"page","link":"https:\/\/optik.roman-wagner.de\/fr\/mentions-legales\/","title":{"rendered":"Mentions l\u00e9gales"},"content":{"rendered":"<p>[et_pb_section fb_built=\u00a0\u00bb1&Prime; _builder_version=\u00a0\u00bb4.1&Prime; global_colors_info=\u00a0\u00bb{}\u00a0\u00bb][et_pb_row _builder_version=\u00a0\u00bb4.1&Prime; global_colors_info=\u00a0\u00bb{}\u00a0\u00bb][et_pb_column type=\u00a0\u00bb4_4&Prime; _builder_version=\u00a0\u00bb4.1&Prime; global_colors_info=\u00a0\u00bb{}\u00a0\u00bb][et_pb_code _builder_version=\u00a0\u00bb4.6.6&Prime; _module_preset=\u00a0\u00bbdefault\u00a0\u00bb global_colors_info=\u00a0\u00bb{}\u00a0\u00bb]<div style=\"word-wrap: break-word;\"><h1>Impressum<\/h1>\n\n<p>Roman Wagner Verwaltungs + Marketing GmbH<br \/>\nSteinerbaum 2<br \/>\n54338 Schweich<\/p>\n\n<p>Handelsregister: 3675<br \/>\nRegistergericht: Wittlich<\/p>\n\n<p><strong>Vertreten durch:<\/strong><br \/>\nRoman Wagner und Margareta Wagner<\/p>\n\n<h2>Kontakt<\/h2>\n<p>Telefon: 06502 91410<br \/>\nE-Mail: wagner@optik-wagner.de<\/p>\n\n<h2>Umsatzsteuer-ID<\/h2>\n<p>Umsatzsteuer-Identifikationsnummer gem&auml;&szlig; &sect; 27 a Umsatzsteuergesetz:<br \/>\nDE 178916142<\/p>\n\n<h2>Redaktionell verantwortlich<\/h2>\n<p>Roman Wagner Verwaltungs + Marketing GmbH<br \/>\r\nSteinerbaum 2<br \/>\r\n54338 Schweich<\/p>\n\n<h2>Verbraucher&shy;streit&shy;beilegung\/Universal&shy;schlichtungs&shy;stelle<\/h2>\n<p>Wir sind nicht bereit oder verpflichtet, an Streitbeilegungsverfahren vor einer Verbraucherschlichtungsstelle teilzunehmen.<\/p>\n\n<h2>Zentrale Kontaktstelle nach dem Digital Services Act - DSA (Verordnung (EU) 2022\/265)<\/h2>\n<p>Unsere zentrale Kontaktstelle f&uuml;r Nutzer und Beh&ouml;rden nach Art. 11, 12 DSA erreichen Sie wie folgt:<\/p>\n<p>E-Mail: wagner@optik-wagner.de<br \/>\nTelefon: 06502 91410\n<\/p>\n<p>Sonstige Kontaktwege:<br \/>\nRoman Wagner Verwaltungs + Marketing GmbH<br \/>\r\nSteinerbaum 2<br \/>\r\n54338 Schweich<\/p>\n<p>Die f\u00fcr den Kontakt zur Verf&uuml;gung stehenden Sprachen sind: Deutsch, Englisch.<\/p><\/div>[\/et_pb_code][et_pb_text _builder_version=\u00a0\u00bb4.14.7&Prime; hover_enabled=\u00a0\u00bb0&Prime; global_colors_info=\u00a0\u00bb{}\u00a0\u00bb sticky_enabled=\u00a0\u00bb0&Prime;]<\/p>\n<h3>Cr\u00e9dits photographiques<\/h3>\n<p>La mise en page du site web, les graphiques utilis\u00e9s ainsi que les autres contenus sont prot\u00e9g\u00e9s par le droit d\u2019auteur. Toute reproduction ou utilisation des textes et graphiques dans d\u2019autres publications \u00e9lectroniques ou imprim\u00e9es est interdite sans autorisation expresse. <\/p>\n<p>Voici une liste des images utilis\u00e9es sur les pages de <a href=\"http:\/\/www.optik.roman-wagner.de\">www.optik.roman-wagner.de<\/a><\/p>\n<p>Accueil :<br \/>Charming female wants help pick glasses \u00a9 cookie studio &#8211; stock.adobe.com<br \/>hi tech biometric security scan \u00a9 rimom &#8211; stock.adobe.com<br \/>Fatigued stressed young businesswoman secretary feel eye strain at work \u00a9 fizkes &#8211; stock.adobe.com<br \/>Kid with sunglasses \u00a9 EnChroma\u00ae Color Blind Glasses<br \/>Man giving piggyback to woman \u00a9 WavebreakmediaMicro &#8211; stock.adobe.com<br \/>Glasses on eye chart close-up \u00a9 Africa Studio &#8211; stock.adobe.com<br \/>Ishihara Test. Daltonismus, Farbblindheit Krankheit. Wahrnehmungstest \u00a9 eveleen &#8211; shutterstock.com<br \/>Woman in car giving thumbs up \u00a9 pikselstock &#8211; stock.adobe.com<br \/>Zyklistisches Portrait mit Blitzlicht im Wald im Freien \u00a9 Ramon Espelt Photography &#8211; shutterstock.com<br \/>Kontaktlinsen \u00a9 AMPIRION &#8211; shutterstock.com<br \/>Financial adviser showing terms of contract on tablet \u00a9 goodluz &#8211; stock.adobe.com  <\/p>\n<p>Lunettes pour femmes :<br \/>Brillenmodel \u00a9 Falvin Aesthetic Attitude<\/p>\n<p>Lunettes pour hommes :<br \/>Lesen Sie die neuesten Nachrichten. Seitenansicht des jungen Gesch\u00e4ftsmanns&#8230; \u00a9 G-Stock Studio &#8211; stock.adobe.com <\/p>\n<p>Lunettes de soleil :<br \/>Happy Couple in Sunglasses Having Fun on the Beach. \u00a9 Summer Subbotina Anna &#8211; stock.adobe.com <\/p>\n<p>Lunettes de sport :<br \/>Zyklistisches Portrait mit Blitzlicht im Wald im Freien \u00a9 Ramon Espelt Photography &#8211; shutterstock.com<\/p>\n<p>Verres :<br \/>Brillengl\u00e4ser einzeln auf Wei\u00df \u00a9 Peter Sobolev &#8211; shutterstock.com<\/p>\n<p>\u00c0 propos des lentilles de contact :<br \/>Zwei Kontaktlinsen mit Reflexionen auf blauem Hintergrund. Fokus auf Langstreckenlinse \u00a9 buradaki &#8211; shutterstock.com<br \/>Kontaktlinsen, Beh\u00e4ltnis, Pinzette und Flasche mit L\u00f6sung auf grauem Hintergrund, Nahaufnahme \u00a9 Africa Studio &#8211; shutterstock.com<br \/>Kontaktlinse am Finger mit Geh\u00e4use, Gesundheitskonzept \u00a9 Leszek Glasner &#8211; shutterstock.com <\/p>\n<p>Adaptation de lentilles de contact :<br \/>Kontaktlinsen f\u00fcr Sehverm\u00f6gen. Nahaufnahme eines weiblichen Gesichts&#8230; \u00a9 puhhha &#8211; shutterstock.com <\/p>\n<p>Mesure de la vue :<br \/>Nahaufnahme eines wundersch\u00f6nen weiblichen Auges mit perfekten Augenbrauen. Saubere Haut, nat\u00fcrliche Schminke. Gute Sicht \u00a9 marinafrost &#8211; shutterstock.com  <\/p>\n<p>Test de vue pour permis de conduire :<br \/>Attractive woman with sunglasses in her car \u00a9 StockPhotoPro &#8211; stock.adobe.com<\/p>\n<p>Examen de la vue :<br \/>Glasses on eye chart close-up \u00a9 Africa Studio &#8211; stock.adobe.com<\/p>\n<p>Test de vision des couleurs :<br \/>Freeze-Bewegung der farbigen Staubexplosion einzeln auf schwarzem Hintergrund \u00a9 Jag_cz &#8211; shutterstock.com<br \/>Kid with sunglasses, sunglasses and video \u00a9 EnChroma\u00ae Color Blind Glasses<br \/>Ishihara Test. Daltonismus, Farbblindheit Krankheit. Wahrnehmungstest \u00a9 eveleen &#8211; shutterstock.com  <\/p>\n<p>Basse vision :<br \/>Produktfotos \u00a9 Roman Wagner<\/p>\n<p>Service mobile :<br \/>Financial adviser showing terms of contract on tablet \u00a9 goodluz &#8211; stock.adobe.com<\/p>\n<p>Soins oculaires professionnels :<br \/>Fatigued stressed young businesswoman secretary feel eye strain at work \u00a9 fizkes &#8211; stock.adobe.com<\/p>\n<p>Carri\u00e8re :<br \/>Optiker verkauft Brille. Augenarzt, Optometris bei der Arbeit \u00a9 baranq &#8211; shutterstock.com <\/p>\n<p>&nbsp;<\/p>\n<h3>Conception et r\u00e9alisation web :<\/h3>\n<p>Roman Neumann &#8211; <a href=\"https:\/\/logo-company.de\/\">www.logo-company.de<\/a><\/p>\n<p>[\/et_pb_text][et_pb_code _builder_version=\u00a0\u00bb4.1&Prime; global_colors_info=\u00a0\u00bb{}\u00a0\u00bb][\/et_pb_code][\/et_pb_column][\/et_pb_row][\/et_pb_section]<\/p>\n","protected":false},"excerpt":{"rendered":"<p><div style=\"word-wrap: break-word;\"><h1>Impressum<\/h1>\n\n<p>Roman Wagner Verwaltungs + Marketing GmbH<br \/>\nSteinerbaum 2<br \/>\n54338 Schweich<\/p>\n\n<p>Handelsregister: 3675<br \/>\nRegistergericht: Wittlich<\/p>\n\n<p><strong>Vertreten durch:<\/strong><br \/>\nRoman Wagner und Margareta Wagner<\/p>\n\n<h2>Kontakt<\/h2>\n<p>Telefon: 06502 91410<br \/>\nE-Mail: wagner@optik-wagner.de<\/p>\n\n<h2>Umsatzsteuer-ID<\/h2>\n<p>Umsatzsteuer-Identifikationsnummer gem&auml;&szlig; &sect; 27 a Umsatzsteuergesetz:<br \/>\nDE 178916142<\/p>\n\n<h2>Redaktionell verantwortlich<\/h2>\n<p>Roman Wagner Verwaltungs + Marketing GmbH<br \/>\r\nSteinerbaum 2<br \/>\r\n54338 Schweich<\/p>\n\n<h2>Verbraucher&shy;streit&shy;beilegung\/Universal&shy;schlichtungs&shy;stelle<\/h2>\n<p>Wir sind nicht bereit oder verpflichtet, an Streitbeilegungsverfahren vor einer Verbraucherschlichtungsstelle teilzunehmen.<\/p>\n\n<h2>Zentrale Kontaktstelle nach dem Digital Services Act - DSA (Verordnung (EU) 2022\/265)<\/h2>\n<p>Unsere zentrale Kontaktstelle f&uuml;r Nutzer und Beh&ouml;rden nach Art. 11, 12 DSA erreichen Sie wie folgt:<\/p>\n<p>E-Mail: wagner@optik-wagner.de<br \/>\nTelefon: 06502 91410\n<\/p>\n<p>Sonstige Kontaktwege:<br \/>\nRoman Wagner Verwaltungs + Marketing GmbH<br \/>\r\nSteinerbaum 2<br \/>\r\n54338 Schweich<\/p>\n<p>Die f\u00fcr den Kontakt zur Verf&uuml;gung stehenden Sprachen sind: Deutsch, Englisch.<\/p><\/div>Cr\u00e9dits photographiques La mise en page du site web, les graphiques utilis\u00e9s ainsi que les autres contenus sont prot\u00e9g\u00e9s par le droit d\u2019auteur. Toute reproduction ou utilisation des textes et graphiques dans d\u2019autres publications \u00e9lectroniques ou imprim\u00e9es est interdite sans autorisation expresse. Voici une liste des images utilis\u00e9es sur les pages de www.optik.roman-wagner.de Accueil :Charming female wants help pick glasses \u00a9 cookie studio &#8211; stock.adobe.comhi tech biometric security scan \u00a9 rimom &#8211; stock.adobe.comFatigued stressed young businesswoman secretary feel eye strain at work \u00a9 fizkes &#8211; stock.adobe.comKid with sunglasses \u00a9 EnChroma\u00ae Color Blind GlassesMan giving piggyback to woman \u00a9 WavebreakmediaMicro &#8211; stock.adobe.comGlasses on eye chart close-up \u00a9 Africa Studio &#8211; stock.adobe.comIshihara Test. Daltonismus, Farbblindheit Krankheit. Wahrnehmungstest \u00a9 eveleen &#8211; shutterstock.comWoman in car giving thumbs up \u00a9 pikselstock &#8211; stock.adobe.comZyklistisches Portrait mit Blitzlicht im Wald im Freien \u00a9 Ramon Espelt Photography &#8211; shutterstock.comKontaktlinsen \u00a9 AMPIRION &#8211; shutterstock.comFinancial adviser showing terms of contract on tablet \u00a9 goodluz &#8211; stock.adobe.com Lunettes pour femmes :Brillenmodel \u00a9 Falvin Aesthetic Attitude Lunettes pour hommes :Lesen Sie die neuesten Nachrichten. Seitenansicht des jungen Gesch\u00e4ftsmanns&#8230; \u00a9 G-Stock Studio &#8211; stock.adobe.com Lunettes de soleil :Happy Couple in Sunglasses Having Fun on the Beach. \u00a9 Summer Subbotina Anna [&hellip;]<\/p>\n","protected":false},"author":1,"featured_media":0,"parent":0,"menu_order":0,"comment_status":"closed","ping_status":"closed","template":"","meta":{"_et_pb_use_builder":"on","_et_pb_old_content":"","_et_gb_content_width":"","iawp_total_views":0,"footnotes":""},"class_list":["post-7619","page","type-page","status-publish","hentry"],"yoast_head":"<!-- This site is optimized with the Yoast SEO plugin v27.4 - https:\/\/yoast.com\/product\/yoast-seo-wordpress\/ -->\n<title>Mentions l\u00e9gales - Roman Wagner<\/title>\n<meta name=\"robots\" content=\"index, follow, max-snippet:-1, max-image-preview:large, max-video-preview:-1\" \/>\n<link rel=\"canonical\" href=\"https:\/\/optik.roman-wagner.de\/fr\/mentions-legales\/\" \/>\n<meta property=\"og:locale\" content=\"fr_FR\" \/>\n<meta property=\"og:type\" content=\"article\" \/>\n<meta property=\"og:title\" content=\"Mentions l\u00e9gales - Roman Wagner\" \/>\n<meta property=\"og:description\" content=\"Cr\u00e9dits photographiques La mise en page du site web, les graphiques utilis\u00e9s ainsi que les autres contenus sont prot\u00e9g\u00e9s par le droit d\u2019auteur. Toute reproduction ou utilisation des textes et graphiques dans d\u2019autres publications \u00e9lectroniques ou imprim\u00e9es est interdite sans autorisation expresse. Voici une liste des images utilis\u00e9es sur les pages de www.optik.roman-wagner.de Accueil :Charming female wants help pick glasses \u00a9 cookie studio - stock.adobe.comhi tech biometric security scan \u00a9 rimom - stock.adobe.comFatigued stressed young businesswoman secretary feel eye strain at work \u00a9 fizkes - stock.adobe.comKid with sunglasses \u00a9 EnChroma\u00ae Color Blind GlassesMan giving piggyback to woman \u00a9 WavebreakmediaMicro - stock.adobe.comGlasses on eye chart close-up \u00a9 Africa Studio - stock.adobe.comIshihara Test. Daltonismus, Farbblindheit Krankheit. Wahrnehmungstest \u00a9 eveleen - shutterstock.comWoman in car giving thumbs up \u00a9 pikselstock - stock.adobe.comZyklistisches Portrait mit Blitzlicht im Wald im Freien \u00a9 Ramon Espelt Photography - shutterstock.comKontaktlinsen \u00a9 AMPIRION - shutterstock.comFinancial adviser showing terms of contract on tablet \u00a9 goodluz - stock.adobe.com Lunettes pour femmes :Brillenmodel \u00a9 Falvin Aesthetic Attitude Lunettes pour hommes :Lesen Sie die neuesten Nachrichten. Seitenansicht des jungen Gesch\u00e4ftsmanns... \u00a9 G-Stock Studio - stock.adobe.com Lunettes de soleil :Happy Couple in Sunglasses Having Fun on the Beach. \u00a9 Summer Subbotina Anna [&hellip;]\" \/>\n<meta property=\"og:url\" content=\"https:\/\/optik.roman-wagner.de\/fr\/mentions-legales\/\" \/>\n<meta property=\"og:site_name\" content=\"Roman Wagner\" \/>\n<meta property=\"article:publisher\" content=\"https:\/\/www.facebook.com\/romanwagner.optiker\" \/>\n<meta property=\"article:modified_time\" content=\"2026-04-30T13:32:35+00:00\" \/>\n<meta name=\"twitter:card\" content=\"summary_large_image\" \/>\n<meta name=\"twitter:label1\" content=\"Dur\u00e9e de lecture estim\u00e9e\" \/>\n\t<meta name=\"twitter:data1\" content=\"3 minutes\" \/>\n<script type=\"application\/ld+json\" class=\"yoast-schema-graph\">{\"@context\":\"https:\\\/\\\/schema.org\",\"@graph\":[{\"@type\":\"WebPage\",\"@id\":\"https:\\\/\\\/optik.roman-wagner.de\\\/fr\\\/mentions-legales\\\/\",\"url\":\"https:\\\/\\\/optik.roman-wagner.de\\\/fr\\\/mentions-legales\\\/\",\"name\":\"Mentions l\u00e9gales - Roman Wagner\",\"isPartOf\":{\"@id\":\"https:\\\/\\\/optik.roman-wagner.de\\\/fr\\\/#website\"},\"datePublished\":\"2019-12-08T11:54:49+00:00\",\"dateModified\":\"2026-04-30T13:32:35+00:00\",\"breadcrumb\":{\"@id\":\"https:\\\/\\\/optik.roman-wagner.de\\\/fr\\\/mentions-legales\\\/#breadcrumb\"},\"inLanguage\":\"fr-FR\",\"potentialAction\":[{\"@type\":\"ReadAction\",\"target\":[\"https:\\\/\\\/optik.roman-wagner.de\\\/fr\\\/mentions-legales\\\/\"]}]},{\"@type\":\"BreadcrumbList\",\"@id\":\"https:\\\/\\\/optik.roman-wagner.de\\\/fr\\\/mentions-legales\\\/#breadcrumb\",\"itemListElement\":[{\"@type\":\"ListItem\",\"position\":1,\"name\":\"Startseite\",\"item\":\"https:\\\/\\\/optik.roman-wagner.de\\\/fr\\\/centres-pour-une-bonne-vision\\\/\"},{\"@type\":\"ListItem\",\"position\":2,\"name\":\"Mentions l\u00e9gales\"}]},{\"@type\":\"WebSite\",\"@id\":\"https:\\\/\\\/optik.roman-wagner.de\\\/fr\\\/#website\",\"url\":\"https:\\\/\\\/optik.roman-wagner.de\\\/fr\\\/\",\"name\":\"Der Augenoptiker Roman Wagner\",\"description\":\"Zentren f\u00fcr gutes Sehen\",\"publisher\":{\"@id\":\"https:\\\/\\\/optik.roman-wagner.de\\\/fr\\\/#organization\"},\"potentialAction\":[{\"@type\":\"SearchAction\",\"target\":{\"@type\":\"EntryPoint\",\"urlTemplate\":\"https:\\\/\\\/optik.roman-wagner.de\\\/fr\\\/?s={search_term_string}\"},\"query-input\":{\"@type\":\"PropertyValueSpecification\",\"valueRequired\":true,\"valueName\":\"search_term_string\"}}],\"inLanguage\":\"fr-FR\"},{\"@type\":\"Organization\",\"@id\":\"https:\\\/\\\/optik.roman-wagner.de\\\/fr\\\/#organization\",\"name\":\"Der Augenoptiker Roman Wagner\",\"url\":\"https:\\\/\\\/optik.roman-wagner.de\\\/fr\\\/\",\"logo\":{\"@type\":\"ImageObject\",\"inLanguage\":\"fr-FR\",\"@id\":\"https:\\\/\\\/optik.roman-wagner.de\\\/fr\\\/#\\\/schema\\\/logo\\\/image\\\/\",\"url\":\"https:\\\/\\\/optik.roman-wagner.de\\\/wp-content\\\/uploads\\\/2019\\\/11\\\/Logo-RW-quadrat.jpg\",\"contentUrl\":\"https:\\\/\\\/optik.roman-wagner.de\\\/wp-content\\\/uploads\\\/2019\\\/11\\\/Logo-RW-quadrat.jpg\",\"width\":488,\"height\":479,\"caption\":\"Der Augenoptiker Roman Wagner\"},\"image\":{\"@id\":\"https:\\\/\\\/optik.roman-wagner.de\\\/fr\\\/#\\\/schema\\\/logo\\\/image\\\/\"},\"sameAs\":[\"https:\\\/\\\/www.facebook.com\\\/romanwagner.optiker\",\"https:\\\/\\\/www.instagram.com\\\/romanwagner.optiker\\\/\",\"https:\\\/\\\/www.youtube.com\\\/channel\\\/UCIHnCII9jl34mZG08gXgG6A\"]}]}<\/script>\n<!-- \/ Yoast SEO plugin. -->","yoast_head_json":{"title":"Mentions l\u00e9gales - Roman Wagner","robots":{"index":"index","follow":"follow","max-snippet":"max-snippet:-1","max-image-preview":"max-image-preview:large","max-video-preview":"max-video-preview:-1"},"canonical":"https:\/\/optik.roman-wagner.de\/fr\/mentions-legales\/","og_locale":"fr_FR","og_type":"article","og_title":"Mentions l\u00e9gales - Roman Wagner","og_description":"Cr\u00e9dits photographiques La mise en page du site web, les graphiques utilis\u00e9s ainsi que les autres contenus sont prot\u00e9g\u00e9s par le droit d\u2019auteur. Toute reproduction ou utilisation des textes et graphiques dans d\u2019autres publications \u00e9lectroniques ou imprim\u00e9es est interdite sans autorisation expresse. Voici une liste des images utilis\u00e9es sur les pages de www.optik.roman-wagner.de Accueil :Charming female wants help pick glasses \u00a9 cookie studio - stock.adobe.comhi tech biometric security scan \u00a9 rimom - stock.adobe.comFatigued stressed young businesswoman secretary feel eye strain at work \u00a9 fizkes - stock.adobe.comKid with sunglasses \u00a9 EnChroma\u00ae Color Blind GlassesMan giving piggyback to woman \u00a9 WavebreakmediaMicro - stock.adobe.comGlasses on eye chart close-up \u00a9 Africa Studio - stock.adobe.comIshihara Test. Daltonismus, Farbblindheit Krankheit. Wahrnehmungstest \u00a9 eveleen - shutterstock.comWoman in car giving thumbs up \u00a9 pikselstock - stock.adobe.comZyklistisches Portrait mit Blitzlicht im Wald im Freien \u00a9 Ramon Espelt Photography - shutterstock.comKontaktlinsen \u00a9 AMPIRION - shutterstock.comFinancial adviser showing terms of contract on tablet \u00a9 goodluz - stock.adobe.com Lunettes pour femmes :Brillenmodel \u00a9 Falvin Aesthetic Attitude Lunettes pour hommes :Lesen Sie die neuesten Nachrichten. Seitenansicht des jungen Gesch\u00e4ftsmanns... \u00a9 G-Stock Studio - stock.adobe.com Lunettes de soleil :Happy Couple in Sunglasses Having Fun on the Beach. \u00a9 Summer Subbotina Anna [&hellip;]","og_url":"https:\/\/optik.roman-wagner.de\/fr\/mentions-legales\/","og_site_name":"Roman Wagner","article_publisher":"https:\/\/www.facebook.com\/romanwagner.optiker","article_modified_time":"2026-04-30T13:32:35+00:00","twitter_card":"summary_large_image","twitter_misc":{"Dur\u00e9e de lecture estim\u00e9e":"3 minutes"},"schema":{"@context":"https:\/\/schema.org","@graph":[{"@type":"WebPage","@id":"https:\/\/optik.roman-wagner.de\/fr\/mentions-legales\/","url":"https:\/\/optik.roman-wagner.de\/fr\/mentions-legales\/","name":"Mentions l\u00e9gales - Roman Wagner","isPartOf":{"@id":"https:\/\/optik.roman-wagner.de\/fr\/#website"},"datePublished":"2019-12-08T11:54:49+00:00","dateModified":"2026-04-30T13:32:35+00:00","breadcrumb":{"@id":"https:\/\/optik.roman-wagner.de\/fr\/mentions-legales\/#breadcrumb"},"inLanguage":"fr-FR","potentialAction":[{"@type":"ReadAction","target":["https:\/\/optik.roman-wagner.de\/fr\/mentions-legales\/"]}]},{"@type":"BreadcrumbList","@id":"https:\/\/optik.roman-wagner.de\/fr\/mentions-legales\/#breadcrumb","itemListElement":[{"@type":"ListItem","position":1,"name":"Startseite","item":"https:\/\/optik.roman-wagner.de\/fr\/centres-pour-une-bonne-vision\/"},{"@type":"ListItem","position":2,"name":"Mentions l\u00e9gales"}]},{"@type":"WebSite","@id":"https:\/\/optik.roman-wagner.de\/fr\/#website","url":"https:\/\/optik.roman-wagner.de\/fr\/","name":"Der Augenoptiker Roman Wagner","description":"Zentren f\u00fcr gutes Sehen","publisher":{"@id":"https:\/\/optik.roman-wagner.de\/fr\/#organization"},"potentialAction":[{"@type":"SearchAction","target":{"@type":"EntryPoint","urlTemplate":"https:\/\/optik.roman-wagner.de\/fr\/?s={search_term_string}"},"query-input":{"@type":"PropertyValueSpecification","valueRequired":true,"valueName":"search_term_string"}}],"inLanguage":"fr-FR"},{"@type":"Organization","@id":"https:\/\/optik.roman-wagner.de\/fr\/#organization","name":"Der Augenoptiker Roman Wagner","url":"https:\/\/optik.roman-wagner.de\/fr\/","logo":{"@type":"ImageObject","inLanguage":"fr-FR","@id":"https:\/\/optik.roman-wagner.de\/fr\/#\/schema\/logo\/image\/","url":"https:\/\/optik.roman-wagner.de\/wp-content\/uploads\/2019\/11\/Logo-RW-quadrat.jpg","contentUrl":"https:\/\/optik.roman-wagner.de\/wp-content\/uploads\/2019\/11\/Logo-RW-quadrat.jpg","width":488,"height":479,"caption":"Der Augenoptiker Roman Wagner"},"image":{"@id":"https:\/\/optik.roman-wagner.de\/fr\/#\/schema\/logo\/image\/"},"sameAs":["https:\/\/www.facebook.com\/romanwagner.optiker","https:\/\/www.instagram.com\/romanwagner.optiker\/","https:\/\/www.youtube.com\/channel\/UCIHnCII9jl34mZG08gXgG6A"]}]}},"_links":{"self":[{"href":"https:\/\/optik.roman-wagner.de\/fr\/wp-json\/wp\/v2\/pages\/7619","targetHints":{"allow":["GET"]}}],"collection":[{"href":"https:\/\/optik.roman-wagner.de\/fr\/wp-json\/wp\/v2\/pages"}],"about":[{"href":"https:\/\/optik.roman-wagner.de\/fr\/wp-json\/wp\/v2\/types\/page"}],"author":[{"embeddable":true,"href":"https:\/\/optik.roman-wagner.de\/fr\/wp-json\/wp\/v2\/users\/1"}],"replies":[{"embeddable":true,"href":"https:\/\/optik.roman-wagner.de\/fr\/wp-json\/wp\/v2\/comments?post=7619"}],"version-history":[{"count":6,"href":"https:\/\/optik.roman-wagner.de\/fr\/wp-json\/wp\/v2\/pages\/7619\/revisions"}],"predecessor-version":[{"id":7636,"href":"https:\/\/optik.roman-wagner.de\/fr\/wp-json\/wp\/v2\/pages\/7619\/revisions\/7636"}],"wp:attachment":[{"href":"https:\/\/optik.roman-wagner.de\/fr\/wp-json\/wp\/v2\/media?parent=7619"}],"curies":[{"name":"wp","href":"https:\/\/api.w.org\/{rel}","templated":true}]}}