{"id":7456,"date":"2020-03-12T11:35:15","date_gmt":"2020-03-12T10:35:15","guid":{"rendered":"https:\/\/optik.roman-wagner.de\/mode-lunettes-actuelle\/"},"modified":"2026-04-30T15:31:34","modified_gmt":"2026-04-30T13:31:34","slug":"mode-lunettes-actuelle","status":"publish","type":"page","link":"https:\/\/optik.roman-wagner.de\/fr\/mode-lunettes-actuelle\/","title":{"rendered":"Mode lunettes actuelle"},"content":{"rendered":"<p>[et_pb_section fb_built=\u00a0\u00bb1&Prime; _builder_version=\u00a0\u00bb4.25.1&Prime; custom_margin=\u00a0\u00bb0px||||false|false\u00a0\u00bb custom_margin_tablet=\u00a0\u00bb0px||||false|false\u00a0\u00bb custom_margin_phone=\u00a0\u00bb70px||||false|false\u00a0\u00bb custom_margin_last_edited=\u00a0\u00bbon|phone\u00a0\u00bb custom_padding=\u00a0\u00bb0px||0px||false|false\u00a0\u00bb da_disable_devices=\u00a0\u00bboff|off|off\u00a0\u00bb global_colors_info=\u00a0\u00bb{}\u00a0\u00bb da_is_popup=\u00a0\u00bboff\u00a0\u00bb da_exit_intent=\u00a0\u00bboff\u00a0\u00bb da_has_close=\u00a0\u00bbon\u00a0\u00bb da_alt_close=\u00a0\u00bboff\u00a0\u00bb da_dark_close=\u00a0\u00bboff\u00a0\u00bb da_not_modal=\u00a0\u00bbon\u00a0\u00bb da_is_singular=\u00a0\u00bboff\u00a0\u00bb da_with_loader=\u00a0\u00bboff\u00a0\u00bb da_has_shadow=\u00a0\u00bbon\u00a0\u00bb][et_pb_row _builder_version=\u00a0\u00bb4.25.1&Prime; _module_preset=\u00a0\u00bbdefault\u00a0\u00bb width=\u00a0\u00bb100%\u00a0\u00bb max_width=\u00a0\u00bb2560px\u00a0\u00bb custom_margin=\u00a0\u00bb0px||||false|false\u00a0\u00bb custom_padding=\u00a0\u00bb0px||4px||false|false\u00a0\u00bb global_colors_info=\u00a0\u00bb{}\u00a0\u00bb][et_pb_column type=\u00a0\u00bb4_4&Prime; _builder_version=\u00a0\u00bb4.16&Prime; _module_preset=\u00a0\u00bbdefault\u00a0\u00bb global_colors_info=\u00a0\u00bb{}\u00a0\u00bb][et_pb_image src=\u00a0\u00bbhttps:\/\/optik.roman-wagner.de\/wp-content\/uploads\/2024\/03\/Blackfin-Newsletter-Models-.jpg\u00a0\u00bb title_text=\u00a0\u00bbMod\u00e8les Newsletter Blackfin\u00a0\u00bb force_fullwidth=\u00a0\u00bbon\u00a0\u00bb _builder_version=\u00a0\u00bb4.25.1&Prime; _module_preset=\u00a0\u00bbdefault\u00a0\u00bb global_colors_info=\u00a0\u00bb{}\u00a0\u00bb][\/et_pb_image][\/et_pb_column][\/et_pb_row][et_pb_row column_structure=\u00a0\u00bb1_2,1_2&Prime; _builder_version=\u00a0\u00bb4.16&Prime; _module_preset=\u00a0\u00bbdefault\u00a0\u00bb custom_padding=\u00a0\u00bb39px||60px|||\u00a0\u00bb global_colors_info=\u00a0\u00bb{}\u00a0\u00bb][et_pb_column type=\u00a0\u00bb1_2&Prime; _builder_version=\u00a0\u00bb4.16&Prime; _module_preset=\u00a0\u00bbdefault\u00a0\u00bb global_colors_info=\u00a0\u00bb{}\u00a0\u00bb][dsm_text_notation notation_text=\u00a0\u00bbMode lunettes actuelle\u00a0\u00bb notation_color=\u00a0\u00bb#0084D7&Prime; notation_width=\u00a0\u00bb4&Prime; _builder_version=\u00a0\u00bb4.25.1&Prime; _module_preset=\u00a0\u00bbdefault\u00a0\u00bb header_font=\u00a0\u00bb||||||||\u00a0\u00bb header_text_color=\u00a0\u00bb#000000&Prime; notation_font=\u00a0\u00bb|700|||||||\u00a0\u00bb notation_text_color=\u00a0\u00bb#000000&Prime; text_orientation=\u00a0\u00bbleft\u00a0\u00bb width=\u00a0\u00bb100%\u00a0\u00bb custom_margin=\u00a0\u00bb0px||0px||false|false\u00a0\u00bb custom_padding=\u00a0\u00bb0px||||false|false\u00a0\u00bb header_font_size_tablet=\u00a0\u00bb\u00a0\u00bb header_font_size_phone=\u00a0\u00bb\u00a0\u00bb header_font_size_last_edited=\u00a0\u00bbon|phone\u00a0\u00bb header_line_height_tablet=\u00a0\u00bb\u00a0\u00bb header_line_height_phone=\u00a0\u00bb1.3em\u00a0\u00bb header_line_height_last_edited=\u00a0\u00bbon|phone\u00a0\u00bb locked=\u00a0\u00bboff\u00a0\u00bb global_colors_info=\u00a0\u00bb{}\u00a0\u00bb][\/dsm_text_notation][et_pb_text _builder_version=\u00a0\u00bb4.25.1&Prime; global_colors_info=\u00a0\u00bb{}\u00a0\u00bb]<\/p>\n<h2 style=\"text-align: left;\"><strong>de Paris, New York, Munich et Milan<\/strong><\/h2>\n<p style=\"text-align: left;\">Vous trouverez chez nous les tendances lunettes actuelles des m\u00e9tropoles de la mode internationales. Nous pouvons vous pr\u00e9senter la mode lunettes tendance des cr\u00e9ateurs et cr\u00e9atrices de renom parmi plus de 100 marques. <\/p>\n<p>[\/et_pb_text][\/et_pb_column][et_pb_column type=\u00a0\u00bb1_2&Prime; _builder_version=\u00a0\u00bb4.16&Prime; _module_preset=\u00a0\u00bbdefault\u00a0\u00bb global_colors_info=\u00a0\u00bb{}\u00a0\u00bb][et_pb_cta title=\u00a0\u00bbEssayage virtuel\u00a0\u00bb button_url=\u00a0\u00bbhttps:\/\/optik.roman-wagner.de\/Brille-virtuell-anprobieren\u00a0\u00bb url_new_window=\u00a0\u00bbon\u00a0\u00bb button_text=\u00a0\u00bbEssayer des lunettes virtuellement maintenant\u00a0\u00bb _builder_version=\u00a0\u00bb4.27.4&Prime; _module_preset=\u00a0\u00bbdefault\u00a0\u00bb background_color=\u00a0\u00bb#04557d\u00a0\u00bb global_module=\u00a0\u00bb2175&Prime; saved_tabs=\u00a0\u00bball\u00a0\u00bb global_colors_info=\u00a0\u00bb{}\u00a0\u00bb]<\/p>\n<p>Lass Dich inspirieren und probiere authentische Designerbrillen jetzt virtuell an!<\/p>\n<p>[\/et_pb_cta][\/et_pb_column][\/et_pb_row][et_pb_row _builder_version=\u00a0\u00bb4.16&Prime; custom_padding=\u00a0\u00bb3px||11px|||\u00a0\u00bb global_colors_info=\u00a0\u00bb{}\u00a0\u00bb][et_pb_column type=\u00a0\u00bb4_4&Prime; _builder_version=\u00a0\u00bb4.16&Prime; global_colors_info=\u00a0\u00bb{}\u00a0\u00bb][et_pb_gallery gallery_ids=\u00a0\u00bb7457,7458,7459,7460,6782,7461,6851,7462,7463,7464,6852,6850,7465,7466,7467,7468,7469,7470,7471,7472,6853,7473,7474,7475,7476,6854,7477,6855,7478,7479,7480,7481,7482,7483,7484,7485,7486,7487,7488,7489,7490,7491,7492,7493,7494,7495,7496,7497,7498,7499,7500,7501,6857,7502,7503,7504,7505,7506,7507,7508,7399,7397,7509,7510,7511,7512,7513,7514,7515,7516,7517,7518,6849,7519,7520,7521,7522,7523,7524,7525,6858,7526,7527,7528,7529,7530,7531,7532,7533,7534,7535,7536,7537,7538,7539&Prime; posts_number=\u00a0\u00bb8&Prime; orientation=\u00a0\u00bbportrait\u00a0\u00bb show_title_and_caption=\u00a0\u00bboff\u00a0\u00bb zoom_icon_color=\u00a0\u00bbRGBA(255,255,255,0)\u00a0\u00bb hover_overlay_color=\u00a0\u00bbRGBA(255,255,255,0)\u00a0\u00bb _builder_version=\u00a0\u00bb4.27.4&Prime; hover_enabled=\u00a0\u00bb0&Prime; global_module=\u00a0\u00bb1306&Prime; saved_tabs=\u00a0\u00bball\u00a0\u00bb global_colors_info=\u00a0\u00bb{}\u00a0\u00bb sticky_enabled=\u00a0\u00bb0&Prime;][\/et_pb_gallery][\/et_pb_column][\/et_pb_row][\/et_pb_section][et_pb_section fb_built=\u00a0\u00bb1&Prime; _builder_version=\u00a0\u00bb4.16&Prime; custom_padding=\u00a0\u00bb8px||7px|||\u00a0\u00bb da_disable_devices=\u00a0\u00bboff|off|off\u00a0\u00bb global_colors_info=\u00a0\u00bb{}\u00a0\u00bb da_is_popup=\u00a0\u00bboff\u00a0\u00bb da_exit_intent=\u00a0\u00bboff\u00a0\u00bb da_has_close=\u00a0\u00bbon\u00a0\u00bb da_alt_close=\u00a0\u00bboff\u00a0\u00bb da_dark_close=\u00a0\u00bboff\u00a0\u00bb da_not_modal=\u00a0\u00bbon\u00a0\u00bb da_is_singular=\u00a0\u00bboff\u00a0\u00bb da_with_loader=\u00a0\u00bboff\u00a0\u00bb da_has_shadow=\u00a0\u00bbon\u00a0\u00bb][et_pb_row _builder_version=\u00a0\u00bb4.16&Prime; custom_padding=\u00a0\u00bb1px||6px|||\u00a0\u00bb global_colors_info=\u00a0\u00bb{}\u00a0\u00bb][et_pb_column type=\u00a0\u00bb4_4&Prime; _builder_version=\u00a0\u00bb4.16&Prime; global_colors_info=\u00a0\u00bb{}\u00a0\u00bb][et_pb_gallery gallery_ids=\u00a0\u00bb6848,7540,7541,7542,6781,7543,7544,7545,7546,7547,7548,7549,7550,7551,7552,7553,7554,7555,7556,6856,7557,7558,7559,7560,7561,7562,7563,7564,7565,7566,7567,7568,6859,7569,7570,7571,7572&Prime; gallery_orderby=\u00a0\u00bbrand\u00a0\u00bb posts_number=\u00a0\u00bb8&Prime; orientation=\u00a0\u00bbportrait\u00a0\u00bb show_title_and_caption=\u00a0\u00bboff\u00a0\u00bb zoom_icon_color=\u00a0\u00bbRGBA(255,255,255,0)\u00a0\u00bb hover_overlay_color=\u00a0\u00bbRGBA(255,255,255,0)\u00a0\u00bb _builder_version=\u00a0\u00bb4.27.4&Prime; global_module=\u00a0\u00bb1308&Prime; global_colors_info=\u00a0\u00bb{}\u00a0\u00bb][\/et_pb_gallery][\/et_pb_column][\/et_pb_row][\/et_pb_section][et_pb_section fb_built=\u00a0\u00bb1&Prime; _builder_version=\u00a0\u00bb4.16&Prime; custom_padding=\u00a0\u00bb5px||6px|||\u00a0\u00bb da_disable_devices=\u00a0\u00bboff|off|off\u00a0\u00bb global_colors_info=\u00a0\u00bb{}\u00a0\u00bb da_is_popup=\u00a0\u00bboff\u00a0\u00bb da_exit_intent=\u00a0\u00bboff\u00a0\u00bb da_has_close=\u00a0\u00bbon\u00a0\u00bb da_alt_close=\u00a0\u00bboff\u00a0\u00bb da_dark_close=\u00a0\u00bboff\u00a0\u00bb da_not_modal=\u00a0\u00bbon\u00a0\u00bb da_is_singular=\u00a0\u00bboff\u00a0\u00bb da_with_loader=\u00a0\u00bboff\u00a0\u00bb da_has_shadow=\u00a0\u00bbon\u00a0\u00bb][et_pb_row _builder_version=\u00a0\u00bb4.16&Prime; custom_padding=\u00a0\u00bb||84px|||\u00a0\u00bb global_colors_info=\u00a0\u00bb{}\u00a0\u00bb][et_pb_column type=\u00a0\u00bb4_4&Prime; _builder_version=\u00a0\u00bb4.16&Prime; global_colors_info=\u00a0\u00bb{}\u00a0\u00bb][et_pb_cta title=\u00a0\u00bbVous vous orientez selon les tendances mode actuelles et avez envie de changement ?\u00a0\u00bb button_url=\u00a0\u00bbhttps:\/\/optik.roman-wagner.de\/standorte\/\u00a0\u00bb button_text=\u00a0\u00bbPrendre rendez-vous maintenant\u00a0\u00bb _builder_version=\u00a0\u00bb4.27.4&Prime; background_color=\u00a0\u00bb#04557d\u00a0\u00bb global_colors_info=\u00a0\u00bb{}\u00a0\u00bb]<\/p>\n<p>Faites-vous conseiller sur place \u2013 nous vous r\u00e9v\u00e9lons quelles lunettes conviennent le mieux \u00e0 votre type et \u00e0 votre visage.<\/p>\n<p>[\/et_pb_cta][\/et_pb_column][\/et_pb_row][\/et_pb_section]<\/p>\n","protected":false},"excerpt":{"rendered":"<p><div class=\"et_pb_module dsm_text_notation dsm_text_notation_0  et_pb_text_align_left et_pb_bg_layout_light\">\n\t\t\t\t\n\t\t\t\t\n\t\t\t\t\n\t\t\t\t\n\t\t\t\t\n\t\t\t\t\n\t\t\t\t<div class=\"et_pb_module_inner\">\n\t\t\t\t\t<h1 class=\"dsm-text-notation-main et_pb_module_header\"><span data-notation=\"[{&quot;type&quot;:&quot;underline&quot;,&quot;color&quot;:&quot;#0084D7&quot;,&quot;stroke-width&quot;:&quot;4&quot;,&quot;iterations&quot;:&quot;2&quot;,&quot;brackets&quot;:&quot;left|right&quot;,&quot;viewport&quot;:&quot;80%&quot;,&quot;delay&quot;:&quot;0ms&quot;,&quot;divi-animate&quot;:&quot;none&quot;,&quot;divi-animate-duration&quot;:&quot;1000ms&quot;,&quot;divi-animate-delay&quot;:&quot;0ms&quot;}]\" class=\"dsm-text-notation-middle\">Mode lunettes actuelle<\/span><\/h1>\n\t\t\t\t<\/div>\n\t\t\t<\/div>de Paris, New York, Munich et Milan Vous trouverez chez nous les tendances lunettes actuelles des m\u00e9tropoles de la mode internationales. Nous pouvons vous pr\u00e9senter la mode lunettes tendance des cr\u00e9ateurs et cr\u00e9atrices de renom parmi plus de 100 marques. Lass Dich inspirieren und probiere authentische Designerbrillen jetzt virtuell an! Faites-vous conseiller sur place \u2013 nous vous r\u00e9v\u00e9lons quelles lunettes conviennent le mieux \u00e0 votre type et \u00e0 votre visage.<\/p>\n","protected":false},"author":1,"featured_media":0,"parent":0,"menu_order":0,"comment_status":"closed","ping_status":"closed","template":"","meta":{"_et_pb_use_builder":"on","_et_pb_old_content":"","_et_gb_content_width":"","iawp_total_views":0,"footnotes":""},"class_list":["post-7456","page","type-page","status-publish","hentry"],"yoast_head":"<!-- This site is optimized with the Yoast SEO plugin v27.4 - https:\/\/yoast.com\/product\/yoast-seo-wordpress\/ -->\n<title>Mode lunettes actuelle - L&#039;opticien Roman Wagner<\/title>\n<meta name=\"description\" content=\"Mode lunettes internationale et tendances de Paris, New York, Munich et Milan.\" \/>\n<meta name=\"robots\" content=\"index, follow, max-snippet:-1, max-image-preview:large, max-video-preview:-1\" \/>\n<link rel=\"canonical\" href=\"https:\/\/optik.roman-wagner.de\/fr\/mode-lunettes-actuelle\/\" \/>\n<meta property=\"og:locale\" content=\"fr_FR\" \/>\n<meta property=\"og:type\" content=\"article\" \/>\n<meta property=\"og:title\" content=\"Mode lunettes actuelle - L&#039;opticien Roman Wagner\" \/>\n<meta property=\"og:description\" content=\"Mode lunettes internationale et tendances de Paris, New York, Munich et Milan.\" \/>\n<meta property=\"og:url\" content=\"https:\/\/optik.roman-wagner.de\/fr\/mode-lunettes-actuelle\/\" \/>\n<meta property=\"og:site_name\" content=\"Roman Wagner\" \/>\n<meta property=\"article:publisher\" content=\"https:\/\/www.facebook.com\/romanwagner.optiker\" \/>\n<meta property=\"article:modified_time\" content=\"2026-04-30T13:31:34+00:00\" \/>\n<meta name=\"twitter:card\" content=\"summary_large_image\" \/>\n<meta name=\"twitter:label1\" content=\"Dur\u00e9e de lecture estim\u00e9e\" \/>\n\t<meta name=\"twitter:data1\" content=\"4 minutes\" \/>\n<script type=\"application\/ld+json\" class=\"yoast-schema-graph\">{\"@context\":\"https:\\\/\\\/schema.org\",\"@graph\":[{\"@type\":\"WebPage\",\"@id\":\"https:\\\/\\\/optik.roman-wagner.de\\\/fr\\\/mode-lunettes-actuelle\\\/\",\"url\":\"https:\\\/\\\/optik.roman-wagner.de\\\/fr\\\/mode-lunettes-actuelle\\\/\",\"name\":\"Mode lunettes actuelle - L'opticien Roman Wagner\",\"isPartOf\":{\"@id\":\"https:\\\/\\\/optik.roman-wagner.de\\\/fr\\\/#website\"},\"datePublished\":\"2020-03-12T10:35:15+00:00\",\"dateModified\":\"2026-04-30T13:31:34+00:00\",\"description\":\"Mode lunettes internationale et tendances de Paris, New York, Munich et Milan.\",\"breadcrumb\":{\"@id\":\"https:\\\/\\\/optik.roman-wagner.de\\\/fr\\\/mode-lunettes-actuelle\\\/#breadcrumb\"},\"inLanguage\":\"fr-FR\",\"potentialAction\":[{\"@type\":\"ReadAction\",\"target\":[\"https:\\\/\\\/optik.roman-wagner.de\\\/fr\\\/mode-lunettes-actuelle\\\/\"]}]},{\"@type\":\"BreadcrumbList\",\"@id\":\"https:\\\/\\\/optik.roman-wagner.de\\\/fr\\\/mode-lunettes-actuelle\\\/#breadcrumb\",\"itemListElement\":[{\"@type\":\"ListItem\",\"position\":1,\"name\":\"Startseite\",\"item\":\"https:\\\/\\\/optik.roman-wagner.de\\\/fr\\\/centres-pour-une-bonne-vision\\\/\"},{\"@type\":\"ListItem\",\"position\":2,\"name\":\"Mode lunettes actuelle\"}]},{\"@type\":\"WebSite\",\"@id\":\"https:\\\/\\\/optik.roman-wagner.de\\\/fr\\\/#website\",\"url\":\"https:\\\/\\\/optik.roman-wagner.de\\\/fr\\\/\",\"name\":\"Der Augenoptiker Roman Wagner\",\"description\":\"Zentren f\u00fcr gutes Sehen\",\"publisher\":{\"@id\":\"https:\\\/\\\/optik.roman-wagner.de\\\/fr\\\/#organization\"},\"potentialAction\":[{\"@type\":\"SearchAction\",\"target\":{\"@type\":\"EntryPoint\",\"urlTemplate\":\"https:\\\/\\\/optik.roman-wagner.de\\\/fr\\\/?s={search_term_string}\"},\"query-input\":{\"@type\":\"PropertyValueSpecification\",\"valueRequired\":true,\"valueName\":\"search_term_string\"}}],\"inLanguage\":\"fr-FR\"},{\"@type\":\"Organization\",\"@id\":\"https:\\\/\\\/optik.roman-wagner.de\\\/fr\\\/#organization\",\"name\":\"Der Augenoptiker Roman Wagner\",\"url\":\"https:\\\/\\\/optik.roman-wagner.de\\\/fr\\\/\",\"logo\":{\"@type\":\"ImageObject\",\"inLanguage\":\"fr-FR\",\"@id\":\"https:\\\/\\\/optik.roman-wagner.de\\\/fr\\\/#\\\/schema\\\/logo\\\/image\\\/\",\"url\":\"https:\\\/\\\/optik.roman-wagner.de\\\/wp-content\\\/uploads\\\/2019\\\/11\\\/Logo-RW-quadrat.jpg\",\"contentUrl\":\"https:\\\/\\\/optik.roman-wagner.de\\\/wp-content\\\/uploads\\\/2019\\\/11\\\/Logo-RW-quadrat.jpg\",\"width\":488,\"height\":479,\"caption\":\"Der Augenoptiker Roman Wagner\"},\"image\":{\"@id\":\"https:\\\/\\\/optik.roman-wagner.de\\\/fr\\\/#\\\/schema\\\/logo\\\/image\\\/\"},\"sameAs\":[\"https:\\\/\\\/www.facebook.com\\\/romanwagner.optiker\",\"https:\\\/\\\/www.instagram.com\\\/romanwagner.optiker\\\/\",\"https:\\\/\\\/www.youtube.com\\\/channel\\\/UCIHnCII9jl34mZG08gXgG6A\"]}]}<\/script>\n<!-- \/ Yoast SEO plugin. -->","yoast_head_json":{"title":"Mode lunettes actuelle - L'opticien Roman Wagner","description":"Mode lunettes internationale et tendances de Paris, New York, Munich et Milan.","robots":{"index":"index","follow":"follow","max-snippet":"max-snippet:-1","max-image-preview":"max-image-preview:large","max-video-preview":"max-video-preview:-1"},"canonical":"https:\/\/optik.roman-wagner.de\/fr\/mode-lunettes-actuelle\/","og_locale":"fr_FR","og_type":"article","og_title":"Mode lunettes actuelle - L'opticien Roman Wagner","og_description":"Mode lunettes internationale et tendances de Paris, New York, Munich et Milan.","og_url":"https:\/\/optik.roman-wagner.de\/fr\/mode-lunettes-actuelle\/","og_site_name":"Roman Wagner","article_publisher":"https:\/\/www.facebook.com\/romanwagner.optiker","article_modified_time":"2026-04-30T13:31:34+00:00","twitter_card":"summary_large_image","twitter_misc":{"Dur\u00e9e de lecture estim\u00e9e":"4 minutes"},"schema":{"@context":"https:\/\/schema.org","@graph":[{"@type":"WebPage","@id":"https:\/\/optik.roman-wagner.de\/fr\/mode-lunettes-actuelle\/","url":"https:\/\/optik.roman-wagner.de\/fr\/mode-lunettes-actuelle\/","name":"Mode lunettes actuelle - L'opticien Roman Wagner","isPartOf":{"@id":"https:\/\/optik.roman-wagner.de\/fr\/#website"},"datePublished":"2020-03-12T10:35:15+00:00","dateModified":"2026-04-30T13:31:34+00:00","description":"Mode lunettes internationale et tendances de Paris, New York, Munich et Milan.","breadcrumb":{"@id":"https:\/\/optik.roman-wagner.de\/fr\/mode-lunettes-actuelle\/#breadcrumb"},"inLanguage":"fr-FR","potentialAction":[{"@type":"ReadAction","target":["https:\/\/optik.roman-wagner.de\/fr\/mode-lunettes-actuelle\/"]}]},{"@type":"BreadcrumbList","@id":"https:\/\/optik.roman-wagner.de\/fr\/mode-lunettes-actuelle\/#breadcrumb","itemListElement":[{"@type":"ListItem","position":1,"name":"Startseite","item":"https:\/\/optik.roman-wagner.de\/fr\/centres-pour-une-bonne-vision\/"},{"@type":"ListItem","position":2,"name":"Mode lunettes actuelle"}]},{"@type":"WebSite","@id":"https:\/\/optik.roman-wagner.de\/fr\/#website","url":"https:\/\/optik.roman-wagner.de\/fr\/","name":"Der Augenoptiker Roman Wagner","description":"Zentren f\u00fcr gutes Sehen","publisher":{"@id":"https:\/\/optik.roman-wagner.de\/fr\/#organization"},"potentialAction":[{"@type":"SearchAction","target":{"@type":"EntryPoint","urlTemplate":"https:\/\/optik.roman-wagner.de\/fr\/?s={search_term_string}"},"query-input":{"@type":"PropertyValueSpecification","valueRequired":true,"valueName":"search_term_string"}}],"inLanguage":"fr-FR"},{"@type":"Organization","@id":"https:\/\/optik.roman-wagner.de\/fr\/#organization","name":"Der Augenoptiker Roman Wagner","url":"https:\/\/optik.roman-wagner.de\/fr\/","logo":{"@type":"ImageObject","inLanguage":"fr-FR","@id":"https:\/\/optik.roman-wagner.de\/fr\/#\/schema\/logo\/image\/","url":"https:\/\/optik.roman-wagner.de\/wp-content\/uploads\/2019\/11\/Logo-RW-quadrat.jpg","contentUrl":"https:\/\/optik.roman-wagner.de\/wp-content\/uploads\/2019\/11\/Logo-RW-quadrat.jpg","width":488,"height":479,"caption":"Der Augenoptiker Roman Wagner"},"image":{"@id":"https:\/\/optik.roman-wagner.de\/fr\/#\/schema\/logo\/image\/"},"sameAs":["https:\/\/www.facebook.com\/romanwagner.optiker","https:\/\/www.instagram.com\/romanwagner.optiker\/","https:\/\/www.youtube.com\/channel\/UCIHnCII9jl34mZG08gXgG6A"]}]}},"_links":{"self":[{"href":"https:\/\/optik.roman-wagner.de\/fr\/wp-json\/wp\/v2\/pages\/7456","targetHints":{"allow":["GET"]}}],"collection":[{"href":"https:\/\/optik.roman-wagner.de\/fr\/wp-json\/wp\/v2\/pages"}],"about":[{"href":"https:\/\/optik.roman-wagner.de\/fr\/wp-json\/wp\/v2\/types\/page"}],"author":[{"embeddable":true,"href":"https:\/\/optik.roman-wagner.de\/fr\/wp-json\/wp\/v2\/users\/1"}],"replies":[{"embeddable":true,"href":"https:\/\/optik.roman-wagner.de\/fr\/wp-json\/wp\/v2\/comments?post=7456"}],"version-history":[{"count":2,"href":"https:\/\/optik.roman-wagner.de\/fr\/wp-json\/wp\/v2\/pages\/7456\/revisions"}],"predecessor-version":[{"id":7577,"href":"https:\/\/optik.roman-wagner.de\/fr\/wp-json\/wp\/v2\/pages\/7456\/revisions\/7577"}],"wp:attachment":[{"href":"https:\/\/optik.roman-wagner.de\/fr\/wp-json\/wp\/v2\/media?parent=7456"}],"curies":[{"name":"wp","href":"https:\/\/api.w.org\/{rel}","templated":true}]}}