{"id":7444,"date":"2020-02-04T10:41:32","date_gmt":"2020-02-04T09:41:32","guid":{"rendered":"https:\/\/optik.roman-wagner.de\/controle-des-yeux\/"},"modified":"2026-04-30T15:31:02","modified_gmt":"2026-04-30T13:31:02","slug":"controle-des-yeux","status":"publish","type":"page","link":"https:\/\/optik.roman-wagner.de\/fr\/controle-des-yeux\/","title":{"rendered":"Contr\u00f4le des yeux"},"content":{"rendered":"<p>[et_pb_section fb_built=\u00a0\u00bb1&Prime; _builder_version=\u00a0\u00bb4.25.1&Prime; custom_margin=\u00a0\u00bb130px||||false|false\u00a0\u00bb custom_margin_tablet=\u00a0\u00bb130px||||false|false\u00a0\u00bb custom_margin_phone=\u00a0\u00bb70px||||false|false\u00a0\u00bb custom_margin_last_edited=\u00a0\u00bbon|desktop\u00a0\u00bb custom_padding=\u00a0\u00bb0px||0px||false|false\u00a0\u00bb da_disable_devices=\u00a0\u00bboff|off|off\u00a0\u00bb global_colors_info=\u00a0\u00bb{}\u00a0\u00bb da_is_popup=\u00a0\u00bboff\u00a0\u00bb da_exit_intent=\u00a0\u00bboff\u00a0\u00bb da_has_close=\u00a0\u00bbon\u00a0\u00bb da_alt_close=\u00a0\u00bboff\u00a0\u00bb da_dark_close=\u00a0\u00bboff\u00a0\u00bb da_not_modal=\u00a0\u00bbon\u00a0\u00bb da_is_singular=\u00a0\u00bboff\u00a0\u00bb da_with_loader=\u00a0\u00bboff\u00a0\u00bb da_has_shadow=\u00a0\u00bbon\u00a0\u00bb][et_pb_row _builder_version=\u00a0\u00bb4.25.1&Prime; width=\u00a0\u00bb100%\u00a0\u00bb max_width=\u00a0\u00bb2560px\u00a0\u00bb custom_margin=\u00a0\u00bb0px||||false|false\u00a0\u00bb custom_padding=\u00a0\u00bb0px||0px||false|false\u00a0\u00bb global_colors_info=\u00a0\u00bb{}\u00a0\u00bb][et_pb_column type=\u00a0\u00bb4_4&Prime; _builder_version=\u00a0\u00bb4.16&Prime; global_colors_info=\u00a0\u00bb{}\u00a0\u00bb][et_pb_image src=\u00a0\u00bbhttps:\/\/optik.roman-wagner.de\/wp-content\/uploads\/2019\/11\/Screening.jpg\u00a0\u00bb title_text=\u00a0\u00bbhi tech biometric security scan\u00a0\u00bb force_fullwidth=\u00a0\u00bbon\u00a0\u00bb _builder_version=\u00a0\u00bb4.25.1&Prime; _module_preset=\u00a0\u00bbdefault\u00a0\u00bb custom_margin=\u00a0\u00bb0px||||false|false\u00a0\u00bb custom_padding=\u00a0\u00bb0px||||false|false\u00a0\u00bb global_colors_info=\u00a0\u00bb{}\u00a0\u00bb][\/et_pb_image][\/et_pb_column][\/et_pb_row][et_pb_row _builder_version=\u00a0\u00bb4.16&Prime; custom_padding=\u00a0\u00bb29px|||||\u00a0\u00bb global_colors_info=\u00a0\u00bb{}\u00a0\u00bb][et_pb_column type=\u00a0\u00bb4_4&Prime; _builder_version=\u00a0\u00bb4.16&Prime; global_colors_info=\u00a0\u00bb{}\u00a0\u00bb][dsm_text_notation notation_text=\u00a0\u00bbD\u00e9pistage oculaire\u00a0\u00bb notation_color=\u00a0\u00bb#0084D7&Prime; notation_width=\u00a0\u00bb4&Prime; _builder_version=\u00a0\u00bb4.25.1&Prime; _module_preset=\u00a0\u00bbdefault\u00a0\u00bb header_font=\u00a0\u00bb|700|||||||\u00a0\u00bb header_text_color=\u00a0\u00bb#000000&Prime; notation_font=\u00a0\u00bb|700|||||||\u00a0\u00bb notation_text_color=\u00a0\u00bb#000000&Prime; text_orientation=\u00a0\u00bbleft\u00a0\u00bb width=\u00a0\u00bb100%\u00a0\u00bb custom_margin=\u00a0\u00bb||3px||false|false\u00a0\u00bb custom_padding=\u00a0\u00bb||||false|false\u00a0\u00bb hover_enabled=\u00a0\u00bb0&Prime; header_font_size_tablet=\u00a0\u00bb\u00a0\u00bb header_font_size_phone=\u00a0\u00bb\u00a0\u00bb header_font_size_last_edited=\u00a0\u00bbon|desktop\u00a0\u00bb header_line_height_tablet=\u00a0\u00bb\u00a0\u00bb header_line_height_phone=\u00a0\u00bb1.3em\u00a0\u00bb header_line_height_last_edited=\u00a0\u00bbon|phone\u00a0\u00bb locked=\u00a0\u00bboff\u00a0\u00bb global_colors_info=\u00a0\u00bb{}\u00a0\u00bb sticky_enabled=\u00a0\u00bb0&Prime;][\/dsm_text_notation][et_pb_text _builder_version=\u00a0\u00bb4.25.1&Prime; text_font=\u00a0\u00bb||||||||\u00a0\u00bb custom_margin=\u00a0\u00bb||||false|false\u00a0\u00bb global_colors_info=\u00a0\u00bb{}\u00a0\u00bb]<\/p>\n<h2 style=\"text-align: left;\">Mieux vaut pr\u00e9venir&#8230;<\/h2>\n<p style=\"text-align: left;\">De nombreuses modifications n\u00e9gatives de vos yeux se d\u00e9veloppent de mani\u00e8re inaper\u00e7ue. <strong>Il est essentiel de d\u00e9tecter les facteurs de risque \u00e0 temps.<\/strong><\/p>\n<p>[\/et_pb_text][\/et_pb_column][\/et_pb_row][\/et_pb_section][et_pb_section fb_built=\u00a0\u00bb1&Prime; _builder_version=\u00a0\u00bb4.16&Prime; custom_padding=\u00a0\u00bb3px||10px|||\u00a0\u00bb da_disable_devices=\u00a0\u00bboff|off|off\u00a0\u00bb global_colors_info=\u00a0\u00bb{}\u00a0\u00bb da_is_popup=\u00a0\u00bboff\u00a0\u00bb da_exit_intent=\u00a0\u00bboff\u00a0\u00bb da_has_close=\u00a0\u00bbon\u00a0\u00bb da_alt_close=\u00a0\u00bboff\u00a0\u00bb da_dark_close=\u00a0\u00bboff\u00a0\u00bb da_not_modal=\u00a0\u00bbon\u00a0\u00bb da_is_singular=\u00a0\u00bboff\u00a0\u00bb da_with_loader=\u00a0\u00bboff\u00a0\u00bb da_has_shadow=\u00a0\u00bbon\u00a0\u00bb][et_pb_row column_structure=\u00a0\u00bb1_2,1_2&Prime; make_equal=\u00a0\u00bbon\u00a0\u00bb _builder_version=\u00a0\u00bb4.25.1&Prime; custom_padding=\u00a0\u00bb3px||62px|||\u00a0\u00bb global_colors_info=\u00a0\u00bb{}\u00a0\u00bb][et_pb_column type=\u00a0\u00bb1_2&Prime; _builder_version=\u00a0\u00bb4.16&Prime; global_colors_info=\u00a0\u00bb{}\u00a0\u00bb][et_pb_image src=\u00a0\u00bbhttps:\/\/optik.roman-wagner.de\/wp-content\/uploads\/2020\/02\/Brosch\u00fcre-Augencheck.jpg\u00a0\u00bb url=\u00a0\u00bbhttps:\/\/www.yumpu.com\/de\/document\/read\/62798651\/augen-check\u00a0\u00bb align=\u00a0\u00bbcenter\u00a0\u00bb _builder_version=\u00a0\u00bb4.16&Prime; global_colors_info=\u00a0\u00bb{}\u00a0\u00bb][\/et_pb_image][\/et_pb_column][et_pb_column type=\u00a0\u00bb1_2&Prime; _builder_version=\u00a0\u00bb4.16&Prime; global_colors_info=\u00a0\u00bb{}\u00a0\u00bb][et_pb_cta title=\u00a0\u00bbLe d\u00e9pistage oculaire chez Roman Wagner\u00a0\u00bb button_url=\u00a0\u00bbhttps:\/\/www.yumpu.com\/de\/document\/read\/62798651\/augen-check\u00a0\u00bb button_text=\u00a0\u00bbLire la brochure en ligne\u00a0\u00bb _builder_version=\u00a0\u00bb4.25.1&Prime; header_level=\u00a0\u00bbh3&Prime; header_font=\u00a0\u00bb|600|||||||\u00a0\u00bb header_text_align=\u00a0\u00bbleft\u00a0\u00bb header_text_color=\u00a0\u00bb#000000&Prime; body_text_color=\u00a0\u00bb#686868&Prime; background_color=\u00a0\u00bb#ffffff\u00a0\u00bb button_alignment=\u00a0\u00bbleft\u00a0\u00bb custom_margin=\u00a0\u00bb|0px|5px||false|false\u00a0\u00bb custom_padding=\u00a0\u00bb|0px|30px|0px|false|false\u00a0\u00bb global_colors_info=\u00a0\u00bb{}\u00a0\u00bb]<\/p>\n<div class=\"wpb_column vc_column_container vc_col-sm-6\">\n<div class=\"vc_column-inner\">\n<div class=\"wpb_wrapper\">\n<div class=\"wpb_text_column wpb_content_element wpb_animate_when_almost_visible wpb_fadeIn fadeIn wpb_start_animation animated\">\n<div class=\"wpb_wrapper\" style=\"text-align: left;\">\n<p>Notre d\u00e9pistage oculaire est une mesure pr\u00e9ventive visant \u00e0 d\u00e9tecter le plus t\u00f4t possible les modifications de l&rsquo;\u0153il et \u00e0 l&rsquo;int\u00e9rieur de celui-ci.<\/p>\n<p>De nombreuses maladies oculaires \u00e9voluent de mani\u00e8re insidieuse et peuvent passer inaper\u00e7ues pendant longtemps. C&rsquo;est pourquoi un contr\u00f4le oculaire r\u00e9gulier est si important. <\/p>\n<p><strong>Que comprend le d\u00e9pistage oculaire chez Roman Wagner ?<\/strong><\/p>\n<ul>\n<li>Test de vision (r\u00e9fraction obj. et subj. avec \u00e9quilibrage binoculaire)<\/li>\n<li>Mesure du segment ant\u00e9rieur de l&rsquo;\u0153il avec chambre ant\u00e9rieure<\/li>\n<li>Capture du cristallin avec analyse du front d&rsquo;onde<\/li>\n<li>Mesure de la pression intraoculaire (sans contact)<\/li>\n<li>Capture du segment post\u00e9rieur de l&rsquo;\u0153il (r\u00e9tine)<\/li>\n<li>en option : analyse par logiciel de d\u00e9pistage assist\u00e9 par IA pour d\u00e9tecter les facteurs de risque de DMLA\/d\u00e9g\u00e9n\u00e9rescence maculaire, r\u00e9tinopathie diab\u00e9tique et glaucome<\/li>\n<li>en option : analyse du film lacrymal<\/li>\n<\/ul>\n<p>*Remarque : le d\u00e9pistage oculaire ne remplace pas l&rsquo;examen et le diagnostic par un ophtalmologiste.<\/p>\n<\/div>\n<\/div>\n<\/div>\n<\/div>\n<\/div>\n<p>[\/et_pb_cta][et_pb_button button_url=\u00a0\u00bbhttps:\/\/optik.roman-wagner.de\/online-termin\/\u00a0\u00bb button_text=\u00a0\u00bbPrendre rendez-vous en ligne maintenant\u00a0\u00bb _builder_version=\u00a0\u00bb4.25.1&Prime; _module_preset=\u00a0\u00bbdefault\u00a0\u00bb custom_margin=\u00a0\u00bb||||false|false\u00a0\u00bb global_module=\u00a0\u00bb4463&Prime; global_colors_info=\u00a0\u00bb{}\u00a0\u00bb][\/et_pb_button][\/et_pb_column][\/et_pb_row][\/et_pb_section]<\/p>\n","protected":false},"excerpt":{"rendered":"<p><div class=\"et_pb_module dsm_text_notation dsm_text_notation_0  et_pb_text_align_left et_pb_bg_layout_light\">\n\t\t\t\t\n\t\t\t\t\n\t\t\t\t\n\t\t\t\t\n\t\t\t\t\n\t\t\t\t\n\t\t\t\t<div class=\"et_pb_module_inner\">\n\t\t\t\t\t<h1 class=\"dsm-text-notation-main et_pb_module_header\"><span data-notation=\"[{&quot;type&quot;:&quot;underline&quot;,&quot;color&quot;:&quot;#0084D7&quot;,&quot;stroke-width&quot;:&quot;4&quot;,&quot;iterations&quot;:&quot;2&quot;,&quot;brackets&quot;:&quot;left|right&quot;,&quot;viewport&quot;:&quot;80%&quot;,&quot;delay&quot;:&quot;0ms&quot;,&quot;divi-animate&quot;:&quot;none&quot;,&quot;divi-animate-duration&quot;:&quot;1000ms&quot;,&quot;divi-animate-delay&quot;:&quot;0ms&quot;}]\" class=\"dsm-text-notation-middle\">D\u00e9pistage oculaire<\/span><\/h1>\n\t\t\t\t<\/div>\n\t\t\t<\/div>Mieux vaut pr\u00e9venir&#8230; De nombreuses modifications n\u00e9gatives de vos yeux se d\u00e9veloppent de mani\u00e8re inaper\u00e7ue. Il est essentiel de d\u00e9tecter les facteurs de risque \u00e0 temps. Notre d\u00e9pistage oculaire est une mesure pr\u00e9ventive visant \u00e0 d\u00e9tecter le plus t\u00f4t possible les modifications de l&rsquo;\u0153il et \u00e0 l&rsquo;int\u00e9rieur de celui-ci. De nombreuses maladies oculaires \u00e9voluent de mani\u00e8re insidieuse et peuvent passer inaper\u00e7ues pendant longtemps. C&rsquo;est pourquoi un contr\u00f4le oculaire r\u00e9gulier est si important. Que comprend le d\u00e9pistage oculaire chez Roman Wagner ? Test de vision (r\u00e9fraction obj. et subj. avec \u00e9quilibrage binoculaire) Mesure du segment ant\u00e9rieur de l&rsquo;\u0153il avec chambre ant\u00e9rieure Capture du cristallin avec analyse du front d&rsquo;onde Mesure de la pression intraoculaire (sans contact) Capture du segment post\u00e9rieur de l&rsquo;\u0153il (r\u00e9tine) en option : analyse par logiciel de d\u00e9pistage assist\u00e9 par IA pour d\u00e9tecter les facteurs de risque de DMLA\/d\u00e9g\u00e9n\u00e9rescence maculaire, r\u00e9tinopathie diab\u00e9tique et glaucome en option : analyse du film lacrymal *Remarque : le d\u00e9pistage oculaire ne remplace pas l&rsquo;examen et le diagnostic par un ophtalmologiste.<\/p>\n","protected":false},"author":1,"featured_media":0,"parent":0,"menu_order":0,"comment_status":"closed","ping_status":"closed","template":"","meta":{"_et_pb_use_builder":"on","_et_pb_old_content":"","_et_gb_content_width":"","iawp_total_views":0,"footnotes":""},"class_list":["post-7444","page","type-page","status-publish","hentry"],"yoast_head":"<!-- This site is optimized with the Yoast SEO plugin v27.4 - https:\/\/yoast.com\/product\/yoast-seo-wordpress\/ -->\n<title>Contr\u00f4le des yeux - Roman Wagner<\/title>\n<meta name=\"robots\" content=\"index, follow, max-snippet:-1, max-image-preview:large, max-video-preview:-1\" \/>\n<link rel=\"canonical\" href=\"https:\/\/optik.roman-wagner.de\/fr\/controle-des-yeux\/\" \/>\n<meta property=\"og:locale\" content=\"fr_FR\" \/>\n<meta property=\"og:type\" content=\"article\" \/>\n<meta property=\"og:title\" content=\"Contr\u00f4le des yeux - Roman Wagner\" \/>\n<meta property=\"og:description\" content=\"Mieux vaut pr\u00e9venir... De nombreuses modifications n\u00e9gatives de vos yeux se d\u00e9veloppent de mani\u00e8re inaper\u00e7ue. Il est essentiel de d\u00e9tecter les facteurs de risque \u00e0 temps. Notre d\u00e9pistage oculaire est une mesure pr\u00e9ventive visant \u00e0 d\u00e9tecter le plus t\u00f4t possible les modifications de l&#039;\u0153il et \u00e0 l&#039;int\u00e9rieur de celui-ci. De nombreuses maladies oculaires \u00e9voluent de mani\u00e8re insidieuse et peuvent passer inaper\u00e7ues pendant longtemps. C&#039;est pourquoi un contr\u00f4le oculaire r\u00e9gulier est si important. Que comprend le d\u00e9pistage oculaire chez Roman Wagner ? Test de vision (r\u00e9fraction obj. et subj. avec \u00e9quilibrage binoculaire) Mesure du segment ant\u00e9rieur de l&#039;\u0153il avec chambre ant\u00e9rieure Capture du cristallin avec analyse du front d&#039;onde Mesure de la pression intraoculaire (sans contact) Capture du segment post\u00e9rieur de l&#039;\u0153il (r\u00e9tine) en option : analyse par logiciel de d\u00e9pistage assist\u00e9 par IA pour d\u00e9tecter les facteurs de risque de DMLA\/d\u00e9g\u00e9n\u00e9rescence maculaire, r\u00e9tinopathie diab\u00e9tique et glaucome en option : analyse du film lacrymal *Remarque : le d\u00e9pistage oculaire ne remplace pas l&#039;examen et le diagnostic par un ophtalmologiste.\" \/>\n<meta property=\"og:url\" content=\"https:\/\/optik.roman-wagner.de\/fr\/controle-des-yeux\/\" \/>\n<meta property=\"og:site_name\" content=\"Roman Wagner\" \/>\n<meta property=\"article:publisher\" content=\"https:\/\/www.facebook.com\/romanwagner.optiker\" \/>\n<meta property=\"article:modified_time\" content=\"2026-04-30T13:31:02+00:00\" \/>\n<meta name=\"twitter:card\" content=\"summary_large_image\" \/>\n<meta name=\"twitter:label1\" content=\"Dur\u00e9e de lecture estim\u00e9e\" \/>\n\t<meta name=\"twitter:data1\" content=\"4 minutes\" \/>\n<script type=\"application\/ld+json\" class=\"yoast-schema-graph\">{\"@context\":\"https:\\\/\\\/schema.org\",\"@graph\":[{\"@type\":\"WebPage\",\"@id\":\"https:\\\/\\\/optik.roman-wagner.de\\\/fr\\\/controle-des-yeux\\\/\",\"url\":\"https:\\\/\\\/optik.roman-wagner.de\\\/fr\\\/controle-des-yeux\\\/\",\"name\":\"Contr\u00f4le des yeux - Roman Wagner\",\"isPartOf\":{\"@id\":\"https:\\\/\\\/optik.roman-wagner.de\\\/fr\\\/#website\"},\"datePublished\":\"2020-02-04T09:41:32+00:00\",\"dateModified\":\"2026-04-30T13:31:02+00:00\",\"breadcrumb\":{\"@id\":\"https:\\\/\\\/optik.roman-wagner.de\\\/fr\\\/controle-des-yeux\\\/#breadcrumb\"},\"inLanguage\":\"fr-FR\",\"potentialAction\":[{\"@type\":\"ReadAction\",\"target\":[\"https:\\\/\\\/optik.roman-wagner.de\\\/fr\\\/controle-des-yeux\\\/\"]}]},{\"@type\":\"BreadcrumbList\",\"@id\":\"https:\\\/\\\/optik.roman-wagner.de\\\/fr\\\/controle-des-yeux\\\/#breadcrumb\",\"itemListElement\":[{\"@type\":\"ListItem\",\"position\":1,\"name\":\"Startseite\",\"item\":\"https:\\\/\\\/optik.roman-wagner.de\\\/fr\\\/centres-pour-une-bonne-vision\\\/\"},{\"@type\":\"ListItem\",\"position\":2,\"name\":\"Contr\u00f4le des yeux\"}]},{\"@type\":\"WebSite\",\"@id\":\"https:\\\/\\\/optik.roman-wagner.de\\\/fr\\\/#website\",\"url\":\"https:\\\/\\\/optik.roman-wagner.de\\\/fr\\\/\",\"name\":\"Der Augenoptiker Roman Wagner\",\"description\":\"Zentren f\u00fcr gutes Sehen\",\"publisher\":{\"@id\":\"https:\\\/\\\/optik.roman-wagner.de\\\/fr\\\/#organization\"},\"potentialAction\":[{\"@type\":\"SearchAction\",\"target\":{\"@type\":\"EntryPoint\",\"urlTemplate\":\"https:\\\/\\\/optik.roman-wagner.de\\\/fr\\\/?s={search_term_string}\"},\"query-input\":{\"@type\":\"PropertyValueSpecification\",\"valueRequired\":true,\"valueName\":\"search_term_string\"}}],\"inLanguage\":\"fr-FR\"},{\"@type\":\"Organization\",\"@id\":\"https:\\\/\\\/optik.roman-wagner.de\\\/fr\\\/#organization\",\"name\":\"Der Augenoptiker Roman Wagner\",\"url\":\"https:\\\/\\\/optik.roman-wagner.de\\\/fr\\\/\",\"logo\":{\"@type\":\"ImageObject\",\"inLanguage\":\"fr-FR\",\"@id\":\"https:\\\/\\\/optik.roman-wagner.de\\\/fr\\\/#\\\/schema\\\/logo\\\/image\\\/\",\"url\":\"https:\\\/\\\/optik.roman-wagner.de\\\/wp-content\\\/uploads\\\/2019\\\/11\\\/Logo-RW-quadrat.jpg\",\"contentUrl\":\"https:\\\/\\\/optik.roman-wagner.de\\\/wp-content\\\/uploads\\\/2019\\\/11\\\/Logo-RW-quadrat.jpg\",\"width\":488,\"height\":479,\"caption\":\"Der Augenoptiker Roman Wagner\"},\"image\":{\"@id\":\"https:\\\/\\\/optik.roman-wagner.de\\\/fr\\\/#\\\/schema\\\/logo\\\/image\\\/\"},\"sameAs\":[\"https:\\\/\\\/www.facebook.com\\\/romanwagner.optiker\",\"https:\\\/\\\/www.instagram.com\\\/romanwagner.optiker\\\/\",\"https:\\\/\\\/www.youtube.com\\\/channel\\\/UCIHnCII9jl34mZG08gXgG6A\"]}]}<\/script>\n<!-- \/ Yoast SEO plugin. -->","yoast_head_json":{"title":"Contr\u00f4le des yeux - Roman Wagner","robots":{"index":"index","follow":"follow","max-snippet":"max-snippet:-1","max-image-preview":"max-image-preview:large","max-video-preview":"max-video-preview:-1"},"canonical":"https:\/\/optik.roman-wagner.de\/fr\/controle-des-yeux\/","og_locale":"fr_FR","og_type":"article","og_title":"Contr\u00f4le des yeux - Roman Wagner","og_description":"Mieux vaut pr\u00e9venir... De nombreuses modifications n\u00e9gatives de vos yeux se d\u00e9veloppent de mani\u00e8re inaper\u00e7ue. Il est essentiel de d\u00e9tecter les facteurs de risque \u00e0 temps. Notre d\u00e9pistage oculaire est une mesure pr\u00e9ventive visant \u00e0 d\u00e9tecter le plus t\u00f4t possible les modifications de l'\u0153il et \u00e0 l'int\u00e9rieur de celui-ci. De nombreuses maladies oculaires \u00e9voluent de mani\u00e8re insidieuse et peuvent passer inaper\u00e7ues pendant longtemps. C'est pourquoi un contr\u00f4le oculaire r\u00e9gulier est si important. Que comprend le d\u00e9pistage oculaire chez Roman Wagner ? Test de vision (r\u00e9fraction obj. et subj. avec \u00e9quilibrage binoculaire) Mesure du segment ant\u00e9rieur de l'\u0153il avec chambre ant\u00e9rieure Capture du cristallin avec analyse du front d'onde Mesure de la pression intraoculaire (sans contact) Capture du segment post\u00e9rieur de l'\u0153il (r\u00e9tine) en option : analyse par logiciel de d\u00e9pistage assist\u00e9 par IA pour d\u00e9tecter les facteurs de risque de DMLA\/d\u00e9g\u00e9n\u00e9rescence maculaire, r\u00e9tinopathie diab\u00e9tique et glaucome en option : analyse du film lacrymal *Remarque : le d\u00e9pistage oculaire ne remplace pas l'examen et le diagnostic par un ophtalmologiste.","og_url":"https:\/\/optik.roman-wagner.de\/fr\/controle-des-yeux\/","og_site_name":"Roman Wagner","article_publisher":"https:\/\/www.facebook.com\/romanwagner.optiker","article_modified_time":"2026-04-30T13:31:02+00:00","twitter_card":"summary_large_image","twitter_misc":{"Dur\u00e9e de lecture estim\u00e9e":"4 minutes"},"schema":{"@context":"https:\/\/schema.org","@graph":[{"@type":"WebPage","@id":"https:\/\/optik.roman-wagner.de\/fr\/controle-des-yeux\/","url":"https:\/\/optik.roman-wagner.de\/fr\/controle-des-yeux\/","name":"Contr\u00f4le des yeux - Roman Wagner","isPartOf":{"@id":"https:\/\/optik.roman-wagner.de\/fr\/#website"},"datePublished":"2020-02-04T09:41:32+00:00","dateModified":"2026-04-30T13:31:02+00:00","breadcrumb":{"@id":"https:\/\/optik.roman-wagner.de\/fr\/controle-des-yeux\/#breadcrumb"},"inLanguage":"fr-FR","potentialAction":[{"@type":"ReadAction","target":["https:\/\/optik.roman-wagner.de\/fr\/controle-des-yeux\/"]}]},{"@type":"BreadcrumbList","@id":"https:\/\/optik.roman-wagner.de\/fr\/controle-des-yeux\/#breadcrumb","itemListElement":[{"@type":"ListItem","position":1,"name":"Startseite","item":"https:\/\/optik.roman-wagner.de\/fr\/centres-pour-une-bonne-vision\/"},{"@type":"ListItem","position":2,"name":"Contr\u00f4le des yeux"}]},{"@type":"WebSite","@id":"https:\/\/optik.roman-wagner.de\/fr\/#website","url":"https:\/\/optik.roman-wagner.de\/fr\/","name":"Der Augenoptiker Roman Wagner","description":"Zentren f\u00fcr gutes Sehen","publisher":{"@id":"https:\/\/optik.roman-wagner.de\/fr\/#organization"},"potentialAction":[{"@type":"SearchAction","target":{"@type":"EntryPoint","urlTemplate":"https:\/\/optik.roman-wagner.de\/fr\/?s={search_term_string}"},"query-input":{"@type":"PropertyValueSpecification","valueRequired":true,"valueName":"search_term_string"}}],"inLanguage":"fr-FR"},{"@type":"Organization","@id":"https:\/\/optik.roman-wagner.de\/fr\/#organization","name":"Der Augenoptiker Roman Wagner","url":"https:\/\/optik.roman-wagner.de\/fr\/","logo":{"@type":"ImageObject","inLanguage":"fr-FR","@id":"https:\/\/optik.roman-wagner.de\/fr\/#\/schema\/logo\/image\/","url":"https:\/\/optik.roman-wagner.de\/wp-content\/uploads\/2019\/11\/Logo-RW-quadrat.jpg","contentUrl":"https:\/\/optik.roman-wagner.de\/wp-content\/uploads\/2019\/11\/Logo-RW-quadrat.jpg","width":488,"height":479,"caption":"Der Augenoptiker Roman Wagner"},"image":{"@id":"https:\/\/optik.roman-wagner.de\/fr\/#\/schema\/logo\/image\/"},"sameAs":["https:\/\/www.facebook.com\/romanwagner.optiker","https:\/\/www.instagram.com\/romanwagner.optiker\/","https:\/\/www.youtube.com\/channel\/UCIHnCII9jl34mZG08gXgG6A"]}]}},"_links":{"self":[{"href":"https:\/\/optik.roman-wagner.de\/fr\/wp-json\/wp\/v2\/pages\/7444","targetHints":{"allow":["GET"]}}],"collection":[{"href":"https:\/\/optik.roman-wagner.de\/fr\/wp-json\/wp\/v2\/pages"}],"about":[{"href":"https:\/\/optik.roman-wagner.de\/fr\/wp-json\/wp\/v2\/types\/page"}],"author":[{"embeddable":true,"href":"https:\/\/optik.roman-wagner.de\/fr\/wp-json\/wp\/v2\/users\/1"}],"replies":[{"embeddable":true,"href":"https:\/\/optik.roman-wagner.de\/fr\/wp-json\/wp\/v2\/comments?post=7444"}],"version-history":[{"count":1,"href":"https:\/\/optik.roman-wagner.de\/fr\/wp-json\/wp\/v2\/pages\/7444\/revisions"}],"predecessor-version":[{"id":7447,"href":"https:\/\/optik.roman-wagner.de\/fr\/wp-json\/wp\/v2\/pages\/7444\/revisions\/7447"}],"wp:attachment":[{"href":"https:\/\/optik.roman-wagner.de\/fr\/wp-json\/wp\/v2\/media?parent=7444"}],"curies":[{"name":"wp","href":"https:\/\/api.w.org\/{rel}","templated":true}]}}