{"id":7427,"date":"2019-12-08T12:10:46","date_gmt":"2019-12-08T11:10:46","guid":{"rendered":"https:\/\/optik.roman-wagner.de\/basse-vision\/"},"modified":"2026-04-30T15:30:19","modified_gmt":"2026-04-30T13:30:19","slug":"basse-vision","status":"publish","type":"page","link":"https:\/\/optik.roman-wagner.de\/fr\/basse-vision\/","title":{"rendered":"Basse vision"},"content":{"rendered":"<p>[et_pb_section fb_built=\u00a0\u00bb1&Prime; _builder_version=\u00a0\u00bb4.25.1&Prime; custom_margin=\u00a0\u00bb130px||||false|false\u00a0\u00bb custom_margin_tablet=\u00a0\u00bb130px||||false|false\u00a0\u00bb custom_margin_phone=\u00a0\u00bb70px||||false|false\u00a0\u00bb custom_margin_last_edited=\u00a0\u00bbon|desktop\u00a0\u00bb custom_padding=\u00a0\u00bb0px||||false|false\u00a0\u00bb hover_enabled=\u00a0\u00bb0&Prime; da_disable_devices=\u00a0\u00bboff|off|off\u00a0\u00bb global_colors_info=\u00a0\u00bb{}\u00a0\u00bb sticky_enabled=\u00a0\u00bb0&Prime; da_is_popup=\u00a0\u00bboff\u00a0\u00bb da_exit_intent=\u00a0\u00bboff\u00a0\u00bb da_has_close=\u00a0\u00bbon\u00a0\u00bb da_alt_close=\u00a0\u00bboff\u00a0\u00bb da_dark_close=\u00a0\u00bboff\u00a0\u00bb da_not_modal=\u00a0\u00bbon\u00a0\u00bb da_is_singular=\u00a0\u00bboff\u00a0\u00bb da_with_loader=\u00a0\u00bboff\u00a0\u00bb da_has_shadow=\u00a0\u00bbon\u00a0\u00bb][et_pb_row _builder_version=\u00a0\u00bb4.25.1&Prime; _module_preset=\u00a0\u00bbdefault\u00a0\u00bb width=\u00a0\u00bb100%\u00a0\u00bb max_width=\u00a0\u00bb2560px\u00a0\u00bb custom_margin=\u00a0\u00bb0px||0px||false|false\u00a0\u00bb custom_padding=\u00a0\u00bb0px||0px||false|false\u00a0\u00bb global_colors_info=\u00a0\u00bb{}\u00a0\u00bb][et_pb_column type=\u00a0\u00bb4_4&Prime; _builder_version=\u00a0\u00bb4.25.1&Prime; _module_preset=\u00a0\u00bbdefault\u00a0\u00bb global_colors_info=\u00a0\u00bb{}\u00a0\u00bb][et_pb_image src=\u00a0\u00bbhttps:\/\/optik.roman-wagner.de\/wp-content\/uploads\/2024\/05\/Low-Vision-Produkvideo-Cover.jpg\u00a0\u00bb title_text=\u00a0\u00bbCouverture de la vid\u00e9o produit Basse vision\u00a0\u00bb force_fullwidth=\u00a0\u00bbon\u00a0\u00bb _builder_version=\u00a0\u00bb4.25.1&Prime; _module_preset=\u00a0\u00bbdefault\u00a0\u00bb custom_margin=\u00a0\u00bb0px||0px||false|false\u00a0\u00bb custom_padding=\u00a0\u00bb0px||0px||false|false\u00a0\u00bb global_colors_info=\u00a0\u00bb{}\u00a0\u00bb][\/et_pb_image][\/et_pb_column][\/et_pb_row][et_pb_row _builder_version=\u00a0\u00bb4.16&Prime; custom_padding=\u00a0\u00bb||5px|||\u00a0\u00bb global_colors_info=\u00a0\u00bb{}\u00a0\u00bb][et_pb_column type=\u00a0\u00bb4_4&Prime; _builder_version=\u00a0\u00bb4.16&Prime; global_colors_info=\u00a0\u00bb{}\u00a0\u00bb][dsm_text_notation notation_text=\u00a0\u00bbBasse vision\u00a0\u00bb notation_color=\u00a0\u00bb#0084D7&Prime; notation_width=\u00a0\u00bb4&Prime; _builder_version=\u00a0\u00bb4.25.1&Prime; _module_preset=\u00a0\u00bbdefault\u00a0\u00bb header_font=\u00a0\u00bb|700|||||||\u00a0\u00bb header_text_color=\u00a0\u00bb#000000&Prime; notation_font=\u00a0\u00bb|700|||||||\u00a0\u00bb notation_text_color=\u00a0\u00bb#000000&Prime; text_orientation=\u00a0\u00bbleft\u00a0\u00bb width=\u00a0\u00bb100%\u00a0\u00bb custom_margin=\u00a0\u00bb||3px||false|false\u00a0\u00bb custom_padding=\u00a0\u00bb||||false|false\u00a0\u00bb header_font_size_tablet=\u00a0\u00bb\u00a0\u00bb header_font_size_phone=\u00a0\u00bb\u00a0\u00bb header_font_size_last_edited=\u00a0\u00bbon|desktop\u00a0\u00bb header_line_height_tablet=\u00a0\u00bb\u00a0\u00bb header_line_height_phone=\u00a0\u00bb1.3em\u00a0\u00bb header_line_height_last_edited=\u00a0\u00bbon|phone\u00a0\u00bb locked=\u00a0\u00bboff\u00a0\u00bb global_colors_info=\u00a0\u00bb{}\u00a0\u00bb][\/dsm_text_notation][\/et_pb_column][\/et_pb_row][et_pb_row column_structure=\u00a0\u00bb1_2,1_2&Prime; _builder_version=\u00a0\u00bb4.16&Prime; custom_padding=\u00a0\u00bb1px|||||\u00a0\u00bb global_colors_info=\u00a0\u00bb{}\u00a0\u00bb][et_pb_column type=\u00a0\u00bb1_2&Prime; _builder_version=\u00a0\u00bb4.16&Prime; global_colors_info=\u00a0\u00bb{}\u00a0\u00bb][et_pb_text _builder_version=\u00a0\u00bb4.25.1&Prime; custom_margin=\u00a0\u00bb||||false|false\u00a0\u00bb global_colors_info=\u00a0\u00bb{}\u00a0\u00bb]<\/p>\n<h2 style=\"text-align: left;\">Technologie pour les personnes malvoyantes<\/h2>\n<p>Vous portez des lunettes, mais votre vision n\u2019est plus satisfaisante ou insuffisante ? La lecture devient de plus en plus difficile ? Et regarder la t\u00e9l\u00e9vision ou faire vos achats vous pose \u00e9galement des difficult\u00e9s ?  <\/p>\n<h3 style=\"text-align: left;\">Quand les lunettes classiques ne suffisent plus<\/h3>\n<p>Lorsque les lunettes classiques ne suffisent plus, les aides visuelles grossissantes permettent rapidement de retrouver un plus grand confort de vie. Loupes, lunettes-loupes, lunettes t\u00e9lescopiques, appareils de lecture sur \u00e9cran ou filtres de bord : venez nous rendre visite au centre Basse vision de Schweich et laissez-nous vous conseiller avec comp\u00e9tence sur les diff\u00e9rentes possibilit\u00e9s. En fonction de vos besoins individuels, nous trouverons ensemble des solutions qui vous permettront de profiter \u00e0 nouveau, au quotidien, de davantage d\u2019ind\u00e9pendance et de flexibilit\u00e9.  <\/p>\n<p>[\/et_pb_text][et_pb_button button_url=\u00a0\u00bbhttps:\/\/optik.roman-wagner.de\/online-termin\/\u00a0\u00bb button_text=\u00a0\u00bbPrendre rendez-vous en ligne maintenant\u00a0\u00bb _builder_version=\u00a0\u00bb4.25.1&Prime; _module_preset=\u00a0\u00bbdefault\u00a0\u00bb custom_margin=\u00a0\u00bb||||false|false\u00a0\u00bb global_module=\u00a0\u00bb4463&Prime; global_colors_info=\u00a0\u00bb{}\u00a0\u00bb][\/et_pb_button][\/et_pb_column][et_pb_column type=\u00a0\u00bb1_2&Prime; _builder_version=\u00a0\u00bb4.16&Prime; global_colors_info=\u00a0\u00bb{}\u00a0\u00bb][et_pb_image src=\u00a0\u00bbhttps:\/\/optik.roman-wagner.de\/wp-content\/uploads\/2021\/03\/Low_Vision_Center-Schweich-.jpg\u00a0\u00bb title_text=\u00a0\u00bbLow_Vision_Center-Schweich-\u00a0\u00bb align=\u00a0\u00bbcenter\u00a0\u00bb _builder_version=\u00a0\u00bb4.16&Prime; _module_preset=\u00a0\u00bbdefault\u00a0\u00bb custom_padding=\u00a0\u00bb|||3%|false|false\u00a0\u00bb global_colors_info=\u00a0\u00bb{}\u00a0\u00bb][\/et_pb_image][\/et_pb_column][\/et_pb_row][\/et_pb_section][et_pb_section fb_built=\u00a0\u00bb1&Prime; _builder_version=\u00a0\u00bb4.16&Prime; custom_padding=\u00a0\u00bb3px||10px|||\u00a0\u00bb da_disable_devices=\u00a0\u00bboff|off|off\u00a0\u00bb global_colors_info=\u00a0\u00bb{}\u00a0\u00bb da_is_popup=\u00a0\u00bboff\u00a0\u00bb da_exit_intent=\u00a0\u00bboff\u00a0\u00bb da_has_close=\u00a0\u00bbon\u00a0\u00bb da_alt_close=\u00a0\u00bboff\u00a0\u00bb da_dark_close=\u00a0\u00bboff\u00a0\u00bb da_not_modal=\u00a0\u00bbon\u00a0\u00bb da_is_singular=\u00a0\u00bboff\u00a0\u00bb da_with_loader=\u00a0\u00bboff\u00a0\u00bb da_has_shadow=\u00a0\u00bbon\u00a0\u00bb][et_pb_row column_structure=\u00a0\u00bb3_5,2_5&Prime; make_equal=\u00a0\u00bbon\u00a0\u00bb _builder_version=\u00a0\u00bb4.16&Prime; global_colors_info=\u00a0\u00bb{}\u00a0\u00bb][et_pb_column type=\u00a0\u00bb3_5&Prime; _builder_version=\u00a0\u00bb4.16&Prime; global_colors_info=\u00a0\u00bb{}\u00a0\u00bb][et_pb_gallery gallery_ids=\u00a0\u00bb7428,7429,7430,7431&Prime; show_title_and_caption=\u00a0\u00bboff\u00a0\u00bb _builder_version=\u00a0\u00bb4.25.1&Prime; global_colors_info=\u00a0\u00bb{}\u00a0\u00bb][\/et_pb_gallery][et_pb_video src=\u00a0\u00bbhttps:\/\/optik.roman-wagner.de\/wp-content\/uploads\/2020\/06\/Eschenbach-Leseger%C3%A4te.mp4&Prime; image_src=\u00a0\u00bbhttps:\/\/optik.roman-wagner.de\/wp-content\/uploads\/2024\/05\/Low-Vision-Produkvideo-Cover.jpg\u00a0\u00bb play_icon_color=\u00a0\u00bb#0084D7&Prime; use_icon_font_size=\u00a0\u00bbon\u00a0\u00bb icon_font_size=\u00a0\u00bb109px\u00a0\u00bb _builder_version=\u00a0\u00bb4.25.1&Prime; box_shadow_style=\u00a0\u00bbpreset1&Prime; global_colors_info=\u00a0\u00bb{}\u00a0\u00bb][\/et_pb_video][\/et_pb_column][et_pb_column type=\u00a0\u00bb2_5&Prime; _builder_version=\u00a0\u00bb4.16&Prime; global_colors_info=\u00a0\u00bb{}\u00a0\u00bb][et_pb_video src=\u00a0\u00bbhttps:\/\/optik.roman-wagner.de\/wp-content\/uploads\/2024\/05\/Low-Vision-Reel_11.mp4&Prime; src_webm=\u00a0\u00bbhttps:\/\/optik.roman-wagner.de\/wp-content\/uploads\/2024\/05\/Low-Vision-Reel_11.mp4&Prime; image_src=\u00a0\u00bbhttps:\/\/optik.roman-wagner.de\/wp-content\/uploads\/2024\/05\/Low-Vision-Video-Cover.jpg\u00a0\u00bb play_icon_color=\u00a0\u00bb#0084D7&Prime; use_icon_font_size=\u00a0\u00bbon\u00a0\u00bb icon_font_size=\u00a0\u00bb113px\u00a0\u00bb _builder_version=\u00a0\u00bb4.25.1&Prime; _module_preset=\u00a0\u00bbdefault\u00a0\u00bb box_shadow_style=\u00a0\u00bbpreset1&Prime; global_colors_info=\u00a0\u00bb{}\u00a0\u00bb][\/et_pb_video][\/et_pb_column][\/et_pb_row][et_pb_row _builder_version=\u00a0\u00bb4.16&Prime; global_colors_info=\u00a0\u00bb{}\u00a0\u00bb][et_pb_column type=\u00a0\u00bb4_4&Prime; _builder_version=\u00a0\u00bb4.16&Prime; global_colors_info=\u00a0\u00bb{}\u00a0\u00bb][et_pb_accordion icon_color=\u00a0\u00bb#0084D7&Prime; _builder_version=\u00a0\u00bb4.25.1&Prime; toggle_level=\u00a0\u00bbh3&Prime; border_radii=\u00a0\u00bbon|10px|10px|10px|10px\u00a0\u00bb global_colors_info=\u00a0\u00bb{}\u00a0\u00bb][et_pb_accordion_item title=\u00a0\u00bbLoupe\u00a0\u00bb open=\u00a0\u00bbon\u00a0\u00bb _builder_version=\u00a0\u00bb4.16&Prime; global_colors_info=\u00a0\u00bb{}\u00a0\u00bb]<\/p>\n<p>Il est recommand\u00e9 de choisir une loupe avec \u00e9clairage. La lumi\u00e8re augmente le contraste, ce qui permet g\u00e9n\u00e9ralement de r\u00e9duire le grossissement n\u00e9cessaire. Cela se traduit \u00e0 son tour par un champ de vision plus large et une distance de travail plus confortable.  <\/p>\n<p><img loading=\"lazy\" decoding=\"async\" src=\"https:\/\/optik.roman-wagner.de\/wp-content\/uploads\/2020\/01\/Lupe1.jpg\" alt=\"\" class=\"wp-image-505 aligncenter size-full\" width=\"456\" height=\"347\" srcset=\"https:\/\/optik.roman-wagner.de\/wp-content\/uploads\/2020\/01\/Lupe1.jpg 456w, https:\/\/optik.roman-wagner.de\/wp-content\/uploads\/2020\/01\/Lupe1-300x228.jpg 300w\" sizes=\"(max-width: 456px) 100vw, 456px\" \/><\/p>\n<p>[\/et_pb_accordion_item][et_pb_accordion_item title=\u00a0\u00bbLunettes-loupes\u00a0\u00bb _builder_version=\u00a0\u00bb4.16&Prime; global_colors_info=\u00a0\u00bb{}\u00a0\u00bb open=\u00a0\u00bboff\u00a0\u00bb]<\/p>\n<p>Les lunettes-loupes permettent \u00e0 nouveau une lecture confortable \u00e0 deux mains. Pour le dire simplement, la loupe est int\u00e9gr\u00e9e dans le verre de lunettes et ressemble ainsi presque \u00e0 une paire de lunettes normale. <\/p>\n<p><img loading=\"lazy\" decoding=\"async\" src=\"https:\/\/optik.roman-wagner.de\/wp-content\/uploads\/2020\/01\/Lupenbrille1.jpg\" alt=\"\" class=\"wp-image-506 aligncenter size-full\" width=\"825\" height=\"706\" srcset=\"https:\/\/optik.roman-wagner.de\/wp-content\/uploads\/2020\/01\/Lupenbrille1.jpg 825w, https:\/\/optik.roman-wagner.de\/wp-content\/uploads\/2020\/01\/Lupenbrille1-480x411.jpg 480w\" sizes=\"(min-width: 0px) and (max-width: 480px) 480px, (min-width: 481px) 825px, 100vw\" \/><\/p>\n<p>[\/et_pb_accordion_item][et_pb_accordion_item title=\u00a0\u00bbMonoculaires\u00a0\u00bb _builder_version=\u00a0\u00bb4.16&Prime; global_colors_info=\u00a0\u00bb{}\u00a0\u00bb open=\u00a0\u00bboff\u00a0\u00bb]<\/p>\n<p>Les monoculaires sont de petites jumelles con\u00e7ues pour un seul \u0153il. Elles permettent \u00e0 la personne concern\u00e9e de s\u2019orienter \u00e0 nouveau \u00e0 l\u2019ext\u00e9rieur, par exemple pour lire des panneaux de signalisation, des horaires ou des \u00e9tiquettes de prix. <\/p>\n<p><img loading=\"lazy\" decoding=\"async\" src=\"https:\/\/optik.roman-wagner.de\/wp-content\/uploads\/2020\/01\/Monokular1.jpg\" alt=\"\" class=\"wp-image-507 aligncenter size-full\" width=\"707\" height=\"593\" srcset=\"https:\/\/optik.roman-wagner.de\/wp-content\/uploads\/2020\/01\/Monokular1.jpg 707w, https:\/\/optik.roman-wagner.de\/wp-content\/uploads\/2020\/01\/Monokular1-480x403.jpg 480w\" sizes=\"(min-width: 0px) and (max-width: 480px) 480px, (min-width: 481px) 707px, 100vw\" \/><\/p>\n<p>[\/et_pb_accordion_item][et_pb_accordion_item title=\u00a0\u00bbLumi\u00e8re\u00a0\u00bb _builder_version=\u00a0\u00bb4.16&Prime; global_colors_info=\u00a0\u00bb{}\u00a0\u00bb open=\u00a0\u00bboff\u00a0\u00bb]<\/p>\n<p>Dans de nombreux cas, un \u00e9clairage adapt\u00e9 \u00e0 lui seul entra\u00eene une am\u00e9lioration d\u00e9cisive de la vision. De nombreux probl\u00e8mes visuels peuvent souvent \u00eatre fortement att\u00e9nu\u00e9s, voire compl\u00e8tement r\u00e9solus. Dans notre centre d\u2019aides visuelles grossissantes, nous proposons des lampes sp\u00e9ciales de diff\u00e9rentes couleurs de lumi\u00e8re et versions, dont la fr\u00e9quence est nettement plus \u00e9lev\u00e9e que celle des lampes traditionnelles.  <\/p>\n<p><img loading=\"lazy\" decoding=\"async\" src=\"https:\/\/optik.roman-wagner.de\/wp-content\/uploads\/2020\/01\/Leuchte1.jpg\" alt=\"\" class=\"wp-image-508 aligncenter size-full\" width=\"591\" height=\"472\" srcset=\"https:\/\/optik.roman-wagner.de\/wp-content\/uploads\/2020\/01\/Leuchte1.jpg 591w, https:\/\/optik.roman-wagner.de\/wp-content\/uploads\/2020\/01\/Leuchte1-480x383.jpg 480w\" sizes=\"(min-width: 0px) and (max-width: 480px) 480px, (min-width: 481px) 591px, 100vw\" \/><\/p>\n<p>[\/et_pb_accordion_item][et_pb_accordion_item title=\u00a0\u00bbAppareils de lecture\u00a0\u00bb _builder_version=\u00a0\u00bb4.16&Prime; global_colors_info=\u00a0\u00bb{}\u00a0\u00bb open=\u00a0\u00bboff\u00a0\u00bb]<\/p>\n<p>Nous disposons en permanence d\u2019un grand choix d\u2019appareils les plus r\u00e9cents en stock. Leur utilisation ne pose aucun probl\u00e8me, m\u00eame pour les personnes moins \u00e0 l\u2019aise avec la technologie. Nous proposons \u00e9galement des appareils de lecture sur \u00e9cran en versions portables, \u00e0 peine plus lourdes qu\u2019un t\u00e9l\u00e9phone portable.  <\/p>\n<p><img loading=\"lazy\" decoding=\"async\" src=\"https:\/\/optik.roman-wagner.de\/wp-content\/uploads\/2020\/01\/Leseger%C3%A4t1.jpg\" alt=\"\" class=\"wp-image-509 aligncenter size-full\" width=\"591\" height=\"560\"><\/p>\n<p>[\/et_pb_accordion_item][et_pb_accordion_item title=\u00a0\u00bbAppareils de lecture vocale\u00a0\u00bb _builder_version=\u00a0\u00bb4.16&Prime; global_colors_info=\u00a0\u00bb{}\u00a0\u00bb open=\u00a0\u00bboff\u00a0\u00bb]<\/p>\n<p>Les personnes fortement malvoyantes ou aveugles peuvent \u00e0 nouveau acc\u00e9der de mani\u00e8re autonome \u00e0 des textes imprim\u00e9s gr\u00e2ce \u00e0 un appareil de lecture vocale. Les appareils de lecture vocale capturent l\u2019\u00e9criture \u00e0 l\u2019aide d\u2019un scanner et la convertissent en parole. L\u2019appareil lit ensuite le texte \u00e0 voix haute avec une voix agr\u00e9able et claire. La vitesse de lecture et le volume sont r\u00e9glables.   <\/p>\n<p><img loading=\"lazy\" decoding=\"async\" src=\"https:\/\/optik.roman-wagner.de\/wp-content\/uploads\/2020\/01\/Vorleseger%C3%A4t2.jpg\" alt=\"\" class=\"wp-image-394 aligncenter size-full\" width=\"500\" height=\"381\"><\/p>\n<p>[\/et_pb_accordion_item][\/et_pb_accordion][et_pb_text _builder_version=\u00a0\u00bb4.16&Prime; global_colors_info=\u00a0\u00bb{}\u00a0\u00bb]<\/p>\n<p><strong>Achat de lunettes et conseil aussi \u00e0 votre domicile !<\/strong><\/p>\n<p>L\u2019opticien Roman Wagner propose \u00e9galement un <a href=\"\/mobilerservice\">service mobile<\/a> : l\u2019ensemble du conseil, avec achat de lunettes, peut avoir lieu \u00e0 votre domicile sur rendez-vous. Qu\u2019il s\u2019agisse de lunettes de lecture, de lunettes de loin ou de verres progressifs \u2014 nous d\u00e9terminons ensemble vos exigences et souhaits individuels afin de d\u00e9cider quelles lunettes vous conviennent le mieux. <\/p>\n<p>&nbsp;<\/p>\n<p><strong>Notre service pour vous<\/strong><\/p>\n<ul>\n<li>Mesure de votre acuit\u00e9 visuelle avec la technologie 3D la plus moderne<\/li>\n<li>Grand choix de montures<\/li>\n<li>Rendez-vous \u00e9galement en dehors des horaires d\u2019ouverture habituels<\/li>\n<\/ul>\n<p>&nbsp;<\/p>\n<p>[\/et_pb_text][\/et_pb_column][\/et_pb_row][et_pb_row _builder_version=\u00a0\u00bb4.16&Prime; custom_padding=\u00a0\u00bb||70px|||\u00a0\u00bb global_colors_info=\u00a0\u00bb{}\u00a0\u00bb][et_pb_column type=\u00a0\u00bb4_4&Prime; _builder_version=\u00a0\u00bb4.16&Prime; global_colors_info=\u00a0\u00bb{}\u00a0\u00bb][et_pb_cta title=\u00a0\u00bbVous avez besoin d\u2019une aide visuelle ?\u00a0\u00bb button_url=\u00a0\u00bbhttps:\/\/optik.roman-wagner.de\/standorte\/\u00a0\u00bb button_text=\u00a0\u00bbVers les sites\u00a0\u00bb _builder_version=\u00a0\u00bb4.25.0&Prime; background_color=\u00a0\u00bbrgba(0,132,215,0.88)\u00a0\u00bb global_colors_info=\u00a0\u00bb{}\u00a0\u00bb]<\/p>\n<h2><span style=\"color: #ffffff;\"><\/span><\/h2>\n<p><span style=\"color: #ffffff;\">Prenez rendez-vous d\u00e8s maintenant dans un centre pour bien voir Roman Wagner pr\u00e8s de chez vous.<\/span><\/p>\n<p>[\/et_pb_cta][\/et_pb_column][\/et_pb_row][\/et_pb_section]<\/p>\n","protected":false},"excerpt":{"rendered":"<p><div class=\"et_pb_module dsm_text_notation dsm_text_notation_0  et_pb_text_align_left et_pb_bg_layout_light\">\n\t\t\t\t\n\t\t\t\t\n\t\t\t\t\n\t\t\t\t\n\t\t\t\t\n\t\t\t\t\n\t\t\t\t<div class=\"et_pb_module_inner\">\n\t\t\t\t\t<h1 class=\"dsm-text-notation-main et_pb_module_header\"><span data-notation=\"[{&quot;type&quot;:&quot;underline&quot;,&quot;color&quot;:&quot;#0084D7&quot;,&quot;stroke-width&quot;:&quot;4&quot;,&quot;iterations&quot;:&quot;2&quot;,&quot;brackets&quot;:&quot;left|right&quot;,&quot;viewport&quot;:&quot;80%&quot;,&quot;delay&quot;:&quot;0ms&quot;,&quot;divi-animate&quot;:&quot;none&quot;,&quot;divi-animate-duration&quot;:&quot;1000ms&quot;,&quot;divi-animate-delay&quot;:&quot;0ms&quot;}]\" class=\"dsm-text-notation-middle\">Basse vision<\/span><\/h1>\n\t\t\t\t<\/div>\n\t\t\t<\/div>Technologie pour les personnes malvoyantes Vous portez des lunettes, mais votre vision n\u2019est plus satisfaisante ou insuffisante ? La lecture devient de plus en plus difficile ? Et regarder la t\u00e9l\u00e9vision ou faire vos achats vous pose \u00e9galement des difficult\u00e9s ? Quand les lunettes classiques ne suffisent plus Lorsque les lunettes classiques ne suffisent plus, les aides visuelles grossissantes permettent rapidement de retrouver un plus grand confort de vie. Loupes, lunettes-loupes, lunettes t\u00e9lescopiques, appareils de lecture sur \u00e9cran ou filtres de bord : venez nous rendre visite au centre Basse vision de Schweich et laissez-nous vous conseiller avec comp\u00e9tence sur les diff\u00e9rentes possibilit\u00e9s. En fonction de vos besoins individuels, nous trouverons ensemble des solutions qui vous permettront de profiter \u00e0 nouveau, au quotidien, de davantage d\u2019ind\u00e9pendance et de flexibilit\u00e9. Il est recommand\u00e9 de choisir une loupe avec \u00e9clairage. La lumi\u00e8re augmente le contraste, ce qui permet g\u00e9n\u00e9ralement de r\u00e9duire le grossissement n\u00e9cessaire. Cela se traduit \u00e0 son tour par un champ de vision plus large et une distance de travail plus confortable. Les lunettes-loupes permettent \u00e0 nouveau une [&hellip;]<\/p>\n","protected":false},"author":1,"featured_media":0,"parent":0,"menu_order":0,"comment_status":"closed","ping_status":"closed","template":"","meta":{"_et_pb_use_builder":"on","_et_pb_old_content":"","_et_gb_content_width":"","iawp_total_views":0,"footnotes":""},"class_list":["post-7427","page","type-page","status-publish","hentry"],"yoast_head":"<!-- This site is optimized with the Yoast SEO plugin v27.4 - https:\/\/yoast.com\/product\/yoast-seo-wordpress\/ -->\n<title>Basse vision - Roman Wagner<\/title>\n<meta name=\"robots\" content=\"index, follow, max-snippet:-1, max-image-preview:large, max-video-preview:-1\" \/>\n<link rel=\"canonical\" href=\"https:\/\/optik.roman-wagner.de\/fr\/basse-vision\/\" \/>\n<meta property=\"og:locale\" content=\"fr_FR\" \/>\n<meta property=\"og:type\" content=\"article\" \/>\n<meta property=\"og:title\" content=\"Basse vision - Roman Wagner\" \/>\n<meta property=\"og:description\" content=\"Technologie pour les personnes malvoyantes Vous portez des lunettes, mais votre vision n\u2019est plus satisfaisante ou insuffisante ? La lecture devient de plus en plus difficile ? Et regarder la t\u00e9l\u00e9vision ou faire vos achats vous pose \u00e9galement des difficult\u00e9s ? Quand les lunettes classiques ne suffisent plus Lorsque les lunettes classiques ne suffisent plus, les aides visuelles grossissantes permettent rapidement de retrouver un plus grand confort de vie. Loupes, lunettes-loupes, lunettes t\u00e9lescopiques, appareils de lecture sur \u00e9cran ou filtres de bord : venez nous rendre visite au centre Basse vision de Schweich et laissez-nous vous conseiller avec comp\u00e9tence sur les diff\u00e9rentes possibilit\u00e9s. En fonction de vos besoins individuels, nous trouverons ensemble des solutions qui vous permettront de profiter \u00e0 nouveau, au quotidien, de davantage d\u2019ind\u00e9pendance et de flexibilit\u00e9. Il est recommand\u00e9 de choisir une loupe avec \u00e9clairage. La lumi\u00e8re augmente le contraste, ce qui permet g\u00e9n\u00e9ralement de r\u00e9duire le grossissement n\u00e9cessaire. Cela se traduit \u00e0 son tour par un champ de vision plus large et une distance de travail plus confortable. Les lunettes-loupes permettent \u00e0 nouveau une [&hellip;]\" \/>\n<meta property=\"og:url\" content=\"https:\/\/optik.roman-wagner.de\/fr\/basse-vision\/\" \/>\n<meta property=\"og:site_name\" content=\"Roman Wagner\" \/>\n<meta property=\"article:publisher\" content=\"https:\/\/www.facebook.com\/romanwagner.optiker\" \/>\n<meta property=\"article:modified_time\" content=\"2026-04-30T13:30:19+00:00\" \/>\n<meta property=\"og:image\" content=\"https:\/\/optik.roman-wagner.de\/wp-content\/uploads\/2020\/01\/Lupe1.jpg\" \/>\n\t<meta property=\"og:image:width\" content=\"456\" \/>\n\t<meta property=\"og:image:height\" content=\"347\" \/>\n\t<meta property=\"og:image:type\" content=\"image\/jpeg\" \/>\n<meta name=\"twitter:card\" content=\"summary_large_image\" \/>\n<meta name=\"twitter:label1\" content=\"Dur\u00e9e de lecture estim\u00e9e\" \/>\n\t<meta name=\"twitter:data1\" content=\"7 minutes\" \/>\n<script type=\"application\/ld+json\" class=\"yoast-schema-graph\">{\"@context\":\"https:\\\/\\\/schema.org\",\"@graph\":[{\"@type\":\"WebPage\",\"@id\":\"https:\\\/\\\/optik.roman-wagner.de\\\/fr\\\/basse-vision\\\/\",\"url\":\"https:\\\/\\\/optik.roman-wagner.de\\\/fr\\\/basse-vision\\\/\",\"name\":\"Basse vision - Roman Wagner\",\"isPartOf\":{\"@id\":\"https:\\\/\\\/optik.roman-wagner.de\\\/fr\\\/#website\"},\"primaryImageOfPage\":{\"@id\":\"https:\\\/\\\/optik.roman-wagner.de\\\/fr\\\/basse-vision\\\/#primaryimage\"},\"image\":{\"@id\":\"https:\\\/\\\/optik.roman-wagner.de\\\/fr\\\/basse-vision\\\/#primaryimage\"},\"thumbnailUrl\":\"https:\\\/\\\/optik.roman-wagner.de\\\/wp-content\\\/uploads\\\/2020\\\/01\\\/Lupe1.jpg\",\"datePublished\":\"2019-12-08T11:10:46+00:00\",\"dateModified\":\"2026-04-30T13:30:19+00:00\",\"breadcrumb\":{\"@id\":\"https:\\\/\\\/optik.roman-wagner.de\\\/fr\\\/basse-vision\\\/#breadcrumb\"},\"inLanguage\":\"fr-FR\",\"potentialAction\":[{\"@type\":\"ReadAction\",\"target\":[\"https:\\\/\\\/optik.roman-wagner.de\\\/fr\\\/basse-vision\\\/\"]}]},{\"@type\":\"ImageObject\",\"inLanguage\":\"fr-FR\",\"@id\":\"https:\\\/\\\/optik.roman-wagner.de\\\/fr\\\/basse-vision\\\/#primaryimage\",\"url\":\"https:\\\/\\\/optik.roman-wagner.de\\\/wp-content\\\/uploads\\\/2020\\\/01\\\/Lupe1.jpg\",\"contentUrl\":\"https:\\\/\\\/optik.roman-wagner.de\\\/wp-content\\\/uploads\\\/2020\\\/01\\\/Lupe1.jpg\"},{\"@type\":\"BreadcrumbList\",\"@id\":\"https:\\\/\\\/optik.roman-wagner.de\\\/fr\\\/basse-vision\\\/#breadcrumb\",\"itemListElement\":[{\"@type\":\"ListItem\",\"position\":1,\"name\":\"Startseite\",\"item\":\"https:\\\/\\\/optik.roman-wagner.de\\\/fr\\\/centres-pour-une-bonne-vision\\\/\"},{\"@type\":\"ListItem\",\"position\":2,\"name\":\"Basse vision\"}]},{\"@type\":\"WebSite\",\"@id\":\"https:\\\/\\\/optik.roman-wagner.de\\\/fr\\\/#website\",\"url\":\"https:\\\/\\\/optik.roman-wagner.de\\\/fr\\\/\",\"name\":\"Der Augenoptiker Roman Wagner\",\"description\":\"Zentren f\u00fcr gutes Sehen\",\"publisher\":{\"@id\":\"https:\\\/\\\/optik.roman-wagner.de\\\/fr\\\/#organization\"},\"potentialAction\":[{\"@type\":\"SearchAction\",\"target\":{\"@type\":\"EntryPoint\",\"urlTemplate\":\"https:\\\/\\\/optik.roman-wagner.de\\\/fr\\\/?s={search_term_string}\"},\"query-input\":{\"@type\":\"PropertyValueSpecification\",\"valueRequired\":true,\"valueName\":\"search_term_string\"}}],\"inLanguage\":\"fr-FR\"},{\"@type\":\"Organization\",\"@id\":\"https:\\\/\\\/optik.roman-wagner.de\\\/fr\\\/#organization\",\"name\":\"Der Augenoptiker Roman Wagner\",\"url\":\"https:\\\/\\\/optik.roman-wagner.de\\\/fr\\\/\",\"logo\":{\"@type\":\"ImageObject\",\"inLanguage\":\"fr-FR\",\"@id\":\"https:\\\/\\\/optik.roman-wagner.de\\\/fr\\\/#\\\/schema\\\/logo\\\/image\\\/\",\"url\":\"https:\\\/\\\/optik.roman-wagner.de\\\/wp-content\\\/uploads\\\/2019\\\/11\\\/Logo-RW-quadrat.jpg\",\"contentUrl\":\"https:\\\/\\\/optik.roman-wagner.de\\\/wp-content\\\/uploads\\\/2019\\\/11\\\/Logo-RW-quadrat.jpg\",\"width\":488,\"height\":479,\"caption\":\"Der Augenoptiker Roman Wagner\"},\"image\":{\"@id\":\"https:\\\/\\\/optik.roman-wagner.de\\\/fr\\\/#\\\/schema\\\/logo\\\/image\\\/\"},\"sameAs\":[\"https:\\\/\\\/www.facebook.com\\\/romanwagner.optiker\",\"https:\\\/\\\/www.instagram.com\\\/romanwagner.optiker\\\/\",\"https:\\\/\\\/www.youtube.com\\\/channel\\\/UCIHnCII9jl34mZG08gXgG6A\"]}]}<\/script>\n<!-- \/ Yoast SEO plugin. -->","yoast_head_json":{"title":"Basse vision - Roman Wagner","robots":{"index":"index","follow":"follow","max-snippet":"max-snippet:-1","max-image-preview":"max-image-preview:large","max-video-preview":"max-video-preview:-1"},"canonical":"https:\/\/optik.roman-wagner.de\/fr\/basse-vision\/","og_locale":"fr_FR","og_type":"article","og_title":"Basse vision - Roman Wagner","og_description":"Technologie pour les personnes malvoyantes Vous portez des lunettes, mais votre vision n\u2019est plus satisfaisante ou insuffisante ? La lecture devient de plus en plus difficile ? Et regarder la t\u00e9l\u00e9vision ou faire vos achats vous pose \u00e9galement des difficult\u00e9s ? Quand les lunettes classiques ne suffisent plus Lorsque les lunettes classiques ne suffisent plus, les aides visuelles grossissantes permettent rapidement de retrouver un plus grand confort de vie. Loupes, lunettes-loupes, lunettes t\u00e9lescopiques, appareils de lecture sur \u00e9cran ou filtres de bord : venez nous rendre visite au centre Basse vision de Schweich et laissez-nous vous conseiller avec comp\u00e9tence sur les diff\u00e9rentes possibilit\u00e9s. En fonction de vos besoins individuels, nous trouverons ensemble des solutions qui vous permettront de profiter \u00e0 nouveau, au quotidien, de davantage d\u2019ind\u00e9pendance et de flexibilit\u00e9. Il est recommand\u00e9 de choisir une loupe avec \u00e9clairage. La lumi\u00e8re augmente le contraste, ce qui permet g\u00e9n\u00e9ralement de r\u00e9duire le grossissement n\u00e9cessaire. Cela se traduit \u00e0 son tour par un champ de vision plus large et une distance de travail plus confortable. Les lunettes-loupes permettent \u00e0 nouveau une [&hellip;]","og_url":"https:\/\/optik.roman-wagner.de\/fr\/basse-vision\/","og_site_name":"Roman Wagner","article_publisher":"https:\/\/www.facebook.com\/romanwagner.optiker","article_modified_time":"2026-04-30T13:30:19+00:00","og_image":[{"width":456,"height":347,"url":"https:\/\/optik.roman-wagner.de\/wp-content\/uploads\/2020\/01\/Lupe1.jpg","type":"image\/jpeg"}],"twitter_card":"summary_large_image","twitter_misc":{"Dur\u00e9e de lecture estim\u00e9e":"7 minutes"},"schema":{"@context":"https:\/\/schema.org","@graph":[{"@type":"WebPage","@id":"https:\/\/optik.roman-wagner.de\/fr\/basse-vision\/","url":"https:\/\/optik.roman-wagner.de\/fr\/basse-vision\/","name":"Basse vision - Roman Wagner","isPartOf":{"@id":"https:\/\/optik.roman-wagner.de\/fr\/#website"},"primaryImageOfPage":{"@id":"https:\/\/optik.roman-wagner.de\/fr\/basse-vision\/#primaryimage"},"image":{"@id":"https:\/\/optik.roman-wagner.de\/fr\/basse-vision\/#primaryimage"},"thumbnailUrl":"https:\/\/optik.roman-wagner.de\/wp-content\/uploads\/2020\/01\/Lupe1.jpg","datePublished":"2019-12-08T11:10:46+00:00","dateModified":"2026-04-30T13:30:19+00:00","breadcrumb":{"@id":"https:\/\/optik.roman-wagner.de\/fr\/basse-vision\/#breadcrumb"},"inLanguage":"fr-FR","potentialAction":[{"@type":"ReadAction","target":["https:\/\/optik.roman-wagner.de\/fr\/basse-vision\/"]}]},{"@type":"ImageObject","inLanguage":"fr-FR","@id":"https:\/\/optik.roman-wagner.de\/fr\/basse-vision\/#primaryimage","url":"https:\/\/optik.roman-wagner.de\/wp-content\/uploads\/2020\/01\/Lupe1.jpg","contentUrl":"https:\/\/optik.roman-wagner.de\/wp-content\/uploads\/2020\/01\/Lupe1.jpg"},{"@type":"BreadcrumbList","@id":"https:\/\/optik.roman-wagner.de\/fr\/basse-vision\/#breadcrumb","itemListElement":[{"@type":"ListItem","position":1,"name":"Startseite","item":"https:\/\/optik.roman-wagner.de\/fr\/centres-pour-une-bonne-vision\/"},{"@type":"ListItem","position":2,"name":"Basse vision"}]},{"@type":"WebSite","@id":"https:\/\/optik.roman-wagner.de\/fr\/#website","url":"https:\/\/optik.roman-wagner.de\/fr\/","name":"Der Augenoptiker Roman Wagner","description":"Zentren f\u00fcr gutes Sehen","publisher":{"@id":"https:\/\/optik.roman-wagner.de\/fr\/#organization"},"potentialAction":[{"@type":"SearchAction","target":{"@type":"EntryPoint","urlTemplate":"https:\/\/optik.roman-wagner.de\/fr\/?s={search_term_string}"},"query-input":{"@type":"PropertyValueSpecification","valueRequired":true,"valueName":"search_term_string"}}],"inLanguage":"fr-FR"},{"@type":"Organization","@id":"https:\/\/optik.roman-wagner.de\/fr\/#organization","name":"Der Augenoptiker Roman Wagner","url":"https:\/\/optik.roman-wagner.de\/fr\/","logo":{"@type":"ImageObject","inLanguage":"fr-FR","@id":"https:\/\/optik.roman-wagner.de\/fr\/#\/schema\/logo\/image\/","url":"https:\/\/optik.roman-wagner.de\/wp-content\/uploads\/2019\/11\/Logo-RW-quadrat.jpg","contentUrl":"https:\/\/optik.roman-wagner.de\/wp-content\/uploads\/2019\/11\/Logo-RW-quadrat.jpg","width":488,"height":479,"caption":"Der Augenoptiker Roman Wagner"},"image":{"@id":"https:\/\/optik.roman-wagner.de\/fr\/#\/schema\/logo\/image\/"},"sameAs":["https:\/\/www.facebook.com\/romanwagner.optiker","https:\/\/www.instagram.com\/romanwagner.optiker\/","https:\/\/www.youtube.com\/channel\/UCIHnCII9jl34mZG08gXgG6A"]}]}},"_links":{"self":[{"href":"https:\/\/optik.roman-wagner.de\/fr\/wp-json\/wp\/v2\/pages\/7427","targetHints":{"allow":["GET"]}}],"collection":[{"href":"https:\/\/optik.roman-wagner.de\/fr\/wp-json\/wp\/v2\/pages"}],"about":[{"href":"https:\/\/optik.roman-wagner.de\/fr\/wp-json\/wp\/v2\/types\/page"}],"author":[{"embeddable":true,"href":"https:\/\/optik.roman-wagner.de\/fr\/wp-json\/wp\/v2\/users\/1"}],"replies":[{"embeddable":true,"href":"https:\/\/optik.roman-wagner.de\/fr\/wp-json\/wp\/v2\/comments?post=7427"}],"version-history":[{"count":3,"href":"https:\/\/optik.roman-wagner.de\/fr\/wp-json\/wp\/v2\/pages\/7427\/revisions"}],"predecessor-version":[{"id":7436,"href":"https:\/\/optik.roman-wagner.de\/fr\/wp-json\/wp\/v2\/pages\/7427\/revisions\/7436"}],"wp:attachment":[{"href":"https:\/\/optik.roman-wagner.de\/fr\/wp-json\/wp\/v2\/media?parent=7427"}],"curies":[{"name":"wp","href":"https:\/\/api.w.org\/{rel}","templated":true}]}}