{"id":7419,"date":"2019-12-08T12:10:46","date_gmt":"2019-12-08T11:10:46","guid":{"rendered":"https:\/\/optik.roman-wagner.de\/test-de-vue\/"},"modified":"2026-04-30T15:30:00","modified_gmt":"2026-04-30T13:30:00","slug":"test-de-vue","status":"publish","type":"page","link":"https:\/\/optik.roman-wagner.de\/fr\/test-de-vue\/","title":{"rendered":"Test de vue"},"content":{"rendered":"<p>[et_pb_section fb_built=\u00a0\u00bb1&Prime; _builder_version=\u00a0\u00bb4.25.1&Prime; custom_margin=\u00a0\u00bb130px||0px||false|false\u00a0\u00bb custom_margin_tablet=\u00a0\u00bb130px||0px||false|false\u00a0\u00bb custom_margin_phone=\u00a0\u00bb70px||||false|false\u00a0\u00bb custom_margin_last_edited=\u00a0\u00bbon|desktop\u00a0\u00bb custom_padding=\u00a0\u00bb0px||0px||false|false\u00a0\u00bb hover_enabled=\u00a0\u00bb0&Prime; da_disable_devices=\u00a0\u00bboff|off|off\u00a0\u00bb global_colors_info=\u00a0\u00bb{}\u00a0\u00bb sticky_enabled=\u00a0\u00bb0&Prime; da_is_popup=\u00a0\u00bboff\u00a0\u00bb da_exit_intent=\u00a0\u00bboff\u00a0\u00bb da_has_close=\u00a0\u00bbon\u00a0\u00bb da_alt_close=\u00a0\u00bboff\u00a0\u00bb da_dark_close=\u00a0\u00bboff\u00a0\u00bb da_not_modal=\u00a0\u00bbon\u00a0\u00bb da_is_singular=\u00a0\u00bboff\u00a0\u00bb da_with_loader=\u00a0\u00bboff\u00a0\u00bb da_has_shadow=\u00a0\u00bbon\u00a0\u00bb][et_pb_row _builder_version=\u00a0\u00bb4.25.1&Prime; width=\u00a0\u00bb100%\u00a0\u00bb max_width=\u00a0\u00bb2560px\u00a0\u00bb custom_margin=\u00a0\u00bb0px||0px||false|false\u00a0\u00bb custom_padding=\u00a0\u00bb0px||0px||false|false\u00a0\u00bb global_colors_info=\u00a0\u00bb{}\u00a0\u00bb][et_pb_column type=\u00a0\u00bb4_4&Prime; _builder_version=\u00a0\u00bb4.16&Prime; global_colors_info=\u00a0\u00bb{}\u00a0\u00bb][et_pb_image src=\u00a0\u00bbhttps:\/\/optik.roman-wagner.de\/wp-content\/uploads\/2020\/01\/Sehtest-2400-shutterstock_2.jpg\u00a0\u00bb title_text=\u00a0\u00bbSehtest-2400-shutterstock_2&Prime; force_fullwidth=\u00a0\u00bbon\u00a0\u00bb _builder_version=\u00a0\u00bb4.25.1&Prime; _module_preset=\u00a0\u00bbdefault\u00a0\u00bb max_height=\u00a0\u00bb1040px\u00a0\u00bb custom_margin=\u00a0\u00bb0px||0px||false|false\u00a0\u00bb custom_padding=\u00a0\u00bb0px||0px||false|false\u00a0\u00bb global_colors_info=\u00a0\u00bb{}\u00a0\u00bb][\/et_pb_image][\/et_pb_column][\/et_pb_row][et_pb_row _builder_version=\u00a0\u00bb4.16&Prime; global_colors_info=\u00a0\u00bb{}\u00a0\u00bb][et_pb_column type=\u00a0\u00bb4_4&Prime; _builder_version=\u00a0\u00bb4.16&Prime; global_colors_info=\u00a0\u00bb{}\u00a0\u00bb][dsm_text_notation notation_text=\u00a0\u00bbTest de vue\u00a0\u00bb notation_color=\u00a0\u00bb#0084D7&Prime; notation_width=\u00a0\u00bb4&Prime; _builder_version=\u00a0\u00bb4.25.1&Prime; _module_preset=\u00a0\u00bbdefault\u00a0\u00bb header_font=\u00a0\u00bb|700|||||||\u00a0\u00bb header_text_color=\u00a0\u00bb#000000&Prime; notation_font=\u00a0\u00bb|700|||||||\u00a0\u00bb notation_text_color=\u00a0\u00bb#000000&Prime; text_orientation=\u00a0\u00bbleft\u00a0\u00bb width=\u00a0\u00bb100%\u00a0\u00bb custom_margin=\u00a0\u00bb||3px||false|false\u00a0\u00bb custom_padding=\u00a0\u00bb||||false|false\u00a0\u00bb header_font_size_tablet=\u00a0\u00bb\u00a0\u00bb header_font_size_phone=\u00a0\u00bb\u00a0\u00bb header_font_size_last_edited=\u00a0\u00bbon|desktop\u00a0\u00bb header_line_height_tablet=\u00a0\u00bb\u00a0\u00bb header_line_height_phone=\u00a0\u00bb1.3em\u00a0\u00bb header_line_height_last_edited=\u00a0\u00bbon|phone\u00a0\u00bb locked=\u00a0\u00bboff\u00a0\u00bb global_colors_info=\u00a0\u00bb{}\u00a0\u00bb][\/dsm_text_notation][et_pb_text _builder_version=\u00a0\u00bb4.25.1&Prime; custom_margin=\u00a0\u00bb||||false|false\u00a0\u00bb global_colors_info=\u00a0\u00bb{}\u00a0\u00bb]<\/p>\n<h2>Les d\u00e9fauts visuels peuvent g\u00e9n\u00e9ralement \u00eatre corrig\u00e9s par des lunettes ou des lentilles de contact<\/h2>\n<p>Notre test de vue complet, bas\u00e9 sur la technologie 3D la plus moderne, vous indique quelle aide visuelle vous est n\u00e9cessaire. Une d\u00e9ficience visuelle peut se manifester par une myopie ou une hyperm\u00e9tropie. <\/p>\n<p>[\/et_pb_text][et_pb_button button_url=\u00a0\u00bbhttps:\/\/optik.roman-wagner.de\/online-termin\/\u00a0\u00bb button_text=\u00a0\u00bbPrendre rendez-vous en ligne\u00a0\u00bb _builder_version=\u00a0\u00bb4.25.1&Prime; _module_preset=\u00a0\u00bbdefault\u00a0\u00bb custom_margin=\u00a0\u00bb||||false|false\u00a0\u00bb global_module=\u00a0\u00bb4463&Prime; global_colors_info=\u00a0\u00bb{}\u00a0\u00bb][\/et_pb_button][\/et_pb_column][\/et_pb_row][\/et_pb_section][et_pb_section fb_built=\u00a0\u00bb1&Prime; _builder_version=\u00a0\u00bb4.16&Prime; custom_padding=\u00a0\u00bb3px||10px|||\u00a0\u00bb da_disable_devices=\u00a0\u00bboff|off|off\u00a0\u00bb global_colors_info=\u00a0\u00bb{}\u00a0\u00bb da_is_popup=\u00a0\u00bboff\u00a0\u00bb da_exit_intent=\u00a0\u00bboff\u00a0\u00bb da_has_close=\u00a0\u00bbon\u00a0\u00bb da_alt_close=\u00a0\u00bboff\u00a0\u00bb da_dark_close=\u00a0\u00bboff\u00a0\u00bb da_not_modal=\u00a0\u00bbon\u00a0\u00bb da_is_singular=\u00a0\u00bboff\u00a0\u00bb da_with_loader=\u00a0\u00bboff\u00a0\u00bb da_has_shadow=\u00a0\u00bbon\u00a0\u00bb][et_pb_row column_structure=\u00a0\u00bb1_2,1_2&Prime; make_equal=\u00a0\u00bbon\u00a0\u00bb _builder_version=\u00a0\u00bb4.16&Prime; global_colors_info=\u00a0\u00bb{}\u00a0\u00bb][et_pb_column type=\u00a0\u00bb1_2&Prime; _builder_version=\u00a0\u00bb4.16&Prime; global_colors_info=\u00a0\u00bb{}\u00a0\u00bb][et_pb_image src=\u00a0\u00bbhttps:\/\/optik.roman-wagner.de\/wp-content\/uploads\/2020\/01\/Sehtest_Grafik_Row_1.png\u00a0\u00bb url=\u00a0\u00bbhttps:\/\/www.yumpu.com\/de\/document\/read\/62906969\/hochwertige-brillen\u00a0\u00bb align=\u00a0\u00bbcenter\u00a0\u00bb _builder_version=\u00a0\u00bb4.16&Prime; global_colors_info=\u00a0\u00bb{}\u00a0\u00bb][\/et_pb_image][\/et_pb_column][et_pb_column type=\u00a0\u00bb1_2&Prime; _builder_version=\u00a0\u00bb4.16&Prime; global_colors_info=\u00a0\u00bb{}\u00a0\u00bb][et_pb_cta title=\u00a0\u00bbVos yeux\u00a0\u00bb button_url=\u00a0\u00bbhttps:\/\/www.yumpu.com\/de\/document\/read\/62906969\/hochwertige-brillen\u00a0\u00bb _builder_version=\u00a0\u00bb4.25.1&Prime; header_level=\u00a0\u00bbh3&Prime; header_text_align=\u00a0\u00bbleft\u00a0\u00bb header_text_color=\u00a0\u00bb#000000&Prime; body_text_color=\u00a0\u00bb#686868&Prime; background_color=\u00a0\u00bb#ffffff\u00a0\u00bb custom_button=\u00a0\u00bbon\u00a0\u00bb button_text_color=\u00a0\u00bb#0084d7&Prime; button_alignment=\u00a0\u00bbleft\u00a0\u00bb custom_margin=\u00a0\u00bb|0px||0px|false|false\u00a0\u00bb custom_padding=\u00a0\u00bb|0px||0px|false|false\u00a0\u00bb global_colors_info=\u00a0\u00bb{}\u00a0\u00bb]<\/p>\n<div class=\"wpb_column vc_column_container vc_col-sm-6\">\n<div class=\"vc_column-inner\">\n<div class=\"wpb_wrapper\">\n<div class=\"wpb_text_column wpb_content_element wpb_animate_when_almost_visible wpb_fadeIn fadeIn wpb_start_animation animated\">\n<div class=\"wpb_wrapper\" style=\"text-align: left;\">Plus de la moiti\u00e9 de la population allemande souffre de d\u00e9fauts visuels. Pour ces personnes, les lunettes ou les lentilles de contact sont indispensables au quotidien en raison de la myopie ou de l&rsquo;hyperm\u00e9tropie. Vous avez l&rsquo;impression que votre acuit\u00e9 visuelle a chang\u00e9 ? Avez-vous besoin de lunettes ? Un test de vue vous apportera des r\u00e9ponses !    <\/div>\n<div class=\"wpb_wrapper\" style=\"text-align: left;\"><span style=\"font-size: 16px;\"><\/span><\/div>\n<div class=\"wpb_wrapper\" style=\"text-align: left;\"><span style=\"font-size: 16px;\">Lorsqu&rsquo;un d\u00e9faut visuel a \u00e9t\u00e9 d\u00e9tect\u00e9, celui-ci peut g\u00e9n\u00e9ralement \u00eatre corrig\u00e9 par des lunettes ou des lentilles de contact. Un test de vue complet permet de d\u00e9terminer si une aide visuelle est n\u00e9cessaire et laquelle. <\/span><\/div>\n<\/div>\n<\/div>\n<\/div>\n<\/div>\n<p>[\/et_pb_cta][\/et_pb_column][\/et_pb_row][et_pb_row column_structure=\u00a0\u00bb1_2,1_2&Prime; make_equal=\u00a0\u00bbon\u00a0\u00bb _builder_version=\u00a0\u00bb4.16&Prime; background_color=\u00a0\u00bbrgba(214,214,214,0.38)\u00a0\u00bb global_colors_info=\u00a0\u00bb{}\u00a0\u00bb][et_pb_column type=\u00a0\u00bb1_2&Prime; _builder_version=\u00a0\u00bb4.16&Prime; global_colors_info=\u00a0\u00bb{}\u00a0\u00bb][et_pb_cta title=\u00a0\u00bbTr\u00e8s simple, m\u00eame \u00e0 domicile\u00a0\u00bb button_url=\u00a0\u00bbhttps:\/\/www.yumpu.com\/de\/document\/read\/62906969\/hochwertige-brillen\u00a0\u00bb _builder_version=\u00a0\u00bb4.25.1&Prime; header_level=\u00a0\u00bbh3&Prime; header_text_align=\u00a0\u00bbleft\u00a0\u00bb header_text_color=\u00a0\u00bb#000000&Prime; body_text_color=\u00a0\u00bb#686868&Prime; background_color=\u00a0\u00bbrgba(214,214,214,0)\u00a0\u00bb custom_button=\u00a0\u00bbon\u00a0\u00bb button_text_color=\u00a0\u00bb#0084d7&Prime; button_alignment=\u00a0\u00bbright\u00a0\u00bb text_orientation=\u00a0\u00bbleft\u00a0\u00bb custom_padding=\u00a0\u00bb16px||1px|40px||\u00a0\u00bb global_colors_info=\u00a0\u00bb{}\u00a0\u00bb]<\/p>\n<div class=\"wpb_column vc_column_container vc_col-sm-6\">\n<div class=\"vc_column-inner\">\n<div class=\"wpb_wrapper\">\n<div class=\"wpb_text_column wpb_content_element wpb_animate_when_almost_visible wpb_fadeIn fadeIn wpb_start_animation animated\">\n<div class=\"wpb_wrapper\" style=\"text-align: left;\">Testez votre acuit\u00e9 visuelle \u00e0 domicile, confortablement chez vous. Il vous suffit de t\u00e9l\u00e9charger notre fichier PDF de test oculaire et de l&rsquo;imprimer au format A4. Accrochez ensuite les impressions \u00e0 un mur et placez-vous \u00e0 environ 2 m de distance. C&rsquo;est parti ! Vous pouvez nous transmettre vos r\u00e9sultats par fax. Nous vous indiquerons alors si vous avez besoin de lunettes ou si votre acuit\u00e9 visuelle a chang\u00e9.      <\/div>\n<\/div>\n<\/div>\n<\/div>\n<\/div>\n<p>[\/et_pb_cta][\/et_pb_column][et_pb_column type=\u00a0\u00bb1_2&Prime; _builder_version=\u00a0\u00bb4.16&Prime; global_colors_info=\u00a0\u00bb{}\u00a0\u00bb][et_pb_image src=\u00a0\u00bbhttps:\/\/optik.roman-wagner.de\/wp-content\/uploads\/2020\/01\/Download-82&#215;100-1.png\u00a0\u00bb url=\u00a0\u00bb\/wp-content\/uploads\/2020\/01\/sehtest.pdf\u00a0\u00bb align=\u00a0\u00bbcenter\u00a0\u00bb _builder_version=\u00a0\u00bb4.16&Prime; custom_padding=\u00a0\u00bb26px||||false|false\u00a0\u00bb global_colors_info=\u00a0\u00bb{}\u00a0\u00bb][\/et_pb_image][\/et_pb_column][\/et_pb_row][et_pb_row column_structure=\u00a0\u00bb1_2,1_2&Prime; make_equal=\u00a0\u00bbon\u00a0\u00bb _builder_version=\u00a0\u00bb4.16&Prime; custom_padding=\u00a0\u00bb||72px|||\u00a0\u00bb global_colors_info=\u00a0\u00bb{}\u00a0\u00bb][et_pb_column type=\u00a0\u00bb1_2&Prime; _builder_version=\u00a0\u00bb4.16&Prime; global_colors_info=\u00a0\u00bb{}\u00a0\u00bb][et_pb_image src=\u00a0\u00bbhttps:\/\/optik.roman-wagner.de\/wp-content\/uploads\/2020\/01\/Sehtest_Grafik_Row_3.png\u00a0\u00bb url=\u00a0\u00bbhttps:\/\/www.yumpu.com\/de\/document\/read\/62906969\/hochwertige-brillen\u00a0\u00bb align=\u00a0\u00bbright\u00a0\u00bb _builder_version=\u00a0\u00bb4.16&Prime; global_colors_info=\u00a0\u00bb{}\u00a0\u00bb][\/et_pb_image][\/et_pb_column][et_pb_column type=\u00a0\u00bb1_2&Prime; _builder_version=\u00a0\u00bb4.16&Prime; global_colors_info=\u00a0\u00bb{}\u00a0\u00bb][et_pb_cta title=\u00a0\u00bbLe comportement visuel en cas de myopie ou d&apos;hyperm\u00e9tropie\u00a0\u00bb button_url=\u00a0\u00bbhttps:\/\/www.yumpu.com\/de\/document\/read\/62794537\/gleitsichtbrillen-prospekt-2019&Prime; _builder_version=\u00a0\u00bb4.25.1&Prime; header_level=\u00a0\u00bbh3&Prime; header_text_align=\u00a0\u00bbleft\u00a0\u00bb header_text_color=\u00a0\u00bb#000000&Prime; body_text_color=\u00a0\u00bb#686868&Prime; background_color=\u00a0\u00bb#ffffff\u00a0\u00bb custom_button=\u00a0\u00bbon\u00a0\u00bb button_text_color=\u00a0\u00bb#0084d7&Prime; button_alignment=\u00a0\u00bbleft\u00a0\u00bb custom_margin=\u00a0\u00bb|0px||0px|false|false\u00a0\u00bb custom_padding=\u00a0\u00bb|0px|0px|0px|false|false\u00a0\u00bb global_colors_info=\u00a0\u00bb{}\u00a0\u00bb]<\/p>\n<div class=\"wpb_column vc_column_container vc_col-sm-6\">\n<div class=\"vc_column-inner\">\n<div class=\"wpb_wrapper\">\n<div class=\"wpb_text_column wpb_content_element wpb_animate_when_almost_visible wpb_fadeIn fadeIn wpb_start_animation animated\">\n<div class=\"wpb_wrapper\">\n<p style=\"text-align: left;\">Les objets \u00e0 moyenne ou grande distance vous semblent flous ? Ou s&rsquo;agit-il plut\u00f4t d&rsquo;objets proches qui ne peuvent \u00eatre per\u00e7us que de mani\u00e8re impr\u00e9cise ? <\/p>\n<p style=\"text-align: left;\">Une d\u00e9ficience visuelle peut se manifester par une myopie ou une hyperm\u00e9tropie. Notre simulation de valeurs visuelles illustre comment le comportement visuel change en cas de myopie ou d&rsquo;hyperm\u00e9tropie. <\/p>\n<\/div>\n<\/div>\n<\/div>\n<\/div>\n<\/div>\n<p>[\/et_pb_cta][\/et_pb_column][\/et_pb_row][\/et_pb_section]<\/p>\n","protected":false},"excerpt":{"rendered":"<p><div class=\"et_pb_module dsm_text_notation dsm_text_notation_0  et_pb_text_align_left et_pb_bg_layout_light\">\n\t\t\t\t\n\t\t\t\t\n\t\t\t\t\n\t\t\t\t\n\t\t\t\t\n\t\t\t\t\n\t\t\t\t<div class=\"et_pb_module_inner\">\n\t\t\t\t\t<h1 class=\"dsm-text-notation-main et_pb_module_header\"><span data-notation=\"[{&quot;type&quot;:&quot;underline&quot;,&quot;color&quot;:&quot;#0084D7&quot;,&quot;stroke-width&quot;:&quot;4&quot;,&quot;iterations&quot;:&quot;2&quot;,&quot;brackets&quot;:&quot;left|right&quot;,&quot;viewport&quot;:&quot;80%&quot;,&quot;delay&quot;:&quot;0ms&quot;,&quot;divi-animate&quot;:&quot;none&quot;,&quot;divi-animate-duration&quot;:&quot;1000ms&quot;,&quot;divi-animate-delay&quot;:&quot;0ms&quot;}]\" class=\"dsm-text-notation-middle\">Test de vue<\/span><\/h1>\n\t\t\t\t<\/div>\n\t\t\t<\/div>Les d\u00e9fauts visuels peuvent g\u00e9n\u00e9ralement \u00eatre corrig\u00e9s par des lunettes ou des lentilles de contact Notre test de vue complet, bas\u00e9 sur la technologie 3D la plus moderne, vous indique quelle aide visuelle vous est n\u00e9cessaire. Une d\u00e9ficience visuelle peut se manifester par une myopie ou une hyperm\u00e9tropie. Plus de la moiti\u00e9 de la population allemande souffre de d\u00e9fauts visuels. Pour ces personnes, les lunettes ou les lentilles de contact sont indispensables au quotidien en raison de la myopie ou de l&rsquo;hyperm\u00e9tropie. Vous avez l&rsquo;impression que votre acuit\u00e9 visuelle a chang\u00e9 ? Avez-vous besoin de lunettes ? Un test de vue vous apportera des r\u00e9ponses ! Lorsqu&rsquo;un d\u00e9faut visuel a \u00e9t\u00e9 d\u00e9tect\u00e9, celui-ci peut g\u00e9n\u00e9ralement \u00eatre corrig\u00e9 par des lunettes ou des lentilles de contact. Un test de vue complet permet de d\u00e9terminer si une aide visuelle est n\u00e9cessaire et laquelle. Testez votre acuit\u00e9 visuelle \u00e0 domicile, confortablement chez vous. Il vous suffit de t\u00e9l\u00e9charger notre fichier PDF de test oculaire et de l&rsquo;imprimer au format A4. Accrochez ensuite les impressions \u00e0 un mur et placez-vous \u00e0 [&hellip;]<\/p>\n","protected":false},"author":1,"featured_media":0,"parent":0,"menu_order":0,"comment_status":"closed","ping_status":"closed","template":"","meta":{"_et_pb_use_builder":"on","_et_pb_old_content":"","_et_gb_content_width":"","iawp_total_views":0,"footnotes":""},"class_list":["post-7419","page","type-page","status-publish","hentry"],"yoast_head":"<!-- This site is optimized with the Yoast SEO plugin v27.4 - https:\/\/yoast.com\/product\/yoast-seo-wordpress\/ -->\n<title>Test de vue - Roman Wagner<\/title>\n<meta name=\"robots\" content=\"index, follow, max-snippet:-1, max-image-preview:large, max-video-preview:-1\" \/>\n<link rel=\"canonical\" href=\"https:\/\/optik.roman-wagner.de\/fr\/test-de-vue\/\" \/>\n<meta property=\"og:locale\" content=\"fr_FR\" \/>\n<meta property=\"og:type\" content=\"article\" \/>\n<meta property=\"og:title\" content=\"Test de vue - Roman Wagner\" \/>\n<meta property=\"og:description\" content=\"Les d\u00e9fauts visuels peuvent g\u00e9n\u00e9ralement \u00eatre corrig\u00e9s par des lunettes ou des lentilles de contact Notre test de vue complet, bas\u00e9 sur la technologie 3D la plus moderne, vous indique quelle aide visuelle vous est n\u00e9cessaire. Une d\u00e9ficience visuelle peut se manifester par une myopie ou une hyperm\u00e9tropie. Plus de la moiti\u00e9 de la population allemande souffre de d\u00e9fauts visuels. Pour ces personnes, les lunettes ou les lentilles de contact sont indispensables au quotidien en raison de la myopie ou de l&#039;hyperm\u00e9tropie. Vous avez l&#039;impression que votre acuit\u00e9 visuelle a chang\u00e9 ? Avez-vous besoin de lunettes ? Un test de vue vous apportera des r\u00e9ponses ! Lorsqu&#039;un d\u00e9faut visuel a \u00e9t\u00e9 d\u00e9tect\u00e9, celui-ci peut g\u00e9n\u00e9ralement \u00eatre corrig\u00e9 par des lunettes ou des lentilles de contact. Un test de vue complet permet de d\u00e9terminer si une aide visuelle est n\u00e9cessaire et laquelle. Testez votre acuit\u00e9 visuelle \u00e0 domicile, confortablement chez vous. Il vous suffit de t\u00e9l\u00e9charger notre fichier PDF de test oculaire et de l&#039;imprimer au format A4. Accrochez ensuite les impressions \u00e0 un mur et placez-vous \u00e0 [&hellip;]\" \/>\n<meta property=\"og:url\" content=\"https:\/\/optik.roman-wagner.de\/fr\/test-de-vue\/\" \/>\n<meta property=\"og:site_name\" content=\"Roman Wagner\" \/>\n<meta property=\"article:publisher\" content=\"https:\/\/www.facebook.com\/romanwagner.optiker\" \/>\n<meta property=\"article:modified_time\" content=\"2026-04-30T13:30:00+00:00\" \/>\n<meta name=\"twitter:card\" content=\"summary_large_image\" \/>\n<meta name=\"twitter:label1\" content=\"Dur\u00e9e de lecture estim\u00e9e\" \/>\n\t<meta name=\"twitter:data1\" content=\"5 minutes\" \/>\n<script type=\"application\/ld+json\" class=\"yoast-schema-graph\">{\"@context\":\"https:\\\/\\\/schema.org\",\"@graph\":[{\"@type\":\"WebPage\",\"@id\":\"https:\\\/\\\/optik.roman-wagner.de\\\/fr\\\/test-de-vue\\\/\",\"url\":\"https:\\\/\\\/optik.roman-wagner.de\\\/fr\\\/test-de-vue\\\/\",\"name\":\"Test de vue - Roman Wagner\",\"isPartOf\":{\"@id\":\"https:\\\/\\\/optik.roman-wagner.de\\\/fr\\\/#website\"},\"datePublished\":\"2019-12-08T11:10:46+00:00\",\"dateModified\":\"2026-04-30T13:30:00+00:00\",\"breadcrumb\":{\"@id\":\"https:\\\/\\\/optik.roman-wagner.de\\\/fr\\\/test-de-vue\\\/#breadcrumb\"},\"inLanguage\":\"fr-FR\",\"potentialAction\":[{\"@type\":\"ReadAction\",\"target\":[\"https:\\\/\\\/optik.roman-wagner.de\\\/fr\\\/test-de-vue\\\/\"]}]},{\"@type\":\"BreadcrumbList\",\"@id\":\"https:\\\/\\\/optik.roman-wagner.de\\\/fr\\\/test-de-vue\\\/#breadcrumb\",\"itemListElement\":[{\"@type\":\"ListItem\",\"position\":1,\"name\":\"Startseite\",\"item\":\"https:\\\/\\\/optik.roman-wagner.de\\\/fr\\\/centres-pour-une-bonne-vision\\\/\"},{\"@type\":\"ListItem\",\"position\":2,\"name\":\"Test de vue\"}]},{\"@type\":\"WebSite\",\"@id\":\"https:\\\/\\\/optik.roman-wagner.de\\\/fr\\\/#website\",\"url\":\"https:\\\/\\\/optik.roman-wagner.de\\\/fr\\\/\",\"name\":\"Der Augenoptiker Roman Wagner\",\"description\":\"Zentren f\u00fcr gutes Sehen\",\"publisher\":{\"@id\":\"https:\\\/\\\/optik.roman-wagner.de\\\/fr\\\/#organization\"},\"potentialAction\":[{\"@type\":\"SearchAction\",\"target\":{\"@type\":\"EntryPoint\",\"urlTemplate\":\"https:\\\/\\\/optik.roman-wagner.de\\\/fr\\\/?s={search_term_string}\"},\"query-input\":{\"@type\":\"PropertyValueSpecification\",\"valueRequired\":true,\"valueName\":\"search_term_string\"}}],\"inLanguage\":\"fr-FR\"},{\"@type\":\"Organization\",\"@id\":\"https:\\\/\\\/optik.roman-wagner.de\\\/fr\\\/#organization\",\"name\":\"Der Augenoptiker Roman Wagner\",\"url\":\"https:\\\/\\\/optik.roman-wagner.de\\\/fr\\\/\",\"logo\":{\"@type\":\"ImageObject\",\"inLanguage\":\"fr-FR\",\"@id\":\"https:\\\/\\\/optik.roman-wagner.de\\\/fr\\\/#\\\/schema\\\/logo\\\/image\\\/\",\"url\":\"https:\\\/\\\/optik.roman-wagner.de\\\/wp-content\\\/uploads\\\/2019\\\/11\\\/Logo-RW-quadrat.jpg\",\"contentUrl\":\"https:\\\/\\\/optik.roman-wagner.de\\\/wp-content\\\/uploads\\\/2019\\\/11\\\/Logo-RW-quadrat.jpg\",\"width\":488,\"height\":479,\"caption\":\"Der Augenoptiker Roman Wagner\"},\"image\":{\"@id\":\"https:\\\/\\\/optik.roman-wagner.de\\\/fr\\\/#\\\/schema\\\/logo\\\/image\\\/\"},\"sameAs\":[\"https:\\\/\\\/www.facebook.com\\\/romanwagner.optiker\",\"https:\\\/\\\/www.instagram.com\\\/romanwagner.optiker\\\/\",\"https:\\\/\\\/www.youtube.com\\\/channel\\\/UCIHnCII9jl34mZG08gXgG6A\"]}]}<\/script>\n<!-- \/ Yoast SEO plugin. -->","yoast_head_json":{"title":"Test de vue - Roman Wagner","robots":{"index":"index","follow":"follow","max-snippet":"max-snippet:-1","max-image-preview":"max-image-preview:large","max-video-preview":"max-video-preview:-1"},"canonical":"https:\/\/optik.roman-wagner.de\/fr\/test-de-vue\/","og_locale":"fr_FR","og_type":"article","og_title":"Test de vue - Roman Wagner","og_description":"Les d\u00e9fauts visuels peuvent g\u00e9n\u00e9ralement \u00eatre corrig\u00e9s par des lunettes ou des lentilles de contact Notre test de vue complet, bas\u00e9 sur la technologie 3D la plus moderne, vous indique quelle aide visuelle vous est n\u00e9cessaire. Une d\u00e9ficience visuelle peut se manifester par une myopie ou une hyperm\u00e9tropie. Plus de la moiti\u00e9 de la population allemande souffre de d\u00e9fauts visuels. Pour ces personnes, les lunettes ou les lentilles de contact sont indispensables au quotidien en raison de la myopie ou de l'hyperm\u00e9tropie. Vous avez l'impression que votre acuit\u00e9 visuelle a chang\u00e9 ? Avez-vous besoin de lunettes ? Un test de vue vous apportera des r\u00e9ponses ! Lorsqu'un d\u00e9faut visuel a \u00e9t\u00e9 d\u00e9tect\u00e9, celui-ci peut g\u00e9n\u00e9ralement \u00eatre corrig\u00e9 par des lunettes ou des lentilles de contact. Un test de vue complet permet de d\u00e9terminer si une aide visuelle est n\u00e9cessaire et laquelle. Testez votre acuit\u00e9 visuelle \u00e0 domicile, confortablement chez vous. Il vous suffit de t\u00e9l\u00e9charger notre fichier PDF de test oculaire et de l'imprimer au format A4. Accrochez ensuite les impressions \u00e0 un mur et placez-vous \u00e0 [&hellip;]","og_url":"https:\/\/optik.roman-wagner.de\/fr\/test-de-vue\/","og_site_name":"Roman Wagner","article_publisher":"https:\/\/www.facebook.com\/romanwagner.optiker","article_modified_time":"2026-04-30T13:30:00+00:00","twitter_card":"summary_large_image","twitter_misc":{"Dur\u00e9e de lecture estim\u00e9e":"5 minutes"},"schema":{"@context":"https:\/\/schema.org","@graph":[{"@type":"WebPage","@id":"https:\/\/optik.roman-wagner.de\/fr\/test-de-vue\/","url":"https:\/\/optik.roman-wagner.de\/fr\/test-de-vue\/","name":"Test de vue - Roman Wagner","isPartOf":{"@id":"https:\/\/optik.roman-wagner.de\/fr\/#website"},"datePublished":"2019-12-08T11:10:46+00:00","dateModified":"2026-04-30T13:30:00+00:00","breadcrumb":{"@id":"https:\/\/optik.roman-wagner.de\/fr\/test-de-vue\/#breadcrumb"},"inLanguage":"fr-FR","potentialAction":[{"@type":"ReadAction","target":["https:\/\/optik.roman-wagner.de\/fr\/test-de-vue\/"]}]},{"@type":"BreadcrumbList","@id":"https:\/\/optik.roman-wagner.de\/fr\/test-de-vue\/#breadcrumb","itemListElement":[{"@type":"ListItem","position":1,"name":"Startseite","item":"https:\/\/optik.roman-wagner.de\/fr\/centres-pour-une-bonne-vision\/"},{"@type":"ListItem","position":2,"name":"Test de vue"}]},{"@type":"WebSite","@id":"https:\/\/optik.roman-wagner.de\/fr\/#website","url":"https:\/\/optik.roman-wagner.de\/fr\/","name":"Der Augenoptiker Roman Wagner","description":"Zentren f\u00fcr gutes Sehen","publisher":{"@id":"https:\/\/optik.roman-wagner.de\/fr\/#organization"},"potentialAction":[{"@type":"SearchAction","target":{"@type":"EntryPoint","urlTemplate":"https:\/\/optik.roman-wagner.de\/fr\/?s={search_term_string}"},"query-input":{"@type":"PropertyValueSpecification","valueRequired":true,"valueName":"search_term_string"}}],"inLanguage":"fr-FR"},{"@type":"Organization","@id":"https:\/\/optik.roman-wagner.de\/fr\/#organization","name":"Der Augenoptiker Roman Wagner","url":"https:\/\/optik.roman-wagner.de\/fr\/","logo":{"@type":"ImageObject","inLanguage":"fr-FR","@id":"https:\/\/optik.roman-wagner.de\/fr\/#\/schema\/logo\/image\/","url":"https:\/\/optik.roman-wagner.de\/wp-content\/uploads\/2019\/11\/Logo-RW-quadrat.jpg","contentUrl":"https:\/\/optik.roman-wagner.de\/wp-content\/uploads\/2019\/11\/Logo-RW-quadrat.jpg","width":488,"height":479,"caption":"Der Augenoptiker Roman Wagner"},"image":{"@id":"https:\/\/optik.roman-wagner.de\/fr\/#\/schema\/logo\/image\/"},"sameAs":["https:\/\/www.facebook.com\/romanwagner.optiker","https:\/\/www.instagram.com\/romanwagner.optiker\/","https:\/\/www.youtube.com\/channel\/UCIHnCII9jl34mZG08gXgG6A"]}]}},"_links":{"self":[{"href":"https:\/\/optik.roman-wagner.de\/fr\/wp-json\/wp\/v2\/pages\/7419","targetHints":{"allow":["GET"]}}],"collection":[{"href":"https:\/\/optik.roman-wagner.de\/fr\/wp-json\/wp\/v2\/pages"}],"about":[{"href":"https:\/\/optik.roman-wagner.de\/fr\/wp-json\/wp\/v2\/types\/page"}],"author":[{"embeddable":true,"href":"https:\/\/optik.roman-wagner.de\/fr\/wp-json\/wp\/v2\/users\/1"}],"replies":[{"embeddable":true,"href":"https:\/\/optik.roman-wagner.de\/fr\/wp-json\/wp\/v2\/comments?post=7419"}],"version-history":[{"count":4,"href":"https:\/\/optik.roman-wagner.de\/fr\/wp-json\/wp\/v2\/pages\/7419\/revisions"}],"predecessor-version":[{"id":7426,"href":"https:\/\/optik.roman-wagner.de\/fr\/wp-json\/wp\/v2\/pages\/7419\/revisions\/7426"}],"wp:attachment":[{"href":"https:\/\/optik.roman-wagner.de\/fr\/wp-json\/wp\/v2\/media?parent=7419"}],"curies":[{"name":"wp","href":"https:\/\/api.w.org\/{rel}","templated":true}]}}