{"version":"1.0","provider_name":"Roman Wagner","provider_url":"https:\/\/optik.roman-wagner.de\/fr\/","author_name":"RomanWagner","author_url":"https:\/\/optik.roman-wagner.de\/fr\/author\/romanwagner\/","title":"Innovations &amp; tendances \u2013 le MIDO 2025 \u00e0 Milan - Roman Wagner","type":"rich","width":600,"height":338,"html":"<blockquote class=\"wp-embedded-content\" data-secret=\"bKIvQMJB1t\"><a href=\"https:\/\/optik.roman-wagner.de\/fr\/2025\/02\/innovations-tendances-le-mido-2025-a-milan\/\">Innovations &amp; tendances \u2013 le MIDO 2025 \u00e0 Milan<\/a><\/blockquote><iframe sandbox=\"allow-scripts\" security=\"restricted\" src=\"https:\/\/optik.roman-wagner.de\/fr\/2025\/02\/innovations-tendances-le-mido-2025-a-milan\/embed\/#?secret=bKIvQMJB1t\" width=\"600\" height=\"338\" title=\"\u00ab\u00a0Innovations &amp; tendances \u2013 le MIDO 2025 \u00e0 Milan\u00a0\u00bb &#8212; Roman Wagner\" data-secret=\"bKIvQMJB1t\" frameborder=\"0\" marginwidth=\"0\" marginheight=\"0\" scrolling=\"no\" class=\"wp-embedded-content\"><\/iframe><script type=\"text\/javascript\">\n\/* <![CDATA[ *\/\n\/*! This file is auto-generated *\/\n!function(d,l){\"use strict\";l.querySelector&&d.addEventListener&&\"undefined\"!=typeof URL&&(d.wp=d.wp||{},d.wp.receiveEmbedMessage||(d.wp.receiveEmbedMessage=function(e){var t=e.data;if((t||t.secret||t.message||t.value)&&!\/[^a-zA-Z0-9]\/.test(t.secret)){for(var s,r,n,a=l.querySelectorAll('iframe[data-secret=\"'+t.secret+'\"]'),o=l.querySelectorAll('blockquote[data-secret=\"'+t.secret+'\"]'),c=new RegExp(\"^https?:$\",\"i\"),i=0;i<o.length;i++)o[i].style.display=\"none\";for(i=0;i<a.length;i++)s=a[i],e.source===s.contentWindow&&(s.removeAttribute(\"style\"),\"height\"===t.message?(1e3<(r=parseInt(t.value,10))?r=1e3:~~r<200&&(r=200),s.height=r):\"link\"===t.message&&(r=new URL(s.getAttribute(\"src\")),n=new URL(t.value),c.test(n.protocol))&&n.host===r.host&&l.activeElement===s&&(d.top.location.href=t.value))}},d.addEventListener(\"message\",d.wp.receiveEmbedMessage,!1),l.addEventListener(\"DOMContentLoaded\",function(){for(var e,t,s=l.querySelectorAll(\"iframe.wp-embedded-content\"),r=0;r<s.length;r++)(t=(e=s[r]).getAttribute(\"data-secret\"))||(t=Math.random().toString(36).substring(2,12),e.src+=\"#?secret=\"+t,e.setAttribute(\"data-secret\",t)),e.contentWindow.postMessage({message:\"ready\",secret:t},\"*\")},!1)))}(window,document);\n\/\/# sourceURL=https:\/\/optik.roman-wagner.de\/wp-includes\/js\/wp-embed.min.js\n\/* ]]> *\/\n<\/script>\n","thumbnail_url":"https:\/\/optik.roman-wagner.de\/wp-content\/uploads\/2025\/02\/Mido-Mailand-news-2025.jpg","thumbnail_width":850,"thumbnail_height":689,"description":"Le MIDO \u00e0 Milan est le plus grand salon professionnel d\u2019optique au monde ! Chaque ann\u00e9e, l\u2019univers de la mode des lunettes s\u2019y retrouve pour pr\u00e9senter les derni\u00e8res tendances et innovations en mati\u00e8re de design.  Nous avons obtenu un aper\u00e7u exclusif de l\u2019avenir de la mode internationale des lunettes et d\u00e9couvert de nouveaux temps forts passionnants. Cette ann\u00e9e, les couleurs vives et les designs audacieux sont \u00e0 l\u2019honneur. Osez l\u2019individualit\u00e9 : les couleurs flashy et les lunettes statement sont tendance."}